{"id":11,"date":"2017-02-08T16:23:51","date_gmt":"2017-02-08T18:23:51","guid":{"rendered":"http:\/\/www.ifbaiano.edu.br\/unidades\/xique-xique\/?page_id=11"},"modified":"2025-07-31T17:10:37","modified_gmt":"2025-07-31T20:10:37","slug":"programas-institucionais","status":"publish","type":"page","link":"https:\/\/www.ifbaiano.edu.br\/unidades\/alagoinhas\/programas-institucionais\/","title":{"rendered":"Programas Estudantis"},"content":{"rendered":"\n<figure class=\"wp-block-embed is-type-wp-embed is-provider-campus-alagoinhas wp-block-embed-campus-alagoinhas\"><div class=\"wp-block-embed__wrapper\">\n<blockquote class=\"wp-embedded-content\" data-secret=\"e7AkrAmdCp\"><a href=\"https:\/\/www.ifbaiano.edu.br\/unidades\/alagoinhas\/programas-estudantis\/\">Programas Estudantis<\/a><\/blockquote><iframe class=\"wp-embedded-content\" sandbox=\"allow-scripts\" security=\"restricted\" style=\"position: absolute; clip: rect(1px, 1px, 1px, 1px);\" title=\"&#8220;Programas Estudantis&#8221; &#8212; Campus Alagoinhas\" src=\"https:\/\/www.ifbaiano.edu.br\/unidades\/alagoinhas\/programas-estudantis\/embed\/#?secret=ntnYnZn7ss#?secret=e7AkrAmdCp\" data-secret=\"e7AkrAmdCp\" width=\"500\" height=\"282\" frameborder=\"0\" marginwidth=\"0\" marginheight=\"0\" scrolling=\"no\"><\/iframe>\n<\/div><figcaption class=\"wp-element-caption\">Clique aqui acima para ver a <strong>p\u00e1gina atualizada<\/strong> com os \u00faltimos Editais geridos pelo <em>Campus<\/em>.<\/figcaption><\/figure>\n\n\n<p><strong>PROGRAMAS DE EST\u00cdMULO AO ENSINO, PESQUISA E EXTENS\u00c3O<\/strong><\/p>\n\n\n<p>PROGRAMA INSTITUCIONAL DE BOLSAS DE INICIA\u00c7\u00c3O A DOC\u00caNCIA &#8211; PIBID<strong><br><\/strong>O PIBID \u00e9 um programa da Coordena\u00e7\u00e3o de Aperfei\u00e7oamento de Pessoal de N\u00edvel Superior (Capes), que tem por finalidade fomentar a inicia\u00e7\u00e3o \u00e0 doc\u00eancia, contribuindo para o aperfei\u00e7oamento da forma\u00e7\u00e3o de docentes em n\u00edvel superior e para melhoria da educa\u00e7\u00e3o b\u00e1sica p\u00fablica. No IF Baiano, est\u00e1 vinculado a Pr\u00f3-Reitoria de Ensino, tendo como t\u00edtulo \u201cPr\u00e1xis pedag\u00f3gica que (trans)forma: da inicia\u00e7\u00e3o \u00e0 doc\u00eancia \u00e0 perspectiva transdisciplinar na educa\u00e7\u00e3o b\u00e1sica\u201d.<\/p>\n\n\n\n<p><strong>Saiba mais:<br><\/strong><a href=\"http:\/\/pro-reitorias.ifbaiano.edu.br\/portal\/proen\/programas-e-acoes-programa-pibid\">http:\/\/pro-reitorias.ifbaiano.edu.br\/portal\/proen\/programas-e-acoes-programa-pibid<\/a><br><a href=\"http:\/\/portal.mec.gov.br\/pibid\">Programa Institucional de Bolsas de Inicia\u00e7\u00e3o \u00e0 Doc\u00eancia &#8211; PIBID<br><\/a><a href=\"http:\/\/eventos.ifbaiano.edu.br\/portal\/pesquisa\/2016\/01\/20\/noticia-destaque-03\/\">Programa Institucional de Bolsas de Inicia\u00e7\u00e3o Cient\u00edfica &#8211; PIBIC<\/a><br><a href=\"http:\/\/eventos.ifbaiano.edu.br\/portal\/pesquisa\/2016\/01\/20\/noticia-destaque-01\/\">Programa Institucional de Bolsas de Inicia\u00e7\u00e3o em Desenvolvimento Tecnol\u00f3gico e Inova\u00e7\u00e3o &#8211; <\/a><a href=\"http:\/\/eventos.ifbaiano.edu.br\/portal\/pesquisa\/2016\/01\/20\/noticia-destaque-01\/\">PIBITI<\/a><br><a href=\"http:\/\/eventos.ifbaiano.edu.br\/portal\/pesquisa\/2016\/01\/20\/noticia-destaque-04\/\">Programa de Est\u00edmulo \u00e0 P\u00f3s-gradua\u00e7\u00e3o<\/a><br><a href=\"http:\/\/eventos.ifbaiano.edu.br\/portal\/pesquisa\/2016\/01\/20\/noticia-destaque-02\/\">Programa de Est\u00edmulo a Pesquisa no IF Baiano<\/a><\/p>\n\n\n\n<p>PROGRAMA INSTITUCIONAL DE BOLSAS DE INICIA\u00c7\u00c3O EM EXTENS\u00c3O &#8211; PIBIEX<strong><br><\/strong>Entre outros objetivos, o PIBIEX tem o objetivo de promover o envolvimento de estudantes e servidores em atividades de integra\u00e7\u00e3o do IF Baiano com a sociedade, atrav\u00e9s da busca da valoriza\u00e7\u00e3o da realidade local e regional, com a produ\u00e7\u00e3o de conhecimento contextualizado. Na sua modalide junior, o programa seleciona os estudantes do Ensino M\u00e9dio Integrado ou Subsequente.<br><a href=\"http:\/\/pro-reitorias.ifbaiano.edu.br\/portal\/proex\/pbiex\/\">Programa Institutcional de Bolsas de Inicia\u00e7\u00e3o em Extens\u00e3o<\/a><br><a href=\"http:\/\/programacienciaitinerante.com.br\/\">Programa Ci\u00eancia Itinerante<\/a><br><a href=\"http:\/\/eventos.ifbaiano.edu.br\/portal\/testesitereitoria\/?p=605\">Programa de Forma\u00e7\u00e3o de Recursos Humanos da Petrobras &#8211; PFRH<\/a><\/p>\n\n\n\n<p>PROGRAMA DE \u00c2MBITO NACIONAL E REGIONAL<br><a href=\"http:\/\/pronatec.mec.gov.br\/index.php\">Pronatec \u2013 Programa Nacional de Acesso ao Ensino T\u00e9cnico e Emprego<\/a><br><a href=\"http:\/\/www.incra.gov.br\/educacao_pronera\">PRONERA &#8211; Programa Nacional de Educa\u00e7\u00e3o na Reforma Agr\u00e1ria<\/a><br><a href=\"http:\/\/mulheresmil.mec.gov.br\/index.php\">Mulheres Mil<\/a><br><a href=\"http:\/\/portal.esporte.gov.br\/snee\/segundotempo\/\">Programa Segundo Tempo<\/a><\/p>\n\n\n\n<p>PROGRAMAS DE FOMENTO A INTERNACIONALIZA\u00c7\u00c3O<br><a href=\"http:\/\/eventos.ifbaiano.edu.br\/portal\/testesitereitoria\/?p=611\">Ci\u00eancias sem Fronteiras<\/a><br><a href=\"http:\/\/isf.mec.gov.br\/\">Idiomas sem Fronteiras<\/a><\/p>\n\n\n\n<p><strong>PROGRAMAS DE APOIO AO ESTUDANTE<\/strong><\/p>\n\n\n\n<p>PROGRAMA DE ASSIT\u00caNCIA E INCLUS\u00c3O SOCIAL DO ESTUDANTE &#8211; PAISE<br>Destinado aos discentes regularmente matriculados que possuam renda per capita de at\u00e9 um sal\u00e1rio m\u00ednimo e meio vigente (Decreto 7.234\/2010), para garantia de perman\u00eancia na institui\u00e7\u00e3o durante os anos da forma\u00e7\u00e3o acad\u00eamica. Entre os benef\u00edcios do programa est\u00e3o Resid\u00eancia Estudantil, Aux\u00edlio Moradia, Aux\u00edlio Alimenta\u00e7\u00e3o, Aux\u00edlio Transporte, Aux\u00edlio Material Acad\u00eamico, Aux\u00edlio Uniforme, Aux\u00edlio C\u00f3pia e Impress\u00e3o, Aux\u00edlio Creche, Aux\u00edlio Eventual, Aux\u00edlio Perman\u00eancia e Aux\u00edlio PROEJA.<br><a rel=\"noreferrer noopener\" aria-label=\"PAISE 2017.1 (abre numa nova aba)\" href=\"http:\/\/www.ifbaiano.edu.br\/unidades\/alagoinhas\/paise-2017-1\/\" target=\"_blank\">PAISE 2017.1<\/a><br><a rel=\"noreferrer noopener\" aria-label=\"PAISE 2017.2 (abre numa nova aba)\" href=\"http:\/\/www.ifbaiano.edu.br\/unidades\/alagoinhas\/paise-2017-2\/\" target=\"_blank\">PAISE 2017.2<\/a><br><a rel=\"noreferrer noopener\" aria-label=\"PAISE 2018.1 (abre numa nova aba)\" href=\"http:\/\/www.ifbaiano.edu.br\/unidades\/alagoinhas\/paise-2018-1\/\" target=\"_blank\">PAISE 2018.1<\/a><br><a href=\"https:\/\/www.ifbaiano.edu.br\/unidades\/alagoinhas\/paise-2021\/\">PAISE 2021<\/a> <\/p>\n\n\n\n<p><a href=\"https:\/\/www.ifbaiano.edu.br\/unidades\/alagoinhas\/edital-n10-de-19-08-22-paise\/\">PAISE 2022<\/a><\/p>\n\n\n\n<p><a href=\"https:\/\/www.ifbaiano.edu.br\/unidades\/alagoinhas\/paise2023\/\">PAISE 2023<\/a><\/p>\n\n\n\n<p><a href=\"https:\/\/www.ifbaiano.edu.br\/unidades\/alagoinhas\/paise2024\/\">PAISE 2024<\/a><\/p>\n\n\n\n<p>PROGRAMA DE APOIO \u00c0 DIVERSIDADE E A\u00c7\u00d5ES AFIRMATIVAS &#8211; PROADA<br>Consiste na cria\u00e7\u00e3o de a\u00e7\u00f5es e espa\u00e7os para reflex\u00f5es referentes \u00e0 diversidade (Necessidades espec\u00edficas, etnia, g\u00eanero, religi\u00e3o, orienta\u00e7\u00e3o sexual, respeito ao idoso), combatendo os preconceitos, reduzindo as discrimina\u00e7\u00f5es e aumentando a representatividade dos grupos minorit\u00e1rios. Garante, aos estudantes com necessidades espec\u00edficas, as condi\u00e7\u00f5es legais e adequadas, a fim de facilitar o processo de ensino-aprendizagem, a conviv\u00eancia com a diversidade e o desenvolvimento profissional.<\/p>\n\n\n\n<p>PROGRAMA DE ASSIST\u00caNCIA INTEGRAL \u00c0 SA\u00daDE &#8211; PR\u00d3-SA\u00daDE<br>Visa criar mecanismos para viabilizar assist\u00eancia ao estudante, atrav\u00e9s dos servi\u00e7os de atendimento m\u00e9dico, odontol\u00f3gico, acompanhamento psicol\u00f3gico, enfermagem, nutri\u00e7\u00e3o, incluindo a\u00e7\u00f5es de preven\u00e7\u00e3o, promo\u00e7\u00e3o, tratamento e vigil\u00e2ncia \u00e0 sa\u00fade dos estudantes.<\/p>\n\n\n\n<p>PROGRAMA DE ACOMPANHAMENTO PSICOSSOCIAL E PEDAG\u00d3GICO &#8211; PROAP<br>Envolve os estudantes, pais e\/ou respons\u00e1veis, professores para acompanhar os estudantes em seu desenvolvimento integral, a partir das demandas diagnosticadas no cotidiano institucional.<\/p>\n\n\n\n<p>PROGRAMA DE INCENTIVO \u00c0 CULTURA, ESPORTE E LAZER &#8211; PINCEL<br>Tem como finalidade garantir aos estudantes o exerc\u00edcio dos direitos culturais e as condi\u00e7\u00f5es necess\u00e1rias para pr\u00e1tica da cultura esportiva, do lazer e do fazer art\u00edstico, visando \u00e0 qualidade do desempenho acad\u00eamico, \u00e0 produ\u00e7\u00e3o do conhecimento e \u00e0 forma\u00e7\u00e3o cidad\u00e3.<br><a rel=\"noreferrer noopener\" aria-label=\"PINCEL 2017 (abre numa nova aba)\" href=\"http:\/\/www.ifbaiano.edu.br\/unidades\/alagoinhas\/programa-de-incentivo-a-cultura-esporte-e-lazer\/\" target=\"_blank\">PINCEL 2017<\/a><\/p>\n\n\n\n<p>PROGRAMA DE INCENTIVO \u00c0 PARTICIPA\u00c7\u00c3O POL\u00cdTICO-ACAD\u00caMICA &#8211; PROPAC<br>O programa visa \u00e0 realiza\u00e7\u00e3o de a\u00e7\u00f5es que contribuam para o exerc\u00edcio da cidadania e do direito de organiza\u00e7\u00e3o pol\u00edtica do estudante, estimulando a representa\u00e7\u00e3o discente (atrav\u00e9s da forma\u00e7\u00e3o de gr\u00eamios, centros e diret\u00f3rios acad\u00eamicos) e garantindo o apoio \u00e0 participa\u00e7\u00e3o em eventos internos, locais, regionais, nacionais e internacionais de car\u00e1ter sociopol\u00edtico. Para tanto, o Projeto Pol\u00edtico Pedag\u00f3gico Institucional prev\u00ea a participa\u00e7\u00e3o dos estudantes nos assuntos relativos \u00e0s quest\u00f5es pedag\u00f3gicas, administrativas e financeiras do IF Baiano.<br><a href=\"http:\/\/www.ifbaiano.edu.br\/unidades\/alagoinhas\/programa-de-incentivo-a-participacao-politico-academica\/\" target=\"_blank\" rel=\"noreferrer noopener\" aria-label=\"PROPAC 2017 (abre numa nova aba)\">PROPAC 2017<\/a><\/p>\n\n\n\n<p>PROGRAMA DE EDUCA\u00c7\u00c3O EM DIREITOS HUMANOS &#8211; PEDH<br>O programa busca conciliar a\u00e7\u00f5es que promovam e defendam os direitos humanos no \u00e2mbito do IF Baiano e das comunidades que comp\u00f5em o seu percurso educativo. Concebida como uma a\u00e7\u00e3o humana, a educa\u00e7\u00e3o n\u00e3o est\u00e1 restritas apenas aos espa\u00e7os formais de aprendizado, a exemplo da escola, mas se expande em espa\u00e7os educativos informais. Nesse sentido, toda e qualquer institui\u00e7\u00e3o de ensino deve estar pautada em dois princ\u00edpios basilares: n\u00e3o discrimina\u00e7\u00e3o e \u00e9tica. O Programa se materializa atrav\u00e9s dos N\u00facleos de estudos: Afro-brasileiros e Ind\u00edgenas (NEABI), de Comunidades Tradicionais (NECT), sobre Diversidade Sexual (NEDS), de Inclus\u00e3o da Mulher (NEIMU), de Apoio ao Adolescente sob Medidas Socioeducativas (NAMES).<\/p>\n\n\n\n<p>PROGRAMA DE COTAS &#8211; PR\u00d3-COTAS<br>Garante a reserva de at\u00e9 50% das vagas em todas as modalidades dos cursos da Educa\u00e7\u00e3o Profissional T\u00e9cnica de N\u00edvel M\u00e9dio para estudantes que tenham cursado integralmente o ensino fundamental em escolas p\u00fablicas, al\u00e9m da reserva de vagas a estudantes que se declararem pretos, pardos e ind\u00edgenas, em n\u00famero proporcional ao \u00faltimo Censo Demogr\u00e1fico do IBGE. Para as pessoas com defici\u00eancia, o percentual m\u00ednimo ser\u00e1 de 5% das vagas totais dos cursos. O acesso \u00e0 educa\u00e7\u00e3o superior ser\u00e1 regulamentado pelo Sistema \u00danico de Sele\u00e7\u00e3o Unificada do MEC.<\/p>\n\n\n\n<p>PROGRAMA DE ATENDIMENTO \u00c0S PESSOAS COM NECESSIDADES ESPEC\u00cdFICAS &#8211; PAPNE<br>Assegura o direto \u00e0s pessoas com necessidades espec\u00edficas, o acesso, perman\u00eancia e sa\u00edda exitosa do IF Baiano, na perspectiva da emancipa\u00e7\u00e3o e da inser\u00e7\u00e3o no mundo do trabalho. Atrav\u00e9s do programa s\u00e3o garantidos o atendimento educacional especializado, o redimensionamento do contexto educacional e a acessibilidade. \u00c9 constitu\u00eddo pelo N\u00facleo de Atendimento \u00e0s Pessoas com Necessidades Espec\u00edficas.<\/p>\n\n\n\n<p>PROGRAMA DE INCLUS\u00c3O DO JOVEM E ADULTO NA EDUCA\u00c7\u00c3O PROFISSIONAL &#8211; PIJAEP<br>Destinado \u00e0s pessoas jovens e adultas, visando \u00e0 forma\u00e7\u00e3o de cidad\u00e3os emancipados, preparando-os para atua\u00e7\u00e3o no mundo do trabalho, conscientes de seus direitos e deveres pol\u00edticos e suas responsabilidades para com a sociedade e o meio ambiente. Prop\u00f5e a integra\u00e7\u00e3o da educa\u00e7\u00e3o profissional com a educa\u00e7\u00e3o b\u00e1sica na modalidade EJA, proporcionando a eleva\u00e7\u00e3o de escolaridade, a inclus\u00e3o digital e a qualifica\u00e7\u00e3o profissional a jovens e adultos que, por alguma raz\u00e3o, tiveram as trajet\u00f3rias da forma\u00e7\u00e3o descontinuadas ou interrompidas. Comp\u00f5em o Programa, os seguintes N\u00facleos: de Educa\u00e7\u00e3o e Inclus\u00e3o da Terceira Idade (NEITI); de Educa\u00e7\u00e3o para Apenados (NEPA); de Apoio, Preven\u00e7\u00e3o e Ressocializa\u00e7\u00e3o de Adctos (NAPRA); de Educa\u00e7\u00e3o para Sustentabilidade do Campo (NESC).<\/p>\n","protected":false},"excerpt":{"rendered":"<p>PROGRAMAS DE EST\u00cdMULO AO ENSINO, PESQUISA E EXTENS\u00c3O PROGRAMA INSTITUCIONAL DE BOLSAS DE INICIA\u00c7\u00c3O A DOC\u00caNCIA &#8211; PIBIDO PIBID \u00e9 um programa da Coordena\u00e7\u00e3o de Aperfei\u00e7oamento de Pessoal de N\u00edvel Superior (Capes), que tem por finalidade fomentar a inicia\u00e7\u00e3o \u00e0 doc\u00eancia, contribuindo para o aperfei\u00e7oamento da forma\u00e7\u00e3o de docentes em n\u00edvel superior e para melhoria [&hellip;]<\/p>\n","protected":false},"author":74,"featured_media":0,"parent":0,"menu_order":98,"comment_status":"closed","ping_status":"closed","template":"","meta":[],"_links":{"self":[{"href":"https:\/\/www.ifbaiano.edu.br\/unidades\/alagoinhas\/wp-json\/wp\/v2\/pages\/11"}],"collection":[{"href":"https:\/\/www.ifbaiano.edu.br\/unidades\/alagoinhas\/wp-json\/wp\/v2\/pages"}],"about":[{"href":"https:\/\/www.ifbaiano.edu.br\/unidades\/alagoinhas\/wp-json\/wp\/v2\/types\/page"}],"author":[{"embeddable":true,"href":"https:\/\/www.ifbaiano.edu.br\/unidades\/alagoinhas\/wp-json\/wp\/v2\/users\/74"}],"replies":[{"embeddable":true,"href":"https:\/\/www.ifbaiano.edu.br\/unidades\/alagoinhas\/wp-json\/wp\/v2\/comments?post=11"}],"version-history":[{"count":10,"href":"https:\/\/www.ifbaiano.edu.br\/unidades\/alagoinhas\/wp-json\/wp\/v2\/pages\/11\/revisions"}],"predecessor-version":[{"id":6810,"href":"https:\/\/www.ifbaiano.edu.br\/unidades\/alagoinhas\/wp-json\/wp\/v2\/pages\/11\/revisions\/6810"}],"wp:attachment":[{"href":"https:\/\/www.ifbaiano.edu.br\/unidades\/alagoinhas\/wp-json\/wp\/v2\/media?parent=11"}],"curies":[{"name":"wp","href":"https:\/\/api.w.org\/{rel}","templated":true}]}}