{"id":1959,"date":"2019-04-12T13:14:01","date_gmt":"2019-04-12T16:14:01","guid":{"rendered":"http:\/\/www.ifbaiano.edu.br\/unidades\/alagoinhas\/?page_id=1959"},"modified":"2019-12-02T19:35:42","modified_gmt":"2019-12-02T21:35:42","slug":"documentos-institucionais","status":"publish","type":"page","link":"https:\/\/www.ifbaiano.edu.br\/unidades\/alagoinhas\/documentos-institucionais\/","title":{"rendered":"Documentos Institucionais"},"content":{"rendered":"\n<p><strong>DOCUMENTOS INSTITUCIONAIS<\/strong><br><a rel=\"noreferrer noopener\" aria-label=\" (abre numa nova aba)\" href=\"http:\/\/www.planalto.gov.br\/ccivil_03\/_ato2007-2010\/2008\/lei\/l11892.htm\" target=\"_blank\">Lei de Cria\u00e7\u00e3o do Institutos Federais N\u00ba 11.892 (2008)<\/a><br><a rel=\"noreferrer noopener\" aria-label=\" (abre numa nova aba)\" href=\"http:\/\/www.ifbaiano.edu.br\/reitoria\/wp-content\/uploads\/2010\/10\/estatuto-if-baiano.pdf\" target=\"_blank\">Estatuto do IF Baiano (2014)<\/a><br><a rel=\"noreferrer noopener\" aria-label=\" (abre numa nova aba)\" href=\"http:\/\/www.ifbaiano.edu.br\/unidades\/guanambi\/files\/2015\/12\/Regimento-Geral.pdf\" target=\"_blank\">Regimento Geral do IF Baiano (2012)<\/a><br><a href=\"http:\/\/www.ifbaiano.edu.br\/reitoria\/wp-content\/uploads\/2015\/06\/pdi-diagramado.pdf\">PDI &#8211; Projeto de Desenvolvime<\/a><a rel=\"noreferrer noopener\" aria-label=\"nto In (abre numa nova aba)\" href=\"http:\/\/www.ifbaiano.edu.br\/reitoria\/wp-content\/uploads\/2015\/06\/pdi-diagramado.pdf\" target=\"_blank\">nto In<\/a><a href=\"http:\/\/www.ifbaiano.edu.br\/reitoria\/wp-content\/uploads\/2015\/06\/pdi-diagramado.pdf\">st<\/a><a href=\"http:\/\/www.ifbaiano.edu.br\/reitoria\/wp-content\/uploads\/2015\/06\/pdi-diagramado.pdf\" target=\"_blank\" rel=\"noreferrer noopener\" aria-label=\"i (abre numa nova aba)\">i<\/a><a href=\"http:\/\/www.ifbaiano.edu.br\/reitoria\/wp-content\/uploads\/2015\/06\/pdi-diagramado.pdf\">tucional (2015-2019)<\/a><br><a rel=\"noreferrer noopener\" aria-label=\" (abre numa nova aba)\" href=\"http:\/\/www.ifbaiano.edu.br\/reitoria\/wp-content\/uploads\/2010\/10\/consup-regimento-interno.pdf\" target=\"_blank\">Regimento Interno do CONSUP (2014)<\/a><br><a rel=\"noreferrer noopener\" aria-label=\" (abre numa nova aba)\" href=\"http:\/\/pro-reitorias.ifbaiano.edu.br\/portal\/prodin\/files\/2012\/01\/Of%C3%ADcio-Circular-n%C2%BA-008-2014-IF-Baiano-Anexo-Portarias-n%C2%B0-105-2014-e-370-2012.pdf\" target=\"_blank\">Compet\u00eancia dos Diretores Gerais (2014)<\/a> <\/p>\n\n\n\n<p><strong>DOCUMENTOS ACAD\u00caMICOS<\/strong><br><a rel=\"noreferrer noopener\" href=\"http:\/\/www.ifbaiano.edu.br\/unidades\/guanambi\/files\/2016\/12\/Resolucao_19_2015_INSTRUCAO_NORMATIVA_ATRIBUICOES_DAS_COORDENACOES_CURSOS_EDUCACAO_PROFISSIONAL_NIVEL_MEDIO-1.pdf\" target=\"_blank\">Atribui\u00e7\u00f5es das Coordena\u00e7\u00f5es de Curso da Educa\u00e7\u00e3o Profissional de N\u00edvel M\u00e9dio (2015)<\/a><br><a rel=\"noreferrer noopener\" href=\"http:\/\/www.ifbaiano.edu.br\/unidades\/guanambi\/files\/2016\/12\/REGULAMENTO_TUTORIA_ACADEMICA.pdf\" target=\"_blank\">Regulamento da Tutoria Acad\u00eamica (2015)<\/a><br><a rel=\"noreferrer noopener\" href=\"http:\/\/www.ifbaiano.edu.br\/unidades\/guanambi\/files\/2016\/12\/REGULAMENTO_DISCIPLINAR_DISCENTE.pdf\" target=\"_blank\">Regulamento Disciplinar Discente (2015)<\/a><br><a rel=\"noreferrer noopener\" aria-label=\" (abre numa nova aba)\" href=\"http:\/\/www.ifbaiano.edu.br\/unidades\/guanambi\/files\/2016\/12\/REGULAMENTO_DE_MONITORIA_DE_ENSINO.pdf\" target=\"_blank\">Regulamento de Monitoria de Ensino (2016)<\/a><br><a rel=\"noreferrer noopener\" aria-label=\" (abre numa nova aba)\" href=\"http:\/\/www.ifbaiano.edu.br\/unidades\/guanambi\/files\/2016\/12\/REGULAMENTO_DE_ESTAGIO_CURRICULAR_DA_EPTNM.pdf\" target=\"_blank\">Regulamento de Est\u00e1gio Curricular da EPTNM (2016)<\/a><br><a rel=\"noreferrer noopener\" aria-label=\"Regulamenta\u00e7\u00e3o da Atividade Docente (2019) (abre numa nova aba)\" href=\"http:\/\/ifbaiano.edu.br\/portal\/wp-content\/uploads\/2019\/04\/Resolu%C3%A7%C3%A3o-22-2019.pdf\" target=\"_blank\">Regulamenta\u00e7\u00e3o da Atividade Docente (2019)<\/a><br><a rel=\"noreferrer noopener\" aria-label=\"Organiza\u00e7\u00e3o Did\u00e1tica do Ensino M\u00e9dio (2019) (abre numa nova aba)\" href=\"http:\/\/ifbaiano.edu.br\/portal\/ensino\/wp-content\/uploads\/sites\/2\/2019\/07\/Organiza%C3%A7%C3%A3o-Did%C3%A1tica-EPTNM.pdf\" target=\"_blank\">Organiza\u00e7\u00e3o Did\u00e1tica do Ensino M\u00e9dio (2019)<\/a><br><a href=\"http:\/\/www.ifbaiano.edu.br\/unidades\/urucuca\/files\/2017\/06\/Organizacao-Didatica-dos-Cursos-Superiores.pdf\" target=\"_blank\" rel=\"noreferrer noopener\" aria-label=\"Organiza\u00e7\u00e3o Did\u00e1tica do Ensino Superior (2012) (abre numa nova aba)\">Organiza\u00e7\u00e3o Did\u00e1tica do Ensino Superior (2012)<\/a><\/p>\n\n\n\n<p><strong>DOCUMENTOS ADMINISTRATIVOS<\/strong><br><a rel=\"noreferrer noopener\" aria-label=\" (abre numa nova aba)\" href=\"http:\/\/www.ifbaiano.edu.br\/unidades\/guanambi\/files\/2016\/10\/Boletim-semanal-para-atividade-realizada-fora-da-sede1.pdf\" target=\"_blank\">Boletim semanal para atividade realizada fora da sede<\/a><br><a rel=\"noreferrer noopener\" href=\"http:\/\/www.ifbaiano.edu.br\/unidades\/guanambi\/files\/2016\/12\/FORMUL%C3%81RIO-CONCESS%C3%83O-DE-DI%C3%81RIAS-1.odt\" target=\"_blank\">Formul\u00e1rio de di\u00e1rias<\/a><br><a rel=\"noreferrer noopener\" href=\"http:\/\/www.ifbaiano.edu.br\/unidades\/guanambi\/files\/2016\/12\/Formulario-ressarcimento-de-passagem-MODELO.odt\" target=\"_blank\">Formul\u00e1rio de ressarcimento de passagem<\/a><br><a rel=\"noreferrer noopener\" href=\"http:\/\/www.ifbaiano.edu.br\/unidades\/guanambi\/files\/2016\/12\/PRESTACAO-DE-CONTAS-1-1.odt\" target=\"_blank\">Relat\u00f3rio de Viagem<\/a><br><a rel=\"noreferrer noopener\" aria-label=\"Laudo T\u00e9cnico Ambiental - Campus Alagoinhas (abre numa nova aba)\" href=\"http:\/\/www.ifbaiano.edu.br\/unidades\/alagoinhas\/files\/2017\/07\/LAUDO-T%C3%89CNICO-CAMPUS-ALAGOINHAS.pdf\" target=\"_blank\">Laudo T\u00e9cnico Ambiental &#8211; Campus Alagoinhas<\/a><\/p>\n\n\n\n<div class=\"wp-block-file\"><a href=\"http:\/\/www.ifbaiano.edu.br\/unidades\/alagoinhas\/files\/2019\/12\/Fluxo-Di\u00e1rias-Passagens-e-Despesas-1.pdf\">Fluxo &#8211; Di\u00e1rias, Passagens e Despesas<\/a><a href=\"http:\/\/www.ifbaiano.edu.br\/unidades\/alagoinhas\/files\/2019\/12\/Fluxo-Di\u00e1rias-Passagens-e-Despesas-1.pdf\" class=\"wp-block-file__button\" download>Baixar<\/a><\/div>\n\n\n\n<div class=\"wp-block-file\"><a href=\"http:\/\/www.ifbaiano.edu.br\/unidades\/alagoinhas\/files\/2019\/12\/MANUAL-PARA-SOLICITA\u00c7\u00c3O-DE-DI\u00c1RIAS-ALAGOINHAS-2.pdf\">Manual para Solicita\u00e7\u00e3o de Di\u00e1rias &#8211; Alagoinhas<\/a><a href=\"http:\/\/www.ifbaiano.edu.br\/unidades\/alagoinhas\/files\/2019\/12\/MANUAL-PARA-SOLICITA\u00c7\u00c3O-DE-DI\u00c1RIAS-ALAGOINHAS-2.pdf\" class=\"wp-block-file__button\" download>Baixar<\/a><\/div>\n\n\n\n<p><strong>CONV\u00caNIOS<br><\/strong><a rel=\"noreferrer noopener\" aria-label=\" (abre numa nova aba)\" href=\"http:\/\/pro-reitorias.ifbaiano.edu.br\/portal\/prodin\/files\/2012\/01\/Lei-n%C2%BA-11.788-de-25-de-setembro-de-2008-Disp%C3%B5e-sobre-a-Lei-de-Est%C3%A1gio-Estudantil.pdf\" target=\"_blank\">Lei de Est\u00e1gio Estudantil (Lei n\u00ba 11.788\/2008)<\/a><br><a rel=\"noreferrer noopener\" aria-label=\" (abre numa nova aba)\" href=\"http:\/\/pro-reitorias.ifbaiano.edu.br\/portal\/prodin\/files\/2012\/01\/Decreto-n%C2%BA-6.170-de-25-de-julho-2007-Disp%C3%B5e-sobre-transfer%C3%AAncia-de-recursos-mediante-conv%C3%AAnios.pdf\" target=\"_blank\">Transfer\u00eancia de Recursos Mediante Conv\u00eanios (Decreto 6.170\/2007)<\/a><br><a rel=\"noreferrer noopener\" aria-label=\" (abre numa nova aba)\" href=\"http:\/\/pro-reitorias.ifbaiano.edu.br\/portal\/prodin\/files\/2012\/01\/Portaria-267-04.04.2011-Normatiza%C3%A7%C3%A3o-das-Parcerias-Institucionais.pdf\" target=\"_blank\">Normatiza\u00e7\u00e3o das Parcerias Institucionais (Portaria 267\/2011)<\/a><br><a rel=\"noreferrer noopener\" aria-label=\" (abre numa nova aba)\" href=\"http:\/\/pro-reitorias.ifbaiano.edu.br\/portal\/prodin\/files\/2012\/01\/Fluxograma-Tramita%C3%A7%C3%A3o-de-Parcerias-Institucionais.pdf\" target=\"_blank\">Fluxograma Tramita\u00e7\u00e3o de Parcerias Institucionais<\/a><br><a rel=\"noreferrer noopener\" aria-label=\"Fluxograma - Pedido de Compra (abre numa nova aba)\" href=\"http:\/\/www.ifbaiano.edu.br\/unidades\/alagoinhas\/files\/2018\/05\/FLUXOGRAMA-DOS-PEDIDOS-DE-COMPRAS-DO-IF-BAIANO.pdf\" target=\"_blank\">Fluxograma &#8211; Pedido de Compra<\/a><\/p>\n\n\n\n<p><strong>DOCUMENTOS DA POL\u00cdTICA DE INCLUS\u00c3O<\/strong><br><a rel=\"noreferrer noopener\" href=\"http:\/\/www.ifbaiano.edu.br\/unidades\/guanambi\/files\/2016\/12\/POLITICA-DIV.-INCLUSAO.pdf\" target=\"_blank\">Pol\u00edtica da Diversidade e Inclus\u00e3o do IF Baiano (2012)<\/a><br><a rel=\"noreferrer noopener\" href=\"http:\/\/www.ifbaiano.edu.br\/unidades\/guanambi\/files\/2016\/12\/REGIMENTO_NEABI.pdf\" target=\"_blank\">Regimento do NEABI (2015)<\/a><\/p>\n\n\n\n<div class=\"wp-block-file\"><a href=\"http:\/\/www.ifbaiano.edu.br\/unidades\/alagoinhas\/files\/2019\/11\/Resolu\u00e7\u00e3o-03-2019-Regimento-do-Napne-Ano-2019.pdf\">Regimento do Napne (2019)<\/a><a href=\"http:\/\/www.ifbaiano.edu.br\/unidades\/alagoinhas\/files\/2019\/11\/Resolu\u00e7\u00e3o-03-2019-Regimento-do-Napne-Ano-2019.pdf\" class=\"wp-block-file__button\" download>Baixar<\/a><\/div>\n\n\n\n<p><a rel=\"noreferrer noopener\" href=\"http:\/\/www.ifbaiano.edu.br\/unidades\/guanambi\/files\/2016\/12\/Regimento-N%C3%BAcleo-de-Atendimento-a-Pessoas-com-Necessidades-Espec%C3%ADficas-do-IF-Baiano.pdf\" target=\"_blank\"><\/a><br><\/p>\n","protected":false},"excerpt":{"rendered":"<p>DOCUMENTOS INSTITUCIONAISLei de Cria\u00e7\u00e3o do Institutos Federais N\u00ba 11.892 (2008)Estatuto do IF Baiano (2014)Regimento Geral do IF Baiano (2012)PDI &#8211; Projeto de Desenvolvimento Institucional (2015-2019)Regimento Interno do CONSUP (2014)Compet\u00eancia dos Diretores Gerais (2014) DOCUMENTOS ACAD\u00caMICOSAtribui\u00e7\u00f5es das Coordena\u00e7\u00f5es de Curso da Educa\u00e7\u00e3o Profissional de N\u00edvel M\u00e9dio (2015)Regulamento da Tutoria Acad\u00eamica (2015)Regulamento Disciplinar Discente (2015)Regulamento de Monitoria [&hellip;]<\/p>\n","protected":false},"author":117,"featured_media":0,"parent":0,"menu_order":43,"comment_status":"closed","ping_status":"closed","template":"","meta":[],"_links":{"self":[{"href":"https:\/\/www.ifbaiano.edu.br\/unidades\/alagoinhas\/wp-json\/wp\/v2\/pages\/1959"}],"collection":[{"href":"https:\/\/www.ifbaiano.edu.br\/unidades\/alagoinhas\/wp-json\/wp\/v2\/pages"}],"about":[{"href":"https:\/\/www.ifbaiano.edu.br\/unidades\/alagoinhas\/wp-json\/wp\/v2\/types\/page"}],"author":[{"embeddable":true,"href":"https:\/\/www.ifbaiano.edu.br\/unidades\/alagoinhas\/wp-json\/wp\/v2\/users\/117"}],"replies":[{"embeddable":true,"href":"https:\/\/www.ifbaiano.edu.br\/unidades\/alagoinhas\/wp-json\/wp\/v2\/comments?post=1959"}],"version-history":[{"count":23,"href":"https:\/\/www.ifbaiano.edu.br\/unidades\/alagoinhas\/wp-json\/wp\/v2\/pages\/1959\/revisions"}],"predecessor-version":[{"id":2567,"href":"https:\/\/www.ifbaiano.edu.br\/unidades\/alagoinhas\/wp-json\/wp\/v2\/pages\/1959\/revisions\/2567"}],"wp:attachment":[{"href":"https:\/\/www.ifbaiano.edu.br\/unidades\/alagoinhas\/wp-json\/wp\/v2\/media?parent=1959"}],"curies":[{"name":"wp","href":"https:\/\/api.w.org\/{rel}","templated":true}]}}