{"id":2019,"date":"2019-04-22T12:02:32","date_gmt":"2019-04-22T15:02:32","guid":{"rendered":"http:\/\/www.ifbaiano.edu.br\/unidades\/alagoinhas\/?page_id=2019"},"modified":"2025-04-07T12:01:03","modified_gmt":"2025-04-07T15:01:03","slug":"docentes","status":"publish","type":"page","link":"https:\/\/www.ifbaiano.edu.br\/unidades\/alagoinhas\/docentes\/","title":{"rendered":"Docentes"},"content":{"rendered":"\n<p> <br><em><strong>Nesta se\u00e7\u00e3o \u00e9 divulgada a rela\u00e7\u00e3o dos(as) servidores(as) p\u00fablicos(as) docentes lotados(as) ou em exerc\u00edcio no Campus Alagoinhas.<\/strong><\/em> <\/p>\n\n\n\n<p><strong>Acacia Angelica Monteiro\u00a0<\/strong><br>Mestre em Gest\u00e3o e Tecnologias Aplicadas \u00e0 Educa\u00e7\u00e3o                                                               Especialista em Arte e Educa\u00e7\u00e3o (Faculdade S\u00e3o Lu\u00eds de Fran\u00e7a)<br>Graduada em Gradua\u00e7\u00e3o em Canto (Universidade Federal da Bahia)<br>E-mail: <a href=\"mailto:acacia.monteiro@ifbaiano.edu.br\">acacia.monteiro@ifbaiano.edu.br<\/a><br>Curr\u00edculo Lattes: <\/p>\n\n\n\n<p><strong>ANA CEC\u00cdLIA DE OLIVEIRA TEIXEIRA<\/strong><br>Mestre em Desenvolvimento Humano e Responsabilidade Social (CEPPEV)<br>Graduada em Administra\u00e7\u00e3o de Empresas (UNIFACS)<br>E-mail: ana.teixeira@ifbaino.edu.br<br>Curr\u00edculo Lattes: <a rel=\"noreferrer noopener\" href=\"http:\/\/lattes.cnpq.br\/2315605115501065\" target=\"_blank\">Ana Cec\u00edlia de Oliveira Teixeira<\/a><\/p>\n\n\n\n<p><strong>CAIO LINCOLN SANTOS ARA\u00daJO<\/strong><br>Mestre em Artes C\u00eanicas (Universidade Federal da Bahia)<br>Graduado em Artes C\u00eanicas (Universidade Federal da Bahia)<br>E-mail: caio.lincoln@ifbaino.edu.br<br>Curr\u00edculo Lattes: <a rel=\"noreferrer noopener\" aria-label=\"Caio Lincoln Santos Ara\u00fajo (abre numa nova aba)\" href=\"http:\/\/buscatextual.cnpq.br\/buscatextual\/visualizacv.do?id=K4250719Y9\" target=\"_blank\">Caio Lincoln Santos Ara\u00fajo<\/a><\/p>\n\n\n\n<p><strong>CEC\u00cdLIA OLIVEIRA BEZERRA<\/strong><br>Mestra em Desenvolvimento e Gest\u00e3o Social (Universidade Federal da Bahia)<br>Especialista em Gest\u00e3o Empresarial (Universidade Estadual de Feira de Santana)<br>Graduada em Administra\u00e7\u00e3o (Faculdade Ruy Barbosa)<br>E-mail: cecilia.bezerra@ifbaiano.edu.br <br>Curr\u00edculo Lattes: <a rel=\"noreferrer noopener\" aria-label=\"Cec\u00edlia Oliveira Bezerra (abre numa nova aba)\" href=\"http:\/\/buscatextual.cnpq.br\/buscatextual\/visualizacv.do?id=K4424519Z5\" target=\"_blank\">Cec\u00edlia Oliveira Bezerra<\/a><\/p>\n\n\n\n<p><\/p>\n\n\n\n<p><strong>ELIANE MAHL<\/strong><br>Doutora em Educa\u00e7\u00e3o Especial (Universidade Federal de S\u00e3o Carlos)<br>Mestra em Educa\u00e7\u00e3o Especial (Universidade Federal de S\u00e3o Carlos)<br>Especialista em Educa\u00e7\u00e3o F\u00edsica Escolar (Faculdade de Ensino Superior de S\u00e3o Miguel do Igua\u00e7u)<br>Graduada em Pedagogia (Universidade Nove de Julho)<br>Graduada em Educa\u00e7\u00e3o F\u00edsica (Faculdade de Ensino Superior de S\u00e3o Miguel do Igua\u00e7u)<br>E-mail: eliane.mahl@ifbaiano.edu.br <br>Curr\u00edculo Lattes: <a rel=\"noreferrer noopener\" aria-label=\"Eliane Mahl (abre numa nova aba)\" href=\"http:\/\/buscatextual.cnpq.br\/buscatextual\/visualizacv.do?id=K4425384H8\" target=\"_blank\">Eliane Mahl<\/a><\/p>\n\n\n\n<p><strong>FABR\u00cdCIO SANTOS DE FARO<\/strong><br>Mestre Interdisciplinar em Modelagem Computacional (Funda\u00e7\u00e3o Visconde de Cairu)<br>Especialista em Educa\u00e7\u00e3o \u00e0 Dist\u00e2ncia: Forma\u00e7\u00e3o de Professores (Universidade do Estado da Bahia) <br>Especialista em An\u00e1lise de Sistemas (Faculdade Visconde de Cairu)<br>Graduado em Ci\u00eancia da Computa\u00e7\u00e3o Com Enfase Em An\u00e1lise de Sistemas (Universidade Salvador)<br>E-mail: fabricio.faro@ifbaiano.edu.br <br>Curr\u00edculo Lattes: <a rel=\"noreferrer noopener\" aria-label=\"Fabr\u00edcio Santos de Faro (abre numa nova aba)\" href=\"http:\/\/buscatextual.cnpq.br\/buscatextual\/visualizacv.do?id=K4742050J0\" target=\"_blank\">Fabr\u00edcio Santos de Faro<\/a><\/p>\n\n\n\n<p><strong>FERNANDA DA SILVA MACHADO<\/strong><\/p>\n\n\n\n<p>Doutora em L\u00cdNGUA E CULTURA (Universidade Federal da Bahia)                                                       Mestra em Estudo de Linguagens (Universidade do Estado da Bahia)<br>Graduada em Letras Vern\u00e1culas (Universidade Federal da Bahia)<br>E-mail: fernanda.machado@ifbaiano.edu.br <br>Curr\u00edculo Lattes: <a rel=\"noreferrer noopener\" aria-label=\"Fernanda da Silva Machado (abre numa nova aba)\" href=\"http:\/\/buscatextual.cnpq.br\/buscatextual\/visualizacv.do?id=K4216053U9\" target=\"_blank\">Fernanda da Silva Machado<\/a><\/p>\n\n\n\n<p><strong>FRANCISCO DE ASSIS DOS SANTOS SILVA<\/strong><br>Doutor em Qu\u00edmica e Biotecnologia (Universidade Federal de Alagoas)<br>Mestre em Qu\u00edmica e Biotecnologia  (Universidade Federal de Alagoas)<br>Gradua\u00e7\u00e3o em Chemistr (Gonzaga University, EUA)  <br>Gradua\u00e7\u00e3o em Qu\u00edmica (Universidade Federal de Alagoas)<br>E-mail: francisco.assis@ifbaiano.edu.br <br>Curr\u00edculo Lattes: <a rel=\"noreferrer noopener\" aria-label=\"Francisco de Assis dos Santos Silva (abre numa nova aba)\" href=\"http:\/\/buscatextual.cnpq.br\/buscatextual\/visualizacv.do?id=K4745943A6\" target=\"_blank\">Francisco de Assis dos Santos Silva<\/a><\/p>\n\n\n\n<p><\/p>\n\n\n\n<p><strong>GENIVALDO CRUZ SANTOS<\/strong><br>Mestre em Ci\u00eancia de Alimentos (Universidade Federal da Bahia)<br>Especialista em Gest\u00e3o da Qualidade e Controle Higi\u00eanicossanit\u00e1rio de Alimentos (Universidade Camilo Castelo Branco)<br>Especialista em Microbiologia (Universidade Federal da Bahia)<br>Especialista em Gest\u00e3o Ambiental &#8211; Recursos H\u00eddricos (Universidade do Estado da Bahia)<br>Especialista em Metodologia do Ensino Pesquisa e Extens\u00e3o em Educa\u00e7\u00e3o (Universidade do Estado da Bahia)<br>Graduado em Ci\u00eancias &#8211; Biologia (Universidade do Estado da Bahia)<br>E-mail: genivaldo.cruz@ifbaiano.edu.br <br>Curr\u00edculo Lattes: <a rel=\"noreferrer noopener\" aria-label=\"Genivaldo Cruz Santos (abre numa nova aba)\" href=\"http:\/\/buscatextual.cnpq.br\/buscatextual\/visualizacv.do?id=K4164218H0\" target=\"_blank\">Genivaldo Cruz Santos<\/a><\/p>\n\n\n\n<p><strong>GRAZIELE QUINTELA DE CARVALHO<\/strong><br>Doutorado em Patologia Humana (Universidade Federal da Bahia)                                                      Mestra em Patologia Humana (Universidade Federal da Bahia)<br>Graduada em Ci\u00eancias Biol\u00f3gicas (Universidade Federal da Bahia)<br>E-mail: graziele.machado@ifbaiano.edu.br <br>Curr\u00edculo Lattes: <a rel=\"noreferrer noopener\" aria-label=\"Graziele Quintela de Carvalho (abre numa nova aba)\" href=\"http:\/\/buscatextual.cnpq.br\/buscatextual\/visualizacv.do?id=K4463469J6\" target=\"_blank\">Graziele Quintela de Carvalho<\/a><\/p>\n\n\n\n<p><strong>HENRIQUE REIS SERENO<\/strong><br>Doutor em Biologia e Biotecnologia de Microrganismos (Universidade Estadual de Santa Cruz)<br>Mestre em Ci\u00eancia de Alimentos (Universidade Federal da Bahia)<br>Graduado em Engenharia de Alimentos (Universidade Estadual de Feira de Santana)<br>E-mail: henrique.sereno@ifbaiano.edu.br<br>Curr\u00edculo Lattes: <a rel=\"noreferrer noopener\" href=\"http:\/\/buscatextual.cnpq.br\/buscatextual\/visualizacv.do?id=K4195701E6\" target=\"_blank\">Henrique Reis Sereno<\/a><\/p>\n\n\n\n<p><strong>INGRID SILVA BARBERINO DO NASCIMENTO<\/strong><br>Mestra em Engenharia de Processos de Alimentos (Universidade Estadual do Sudoeste da Bahia)<br>Graduada em Engenharia de Alimentos (Universidade Estadual do Sudoeste da Bahia)<br>E-mail: ingrid.nascimento@ifbaiano.edu.br <br>Curr\u00edculo Lattes: <a rel=\"noreferrer noopener\" aria-label=\"Ingrid Silva Barberino do Nascimento (abre numa nova aba)\" href=\"http:\/\/buscatextual.cnpq.br\/buscatextual\/visualizacv.do?id=K4594534U0\" target=\"_blank\">Ingrid Silva Barberino do Nascimento<\/a><\/p>\n\n\n\n<p><strong>ISAAC DA SILVA SANTOS<\/strong><br>Mestre em Modelagem em Ci\u00eancias da Terra e do Ambiente (Universidade Estadual de Feira de Santana)<br>Gradua\u00e7\u00e3o em Geografia (Universidade Estadual de Santa Cruz)<br>E-mail: isaac.silva@ifbaiano.edu.br <br>Curr\u00edculo Lattes: <a rel=\"noreferrer noopener\" aria-label=\"Isaac da Silva Santos (abre numa nova aba)\" href=\"http:\/\/buscatextual.cnpq.br\/buscatextual\/visualizacv.do?id=K4406077P0\" target=\"_blank\">Isaac da Silva Santos<\/a> <br><\/p>\n\n\n\n<p><strong>JAMYLE ROCHA FERREIRA SOUZA<\/strong><br>Doutora em Literatura e Cultura (Universidade Federal da Bahia)<br>Mestra em Literatura e Diversidade Cultural (Universidade Estadual de Feira de Santana)<br>Graduada em Letras com Espanhol (Universidade Estadual de Feira de Santana)<br>E-mail: jamyle.souza@ifbaiano.edu.br <br>Curr\u00edculo Lattes: <a rel=\"noreferrer noopener\" aria-label=\"Jamyle Rocha Ferreira Souza (abre numa nova aba)\" href=\"http:\/\/buscatextual.cnpq.br\/buscatextual\/visualizacv.do?id=K4584924J2\" target=\"_blank\">Jamyle Rocha Ferreira Souza<\/a><\/p>\n\n\n\n<p><strong>JOSEMAR RODRIGUES DA SILVA<\/strong><br>Mestre em Filosofia (Universidade Federal da Bahia)<br>Graduado em Filosofia (Universidade Cat\u00f3lica do Salvador)<br>E-mail: josemar.silva@ifbaiano.edu.br <br>Curr\u00edculo Lattes:  <a rel=\"noreferrer noopener\" aria-label=\"Josemar Rodrigues da Silva (abre numa nova aba)\" href=\"http:\/\/buscatextual.cnpq.br\/buscatextual\/visualizacv.do?id=K4128511T3\" target=\"_blank\">Josemar Rodrigues da Silva<\/a><\/p>\n\n\n\n<p><strong>LUCIANA HELENA CAJAS MAZZUTTI<\/strong><br>Doutora em Linguagens e Representa\u00e7\u00f5es (Universidade Estadual de Santa Cruz)                           Mestra em Linguagens e Representa\u00e7\u00f5es (Universidade Estadual de Santa Cruz)<br>Graduada em Letras &#8211; L. Portuguesa, Espanhol e Literaturas (Faculdade de S\u00e3o Bernardo do Campo)<br>E-mail:  luciana.mazzutti@ifbaiano.edu.br <br>Curr\u00edculo Lattes: <a rel=\"noreferrer noopener\" aria-label=\"Luciana Helena Cajas Mazzutti (abre numa nova aba)\" href=\"http:\/\/buscatextual.cnpq.br\/buscatextual\/visualizacv.do?id=K4248535J3\" target=\"_blank\">Luciana Helena Cajas Mazzutti<\/a><\/p>\n\n\n\n<p><strong>M\u00c1RCIA SILVEIRA NETTO MACHADO<\/strong><br>Doutora em Medicina Veterin\u00e1ria (Universidade Federal de Santa Maria)<br>Mestra em Medicina Veterin\u00e1ria (Universidade Federal de Santa Maria)<br>Graduda em Medicina Veterin\u00e1ria (Universidade Federal de Santa Maria)<br>E-mail: marcia.machado@ifbaiano.edu.br <br>Curr\u00edculo Lattes: <a rel=\"noreferrer noopener\" aria-label=\"M\u00e1rcia Silveira Netto Machado (abre numa nova aba)\" href=\"http:\/\/buscatextual.cnpq.br\/buscatextual\/visualizacv.do?id=K4707123J2\" target=\"_blank\">M\u00e1rcia Silveira Netto Machado<\/a><\/p>\n\n\n\n<p><strong>M\u00c1RIO MARCOS DE SANTANA FARIA<\/strong><br>Doutor em Ci\u00eancia Animal nos Tr\u00f3picos (Universidade Federal da Bahia)<br>Mestre em Ci\u00eancias Agr\u00e1rias (Universidade Federal da Bahia)<br>Especialista em Processamento e Controle de Qualidade em Carne (Universidade Federal de Lavras)<br>Especialista em Agricultura Tropical (Universidade Federal Rural de Pernambuco)<br>Graduado em Ci\u00eancias Agr\u00e1rias (Universidade Federal Rural de Pernambuco)<br>Graduado em Engenharia Agron\u00f4mica (Universidade Federal da Bahia)<br>E-mail: mario.marcos@ifbaiano.edu.br <br>Curr\u00edculo Lattes: <a rel=\"noreferrer noopener\" aria-label=\"M\u00e1rio Marcos de Santana Faria (abre numa nova aba)\" href=\"http:\/\/buscatextual.cnpq.br\/buscatextual\/visualizacv.do?id=K4711422Y9\" target=\"_blank\">M\u00e1rio Marcos de Santana Faria<\/a><\/p>\n\n\n\n<p><strong>RAFAELLA ELISA SANTOS ROLIM MIRANDA BRITO<\/strong><br>Doutora em L\u00cdNGUA E CULTURA (Universidade Federal da Bahia)                                                       Mestra em Estudo de Linguagens (Universidade do Estado da Bahia)<br>Graduada em Letras Vern\u00e1culas com Ingl\u00eas (Universidade do Estado da Bahia)<br>E-mail: rafaella.santos@ifbaiano.edu.br <br>Curr\u00edculo Lattes: <a rel=\"noreferrer noopener\" aria-label=\"Rafaella Elisa Santos Rolim Miranda Brito (abre numa nova aba)\" href=\"http:\/\/buscatextual.cnpq.br\/buscatextual\/visualizacv.do?id=K4262738H6\" target=\"_blank\">Rafaella Elisa Santos Rolim Miranda Brito<\/a><\/p>\n\n\n\n<p><strong>RITA M\u00c1RCIA AMPARO MACEDO<\/strong><br>Mestra em Desenho, Cultura e Interatividade (Universidade Estadual de Feira de Santana)<br>Especialista em Filosofia Contempor\u00e2nea (Universidade Estadual de Feira de Santana)<br>Especialista em Doc\u00eancia do Ensino Superior (Faculdades Integradas de Jacarepagu\u00e1)<br>Graduada em Educa\u00e7\u00e3o F\u00edsica (Universidade Estadual de Feira de Santana)<br>E-mail: rita.macedo@ifbaiano.edu.br <br>Curr\u00edculo Lattes: <a rel=\"noreferrer noopener\" aria-label=\"Rita M\u00e1rcia Amparo Macedo (abre numa nova aba)\" href=\"http:\/\/buscatextual.cnpq.br\/buscatextual\/visualizacv.do?id=K4232659U6\" target=\"_blank\">Rita M\u00e1rcia Amparo Macedo<\/a><\/p>\n\n\n\n<p><strong>ROBERTO SOUZA PEREIRA<\/strong><br>Mestre em Cr\u00edtica Cultural (Universidade do Estado da Bahia)<br>Especialista em Metodologia do Ensino da Matem\u00e1tica (Faculdade de Ci\u00eancias da Bahia)<br>Graduado em Matem\u00e1tica (Universidade do Estado da Bahia)<br>E-mail: roberto.pereira@ifbaiano.edu.br <br>Curr\u00edculo Lattes: <a rel=\"noreferrer noopener\" aria-label=\"Roberto Souza Pereira (abre numa nova aba)\" href=\"http:\/\/buscatextual.cnpq.br\/buscatextual\/visualizacv.do?id=K4290251A0\" target=\"_blank\">Roberto Souza Pereira<\/a><br><br><strong>RODRIGO OLIVEIRA LESSA<\/strong><br>Doutor em Ci\u00eancias Sociais (Universidade Federal da Bahia\/Universit\u00e9 de Strasbourg, FRA)<br>Mestre em Ci\u00eancias Sociais (Universidade Federal da Bahia)<br>Graduado em Ci\u00eancias Sociais (Universidade Federal da Bahia)<br>E-mail: rodrigo.lessa@ifbaiano.edu.br <br>Curr\u00edculo Lattes: <a rel=\"noreferrer noopener\" aria-label=\"Rodrigo Oliveira Lessa (abre numa nova aba)\" href=\"http:\/\/buscatextual.cnpq.br\/buscatextual\/visualizacv.do?id=K4233575Z3\" target=\"_blank\">Rodrigo Oliveira Lessa<\/a><\/p>\n\n\n\n<p><strong>RONALDO SANTANA CHAVES<\/strong><br>Mestre em Filosofia (Universidade Federal de Santa Catarina)<br>Especialista em Forma\u00e7\u00e3o S\u00f3cio Econ\u00f4mica do Brasil (Universidade Salgado de Oliveira)<br>Graduado em Hist\u00f3ria (Universidade do Estado da Bahia)<br>E-mail: ronaldo.chaves@ifbaiano.edu.br <br>Curr\u00edculo Lattes: <a rel=\"noreferrer noopener\" aria-label=\"Ronaldo Santana Chaves (abre numa nova aba)\" href=\"http:\/\/buscatextual.cnpq.br\/buscatextual\/visualizacv.do?id=K4290772T0\" target=\"_blank\">Ronaldo Santana Chaves<\/a><\/p>\n\n\n\n<p><strong>TATIANE BITENCOURT BARRETO<\/strong><br>Graduada em F\u00edsica (Universidade Estadual de Feira de Santana)<br>T\u00e9cnica em Qu\u00edmica (Centro Educacional Cenecista Alcindo de Camargo)<br>E-mail: tatiane.barreto@ifbaiano.edu.br <br>Curr\u00edculo Lattes: <a rel=\"noreferrer noopener\" aria-label=\"Tatiane Bitencourt Barreto (abre numa nova aba)\" href=\"http:\/\/buscatextual.cnpq.br\/buscatextual\/visualizacv.do?id=K4203152H6\" target=\"_blank\">Tatiane Bitencourt Barreto<\/a><\/p>\n\n\n\n<p><strong>TAISSA DE SOUZA CANAES<\/strong><br>Doutora em Zootecnia (Universidade Estadual Paulista J\u00falio de Mesquita Filho)<br>Mestra em Zootecnia (Universidade Estadual Paulista J\u00falio de Mesquita Filho)<br>Gradua\u00e7\u00e3o em Zootecnia (Universidade Estadual Paulista J\u00falio de Mesquita Filho)<br>E-mail: taissa.canaes@ifbaiano.edu.br <br>Curr\u00edculo Lattes: <a rel=\"noreferrer noopener\" aria-label=\"Taissa de Souza Canaes (abre numa nova aba)\" href=\"http:\/\/buscatextual.cnpq.br\/buscatextual\/visualizacv.do?id=K4733350P2\" target=\"_blank\">Taissa de Souza Canaes<\/a><\/p>\n\n\n\n<p><\/p>\n\n\n\n<p><strong>YURI DE MELO ALVES<\/strong><br>Mestre em Ci\u00eancia e Engenharia de Materiais (Universidade Federal de Sergipe)<br>Graduado em F\u00edsica (Universidade Estadual de Feira de Santana)<br>E-mail: yuri.alves@ifbaiano.edu.br <br>Curr\u00edculo Lattes: <a rel=\"noreferrer noopener\" aria-label=\"Yuri de Melo Alves (abre numa nova aba)\" href=\"http:\/\/buscatextual.cnpq.br\/buscatextual\/visualizacv.do?id=K4509991J0\" target=\"_blank\">Yuri de Melo Alves<\/a><br><\/p>\n","protected":false},"excerpt":{"rendered":"<p>Nesta se\u00e7\u00e3o \u00e9 divulgada a rela\u00e7\u00e3o dos(as) servidores(as) p\u00fablicos(as) docentes lotados(as) ou em exerc\u00edcio no Campus Alagoinhas. Acacia Angelica Monteiro\u00a0Mestre em Gest\u00e3o e Tecnologias Aplicadas \u00e0 Educa\u00e7\u00e3o Especialista em Arte e Educa\u00e7\u00e3o (Faculdade S\u00e3o Lu\u00eds de Fran\u00e7a)Graduada em Gradua\u00e7\u00e3o em Canto (Universidade Federal da Bahia)E-mail: acacia.monteiro@ifbaiano.edu.brCurr\u00edculo Lattes: ANA CEC\u00cdLIA DE OLIVEIRA TEIXEIRAMestre em Desenvolvimento Humano [&hellip;]<\/p>\n","protected":false},"author":117,"featured_media":0,"parent":0,"menu_order":42,"comment_status":"closed","ping_status":"closed","template":"","meta":[],"_links":{"self":[{"href":"https:\/\/www.ifbaiano.edu.br\/unidades\/alagoinhas\/wp-json\/wp\/v2\/pages\/2019"}],"collection":[{"href":"https:\/\/www.ifbaiano.edu.br\/unidades\/alagoinhas\/wp-json\/wp\/v2\/pages"}],"about":[{"href":"https:\/\/www.ifbaiano.edu.br\/unidades\/alagoinhas\/wp-json\/wp\/v2\/types\/page"}],"author":[{"embeddable":true,"href":"https:\/\/www.ifbaiano.edu.br\/unidades\/alagoinhas\/wp-json\/wp\/v2\/users\/117"}],"replies":[{"embeddable":true,"href":"https:\/\/www.ifbaiano.edu.br\/unidades\/alagoinhas\/wp-json\/wp\/v2\/comments?post=2019"}],"version-history":[{"count":18,"href":"https:\/\/www.ifbaiano.edu.br\/unidades\/alagoinhas\/wp-json\/wp\/v2\/pages\/2019\/revisions"}],"predecessor-version":[{"id":6555,"href":"https:\/\/www.ifbaiano.edu.br\/unidades\/alagoinhas\/wp-json\/wp\/v2\/pages\/2019\/revisions\/6555"}],"wp:attachment":[{"href":"https:\/\/www.ifbaiano.edu.br\/unidades\/alagoinhas\/wp-json\/wp\/v2\/media?parent=2019"}],"curies":[{"name":"wp","href":"https:\/\/api.w.org\/{rel}","templated":true}]}}