{"id":2030,"date":"2019-04-22T12:26:57","date_gmt":"2019-04-22T15:26:57","guid":{"rendered":"http:\/\/www.ifbaiano.edu.br\/unidades\/alagoinhas\/?page_id=2030"},"modified":"2024-06-04T11:14:35","modified_gmt":"2024-06-04T14:14:35","slug":"tecnicos-2","status":"publish","type":"page","link":"https:\/\/www.ifbaiano.edu.br\/unidades\/alagoinhas\/tecnicos-2\/","title":{"rendered":"T\u00e9cnico-Administrativos"},"content":{"rendered":"\n<p><em><strong>Nesta se\u00e7\u00e3o \u00e9 divulgada a rela\u00e7\u00e3o dos(as) servidores(as) p\u00fablicos(as) t\u00e9cnico-administrativos(as) lotados(as) ou em exerc\u00edcio no Campus Alagoinhas.<\/strong><\/em><\/p>\n\n\n\n<p><strong>ADMILSON SANTOS DE SANTANA<\/strong><br><em>T\u00e9cnico em Tecnologia da Informa\u00e7\u00e3o<\/em><br>E-mail: admilson.santana@ifbaiano.edu.br<br>Curr\u00edculo Lattes: Admilson Santos de Santana <br><\/p>\n\n\n\n<p><strong>ADRIANA SANTOS DE SOUZA<\/strong><br><em>Assistente em Administra\u00e7\u00e3o<\/em><br>Ensino M\u00e9dio<br>Email: adriana.souza@ifbaiano.edu.br <br>Curr\u00edculo Lattes: <a rel=\"noreferrer noopener\" aria-label=\"Adriana Santos de Souza (abre numa nova aba)\" href=\"http:\/\/buscatextual.cnpq.br\/buscatextual\/visualizacv.do?id=K4828114Y5\" target=\"_blank\">Adriana Santos de Souza<\/a><\/p>\n\n\n\n<p><\/p>\n\n\n\n<p><strong>ALANA SAMARA VALEN\u00c7A DE ANDRADE<\/strong><\/p>\n\n\n\n<p><em>Assistente em Administra\u00e7\u00e3o<\/em><\/p>\n\n\n\n<p>Email: <a href=\"mailto:alana.andrade@ifbaiano.edu.br\">alana.andrade@ifbaiano.edu.br<\/a><\/p>\n\n\n\n<p><\/p>\n\n\n\n<p><strong>ALESSANDRA SOUZA MAIA LOBO<\/strong><br><em>Assistente de Aluno<\/em><br>Especialista em Atendimento Educacional Especializado (Instituto Pr\u00f3 Saber)<br>Graduada em Letras (Universidade do Norte do Paran\u00e1)<br>Email: alessandra.lobo@ifbaiano.edu.br <br>Curr\u00edculo Lattes: <a rel=\"noreferrer noopener\" aria-label=\"Alessandra Souza Maia Lobo (abre numa nova aba)\" href=\"http:\/\/buscatextual.cnpq.br\/buscatextual\/visualizacv.do?id=K8139161P9\" target=\"_blank\">Alessandra Souza Maia Lobo<\/a><br><\/p>\n\n\n\n<p><strong>ALYNE DA SILVA MULLER<\/strong><br><em>Assistente Social<\/em><br>Email: alyne.muller@ifbaiano.edu.br <br>Curr\u00edculo Lattes: <a rel=\"noreferrer noopener\" href=\"http:\/\/lattes.cnpq.br\/0540866953526454\" target=\"_blank\">Alyne da Silva Muller<\/a><br><\/p>\n\n\n\n<p><strong>BRUNO DA SILVA<\/strong><br><em>T\u00e9cnico em Agropecu\u00e1ria<\/em><br>Email: bruno.silva@ifbaiano.edu.br <br>Curr\u00edculo Lattes: Bruno da Silva<br><\/p>\n\n\n\n<p><strong>DENILDO DOS SANTOS MACHADO<\/strong><br><em>Analista de Tecnologia da Informa\u00e7\u00e3o<\/em><br>Especializa\u00e7\u00e3o em Gest\u00e3o e Governan\u00e7a de Tecnologia da Informa\u00e7\u00e3o (UNOPAR)<br>Graduado em Ci\u00eancia da Computa\u00e7\u00e3o (UFBA)<br>Email: denildo.machado@ifbaiano.edu.br<br>Curr\u00edculo Lattes: <a href=\"http:\/\/lattes.cnpq.br\/0143294337619460\" target=\"_blank\" rel=\"noreferrer noopener\">Denildo dos Santos Machado<\/a><\/p>\n\n\n\n<p><strong>EDVAN ASSIS DE OLIVEIRA<\/strong><br><em>T\u00e9cnico em Agropecu\u00e1ria<\/em><br>Especialista em Marketing em Agroneg\u00f3cio (Funda\u00e7\u00e3o Visconde de Cairu)<br>Graduado em Engenharia Agron\u00f4mica (Universidade Federal da Bahia)<br>Email: edvan.oliveira@ifbaiano.edu.br <br>Curr\u00edculo Lattes: <a rel=\"noreferrer noopener\" aria-label=\"Edvan Assis de Oliveira (abre numa nova aba)\" href=\"http:\/\/buscatextual.cnpq.br\/buscatextual\/visualizacv.do?id=K8822344P3\" target=\"_blank\">Edvan Assis de Oliveira<\/a><\/p>\n\n\n\n<p><strong>ELIGERLISSON SOUZA DE ALMEIDA<\/strong> <br><em>Administrador<\/em><br>Especialista em Gest\u00e3o P\u00fablica e Responsabilidade Fiscal (Escola Superior Aberta do Brasil)<br>Graduado em Administra\u00e7\u00e3o (Universidade Estadual de Feira de Santana)<br>Email: eligerlisson.almeida@ifbaiano.edu.br <br>Curr\u00edculo Lattes: <a rel=\"noreferrer noopener\" aria-label=\"Eligerlisson Souza de Almeida (abre numa nova aba)\" href=\"http:\/\/buscatextual.cnpq.br\/buscatextual\/visualizacv.do?id=K4474290E8\" target=\"_blank\">Eligerlisson Souza de Almeida<\/a><\/p>\n\n\n\n<p><strong>ELINAVILMO DE MORGADO SANTOS<\/strong><br><em>T\u00e9cnico em Tecnologia da Informa\u00e7\u00e3o<\/em><br>Mestre em Computa\u00e7\u00e3o Aplicada (Universidade Estadual de Feira de Santana)<br>Especialista em Sistema da Informa\u00e7\u00e3o &#8211; Sistema Distribu\u00eddos e Web (Faculdade Ruy Barbosa)<br>Graduado em Processamento de Dados (Universidade Tiradentes)<br>Email: elinavilmo.santos@ifbaiano.edu.br <br>Curr\u00edculo Lattes: <a rel=\"noreferrer noopener\" aria-label=\"Elinavilmo de Morgado Santos (abre numa nova aba)\" href=\"http:\/\/buscatextual.cnpq.br\/buscatextual\/visualizacv.do?id=K4701896T9\" target=\"_blank\">Elinavilmo de Morgado Santos<\/a><\/p>\n\n\n\n<p><strong>EMANOEL BITENCOURT ARA\u00daJO<\/strong> <br><em>Contador<\/em><br>Especialista em Gerente de Cidades (Centro Universit\u00e1rio FECAP)<br>Especialista em Gest\u00e3o Governamental (Universidade do Estado da Bahia)<br>Gradua\u00e7\u00e3o em Ci\u00eancias Cont\u00e1beis (Universidade Federal da Bahia)<br>Email: emanoel.araujo@ifbaiano.edu.br <br>Curr\u00edculo Lattes: <a rel=\"noreferrer noopener\" aria-label=\"Emanoel Bitencourt Ara\u00fajo (abre numa nova aba)\" href=\"http:\/\/buscatextual.cnpq.br\/buscatextual\/visualizacv.do?id=K4403927E0\" target=\"_blank\">Emanoel Bitencourt Ara\u00fajo<\/a><\/p>\n\n\n\n<p><\/p>\n\n\n\n<p><strong>GIL C\u00c9SAR PEREIRA FRANCO<\/strong><br><em>T\u00e9cnico em Laborat\u00f3rio &#8211; Qu\u00edmica<\/em><br>Mestre em Engenharia Qu\u00edmica (Universidade Federal de S\u00e3o Carlos)<br>Graduado em Qu\u00edmica Ambiental (Universidade Estadual Paulista J\u00falio de Mesquita Filho)<br>Email: gil.franco@ifbaiano.edu.br <br>Curr\u00edculo Lattes: <a rel=\"noreferrer noopener\" aria-label=\"Gil C\u00e9sar Pereira Franco (abre numa nova aba)\" href=\"http:\/\/buscatextual.cnpq.br\/buscatextual\/visualizacv.do?id=K4437272Y3\" target=\"_blank\">Gil C\u00e9sar Pereira Franco<\/a><\/p>\n\n\n\n<p><strong>GISELI BARROS ROCHA<\/strong><br><em>Assistente de Aluno<\/em><br>Email: giseli.rocha@ifbaiano.edu.br <br>Curr\u00edculo Lattes: Giseli Barros Rocha<\/p>\n\n\n\n<p><\/p>\n\n\n\n<p><strong>JORDANA DA SILVA COSTA<\/strong> <br><em>T\u00e9cnica em Assuntos Educacionais<\/em><br>Graduada em Pedagogia (Universidade Federal da Bahia)<br>Email: jordana.costa@ifbaiano.edu.br <br>Curr\u00edculo Lattes: <a href=\"http:\/\/buscatextual.cnpq.br\/buscatextual\/visualizacv.do?id=K8920466Z5\" target=\"_blank\" rel=\"noreferrer noopener\" aria-label=\"Jordana da Silva Costa (abre numa nova aba)\">Jordana da Silva Costa<\/a><\/p>\n\n\n\n<p><strong>JORGE TEN\u00d3RIO BARRETO CAMPOS<\/strong> <br><em>Assistente em Administra\u00e7\u00e3o<\/em><br>Email: jorge.campos@ifbaiano.edu.br <br>Curr\u00edculo Lattes: Jorge Ten\u00f3rio Barreto Campos<\/p>\n\n\n\n<p><strong>ELIDIANE SANTOS ANDRADE<\/strong> <br><em>T\u00e9cnica em Contabilidade<\/em><br>Especialista em Gest\u00e3o Tribut\u00e1ria (Funda\u00e7\u00e3o Visconde de Cairu)<br>Graduada em Ci\u00eancias Cont\u00e1beis (Universidade do Estado da Bahia)<br>Email: josefa.andrade@ifbaiano.edu.br <br>Curr\u00edculo Lattes: <a rel=\"noreferrer noopener\" aria-label=\"Josefa Elidiane Santos Andrade (abre numa nova aba)\" href=\"http:\/\/buscatextual.cnpq.br\/buscatextual\/visualizacv.do?id=K4804374Z3\" target=\"_blank\">Elidiane Santos Andrade<\/a><br><\/p>\n\n\n\n<p><strong>JULIANA NOGUEIRA SCHIMIDT<\/strong><br><em>Tradutora e Int\u00e9rprete na L\u00edngua Brasileira de Sinais<\/em><br>Graduada em Ci\u00eancias Biol\u00f3gicas (Universidade do Estado da Bahia)<br>Email: juliana.schimidt@ifbaiano.edu.br <br>Curr\u00edculo Lattes: <a href=\"http:\/\/buscatextual.cnpq.br\/buscatextual\/visualizacv.do?id=K4292736H8\" target=\"_blank\" rel=\"noreferrer noopener\" aria-label=\"Juliana Nogueira Schmidt (abre numa nova aba)\">Juliana Nogueira Schmidt<\/a><\/p>\n\n\n\n<p><strong>JULIANA ROBERTO CERQUEIRA<\/strong><br><em>T\u00e9cnica em Seguran\u00e7a<\/em><br>Email: juliana.cerqueira@ifbaiano.edu.br <br>Curr\u00edculo Lattes: <a href=\"http:\/\/lattes.cnpq.br\/8998158704983296\" target=\"_blank\" rel=\"noreferrer noopener\">Juliana Roberto Cerqueira<\/a><\/p>\n\n\n\n<p><strong>LERISE SANTOS ZOFFOLI<\/strong><br><em>Assistente em Administra\u00e7\u00e3o<\/em><br>Especialista em Gest\u00e3o de Pessoas &#8211; Consultoria (Faculdade Sant\u00edssimo Sacramento)<br>Graduada em Administra\u00e7\u00e3o (Universidade Estadual de Feira de Santana)<br>Email: lerise.zoffoli@ifbaiano.edu.br <br>Curr\u00edculo Lattes: <a href=\"http:\/\/buscatextual.cnpq.br\/buscatextual\/visualizacv.do?id=K4452974H7\" target=\"_blank\" rel=\"noreferrer noopener\" aria-label=\"Lerise Santos Zoffoli (abre numa nova aba)\">Lerise Santos Zoffoli<\/a><\/p>\n\n\n\n<p><strong>LUCIANE FERREIRA DE ABREU<\/strong><br><em>Pedagoga<\/em><br>Mestra em Educa\u00e7\u00e3o (Universidade Estadual de Feira de Santana)<br>Especialista em Psicopedagogia Institucional (Universidade Castelo Branco)<br>Graduada em Licenciatura em Pedagogia (Universidade do Estado da Bahia)<br>Email: luciane.abreu@ifbaiano.edu.br <br>Curr\u00edculo Lattes: <a rel=\"noreferrer noopener\" aria-label=\"Luciane Ferreira de Abreu (abre numa nova aba)\" href=\"http:\/\/buscatextual.cnpq.br\/buscatextual\/visualizacv.do?id=K4220632E2\" target=\"_blank\">Luciane Ferreira de Abreu<\/a><\/p>\n\n\n\n<p><strong>MARCOS SANTANA DE ARA\u00daJO<\/strong><br><em>Auxiliar de Biblioteca<\/em><br>Email: marcos.araujo@ifbaiano.edu.br <br>Curr\u00edculo Lattes: Marcos Santana de Ara\u00fajo<\/p>\n\n\n\n<p><strong>MARIANA CARNEIRO DE AGUIAR<\/strong><br><em>Assistente em Administra\u00e7\u00e3o<\/em><br>Especialista em Gest\u00e3o de Pessoas (Universidade Norte do Paran\u00e1)<br>Graduada em Sistema de Informa\u00e7\u00e3o (Faculdade de Tecnologia e Ci\u00eancias)<br>Email: mariana.aguiar@ifbaiano.edu.br <br>Curr\u00edculo Lattes: <a rel=\"noreferrer noopener\" aria-label=\"Mariana Carneiro de Aguiar (abre numa nova aba)\" href=\"http:\/\/buscatextual.cnpq.br\/buscatextual\/visualizacv.do?id=K4716199Z3\" target=\"_blank\">Mariana Carneiro de Aguiar<\/a><\/p>\n\n\n\n<p><strong>NATALICIO RAMOS DA SILVA JUNIOR<\/strong><br><em>Assistente em Administra\u00e7\u00e3o<\/em><br>Email: natalicio.junior@ifbaiano.edu.br<br><\/p>\n\n\n\n<p><strong>MAYARA PIMENTEL ALMEIDA<\/strong><br><em>Nutricionista<\/em><br>Especialista em Nutri\u00e7\u00e3o Clinica Funcional (Universidade Cruzeiro do Sul)<br>Graduada em Nutri\u00e7\u00e3o (Uni\u00e3o Metropolitana de Educa\u00e7\u00e3o e Cultura)<br>Email: mayara.almeida@ifbaiano.edu.br <br>Curr\u00edculo Lattes: <a rel=\"noreferrer noopener\" aria-label=\"Mayara Pimentel Almeida (abre numa nova aba)\" href=\"http:\/\/buscatextual.cnpq.br\/buscatextual\/visualizacv.do?id=K8185091J2\" target=\"_blank\">Mayara Pimentel Almeida<\/a><\/p>\n\n\n\n<p><strong>OSCAR ANDERSON RAMOS DA SILVA<\/strong> <br><em>T\u00e9cnico em Enfermagem<\/em><br>Especialista em Sa\u00fade Coletiva (Faculdade Sant\u00edssimo Sacramento)<br>Graduado em Enfermagem (Faculdade Santo Ant\u00f4nio) <br>T\u00e9cnico em Enfermagem (Escola T\u00e9cnica de Enfermagem Ana Nery) <br>Email: oscar.silva@ifbaiano.edu.br <br>Curr\u00edculo Lattes: <a href=\"http:\/\/buscatextual.cnpq.br\/buscatextual\/visualizacv.do?id=K4212999T4\" target=\"_blank\" rel=\"noreferrer noopener\" aria-label=\"Oscar Anderson Ramos da Silva (abre numa nova aba)\">Oscar Anderson Ramos da Silva<\/a><br><\/p>\n\n\n\n<p><strong>RAMON CERQUEIRA GOMES<\/strong> <br><em>Psic\u00f3logo<\/em><br>Doutor em Psicologia (Universidade Federal da Bahia)<br>Mestre em Psicologia (Universidade Federal da Bahia)<br>Especialista em Educa\u00e7\u00e3o Ambiental Urbana (Escola Superior Aberta do Brasil)<br>Graduado em Psicologia<br>Email: ramon.gomes@ifbaiano.edu.br <br>Curr\u00edculo Lattes: <a rel=\"noreferrer noopener\" aria-label=\"Ramon Cerqueira Gomes (abre numa nova aba)\" href=\"http:\/\/buscatextual.cnpq.br\/buscatextual\/visualizacv.do?id=K4228356D0\" target=\"_blank\">Ramon Cerqueira Gomes<\/a><br><\/p>\n\n\n\n<p><strong>ROBSON DE SOUZA SANTOS<\/strong> <br><em>Assistente em Administra\u00e7\u00e3o<\/em><br>Especialista em Gest\u00e3o P\u00fablica (Faculdade Venda Nova do Imigrante)<br>Graduado em An\u00e1lise e Desenvolvimento de Sistemas (Universidade Norte do Paran\u00e1)<br>Email: robson.santos@ifbaiano.edu.br <br>Curr\u00edculo Lattes: <a rel=\"noreferrer noopener\" aria-label=\"Robson de Souza Santos (abre numa nova aba)\" href=\"http:\/\/buscatextual.cnpq.br\/buscatextual\/visualizacv.do?id=K4811539A0\" target=\"_blank\">Robson de Souza Santos<\/a><\/p>\n\n\n\n<p><strong>RODRIGO TEIXEIRA DA SILVA SANTOS<\/strong><br><em>Tradutor Int\u00e9rprete de Libras<\/em><br>Graduando em Letras Libras (UNIASSELVI)<br>Email: rodrigo.santos@ifbaiano.edu.br<br>Curr\u00edculo Lattes: &nbsp;<a href=\"http:\/\/lattes.cnpq.br\/8736691648707075\" target=\"_blank\" rel=\"noreferrer noopener\">Rodrigo Teixeira da Silva Santos<\/a><em><strong><br><\/strong><\/em><\/p>\n\n\n\n<p><strong>SCHEILA CONCEI\u00c7\u00c3O SACRAMENTO <\/strong><br><em>Assistente em Administra\u00e7\u00e3o<\/em><br>Especialista em Comportamento Organizacional e Gest\u00e3o de Pessoas (ESAB)<br>Especialista em Direito Imobili\u00e1rio (CERS)<br>Bacharel em Direito (Centro Universit\u00e1rio-Unirb)<br>Email: scheila.saldanha@ifbaiano.edu.br <br>Curr\u00edculo Lattes: <a href=\"http:\/\/lattes.cnpq.br\/3439983265845533\" target=\"_blank\" rel=\"noreferrer noopener\">Scheila Concei\u00e7\u00e3o Sacramento Saldanha<\/a><\/p>\n\n\n\n<p><\/p>\n","protected":false},"excerpt":{"rendered":"<p>Nesta se\u00e7\u00e3o \u00e9 divulgada a rela\u00e7\u00e3o dos(as) servidores(as) p\u00fablicos(as) t\u00e9cnico-administrativos(as) lotados(as) ou em exerc\u00edcio no Campus Alagoinhas. ADMILSON SANTOS DE SANTANAT\u00e9cnico em Tecnologia da Informa\u00e7\u00e3oE-mail: admilson.santana@ifbaiano.edu.brCurr\u00edculo Lattes: Admilson Santos de Santana ADRIANA SANTOS DE SOUZAAssistente em Administra\u00e7\u00e3oEnsino M\u00e9dioEmail: adriana.souza@ifbaiano.edu.br Curr\u00edculo Lattes: Adriana Santos de Souza ALANA SAMARA VALEN\u00c7A DE ANDRADE Assistente em Administra\u00e7\u00e3o Email: alana.andrade@ifbaiano.edu.br [&hellip;]<\/p>\n","protected":false},"author":117,"featured_media":0,"parent":0,"menu_order":112,"comment_status":"closed","ping_status":"closed","template":"","meta":[],"_links":{"self":[{"href":"https:\/\/www.ifbaiano.edu.br\/unidades\/alagoinhas\/wp-json\/wp\/v2\/pages\/2030"}],"collection":[{"href":"https:\/\/www.ifbaiano.edu.br\/unidades\/alagoinhas\/wp-json\/wp\/v2\/pages"}],"about":[{"href":"https:\/\/www.ifbaiano.edu.br\/unidades\/alagoinhas\/wp-json\/wp\/v2\/types\/page"}],"author":[{"embeddable":true,"href":"https:\/\/www.ifbaiano.edu.br\/unidades\/alagoinhas\/wp-json\/wp\/v2\/users\/117"}],"replies":[{"embeddable":true,"href":"https:\/\/www.ifbaiano.edu.br\/unidades\/alagoinhas\/wp-json\/wp\/v2\/comments?post=2030"}],"version-history":[{"count":18,"href":"https:\/\/www.ifbaiano.edu.br\/unidades\/alagoinhas\/wp-json\/wp\/v2\/pages\/2030\/revisions"}],"predecessor-version":[{"id":5853,"href":"https:\/\/www.ifbaiano.edu.br\/unidades\/alagoinhas\/wp-json\/wp\/v2\/pages\/2030\/revisions\/5853"}],"wp:attachment":[{"href":"https:\/\/www.ifbaiano.edu.br\/unidades\/alagoinhas\/wp-json\/wp\/v2\/media?parent=2030"}],"curies":[{"name":"wp","href":"https:\/\/api.w.org\/{rel}","templated":true}]}}