{"id":2264,"date":"2019-05-31T20:42:32","date_gmt":"2019-05-31T23:42:32","guid":{"rendered":"http:\/\/www.ifbaiano.edu.br\/unidades\/alagoinhas\/?page_id=2264"},"modified":"2025-09-15T18:55:26","modified_gmt":"2025-09-15T21:55:26","slug":"nucleos-de-apoio","status":"publish","type":"page","link":"https:\/\/www.ifbaiano.edu.br\/unidades\/alagoinhas\/nucleos-de-apoio\/","title":{"rendered":"Diversidade e Inclus\u00e3o"},"content":{"rendered":"\n<p>O Campus Alagoinhas conta com N\u00facleos que auxiliam em sua <strong>POL\u00cdTICA DE EQUIDADE, DIVERSIDADE E INCLUS\u00c3O DO IF BAIANO (PEDI)<\/strong> <a rel=\"noreferrer noopener\" aria-label=\"Pol\u00edtica da Diversidade e Inclus\u00e3o do IF Baiano (abre numa nova aba)\" href=\"http:\/\/www.ifbaiano.edu.br\/unidades\/guanambi\/files\/2016\/12\/POLITICA-DIV.-INCLUSAO.pdf\" target=\"_blank\">Pol\u00edtica da Diversidade e Inclus\u00e3o do IF Baiano<\/a>, a exemplo do N\u00facleo de Atendimento \u00e0s Pessoas com Necessidades Espec\u00edficas (<strong>NAPNE<\/strong>), do N\u00facleo de Estudos Afrobrasileiros e Ind\u00edgenas (<strong>NEABI<\/strong>) e do N\u00facleo de Estudos de G\u00eanero e Diversidade Sexual (<strong>GENI<\/strong>).<\/p>\n\n\n\n<p><strong>N\u00daCLEO DE ATENDIMENTO \u00c0S PESSOAS COM NECESSIDADES ESPEC\u00cdFICAS (NAPNE)<\/strong><br>O NAPNE est\u00e1 contemplado no Programa de Atendimento \u00e0s Pessoas com Necessidades Espec\u00edficas, que busca o direito \u00e0s pessoas com necessidades espec\u00edficas (f\u00edsica, intelectual ou sensorial) no que diz respeito ao acesso, \u00e0 perman\u00eancia e \u00e0 sa\u00edda exitosa do Instituto, na perspectiva da emancipa\u00e7\u00e3o plena e efetiva na sociedade, conforme define o Decreto n\u00ba 6.949\/2009, bem como observar o que preconizam a Lei n\u00ba 12.319 e o Decreto n\u00ba 5.626\/2005.<br>Confira o <a href=\"https:\/\/ifbaiano.edu.br\/portal\/ensino\/wp-content\/uploads\/sites\/2\/2019\/05\/Regimento-do-N%C3%BAcleo-de-Atendimento-%C3%A0s-Pessoas-com-Necessidades-Espec%C3%ADficas-do-IF-Baiano.pdf\" target=\"_blank\" rel=\"noreferrer noopener\">Regimento do NAPNE<\/a> e o <a rel=\"noreferrer noopener\" aria-label=\"Regimento do Atendimento Educacional Especializado (abre numa nova aba)\" href=\"http:\/\/ifbaiano.edu.br\/portal\/ensino\/wp-content\/uploads\/sites\/2\/2019\/05\/Regulamento-do-Atendimento-Educacional-Especializado-no-%C3%A2mbito-do-IF-Baiano.pdf\" target=\"_blank\">Regimento do Atendimento Educacional Especializado<\/a>.<\/p>\n\n\n\n<p><strong>N\u00daCLEO DE ESTUDOS AFROBRASILEIROS E IND\u00cdGENAS (NEABI)<\/strong><br>O NEABI tem como objetivo principal articular e promover a\u00e7\u00f5es referentes \u00e0 quest\u00e3o da igualdade e da prote\u00e7\u00e3o dos direitos de pessoas e grupos \u00e9tnicos atingidos por atos discriminat\u00f3rios, a exemplo do racismo, atrav\u00e9s de atividades de ensino, pesquisa e extens\u00e3o.<br>No <em>Campus <\/em>Alagoinhas, o N\u00facleo realiza a representa\u00e7\u00e3o junto \u00e0s diversas inst\u00e2ncias do IF Baiano, bem como perante as institui\u00e7\u00f5es p\u00fablicas, privadas e da sociedade civil do territ\u00f3rio de identidade vinculadas \u00e0s tem\u00e1ticas \u00e9tnico-raciais; apoia, incentiva, prop\u00f5e e articula o desenvolvimento de a\u00e7\u00f5es para a educa\u00e7\u00e3o para as rela\u00e7\u00f5es \u00e9tnico-raciais; promove e incentiva a divulga\u00e7\u00e3o de informa\u00e7\u00f5es concernentes \u00e0 valoriza\u00e7\u00e3o da diversidade \u00e9tnico-racial; articula a integra\u00e7\u00e3o acad\u00eamica com os diferentes cursos; e oportuniza espa\u00e7os de conhecimento, reconhecimento, intera\u00e7\u00e3o e viv\u00eancia na diversidade cultural e \u00e9tnica que circunda e comp\u00f5e o Campus, valorizando as identidades e modos de produ\u00e7\u00e3o de conhecimento dos indiv\u00edduos que comp\u00f5em esses espa\u00e7os.<br>Confira o <a rel=\"noreferrer noopener\" aria-label=\"Regimento do NEABI (abre numa nova aba)\" href=\"http:\/\/www.ifbaiano.edu.br\/unidades\/guanambi\/files\/2016\/12\/REGIMENTO_NEABI.pdf\" target=\"_blank\">Regimento do NEABI (2015)<\/a>. <\/p>\n\n\n\n<p><strong>N\u00daCLEO DE ESTUDOS DE G\u00caNERO E DIVERSIDADE SEXUAL (GENI)<\/strong><br>O GENI re\u00fane dois de seus importantes n\u00facleos da Pol\u00edtica da Diversidade e Inclus\u00e3o: o N\u00facleo de Estudos sobre Diversidade Sexual (NEDS) e o N\u00facleo de Estudos de Inclus\u00e3o da Mulher (NEIMU). O N\u00facleo visa implementar pol\u00edticas de educa\u00e7\u00e3o, fomentando a transversalidade do ensino, pesquisa e extens\u00e3o, incluindo a\u00e7\u00f5es de forma\u00e7\u00e3o continuada e capacita\u00e7\u00e3o da comunidade acad\u00eamica; apoiar as propostas da comunidade acad\u00eamica para estas quest\u00f5es; problematizar e subsidiar a discuss\u00e3o acerca dos temas; difundir, promover e criar estrat\u00e9gias e atuar na preven\u00e7\u00e3o e no combate \u00e0s diferentes formas de viol\u00eancia de g\u00eanero e sexualidade.<br>No Campus Alagoinhas, o N\u00facleo ainda est\u00e1 em constru\u00e7\u00e3o e n\u00e3o possui regimento pr\u00f3prio, tomando como exemplo o Regimento produzido pelo Campus Uru\u00e7uca.<\/p>\n\n\n\n<p><strong>PARTICIPA\u00c7\u00c3O<\/strong><br>Os N\u00facleos criados pela Pol\u00edtica de Diversidade e Inclus\u00e3o do IF Baiano, NAPNE, NEABI e GENI, t\u00eam participa\u00e7\u00e3o da comunidade, sendo integrado por discentes, docentes e t\u00e9cnicos administrativos e suas coordena\u00e7\u00f5es s\u00e3o eleitas bianualmente.<\/p>\n","protected":false},"excerpt":{"rendered":"<p>O Campus Alagoinhas conta com N\u00facleos que auxiliam em sua POL\u00cdTICA DE EQUIDADE, DIVERSIDADE E INCLUS\u00c3O DO IF BAIANO (PEDI) Pol\u00edtica da Diversidade e Inclus\u00e3o do IF Baiano, a exemplo do N\u00facleo de Atendimento \u00e0s Pessoas com Necessidades Espec\u00edficas (NAPNE), do N\u00facleo de Estudos Afrobrasileiros e Ind\u00edgenas (NEABI) e do N\u00facleo de Estudos de G\u00eanero [&hellip;]<\/p>\n","protected":false},"author":117,"featured_media":0,"parent":0,"menu_order":41,"comment_status":"closed","ping_status":"closed","template":"","meta":[],"_links":{"self":[{"href":"https:\/\/www.ifbaiano.edu.br\/unidades\/alagoinhas\/wp-json\/wp\/v2\/pages\/2264"}],"collection":[{"href":"https:\/\/www.ifbaiano.edu.br\/unidades\/alagoinhas\/wp-json\/wp\/v2\/pages"}],"about":[{"href":"https:\/\/www.ifbaiano.edu.br\/unidades\/alagoinhas\/wp-json\/wp\/v2\/types\/page"}],"author":[{"embeddable":true,"href":"https:\/\/www.ifbaiano.edu.br\/unidades\/alagoinhas\/wp-json\/wp\/v2\/users\/117"}],"replies":[{"embeddable":true,"href":"https:\/\/www.ifbaiano.edu.br\/unidades\/alagoinhas\/wp-json\/wp\/v2\/comments?post=2264"}],"version-history":[{"count":25,"href":"https:\/\/www.ifbaiano.edu.br\/unidades\/alagoinhas\/wp-json\/wp\/v2\/pages\/2264\/revisions"}],"predecessor-version":[{"id":6840,"href":"https:\/\/www.ifbaiano.edu.br\/unidades\/alagoinhas\/wp-json\/wp\/v2\/pages\/2264\/revisions\/6840"}],"wp:attachment":[{"href":"https:\/\/www.ifbaiano.edu.br\/unidades\/alagoinhas\/wp-json\/wp\/v2\/media?parent=2264"}],"curies":[{"name":"wp","href":"https:\/\/api.w.org\/{rel}","templated":true}]}}