{"id":2309,"date":"2019-06-10T14:04:39","date_gmt":"2019-06-10T17:04:39","guid":{"rendered":"http:\/\/www.ifbaiano.edu.br\/unidades\/alagoinhas\/?page_id=2309"},"modified":"2022-04-27T12:19:16","modified_gmt":"2022-04-27T15:19:16","slug":"cursos-de-pos-graduacao","status":"publish","type":"page","link":"https:\/\/www.ifbaiano.edu.br\/unidades\/alagoinhas\/cursos-de-pos-graduacao\/","title":{"rendered":"P\u00f3s-Gradua\u00e7\u00e3o"},"content":{"rendered":"\n<p> <em><strong>Nesta se\u00e7\u00e3o \u00e9 divulgada a rela\u00e7\u00e3o dos cursos de p\u00f3s-gradua\u00e7\u00e3o ofertados pelo Campus Alagoinhas.<\/strong><\/em> <\/p>\n\n\n\n<figure class=\"wp-block-pullquote has-background is-style-solid-color\" style=\"background-color:#277e38\"><blockquote class=\"has-text-color has-white-color\"><p>Especializa\u00e7\u00e3o <em>Lato Sensu<\/em> &#8211; Ensino de Ci\u00eancias Naturais e Matem\u00e1tica<\/p><\/blockquote><\/figure>\n\n\n\n<p><strong>CURSO DE ESPECIALIZA\u00c7\u00c3O (<em>Lato Sensu<\/em>)<br>Pr\u00e9-requisito:<\/strong> Ensino Superior<br><strong>Coordenador:<\/strong> Roberto Souza Pereira<br><strong>E-mail:<\/strong> especializacao.ecnm@alagoinhas.ifbaiano.edu.br<br><\/p>\n\n\n\n<hr class=\"wp-block-separator has-text-color has-background\" style=\"background-color:#195e27;color:#195e27\" \/>\n\n\n\n<p class=\"has-text-align-left\">O <strong>Curso de P\u00f3s Gradua\u00e7\u00e3o Lato Sensu em n\u00edvel de Especializa\u00e7\u00e3o em Ensino de Ci\u00eancias Naturais e Matem\u00e1tica<\/strong> do IF Baiano \u2013 Campus Alagoinhas \u2013 \u00e9 destinado aos candidatos do munic\u00edpio de Alagoinhas e demais munic\u00edpios pertencentes ao Territ\u00f3rio de Identidade do Litoral Norte e Agreste Baiano, que tenham diploma de n\u00edvel superior em Cursos de Gradua\u00e7\u00e3o (Bacharelado, Licenciatura ou Cursos Superiores de Tecnologias) nas \u00e1reas de Educa\u00e7\u00e3o ou em \u00e1reas correlatas devidamente reconhecidas pelo Minist\u00e9rio da Educa\u00e7\u00e3o, registrado nos \u00f3rg\u00e3os competentes, conforme previsto na Resolu\u00e7\u00e3o CNE\/CES n\u00ba 1, de 8 de junho de 2007.<\/p>\n\n\n\n<p>A  <strong>Especializa\u00e7\u00e3o em Ensino de Ci\u00eancias Naturais e Matem\u00e1tica<\/strong> tem como objetivo geral capacitar professores das \u00e1reas de F\u00edsica, Qu\u00edmica, Biologia, Matem\u00e1tica e profissionais da \u00e1rea de educa\u00e7\u00e3o com base em saberes espec\u00edficos, curriculares e experienciais, visando contribuir para um desenvolvimento qualificado da educa\u00e7\u00e3o b\u00e1sica de Alagoinhas e dos munic\u00edpios pertencentes ao Territ\u00f3rio de Identidade do Litoral Norte e Agreste Baiano.<\/p>\n\n\n\n<hr class=\"wp-block-separator has-text-color has-background is-style-default\" style=\"background-color:#14551f;color:#14551f\" \/>\n\n\n\n<p><strong>Dura\u00e7\u00e3o:<\/strong> M\u00ednimo de 3 (tr\u00eas) e m\u00e1ximo de 4 (quatro) semestres, e carga hor\u00e1ria total de 360 (trezentos e sessenta) horas<\/p>\n\n\n\n<p><strong>Aulas: <\/strong>Presenciais, aos s\u00e1bados (quinzenalmente)<\/p>\n\n\n\n<p class=\"has-black-color has-text-color\"><a href=\"https:\/\/www.ifbaiano.edu.br\/unidades\/alagoinhas\/files\/2022\/04\/ESPECIALIZACAO-EM-ENSINO-DE-CIENCIAS-NATURAIS-E-MATEMATICA-ALAGOINHAS-MATRIZ-CURRICULAR-EMENTARIO-CRONOGRAMA-DOS-MODULOS.pdf\">Matriz Curricula<\/a>r<\/p>\n","protected":false},"excerpt":{"rendered":"<p>Nesta se\u00e7\u00e3o \u00e9 divulgada a rela\u00e7\u00e3o dos cursos de p\u00f3s-gradua\u00e7\u00e3o ofertados pelo Campus Alagoinhas. Especializa\u00e7\u00e3o Lato Sensu &#8211; Ensino de Ci\u00eancias Naturais e Matem\u00e1tica CURSO DE ESPECIALIZA\u00c7\u00c3O (Lato Sensu)Pr\u00e9-requisito: Ensino SuperiorCoordenador: Roberto Souza PereiraE-mail: especializacao.ecnm@alagoinhas.ifbaiano.edu.br O Curso de P\u00f3s Gradua\u00e7\u00e3o Lato Sensu em n\u00edvel de Especializa\u00e7\u00e3o em Ensino de Ci\u00eancias Naturais e Matem\u00e1tica do IF [&hellip;]<\/p>\n","protected":false},"author":117,"featured_media":4170,"parent":0,"menu_order":84,"comment_status":"closed","ping_status":"closed","template":"","meta":[],"_links":{"self":[{"href":"https:\/\/www.ifbaiano.edu.br\/unidades\/alagoinhas\/wp-json\/wp\/v2\/pages\/2309"}],"collection":[{"href":"https:\/\/www.ifbaiano.edu.br\/unidades\/alagoinhas\/wp-json\/wp\/v2\/pages"}],"about":[{"href":"https:\/\/www.ifbaiano.edu.br\/unidades\/alagoinhas\/wp-json\/wp\/v2\/types\/page"}],"author":[{"embeddable":true,"href":"https:\/\/www.ifbaiano.edu.br\/unidades\/alagoinhas\/wp-json\/wp\/v2\/users\/117"}],"replies":[{"embeddable":true,"href":"https:\/\/www.ifbaiano.edu.br\/unidades\/alagoinhas\/wp-json\/wp\/v2\/comments?post=2309"}],"version-history":[{"count":10,"href":"https:\/\/www.ifbaiano.edu.br\/unidades\/alagoinhas\/wp-json\/wp\/v2\/pages\/2309\/revisions"}],"predecessor-version":[{"id":4185,"href":"https:\/\/www.ifbaiano.edu.br\/unidades\/alagoinhas\/wp-json\/wp\/v2\/pages\/2309\/revisions\/4185"}],"wp:featuredmedia":[{"embeddable":true,"href":"https:\/\/www.ifbaiano.edu.br\/unidades\/alagoinhas\/wp-json\/wp\/v2\/media\/4170"}],"wp:attachment":[{"href":"https:\/\/www.ifbaiano.edu.br\/unidades\/alagoinhas\/wp-json\/wp\/v2\/media?parent=2309"}],"curies":[{"name":"wp","href":"https:\/\/api.w.org\/{rel}","templated":true}]}}