{"id":2396,"date":"2019-07-19T18:03:10","date_gmt":"2019-07-19T21:03:10","guid":{"rendered":"http:\/\/www.ifbaiano.edu.br\/unidades\/alagoinhas\/?page_id=2396"},"modified":"2022-03-24T08:39:06","modified_gmt":"2022-03-24T11:39:06","slug":"comunicacao","status":"publish","type":"page","link":"https:\/\/www.ifbaiano.edu.br\/unidades\/alagoinhas\/comunicacao\/","title":{"rendered":"Comunica\u00e7\u00e3o e Eventos"},"content":{"rendered":"\n<p><em><strong>Nesta se\u00e7\u00e3o s\u00e3o divulgadas informa\u00e7\u00f5es acerca da comunica\u00e7\u00e3o e eventos institucionais referentes ao Campus Alagoinhas desenvolvidas pelo N\u00facleo de Comunica\u00e7\u00e3o e Eventos (NCE).<\/strong><\/em><\/p>\n\n\n\n<p><strong>ORGANIZA\u00c7\u00c3O E COMPET\u00caNCIA<\/strong><br>O NCE est\u00e1 vinculado \u00e0 Coordena\u00e7\u00e3o de Comunica\u00e7\u00e3o do IF Baiano e operacionaliza as diversas atividades de comunica\u00e7\u00e3o no cotidiano do <em>Campus<\/em>. O N\u00facleo executa, na pr\u00e1tica, a\u00e7\u00f5es como relacionamento com a imprensa local, divulga\u00e7\u00f5es de campanhas \u2013 a exemplo da campanha de ingresso-, organiza\u00e7\u00e3o de eventos, produ\u00e7\u00e3o de conte\u00fado e atualiza\u00e7\u00e3o da p\u00e1gina do campus e outros canais das unidades, al\u00e9m de prover informa\u00e7\u00f5es para a Coordena\u00e7\u00e3o de Comunica\u00e7\u00e3o.<\/p>\n\n\n\n<p>Entre as compet\u00eancias dos N\u00facleos de Apoio \u00e0 Comunica\u00e7\u00e3o e Eventos est\u00e3o:<br>\u2022 Promover a comunica\u00e7\u00e3o e divulga\u00e7\u00e3o dos eventos e das a\u00e7\u00f5es realizadas pelo Campus, em articula\u00e7\u00e3o com a Coordena\u00e7\u00e3o de Comunica\u00e7\u00e3o;<br>\u2022 Produzir e viabilizar o cerimonial e os eventos do Campus, bem como organizar a recep\u00e7\u00e3o de autoridades e visitantes ilustres \u00e0s depend\u00eancias do Campus, sob orienta\u00e7\u00e3o da Coordena\u00e7\u00e3o;<br>\u2022 Participar do planejamento e implementa\u00e7\u00e3o de campanhas e divulga\u00e7\u00f5es, a exemplo das campanhas para ingresso de estudantes;<br>\u2022 Consultar acerca da aplica\u00e7\u00e3o das normas e padr\u00f5es de comunica\u00e7\u00e3o e identidade visual no site, m\u00eddias e materiais de comunica\u00e7\u00e3o de cada campus;<br>\u2022 Participar de projetos e campanhas de comunica\u00e7\u00e3o, publicidade e relacionamento do IF Baiano;<br>\u2022 Auxiliar a Dire\u00e7\u00e3o do Campus na publiciza\u00e7\u00e3o no site dos atos administrativos e pedag\u00f3gicos da gest\u00e3o;<br>\u2022 Contribuir na constru\u00e7\u00e3o e implementa\u00e7\u00e3o da Pol\u00edtica de Comunica\u00e7\u00e3o do IF Baiano.<\/p>\n\n\n\n<p><strong>RESPONSABILIDADE COMPARTILHADA<\/strong><br>Todas as \u00e1reas e setores do <em>Campus <\/em>Alagoinhas s\u00e3o respons\u00e1veis solidariamente pela qualidade e transpar\u00eancia da informa\u00e7\u00e3o disponibilizada nos canais de comunica\u00e7\u00e3o do <em>Campus<\/em>. Atualiza\u00e7\u00f5es de normas, documentos, procedimentos, estat\u00edsticas e dados institucionais, servi\u00e7os oferecidos pelo <em>Campus<\/em>, bem como presta\u00e7\u00e3o de contas e demais informa\u00e7\u00f5es de relev\u00e2ncia e interesse p\u00fablico devem ser constantemente verificadas pelos setores respons\u00e1veis e enviadas ao NCE <strong>(comunicacao@alagoinhas.ifbaiano.edu.br)<\/strong>, para que seja dada a devida publicidade nos canais adequados.<\/p>\n","protected":false},"excerpt":{"rendered":"<p>Nesta se\u00e7\u00e3o s\u00e3o divulgadas informa\u00e7\u00f5es acerca da comunica\u00e7\u00e3o e eventos institucionais referentes ao Campus Alagoinhas desenvolvidas pelo N\u00facleo de Comunica\u00e7\u00e3o e Eventos (NCE). ORGANIZA\u00c7\u00c3O E COMPET\u00caNCIAO NCE est\u00e1 vinculado \u00e0 Coordena\u00e7\u00e3o de Comunica\u00e7\u00e3o do IF Baiano e operacionaliza as diversas atividades de comunica\u00e7\u00e3o no cotidiano do Campus. O N\u00facleo executa, na pr\u00e1tica, a\u00e7\u00f5es como relacionamento [&hellip;]<\/p>\n","protected":false},"author":117,"featured_media":0,"parent":0,"menu_order":25,"comment_status":"closed","ping_status":"closed","template":"","meta":[],"_links":{"self":[{"href":"https:\/\/www.ifbaiano.edu.br\/unidades\/alagoinhas\/wp-json\/wp\/v2\/pages\/2396"}],"collection":[{"href":"https:\/\/www.ifbaiano.edu.br\/unidades\/alagoinhas\/wp-json\/wp\/v2\/pages"}],"about":[{"href":"https:\/\/www.ifbaiano.edu.br\/unidades\/alagoinhas\/wp-json\/wp\/v2\/types\/page"}],"author":[{"embeddable":true,"href":"https:\/\/www.ifbaiano.edu.br\/unidades\/alagoinhas\/wp-json\/wp\/v2\/users\/117"}],"replies":[{"embeddable":true,"href":"https:\/\/www.ifbaiano.edu.br\/unidades\/alagoinhas\/wp-json\/wp\/v2\/comments?post=2396"}],"version-history":[{"count":8,"href":"https:\/\/www.ifbaiano.edu.br\/unidades\/alagoinhas\/wp-json\/wp\/v2\/pages\/2396\/revisions"}],"predecessor-version":[{"id":4117,"href":"https:\/\/www.ifbaiano.edu.br\/unidades\/alagoinhas\/wp-json\/wp\/v2\/pages\/2396\/revisions\/4117"}],"wp:attachment":[{"href":"https:\/\/www.ifbaiano.edu.br\/unidades\/alagoinhas\/wp-json\/wp\/v2\/media?parent=2396"}],"curies":[{"name":"wp","href":"https:\/\/api.w.org\/{rel}","templated":true}]}}