{"id":2614,"date":"2020-02-17T13:21:41","date_gmt":"2020-02-17T16:21:41","guid":{"rendered":"http:\/\/www.ifbaiano.edu.br\/unidades\/alagoinhas\/?page_id=2614"},"modified":"2022-03-10T10:22:50","modified_gmt":"2022-03-10T13:22:50","slug":"uso-dos-laboratorios","status":"publish","type":"page","link":"https:\/\/www.ifbaiano.edu.br\/unidades\/alagoinhas\/uso-dos-laboratorios\/","title":{"rendered":"Usando os Laborat\u00f3rios"},"content":{"rendered":"\n<p><strong><em>Tendo em vista o fluxo de uso dos laborat\u00f3rios, sabe-se que a higiene e a ordem s\u00e3o elementos fundamentais para a sensa\u00e7\u00e3o de bem-estar, a seguran\u00e7a e o conforto dos profissionais que realizam atividades de laborat\u00f3rio. <\/em><\/strong><br><\/p>\n\n\n\n<p><strong><em>As situa\u00e7\u00f5es geradas por falta de limpeza e ordem podem e devem ser evitadas, reduzindo, assim, riscos e transtornos na rotina escolar. Assim sendo, socializamos algumas informa\u00e7\u00f5es importantes:<\/em><\/strong><\/p>\n\n\n\n<p><strong>1<\/strong>.  os laborat\u00f3rios t\u00eam um fluxo de limpeza semanalmente realizado pela equipe de colaboradores, no intuito de mant\u00ea-los limpos e organizados para as aulas pr\u00e1ticas, conforme escala anexa;<\/p>\n\n\n\n<p><strong>2.<\/strong> o campus conta com uma equipe reduzida de colaboradores e nesse contexto \u00e9 fundamental o apoio e a colabora\u00e7\u00e3o de todos (as);<\/p>\n\n\n\n<p><strong>3.<\/strong> no momento da realiza\u00e7\u00e3o das aulas pr\u00e1ticas \u2192 \u00e9 responsabilidade do (da) docente juntos aos (\u00e0s) discentes o gerenciamento da conserva\u00e7\u00e3o e limpeza do laborat\u00f3rio, respeitando os procedimentos espec\u00edficos do laborat\u00f3rio. Ao final da atividade, o ambiente deve estar com os equipamentos e materiais\/ferramentas nos seus devidos lugares;<\/p>\n\n\n\n<p><strong>4.<\/strong> o uso do laborat\u00f3rio deve ser feito mediante a reserva, respeitando o fluxo enviado pelo t\u00e9cnico de laborat\u00f3rio. Quando acontece o uso sem a reserva, gera transtornos tanto para os que utilizam os laborat\u00f3rios quanto para a equipe que faz a manuten\u00e7\u00e3o, pois o atendimento da poss\u00edvel demanda fica comprometido;<\/p>\n\n\n\n<p><strong>5.<\/strong> nenhum equipamento pode ser transferido de um laborat\u00f3rio para outro sem a devida comunica\u00e7\u00e3o pr\u00e9via aos respons\u00e1veis dos laborat\u00f3rios e \u00e0 dire\u00e7\u00e3o acad\u00eamica que analisar\u00e3o a viabilidade da demanda;<\/p>\n\n\n\n<p><strong>6.<\/strong> quando a aula tiver algum tipo de produ\u00e7\u00e3o e houver necessidade de armazenamento, solicita-se que verifique com anteced\u00eancia a viabilidade de armazenamento e que esta produ\u00e7\u00e3o seja devidamente armazenada e identificada;<\/p>\n\n\n\n<p><strong>7.<\/strong> caso haja a sobra de materiais, \u00e9 de responsabilidade do (da) docente a organiza\u00e7\u00e3o, identifica\u00e7\u00e3o e o armazenamento desta sobra nos espa\u00e7os adequados.<\/p>\n","protected":false},"excerpt":{"rendered":"<p>Tendo em vista o fluxo de uso dos laborat\u00f3rios, sabe-se que a higiene e a ordem s\u00e3o elementos fundamentais para a sensa\u00e7\u00e3o de bem-estar, a seguran\u00e7a e o conforto dos profissionais que realizam atividades de laborat\u00f3rio. As situa\u00e7\u00f5es geradas por falta de limpeza e ordem podem e devem ser evitadas, reduzindo, assim, riscos e transtornos [&hellip;]<\/p>\n","protected":false},"author":117,"featured_media":0,"parent":0,"menu_order":114,"comment_status":"closed","ping_status":"closed","template":"","meta":[],"_links":{"self":[{"href":"https:\/\/www.ifbaiano.edu.br\/unidades\/alagoinhas\/wp-json\/wp\/v2\/pages\/2614"}],"collection":[{"href":"https:\/\/www.ifbaiano.edu.br\/unidades\/alagoinhas\/wp-json\/wp\/v2\/pages"}],"about":[{"href":"https:\/\/www.ifbaiano.edu.br\/unidades\/alagoinhas\/wp-json\/wp\/v2\/types\/page"}],"author":[{"embeddable":true,"href":"https:\/\/www.ifbaiano.edu.br\/unidades\/alagoinhas\/wp-json\/wp\/v2\/users\/117"}],"replies":[{"embeddable":true,"href":"https:\/\/www.ifbaiano.edu.br\/unidades\/alagoinhas\/wp-json\/wp\/v2\/comments?post=2614"}],"version-history":[{"count":3,"href":"https:\/\/www.ifbaiano.edu.br\/unidades\/alagoinhas\/wp-json\/wp\/v2\/pages\/2614\/revisions"}],"predecessor-version":[{"id":4068,"href":"https:\/\/www.ifbaiano.edu.br\/unidades\/alagoinhas\/wp-json\/wp\/v2\/pages\/2614\/revisions\/4068"}],"wp:attachment":[{"href":"https:\/\/www.ifbaiano.edu.br\/unidades\/alagoinhas\/wp-json\/wp\/v2\/media?parent=2614"}],"curies":[{"name":"wp","href":"https:\/\/api.w.org\/{rel}","templated":true}]}}