{"id":2839,"date":"2020-06-18T17:07:41","date_gmt":"2020-06-18T20:07:41","guid":{"rendered":"https:\/\/www.ifbaiano.edu.br\/unidades\/alagoinhas\/?page_id=2839"},"modified":"2025-06-30T10:37:55","modified_gmt":"2025-06-30T13:37:55","slug":"secretaria-academica","status":"publish","type":"page","link":"https:\/\/www.ifbaiano.edu.br\/unidades\/alagoinhas\/secretaria-academica\/","title":{"rendered":"Secretaria Acad\u00eamica"},"content":{"rendered":"\n<p><strong>APRESENTA\u00c7\u00c3O<\/strong><br>A <strong>Secretaria de Registros Acad\u00eamicos (SRA)<\/strong> \u00e9 um setor vinculado \u00e0 <strong>Dire\u00e7\u00e3o Acad\u00eamica<\/strong>, respons\u00e1vel pelo registro, verifica\u00e7\u00e3o, controle, manuten\u00e7\u00e3o e arquivamento de documentos que integram a vida acad\u00eamica dos discentes, desde o ingresso `a institui\u00e7\u00e3o at\u00e9 a conclus\u00e3o do curso, gerando protocolos acad\u00eamicos referentes a solicita\u00e7\u00f5es dos discentes e fazendo-os tramitar nos setores competentes. Compete ainda \u00e0 SRA realizar atendimentos a servidores e \u00e0 comunidade externa, fornecendo informa\u00e7\u00f5es e encaminhando solicita\u00e7\u00f5es.<\/p>\n\n\n\n<p><strong>CONTATO<\/strong><br><strong>Servidoras:<\/strong> Juliana Schmidt\/ Adriana Santos<br><br><strong>Funcionamento:  <\/strong><\/p>\n\n\n\n<p><strong>segunda-feira, quinta-feira e sexta-feira<\/strong>: das 08h \u00e0s 11h e das 13h as 16h<\/p>\n\n\n\n<p><strong>ter\u00e7a-feira e quarta-feira<\/strong>: das 08h \u00e0s 11h; das 13h as 16h e das 18h as 20h30min<\/p>\n\n\n\n<p><strong>E-mail: <\/strong>sra@alagoinhas.ifbaiano.edu.br<\/p>\n\n\n\n<p><strong>Tel:<\/strong> (75) 99897-0469<br><\/p>\n\n\n\n<p><strong>ORIENTA\u00c7\u00d5ES IMPORTANTES<\/strong><\/p>\n\n\n\n<figure class=\"wp-block-table is-style-stripes\"><table><tbody><tr><td><strong>Crit\u00e9rios para Aprova\u00e7\u00e3o <\/strong> <\/td><td class=\"has-text-align-left\" data-align=\"left\">&#8211; <strong>Curso Integrado<\/strong>: M\u00e9dia do Componente Curricular igual ou superior a 6,0 (seis) em todos os componentes curriculares e frequ\u00eancia igual ou superior a 75% (setenta e cinco por cento) do <strong>total de horas letivas, desenvolvidas no per\u00edodo letivo do curso.<\/strong><br>&#8211; <strong>Curso Subsequente<\/strong>: Nota da Unidade igual ou superior a 6,0 (seis) e frequ\u00eancia igual ou superior a 75% (setenta e cinco por cento) <strong>do total de horas letivas, desenvolvidas em cada componente curricular.<\/strong> <\/td><\/tr><tr><td><strong>Recupera\u00e7\u00e3o Paralela<\/strong> <br> <br> <\/td><td class=\"has-text-align-left\" data-align=\"left\">&#8211; Atividade avaliativa realizada ao final de cada unidade did\u00e1tica, referente aos estudos de recupera\u00e7\u00e3o Processual, apenas para os (as) estudantes que n\u00e3o obtiveram a nota m\u00ednima para aprova\u00e7\u00e3o. O c\u00e1lculo da Nota Final da Unidade (NFU) ser\u00e1:<br><img decoding=\"async\" loading=\"lazy\" width=\"230\" height=\"90\" class=\"wp-image-2840\" style=\"width: 150px\" src=\"https:\/\/www.ifbaiano.edu.br\/unidades\/alagoinhas\/files\/2020\/06\/FORMULA.png\" alt=\"\"><br>NFU \u00e9 a Nota Final da Unidade; <br>NU \u00e9 a Nota da Unidade;<br>NARP \u00e9 a Nota da Atividade de Recupera\u00e7\u00e3o Paralela.<br>&#8211; <strong>Ser\u00e1 aprovado se obtiver o m\u00ednimo de 6,0 (seis) pontos como NFU, ap\u00f3s a Recupera\u00e7\u00e3o Paralela.<\/strong> <\/td><\/tr><tr><td><strong>Recupera\u00e7\u00e3o Final<\/strong> <\/td><td class=\"has-text-align-left\" data-align=\"left\">&#8211; Constitui de uma atividade avaliativa, contendo os conte\u00fados preestabelecidos pelo docente e abordados durante o per\u00edodo letivo e dever\u00e1 valer 10,0 (dez) pontos, para o estudante que obtiver a M\u00e9dia do Componente Curricular inferior a 6,0 (seis) ao final do per\u00edodo letivo.<br>&#8211; <strong>O c\u00e1lculo da M\u00e9dia Final (MF) do estudante ser\u00e1:<\/strong><br><img decoding=\"async\" loading=\"lazy\" width=\"175\" height=\"58\" class=\"wp-image-2841\" style=\"width: 150px\" src=\"https:\/\/www.ifbaiano.edu.br\/unidades\/alagoinhas\/files\/2020\/06\/formula-2.png\" alt=\"\"><br>MF \u00e9 a M\u00e9dia Final;<br>MCC \u00e9 a M\u00e9dia do Componente Curricular;<br>NRF \u00e9 a Nota da Recupera\u00e7\u00e3o Final.<br>&#8211; <strong>Ser\u00e1 aprovado(a) se obtiver o m\u00ednimo de 5,0 (cinco) pontos como M\u00e9dia Final, ap\u00f3s a Recupera\u00e7\u00e3o Final.<\/strong><br>&#8211; Aquele que n\u00e3o alcan\u00e7ar a m\u00e9dia m\u00ednima para aprova\u00e7\u00e3o ser\u00e1 encaminhado ao Conselho de Classe Final, <strong>caso tenha realizado<\/strong> <strong>a avalia\u00e7\u00e3o de Recupera\u00e7\u00e3o Final. Caso contr\u00e1rio, ser\u00e1 mantida a sua reprova\u00e7\u00e3o.<\/strong><\/td><\/tr><tr><td><strong>Abono de Faltas <\/strong> <\/td><td class=\"has-text-align-left\" data-align=\"left\">&#8211; A legisla\u00e7\u00e3o em vigor n\u00e3o permite abono de faltas, <strong>exceto<\/strong> para <strong>Estudante Militar<\/strong> conforme \u00a7 4\u00ba, do art. 195, do Decreto n\u00ba 57.654, de 20\/1\/66. Demais casos, <strong>encontram-se amparados pelos 25% de faltas<\/strong> <\/td><\/tr><tr><td><strong>Est\u00e1gio Curricular Obrigat\u00f3rio <\/strong> <\/td><td class=\"has-text-align-left\" data-align=\"left\">&#8211; O est\u00e1gio \u00e9 parte integrante do curr\u00edculo e tem sua carga hor\u00e1ria e crit\u00e9rios definidos no Projeto Pedag\u00f3gico do seu Curso. <strong>Caso o aluno n\u00e3o finalize o est\u00e1gio N\u00c3O ser\u00e1 poss\u00edvel a emiss\u00e3o do certificado de conclus\u00e3o.<\/strong> <\/td><\/tr><tr><td><strong>Certifica\u00e7\u00e3o T\u00e9cnica<\/strong> <\/td><td class=\"has-text-align-left\" data-align=\"left\">&#8211; Ap\u00f3s a conclus\u00e3o dos componentes curriculares do curso e do est\u00e1gio curricular dentro do prazo estabelecido no PPC, o(a) estudante dever\u00e1<strong> assinar a ata de conclus\u00e3o<\/strong> para obten\u00e7\u00e3o do diploma de T\u00e9cnico de N\u00edvel M\u00e9dio na habilita\u00e7\u00e3o profissional cursada<strong>.<\/strong> A solenidade ser\u00e1 realizada nas datas previstas pelo Calend\u00e1rio Acad\u00eamico do <em>campus<\/em> e o(a) estudante dever\u00e1 confirmar presen\u00e7a. <\/td><\/tr><\/tbody><\/table><\/figure>\n\n\n\n<p><strong>SERVI\u00c7OS PRESTADOS AOS ESTUDANTES<\/strong><\/p>\n\n\n\n<figure class=\"wp-block-table is-style-stripes\"><table><tbody><tr><td> <br><strong>Requerimentos<\/strong> <\/td><td>&#8211; Todas as solicita\u00e7\u00f5es feitas junto \u00e0 SRA devem ser requeridas com anteced\u00eancia, mediante preenchimento de formul\u00e1rio pr\u00f3prio no setor. Quando for o caso, com documentos anexados que comprovem e justifiquem tal solicita\u00e7\u00e3o, respeitadas as datas e os prazos estabelecidos. <\/td><\/tr><tr><td><strong>Matr\u00edcula<\/strong> <\/td><td>&#8211; A matr\u00edcula \u00e9 o ato formal pelo qual se inicia a vincula\u00e7\u00e3o acad\u00eamica do estudante \u00e0 Institui\u00e7\u00e3o de Ensino. Ela pode ser efetuada pelo estudante, por seu respons\u00e1vel legal ou por procurador legalmente constitu\u00eddo.  <\/td><\/tr><tr><td><strong>Renova\u00e7\u00e3o de Matr\u00edcula<\/strong> <\/td><td>&#8211; A matr\u00edcula dever\u00e1 ser renovada a cada novo per\u00edodo letivo, sendo que a n\u00e3o renova\u00e7\u00e3o da matr\u00edcula pelo estudante, sem justificativa legal, caracterizar\u00e1 o abandono do curso e consequente desvincula\u00e7\u00e3o da institui\u00e7\u00e3o.<br>&#8211; Para efetivar a renova\u00e7\u00e3o da matr\u00edcula, o estudante ou seu respons\u00e1vel dever\u00e1 se apresentar \u00e0 SRA de acordo data prevista no calend\u00e1rio acad\u00eamico portando documento de identifica\u00e7\u00e3o e caso necess\u00e1rio, documento pendente. <\/td><\/tr><tr><td><strong>Trancamento de matr\u00edcula<\/strong> <\/td><td>&#8211; O trancamento da matr\u00edcula poder\u00e1 ser feito atrav\u00e9s de requerimento do estudante, para interrup\u00e7\u00e3o tempor\u00e1ria dos estudos, respeitados o processo legal e os prazos estabelecidos. <\/td><\/tr><tr><td><strong>Aproveitamento de estudos<\/strong> <\/td><td>&#8211; Processo de reconhecimento de componentes curriculares cursados com aprova\u00e7\u00e3o em cursos de EPTNM&nbsp; \/ P\u00f3s-Gradua\u00e7\u00e3o), desde que diretamente relacionados com o perfil profissional de conclus\u00e3o da respectiva habilita\u00e7\u00e3o profissional.<br>&#8211; <strong>O(A) estudante solicitar\u00e1 \u00e0 SRA o aproveitamento de estudos no prazo fixado no calend\u00e1rio acad\u00eamico do <\/strong><em><strong>campus<\/strong><\/em><strong>, devendo anexarhist\u00f3rico escolar e ementas dos componentes curriculares cursados com aprova\u00e7\u00e3o e com registro de carga hor\u00e1ria total das aulas te\u00f3ricas e pr\u00e1ticas.<\/strong> <\/td><\/tr><tr><td><strong>Exerc\u00edcio domiciliar<\/strong> <\/td><td>&#8211; O exerc\u00edcio domiciliar corresponde a equival\u00eancia de estudos, por aus\u00eancia \u00e0s aulas, concedida ao estudante amparado pelo Decreto Lei n\u00ba 1.044\/69 e pela Lei n\u00ba 6.202\/75.<br>&#8211; Ter\u00e1 direito a requerer exerc\u00edcio domiciliar, junto \u00e0 SRA, <strong>mediante laudo m\u00e9dico, constando o per\u00edodo de in\u00edcio e fim do afastamento, com indica\u00e7\u00e3o sobre a conserva\u00e7\u00e3o das condi\u00e7\u00f5es intelectuais e emocionais necess\u00e1rias para o prosseguimento da atividade escolar em novos moldes<\/strong> <\/td><\/tr><tr><td><strong>Segunda chamada de avalia\u00e7\u00e3o<\/strong> <\/td><td>-Dever\u00e1 ser requerida na SRA, no<strong> prazo de at\u00e9 2 (dois) dias \u00fateis ap\u00f3s o t\u00e9rmino do afastamento<\/strong>, desde que comprove, <strong>mediante a apresenta\u00e7\u00e3o de documentos<\/strong>, uma das situa\u00e7\u00f5es previstas no Art. 121 da OD dos Cursos da EPTNM do Instituto.<br>&#8211; <strong>\u00c9 vedada segunda chamada para as atividades de Recupera\u00e7\u00e3o Paralela e de Recupera\u00e7\u00e3o Final, exceto para casos excepcionais analisados pela Coordena\u00e7\u00e3o de Ensino.<\/strong> <\/td><\/tr><tr><td><strong>Revis\u00e3o de avalia\u00e7\u00e3o<\/strong> <\/td><td>&#8211; O estudante ter\u00e1 direito \u00e0 revis\u00e3o da avalia\u00e7\u00e3o, atrav\u00e9s de requerimento \u00e0 SRA, no prazo de at\u00e9 dois dias \u00fateis, ap\u00f3s a divulga\u00e7\u00e3o do resultado. <\/td><\/tr><tr><td><strong>Mudan\u00e7a de turno <\/strong><br>(apenas para alunos do subsequente) <\/td><td>&#8211; O aluno poder\u00e1 requerer mudan\u00e7a de turno, desde que sejam atendidos os seguintes requisitos:<br>a. por problemas de sa\u00fade;<br>b. por motivo de trabalho; ou<br>c. por estar regularmente matriculado em institui\u00e7\u00e3o de ensino superior;<br>d. por quest\u00e3o disciplinar ou pedag\u00f3gica;<br>e. por outros casos justificados. <\/td><\/tr><\/tbody><\/table><\/figure>\n\n\n\n<p><strong>SISTEMAS INFORMATIZADOS<\/strong><\/p>\n\n\n\n<figure class=\"wp-block-table is-style-stripes\"><table><tbody><tr><td><strong>Sistema Unificado de Administra\u00e7\u00e3o P\u00fablica (SUAP)<\/strong> <br> <br> <br> <\/td><td>&#8211; Sistema de acompanhamento das informa\u00e7\u00f5es acad\u00eamicas, para os discentes e pais\/respons\u00e1veis. Acesse notas, frequ\u00eancias, hist\u00f3rico escolar, boletim, declara\u00e7\u00e3o de matr\u00edcula, atestado de v\u00ednculo e demais informa\u00e7\u00f5es atrav\u00e9s do site: <strong>suap.ifbaiano.edu.br.<\/strong> <br><strong>Acesso pelo discente:<\/strong><br>a. <strong>usu\u00e1rio: <\/strong>digite sua matr\u00edcula;<br>b.<strong> senha: <\/strong>If@CPF do aluno (apenas os n\u00fameros)<br><strong>Acesso pelo respons\u00e1vel (lado esquerdo da p\u00e1gina inicial)<\/strong>:<br>a. <strong>matr\u00edcula: <\/strong>n\u00ba matr\u00edcula do aluno;<br>b. <strong>chave: <\/strong>dispon\u00edvel na p\u00e1gina do aluno, em dados pessoais. <\/td><\/tr><tr><td>\n\t\t\t<strong>Sistema\n\t\t\tIntegrado de Gest\u00e3o de Atividades Acad\u00eamicas (SIGAA)<\/strong>\n\t\t<\/td><td>&#8211; Sistema de acompanhamento das informa\u00e7\u00f5es acad\u00eamicas, para os discentes e pais\/respons\u00e1veis. Acesse notas, frequ\u00eancias, hist\u00f3rico escolar, boletim, declara\u00e7\u00e3o de matr\u00edcula, atestado de v\u00ednculo e demais informa\u00e7\u00f5es atrav\u00e9s do site: <strong>sig.ifbaiano.edu.br.<\/strong> <\/td><\/tr><\/tbody><\/table><\/figure>\n\n\n\n<p><strong>CALEND\u00c1RIOS ACAD\u00caMICOS<\/strong><br><a rel=\"noreferrer noopener\" href=\"http:\/\/ifbaiano.edu.br\/portal\/wp-content\/uploads\/2017\/05\/Resolu%C3%A7%C3%A3o-19-2017-Aprovou-ad-referendum-O-Calend%C3%A1rio-Acad%C3%AAmico-2017-do-Campus-Alagoinhas.pdf\" target=\"_blank\">Calend\u00e1rio Acad\u00eamico 2017<\/a><br><a rel=\"noreferrer noopener\" href=\"http:\/\/ifbaiano.edu.br\/portal\/wp-content\/uploads\/2018\/04\/Resolu%C3%A7%C3%A3o-30-2018-Ratifica-Resolu%C3%A7%C3%A3o-n%C2%BA-027-de-23.07.2018-que-aprovou-ad-referendum-o-calend%C3%A1rio-Acad%C3%AAmico-2018-Campus-Alagoinhas.pdf\" target=\"_blank\">Calend\u00e1rio Acad\u00eamico 2018<\/a><br><a rel=\"noreferrer noopener\" href=\"http:\/\/ifbaiano.edu.br\/portal\/ensino\/wp-content\/uploads\/sites\/2\/2016\/06\/Calend%C3%A1rio-Acad%C3%AAmico-Alagoinhas-2019.pdf\" target=\"_blank\">Calend\u00e1rio Acad\u00eamico 2019<\/a><br><a rel=\"noreferrer noopener\" aria-label=\" (abre numa nova aba)\" href=\"https:\/\/www.ifbaiano.edu.br\/unidades\/alagoinhas\/files\/2020\/01\/CALEND%C3%81RIO-ACAD%C3%8AMICO-DO-CURSO-INTEGRADO-EM-AGROECOLOGIA.pdf\" target=\"_blank\">Calend\u00e1rio Acad\u00eamico 2020 \u2013 T\u00e9cnico em Agroecologia Integrado ao Ensino M\u00e9dio<\/a><br><a rel=\"noreferrer noopener\" aria-label=\" (abre numa nova aba)\" href=\"https:\/\/www.ifbaiano.edu.br\/unidades\/alagoinhas\/files\/2020\/01\/CALEND%C3%81RIO-ACAD%C3%8AMICO-DO-CURSO-SUBSEQUENTE-EM-AGROIND%C3%9ASTRIA.pdf\" target=\"_blank\">Calend\u00e1rio Acad\u00eamico 2020 \u2013 T\u00e9cnico em Agroindustria Subsequente ao Ensino M\u00e9dio<\/a><\/p>\n\n\n\n<p><\/p>\n","protected":false},"excerpt":{"rendered":"<p>APRESENTA\u00c7\u00c3OA Secretaria de Registros Acad\u00eamicos (SRA) \u00e9 um setor vinculado \u00e0 Dire\u00e7\u00e3o Acad\u00eamica, respons\u00e1vel pelo registro, verifica\u00e7\u00e3o, controle, manuten\u00e7\u00e3o e arquivamento de documentos que integram a vida acad\u00eamica dos discentes, desde o ingresso `a institui\u00e7\u00e3o at\u00e9 a conclus\u00e3o do curso, gerando protocolos acad\u00eamicos referentes a solicita\u00e7\u00f5es dos discentes e fazendo-os tramitar nos setores competentes. Compete [&hellip;]<\/p>\n","protected":false},"author":117,"featured_media":0,"parent":0,"menu_order":104,"comment_status":"closed","ping_status":"closed","template":"","meta":[],"_links":{"self":[{"href":"https:\/\/www.ifbaiano.edu.br\/unidades\/alagoinhas\/wp-json\/wp\/v2\/pages\/2839"}],"collection":[{"href":"https:\/\/www.ifbaiano.edu.br\/unidades\/alagoinhas\/wp-json\/wp\/v2\/pages"}],"about":[{"href":"https:\/\/www.ifbaiano.edu.br\/unidades\/alagoinhas\/wp-json\/wp\/v2\/types\/page"}],"author":[{"embeddable":true,"href":"https:\/\/www.ifbaiano.edu.br\/unidades\/alagoinhas\/wp-json\/wp\/v2\/users\/117"}],"replies":[{"embeddable":true,"href":"https:\/\/www.ifbaiano.edu.br\/unidades\/alagoinhas\/wp-json\/wp\/v2\/comments?post=2839"}],"version-history":[{"count":12,"href":"https:\/\/www.ifbaiano.edu.br\/unidades\/alagoinhas\/wp-json\/wp\/v2\/pages\/2839\/revisions"}],"predecessor-version":[{"id":6706,"href":"https:\/\/www.ifbaiano.edu.br\/unidades\/alagoinhas\/wp-json\/wp\/v2\/pages\/2839\/revisions\/6706"}],"wp:attachment":[{"href":"https:\/\/www.ifbaiano.edu.br\/unidades\/alagoinhas\/wp-json\/wp\/v2\/media?parent=2839"}],"curies":[{"name":"wp","href":"https:\/\/api.w.org\/{rel}","templated":true}]}}