{"id":422,"date":"2017-06-06T09:48:12","date_gmt":"2017-06-06T12:48:12","guid":{"rendered":"http:\/\/www.ifbaiano.edu.br\/unidades\/alagoinhas\/?page_id=422"},"modified":"2017-06-06T09:57:16","modified_gmt":"2017-06-06T12:57:16","slug":"paise-2017-1","status":"publish","type":"page","link":"https:\/\/www.ifbaiano.edu.br\/unidades\/alagoinhas\/paise-2017-1\/","title":{"rendered":"PAISE 2017.1"},"content":{"rendered":"<p>A Comiss\u00e3o Local de Implementa\u00e7\u00e3o da Pol\u00edtica de Assist\u00eancia Estudantil torna p\u00fablico o edital 21\/2017 do Programa de Assist\u00eancia e Inclus\u00e3o Social do Estudante (PAISE).<\/p>\n<ul>\n<li>29\/03\/2017 &#8211;\u00a0<a href=\"http:\/\/www.ifbaiano.edu.br\/unidades\/alagoinhas\/files\/2017\/03\/Edital-paise-2017-if-baiano.pdf\">Edital 21\/2017<\/a><\/li>\n<li>29\/03\/2017 &#8211;\u00a0<a href=\"http:\/\/www.ifbaiano.edu.br\/unidades\/alagoinhas\/files\/2017\/03\/Errata-edital-PAISE.pdf\">Errata edital 21\/2017<\/a><\/li>\n<li>29\/03\/2017 &#8211;\u00a0<a href=\"http:\/\/www.ifbaiano.edu.br\/unidades\/alagoinhas\/files\/2017\/03\/Cronograma-PAISE-2017.1.pdf\">Cronograma do Edital 21\/2017<\/a><\/li>\n<li>29\/03\/2017 &#8211;\u00a0<a href=\"http:\/\/www.ifbaiano.edu.br\/unidades\/alagoinhas\/files\/2017\/03\/Quadro-de-benef\u00edcios-PAISE-2017.1.pdf\">Quadro de benef\u00edcios<\/a><\/li>\n<li>06\/04\/2017 &#8211;\u00a0<a href=\"http:\/\/www.ifbaiano.edu.br\/unidades\/alagoinhas\/files\/2017\/04\/Cronograma-Entrevistas-PAISE-2017.1.pdf\">Cronograma &#8211; Entrevistas<\/a><\/li>\n<li>06\/04\/2017 &#8211;<a href=\"http:\/\/www.ifbaiano.edu.br\/unidades\/alagoinhas\/files\/2017\/04\/Inscri\u00e7\u00f5es-Homologadas.pdf\"> Inscri\u00e7\u00f5es Homologadas<\/a><\/li>\n<li>07\/04\/2017 &#8211; <a href=\"http:\/\/www.ifbaiano.edu.br\/unidades\/alagoinhas\/files\/2017\/04\/CRONOGRAMA-RETIFICA\u00c7\u00c3O-FINAL-PAISE-2017-1.pdf\">Cronograma &#8211; Entrevistas &#8211; RETIFICA\u00c7\u00c3O<\/a><\/li>\n<li>07\/04\/2017 &#8211; <a href=\"http:\/\/www.ifbaiano.edu.br\/unidades\/alagoinhas\/files\/2017\/04\/Inscri\u00e7\u00f5es-Homologadas-Retifica\u00e7\u00e3o-PAISE-2017-1.pdf\">Inscri\u00e7\u00f5es Homologadas &#8211;\u00a0RETIFICA\u00c7\u00c3O<\/a><\/li>\n<li>11\/04\/2017 &#8211;\u00a0<a href=\"http:\/\/www.ifbaiano.edu.br\/unidades\/alagoinhas\/files\/2017\/04\/Pr\u00e9-selecionados-Aux\u00edlio-CRECHE-Presencial-PAISE-2017.1.pdf\">Pr\u00e9-selecionados &#8211; Aux\u00edlio Creche Presencial<\/a><\/li>\n<li>11\/04\/2017 &#8211;\u00a0<a href=\"http:\/\/www.ifbaiano.edu.br\/unidades\/alagoinhas\/files\/2017\/04\/Pr\u00e9-selecionados-Aux\u00edlio-Perman\u00eancia-PAISE-2017.1.pdf\">Pr\u00e9-selecionados &#8211; Aux\u00edlio Perman\u00eancia<\/a><\/li>\n<li>11\/04\/2017 &#8211;\u00a0<a href=\"http:\/\/www.ifbaiano.edu.br\/unidades\/alagoinhas\/files\/2017\/04\/Pr\u00e9-selecionados-Aux\u00edlio-Transporte-PAISE-2017.1.pdf\">Pr\u00e9-selecionados &#8211; Aux\u00edlio Transporte<\/a><\/li>\n<li>17\/04\/2017 &#8211;<a href=\"http:\/\/www.ifbaiano.edu.br\/unidades\/alagoinhas\/files\/2017\/04\/RESPOSTA-DE-RECURSO-PAISE-21-2017.pdf\"> Resposta a recurso<\/a><\/li>\n<li>17\/04\/2017 &#8211;\u00a0<a href=\"http:\/\/www.ifbaiano.edu.br\/unidades\/alagoinhas\/files\/2017\/04\/RESULTADO-FINAL-Aux\u00edlio-CRECHE-Presencial-PAISE-2017.1.pdf\">Resultado Final\u00a0\u00a0&#8211; Aux\u00edlio Creche Presencial<\/a><\/li>\n<li>17\/04\/2017 &#8211;\u00a0<a href=\"http:\/\/www.ifbaiano.edu.br\/unidades\/alagoinhas\/files\/2017\/04\/RESULTADO-FINAL-Aux\u00edlio-Perman\u00eancia-PAISE-2017.1.pdf\">Resultado Final\u00a0\u00a0&#8211; Aux\u00edlio Perman\u00eancia<\/a><\/li>\n<li>17\/04\/2017 &#8211; <a href=\"http:\/\/www.ifbaiano.edu.br\/unidades\/alagoinhas\/files\/2017\/04\/RESULTADO-FINAL-Aux\u00edlio-Transporte-PAISE-2017.1.pdf\">Resultado Final &#8211; Aux\u00edlio Transporte<\/a><\/li>\n<li>20\/04\/2017 &#8211; <a href=\"http:\/\/www.ifbaiano.edu.br\/unidades\/alagoinhas\/files\/2017\/04\/CRONOGRAMA-RETIFICADO-PAISE-2017.1-2.pdf\">Retifica\u00e7\u00e3o\u00a0Cronograma do Edital 21\/2017<\/a><\/li>\n<li>22\/05\/2017 &#8211; <a href=\"http:\/\/www.ifbaiano.edu.br\/unidades\/alagoinhas\/files\/2017\/05\/SEGUNDA-CONVOCA\u00c7\u00c3O-PAISE-2017.1pdf.pdf\">Segunda Convoca\u00e7\u00e3o<\/a><\/li>\n<li>01\/06\/2017 &#8211; <a href=\"http:\/\/www.ifbaiano.edu.br\/unidades\/alagoinhas\/files\/2017\/06\/TERCEIRA-CONVOCA\u00c7\u00c3O-Aux\u00edlio-Perman\u00eancia-PAISE-2017.1.pdf\">Terceira Convoca\u00e7\u00e3o<\/a><\/li>\n<\/ul>\n<p>Em caso de d\u00favidas, procurar a Coordena\u00e7\u00e3o de Assuntos Estudantis (CAE).<\/p>\n","protected":false},"excerpt":{"rendered":"<p>A Comiss\u00e3o Local de Implementa\u00e7\u00e3o da Pol\u00edtica de Assist\u00eancia Estudantil torna p\u00fablico o edital 21\/2017 do Programa de Assist\u00eancia e Inclus\u00e3o Social do Estudante (PAISE). 29\/03\/2017 &#8211;\u00a0Edital 21\/2017 29\/03\/2017 &#8211;\u00a0Errata edital 21\/2017 29\/03\/2017 &#8211;\u00a0Cronograma do Edital 21\/2017 29\/03\/2017 &#8211;\u00a0Quadro de benef\u00edcios 06\/04\/2017 &#8211;\u00a0Cronograma &#8211; Entrevistas 06\/04\/2017 &#8211; Inscri\u00e7\u00f5es Homologadas 07\/04\/2017 &#8211; Cronograma &#8211; Entrevistas &#8211; [&hellip;]<\/p>\n","protected":false},"author":76,"featured_media":0,"parent":0,"menu_order":78,"comment_status":"closed","ping_status":"closed","template":"","meta":[],"_links":{"self":[{"href":"https:\/\/www.ifbaiano.edu.br\/unidades\/alagoinhas\/wp-json\/wp\/v2\/pages\/422"}],"collection":[{"href":"https:\/\/www.ifbaiano.edu.br\/unidades\/alagoinhas\/wp-json\/wp\/v2\/pages"}],"about":[{"href":"https:\/\/www.ifbaiano.edu.br\/unidades\/alagoinhas\/wp-json\/wp\/v2\/types\/page"}],"author":[{"embeddable":true,"href":"https:\/\/www.ifbaiano.edu.br\/unidades\/alagoinhas\/wp-json\/wp\/v2\/users\/76"}],"replies":[{"embeddable":true,"href":"https:\/\/www.ifbaiano.edu.br\/unidades\/alagoinhas\/wp-json\/wp\/v2\/comments?post=422"}],"version-history":[{"count":2,"href":"https:\/\/www.ifbaiano.edu.br\/unidades\/alagoinhas\/wp-json\/wp\/v2\/pages\/422\/revisions"}],"predecessor-version":[{"id":435,"href":"https:\/\/www.ifbaiano.edu.br\/unidades\/alagoinhas\/wp-json\/wp\/v2\/pages\/422\/revisions\/435"}],"wp:attachment":[{"href":"https:\/\/www.ifbaiano.edu.br\/unidades\/alagoinhas\/wp-json\/wp\/v2\/media?parent=422"}],"curies":[{"name":"wp","href":"https:\/\/api.w.org\/{rel}","templated":true}]}}