{"id":6196,"date":"2024-12-17T09:14:29","date_gmt":"2024-12-17T12:14:29","guid":{"rendered":"https:\/\/www.ifbaiano.edu.br\/unidades\/alagoinhas\/?page_id=6196"},"modified":"2025-04-24T09:39:14","modified_gmt":"2025-04-24T12:39:14","slug":"graduacao","status":"publish","type":"page","link":"https:\/\/www.ifbaiano.edu.br\/unidades\/alagoinhas\/graduacao\/","title":{"rendered":"Gradua\u00e7\u00e3o"},"content":{"rendered":"\n<p class=\"has-vivid-green-cyan-color has-text-color has-large-font-size\"><strong>Bacharelado em Administra\u00e7\u00e3o<\/strong><\/p>\n\n\n\n<p class=\"has-vivid-green-cyan-color has-text-color has-large-font-size\">Perfil do curso<\/p>\n\n\n\n<p class=\"has-text-align-left\">O curso habilitar\u00e1 os discentes a articular e decidir sobre a gest\u00e3o em neg\u00f3cios diversos. O profissional Administrador ser\u00e1 apto a realizar estudos de viabilidade econ\u00f4mica, financeira e tribut\u00e1ria, elaborar an\u00e1lises comerciais considerando as demandas e oportunidades do mercado, planejar pesquisas de mercado, desenvolver relacionamentos p\u00f3s-venda com clientes, gerenciar sistemas de informa\u00e7\u00f5es comerciais, definir m\u00e9todos de forma\u00e7\u00e3o de pre\u00e7os, considerando aspectos tribut\u00e1rios, de custos, da concorr\u00eancia e do valor para o cliente, gerenciar a \u00e1rea industrial, de com\u00e9rcio e de servi\u00e7os e avaliar e emitir parecer t\u00e9cnico em sua \u00e1rea de forma\u00e7\u00e3o.<\/p>\n\n\n\n<p class=\"has-vivid-green-cyan-color has-text-color has-large-font-size\">Modalidade do curso<\/p>\n\n\n\n<p>Presencial com oferta da carga hor\u00e1ria de alguns componentes curriculares parcialmente \u00e0 dist\u00e2ncia<\/p>\n\n\n\n<p class=\"has-vivid-green-cyan-color has-text-color has-large-font-size\">Objetivo do curso<\/p>\n\n\n\n<p>Sintonizado com as demandas locais que contribuem para o desenvolvimento regional, o IF Baiano tem como miss\u00e3o oferecer educa\u00e7\u00e3o profissional p\u00fablica, gratuita e de qualidade, com acesso e oportunidades iguais para todos. Tem como meta principal proporcionar a inclus\u00e3o social, aumentar o n\u00famero de profissionais qualificados no mundo de trabalho, visando o desenvolvimento integral do cidad\u00e3o na sociedade na qual est\u00e1 inserido, de forma mais justa e em sintonia com as inova\u00e7\u00f5es tecnol\u00f3gicas<\/p>\n\n\n\n<p class=\"has-vivid-green-cyan-color has-text-color has-large-font-size\">Perfil do egresso<\/p>\n\n\n\n<p>O profissional formado em Administra\u00e7\u00e3o pode atuar em todos os setores da economia, do varejo ao atacado, incluindo o setor industrial, passando por servi\u00e7os diversos, tais como consultoria, bancos, seguros, hotelaria, entre outros. Este profissional est\u00e1 habilitado a contribuir com todo o processo de gest\u00e3o em diferentes est\u00e1gios, inclusive nas \u00e1reas de ind\u00fastria, com\u00e9rcio e servi\u00e7os. Ou seja, desde a realiza\u00e7\u00e3o de estudo e an\u00e1lises aprofundadas do neg\u00f3cio, tend\u00eancias de consumo, pesquisa do setor, comportamento de mercado, gerenciamento de equipes, tecnologia da informa\u00e7\u00e3o, defini\u00e7\u00e3o de estrat\u00e9gias, pre\u00e7o e mercado de atua\u00e7\u00e3o atrav\u00e9s de estudos de viabilidade econ\u00f4mica, financeira e tribut\u00e1ria, gest\u00e3o de neg\u00f3cios, administra\u00e7\u00e3o da produ\u00e7\u00e3o, gest\u00e3o operacional e gest\u00e3o ambiental.<\/p>\n\n\n\n<p>Espera-se que os egressos do curso de Administra\u00e7\u00e3o contribuam para o desenvolvimento de empresas, ind\u00fastrias e demais organiza\u00e7\u00f5es que atuam com gest\u00e3o empresarial neste mercado de transforma\u00e7\u00f5es constantes. A ideia \u00e9 que busquem garantir n\u00e3o s\u00f3 a manuten\u00e7\u00e3o do neg\u00f3cio, mas a evolu\u00e7\u00e3o e melhoria em todas as etapas do processo gerencial atrav\u00e9s de uma cultura de inova\u00e7\u00e3o.<\/p>\n\n\n\n<p class=\"has-vivid-green-cyan-color has-text-color has-large-font-size\">Atua\u00e7\u00e3o profissional<\/p>\n\n\n\n<p>Profissional ser\u00e1 habilitado a contribuir com todo o processo de gest\u00e3o em diferentes est\u00e1gios, inclusive nas \u00e1reas de ind\u00fastria, com\u00e9rcio e servi\u00e7os. O Bacharel em Administra\u00e7\u00e3o poder\u00e1 atuar em (BRASIL, 2016, p. 39):<\/p>\n\n\n\n<ol>\n<li>Empresas de beneficiamento de bens de consumo e industriais;<\/li>\n\n\n\n<li>Empresas de comercializa\u00e7\u00e3o de insumos;<\/li>\n\n\n\n<li>Empresas de planejamento, desenvolvimento de projetos, assessoramento t\u00e9cnico e consultoria;<\/li>\n\n\n\n<li>Empresas prestadoras de servi\u00e7os de consumo final;<\/li>\n\n\n\n<li>Empresas varejistas, atacadistas e de representa\u00e7\u00e3o comercial;<\/li>\n\n\n\n<li>Empresas de fabrica\u00e7\u00e3o de produtos em geral;<\/li>\n\n\n\n<li>Institutos e Centros de Pesquisa;<\/li>\n\n\n\n<li>Institui\u00e7\u00f5es de Ensino, mediante forma\u00e7\u00e3o requerida pela legisla\u00e7\u00e3o vigente.<\/li>\n<\/ol>\n\n\n\n<p class=\"has-vivid-green-cyan-color has-text-color has-large-font-size\">Estrutura do curso<\/p>\n\n\n\n<p>A estrutura curricular e as metodologias did\u00e1tico-pedag\u00f3gicas empregadas possibilitam que o estudante desenvolva sua capacidade de compreender e de gerir a pr\u00f3pria aprendizagem e desenvolva suas atividades acad\u00eamicas de modo aut\u00f4nomo, por\u00e9m n\u00e3o autoinstrucional. A interdisciplinaridade, a flexibiliza\u00e7\u00e3o curricular, a contextualiza\u00e7\u00e3o dos saberes, o trabalho como princ\u00edpio formativo e as rela\u00e7\u00f5es de interdepend\u00eancia entre pesquisa, ensino e extens\u00e3o s\u00e3o princ\u00edpios formativos do curso que fomentam o desenvolvimento das habilidades e compet\u00eancias relativas \u00e0 autonomia.<\/p>\n\n\n\n<p>O curso superior de Bacharelado em Administra\u00e7\u00e3o est\u00e1 estruturado com 3.430 horas distribu\u00eddas em 08 m\u00f3dulos, j\u00e1 incluindo-se a carga hor\u00e1ria de est\u00e1gio e a carga hor\u00e1ria de atividades complementares. Cada m\u00f3dulo corresponde a um semestre letivo e apresenta identidade pr\u00f3pria. Assim, al\u00e9m dos componentes curriculares, o discente ainda dever\u00e1 cursar 200 horas de est\u00e1gio curricular supervisionado obrigat\u00f3rio, o que pode ser realizado a partir do 3\u00ba semestre do curso, desde que o discente esteja devidamente matriculado, em conformidade com a Lei n.\u00ba 11.788\/2008 e de acordo com Regulamento de Est\u00e1gio. E dever\u00e1 comprovar a certifica\u00e7\u00e3o em atividades cient\u00edficas, art\u00edsticas e culturais, totalizando 150 horas, conforme Regulamento de Atividades Complementares. Ao concluir o curso o (a) aluno (a) ter\u00e1 o diploma de Bacharel em Administra\u00e7\u00e3o com 3.430 horas obrigat\u00f3rias, em sua totalidade, conforme apresenta-se no Quadro 2.<\/p>\n\n\n\n<p>O curso est\u00e1 estruturado em 05 eixos estruturantes, a saber: <\/p>\n\n\n\n<p><\/p>\n\n\n\n<figure class=\"wp-block-table\"><table><tbody><tr><td> <strong>EIXOS ESTRUTURANTES<\/strong><\/td><td colspan=\"2\"><strong>COMPONENTES CURRICULARES<\/strong><\/td><td><strong>CARGA HOR\u00c1RIA<\/strong><\/td><\/tr><tr><td><strong>FORMA\u00c7\u00c3O ESPEC\u00cdFICA<\/strong><\/td><td colspan=\"2\">Fundamentos t\u00e9cnico-cient\u00edficos<\/td><td>2.700 h<\/td><\/tr><tr><td><strong>APROFUNDAMENTO PROFISSIONAL<\/strong><\/td><td colspan=\"2\">Componentes curriculares optativos<\/td><td>20 h<\/td><\/tr><tr><td><strong>PR\u00c1TICAS CURRICULARES DE EXTENS\u00c3O<\/strong><\/td><td colspan=\"2\">PCE<\/td><td>360 h<\/td><\/tr><tr><td><strong>ATIVIDADES COMPLEMENTARES<\/strong><\/td><td colspan=\"2\">Atividades cient\u00edficas, art\u00edsticas e culturais<\/td><td>150 h<\/td><\/tr><tr><td><strong>EST\u00c1GIO CURRICULAR SUPERVISIONADO OBRIGAT\u00d3RIO<\/strong><\/td><td colspan=\"2\">Est\u00e1gio na \u00e1rea de Administra\u00e7\u00e3o em empresas dos ramos de com\u00e9rcio ou ind\u00fastria ou servi\u00e7os<\/td><td>200 h<\/td><\/tr><tr><td colspan=\"2\"><strong>TOTAL<\/strong><\/td><td colspan=\"2\">3.430 h<\/td><\/tr><\/tbody><\/table><figcaption class=\"wp-element-caption\">Fonte: Elaborado pelos membros do NDE e Comiss\u00e3o de Cria\u00e7\u00e3o do Curso Superior de Administra\u00e7\u00e3o do IF Baiano, campus Alagoinhas (2024).<\/figcaption><\/figure>\n\n\n\n<p class=\"has-vivid-green-cyan-color has-text-color has-large-font-size\">Como ingressar<\/p>\n\n\n\n<p class=\"has-large-font-size\"><strong>Informa\u00e7\u00f5es sobre Ingresso de Estudantes 2025 \u2013 Cursos Superiores \u2013 SISU \u2013 Campus&nbsp;Alagoinhas<\/strong>:<\/p>\n\n\n\n<p><a href=\"https:\/\/concurso.ifbaiano.edu.br\/portal\/ingresso-2025-cursos-superiores-sisu-alagoinhas-janeiro-2025\/\">https:\/\/concurso.ifbaiano.edu.br\/portal\/ingresso-2025-cursos-superiores-sisu-alagoinhas-janeiro-2025\/<\/a><\/p>\n\n\n\n<p>O ingresso ao curso far-se-\u00e1 via Sistema de Sele\u00e7\u00e3o unificada&nbsp;<a href=\"http:\/\/sisu.mec.gov.br\/\">SISU<\/a><\/p>\n\n\n\n<p><\/p>\n\n\n\n<p class=\"has-vivid-green-cyan-color has-text-color has-large-font-size\">Projeto Pedag\u00f3gico do Curso (PPC)<\/p>\n\n\n\n<div class=\"wp-block-file\"><a id=\"wp-block-file--media-baf49cb9-2d3c-4828-90ec-3a800ef62a03\" href=\"https:\/\/www.ifbaiano.edu.br\/unidades\/alagoinhas\/files\/2024\/12\/PPC-do-Curso-Superior-de-Bacharelado-em-Administracao-ALG-Aprovado-em-02.12.2024.pdf\">PPC do Curso Superior de Bacharelado em Administra\u00e7\u00e3o-ALG Aprovado em 02.12.2024<\/a><\/div>\n\n\n\n<p class=\"has-vivid-green-cyan-color has-text-color has-large-font-size\">Matriz curricular<\/p>\n\n\n\n<div class=\"wp-block-file\"><a id=\"wp-block-file--media-63ea54c5-430a-4320-82e7-72c1a868f90f\" href=\"https:\/\/www.ifbaiano.edu.br\/unidades\/alagoinhas\/files\/2024\/12\/Matriz-Curricular-Administracao_Alagoinhas-versao-de-08.11.2024.pdf\">Matriz Curricular Administra\u00e7\u00e3o_Alagoinhas vers\u00e3o de 08.11.2024<\/a><\/div>\n\n\n\n<div class=\"wp-block-file\"><a id=\"wp-block-file--media-e5a4bae4-0180-44f2-a5d8-f7f42998c4ad\" href=\"https:\/\/www.ifbaiano.edu.br\/unidades\/alagoinhas\/files\/2025\/04\/Matriz-Curricular-do-Curso-Superior-de-Bachatelado-em-Administracao-ALG-Aprovada-em-02.12.2024.pdf\">Matriz-Curricular-do-Curso-Superior-de-Bachatelado-em-Administracao-ALG-Aprovada-em-02.12.2024<\/a><a href=\"https:\/\/www.ifbaiano.edu.br\/unidades\/alagoinhas\/files\/2025\/04\/Matriz-Curricular-do-Curso-Superior-de-Bachatelado-em-Administracao-ALG-Aprovada-em-02.12.2024.pdf\" class=\"wp-block-file__button wp-element-button\" download aria-describedby=\"wp-block-file--media-e5a4bae4-0180-44f2-a5d8-f7f42998c4ad\">Baixar<\/a><\/div>\n\n\n\n<p class=\"has-vivid-green-cyan-color has-text-color has-large-font-size\">Calend\u00e1rio acad\u00eamico<\/p>\n\n\n\n<div class=\"wp-block-file\"><a id=\"wp-block-file--media-9579a71d-2ae9-4dc4-b201-22ef587e0590\" href=\"https:\/\/www.ifbaiano.edu.br\/unidades\/alagoinhas\/files\/2025\/04\/Calendario-Curso-Superior-em-Administracao-2025.pdf\">Calendario-Curso-Superior-em-Administracao-2025<\/a><a href=\"https:\/\/www.ifbaiano.edu.br\/unidades\/alagoinhas\/files\/2025\/04\/Calendario-Curso-Superior-em-Administracao-2025.pdf\" class=\"wp-block-file__button wp-element-button\" download aria-describedby=\"wp-block-file--media-9579a71d-2ae9-4dc4-b201-22ef587e0590\">Baixar<\/a><\/div>\n\n\n\n<p class=\"has-vivid-green-cyan-color has-text-color has-large-font-size\">Oferta de disciplinas<\/p>\n\n\n\n<figure class=\"wp-block-table\"><table><tbody><tr><td colspan=\"10\"><strong>Matriz Curricular do Curso de Bacharelado em Administra\u00e7\u00e3o<\/strong><\/td><\/tr><tr><td colspan=\"5\"><strong>1\u00ba Semestre<\/strong><\/td><td colspan=\"5\">Carga hor\u00e1ria da disciplina por modalidade<\/td><\/tr><tr><td>Forma de Oferta<\/td><td>Eixo<\/td><td colspan=\"2\">Disciplina<\/td><td>Presencial Te\u00f3rica<\/td><td>Presencial Pr\u00e1tica<\/td><td colspan=\"2\">EaD<\/td><td>CH Total<\/td><td>Aulas por semana<\/td><\/tr><tr><td>Presencial<\/td><td>Forma\u00e7\u00e3o Espec\u00edfica<\/td><td colspan=\"2\">Teoria Geral da Administra\u00e7\u00e3o<\/td><td>64 h<\/td><td>16 h<\/td><td colspan=\"2\">00 h<\/td><td>80 h<\/td><td>4 h<\/td><\/tr><tr><td>Presencial<\/td><td>Forma\u00e7\u00e3o Espec\u00edfica<\/td><td colspan=\"2\">Metodologia do Trabalho Cient\u00edfico<\/td><td>64 h<\/td><td>16 h<\/td><td colspan=\"2\">00 h<\/td><td>80 h<\/td><td>4 h<\/td><\/tr><tr><td>Presencial<\/td><td>Forma\u00e7\u00e3o Espec\u00edfica<\/td><td colspan=\"2\">Sociologia, Filosofia e \u00c9tica Empresarial<\/td><td>48 h<\/td><td>12 h<\/td><td colspan=\"2\">00 h<\/td><td>60 h<\/td><td>3 h<\/td><\/tr><tr><td>Presencial<\/td><td>Forma\u00e7\u00e3o Espec\u00edfica<\/td><td colspan=\"2\">Matem\u00e1tica Aplicada \u00e0 Administra\u00e7\u00e3o<\/td><td>48 h<\/td><td>12 h<\/td><td colspan=\"2\">00 h<\/td><td>60 h<\/td><td>3 h<\/td><\/tr><tr><td>Presencial<\/td><td>Forma\u00e7\u00e3o Espec\u00edfica<\/td><td colspan=\"2\">Inform\u00e1tica Aplicada \u00e0 Administra\u00e7\u00e3o<\/td><td>48 h<\/td><td>12 h<\/td><td colspan=\"2\">00 h<\/td><td>60 h<\/td><td>3 h<\/td><\/tr><tr><td>Presencial<\/td><td>Pr\u00e1tica Curricular de Extens\u00e3o<\/td><td colspan=\"2\">PCE I<\/td><td>48 h<\/td><td>12 h<\/td><td colspan=\"2\">00 h<\/td><td>60 h<\/td><td>3 h<\/td><\/tr><tr><td colspan=\"3\">Total de Carga Hor\u00e1ria no 1\u00ba Semestre<\/td><td colspan=\"4\">400 h<\/td><td colspan=\"3\">20 h<\/td><\/tr><\/tbody><\/table><\/figure>\n\n\n\n<p class=\"has-vivid-green-cyan-color has-text-color has-large-font-size\">Tutoria acad\u00eamica<\/p>\n\n\n\n<p>A tutoria acad\u00eamica objetiva seguir o percurso formativo, social e profissional dos estudantes, orientando-os no decorrer do per\u00edodo de forma\u00e7\u00e3o. O funcionamento, as atividades e disposi\u00e7\u00f5es baseiam-se no regulamento da tutoria acad\u00eamica do IF Baiano. De acordo com o Art. 6\u00b0 deste documento, os objetivos do programa de tutoria do IF Baiano visam:<\/p>\n\n\n\n<p>Potencializar o itiner\u00e1rio formativo dos estudantes, a partir da identifica\u00e7\u00e3o de limites e possibilidades;<\/p>\n\n\n\n<p>Contribuir para a redu\u00e7\u00e3o dos \u00edndices de reten\u00e7\u00e3o e evas\u00e3o do processo educativo;<\/p>\n\n\n\n<p>Estimular a intera\u00e7\u00e3o e a boa conviv\u00eancia na comunidade acad\u00eamica;<\/p>\n\n\n\n<p>Incentivar o respeito \u00e0 diversidade, o trabalho em equipe, a solidariedade e a \u00e9tica;<\/p>\n\n\n\n<p>Oferecer orienta\u00e7\u00f5es acad\u00eamicas visando \u00e0 melhoria do desempenho no processo de aprendizagem, desde o ingresso at\u00e9 sua conclus\u00e3o;<\/p>\n\n\n\n<p>Contribuir com a acessibilidade dos estudantes no campus, sobretudo daqueles com necessidades educacionais espec\u00edficas, defici\u00eancias e altas habilidades;<\/p>\n\n\n\n<p>Promover o desenvolvimento da cultura de estudo, o h\u00e1bito da leitura complementar \u00e0s atividades regulares, por meio de acompanhamento personalizado.<\/p>\n\n\n\n<p class=\"has-vivid-green-cyan-color has-text-color has-large-font-size\">Corpo docente<\/p>\n\n\n\n<div class=\"wp-block-file\"><a id=\"wp-block-file--media-c99c5838-8d33-4678-8fb2-309ab57ac518\" href=\"https:\/\/www.ifbaiano.edu.br\/unidades\/alagoinhas\/files\/2025\/04\/Professores-do-1o-semestre-Curso-Superior-de-Administracao-2025.1.pdf\">Professores-do-1o-semestre-Curso-Superior-de-Administracao-2025.1<\/a><a href=\"https:\/\/www.ifbaiano.edu.br\/unidades\/alagoinhas\/files\/2025\/04\/Professores-do-1o-semestre-Curso-Superior-de-Administracao-2025.1.pdf\" class=\"wp-block-file__button wp-element-button\" download aria-describedby=\"wp-block-file--media-c99c5838-8d33-4678-8fb2-309ab57ac518\">Baixar<\/a><\/div>\n\n\n\n<p class=\"has-vivid-green-cyan-color has-text-color has-large-font-size\">Coordena\u00e7\u00e3o<\/p>\n\n\n\n<p>Aline Fonseca Gomes<\/p>\n\n\n\n<p><a href=\"https:\/\/suap.ifbaiano.edu.br\/documento_eletronico\/visualizar_documento\/637869\/\">Portaria de Pessoal 1243\/2024 &#8211; RET-GAB\/RET\/IFBAIANO<\/a><\/p>\n\n\n\n<p class=\"has-vivid-green-cyan-color has-text-color has-large-font-size\">Guia do estudante<\/p>\n\n\n\n<div class=\"wp-block-file\"><a id=\"wp-block-file--media-1c16178f-dab7-4c7a-8c64-46b2a0e76c96\" href=\"https:\/\/www.ifbaiano.edu.br\/unidades\/alagoinhas\/files\/2025\/04\/Guia-do-Discente.pdf\">Guia-do-Discente<\/a><a href=\"https:\/\/www.ifbaiano.edu.br\/unidades\/alagoinhas\/files\/2025\/04\/Guia-do-Discente.pdf\" class=\"wp-block-file__button wp-element-button\" download aria-describedby=\"wp-block-file--media-1c16178f-dab7-4c7a-8c64-46b2a0e76c96\">Baixar<\/a><\/div>\n\n\n\n<p class=\"has-vivid-green-cyan-color has-text-color has-large-font-size\">Documentos<\/p>\n\n\n\n<div class=\"wp-block-file\"><a id=\"wp-block-file--media-2ee51b85-6af0-4992-9cee-70c4cd92e474\" href=\"https:\/\/www.ifbaiano.edu.br\/unidades\/alagoinhas\/files\/2025\/04\/Regulamento-de-Trabalho-de-Conclusao-de-Curso-TCC.pdf\">Regulamento-de-Trabalho-de-Conclusao-de-Curso-TCC<\/a><a href=\"https:\/\/www.ifbaiano.edu.br\/unidades\/alagoinhas\/files\/2025\/04\/Regulamento-de-Trabalho-de-Conclusao-de-Curso-TCC.pdf\" class=\"wp-block-file__button wp-element-button\" download aria-describedby=\"wp-block-file--media-2ee51b85-6af0-4992-9cee-70c4cd92e474\">Baixar<\/a><\/div>\n\n\n\n<div class=\"wp-block-file\"><a id=\"wp-block-file--media-8e03754c-1eeb-4ded-a44c-180496a4e90d\" href=\"https:\/\/www.ifbaiano.edu.br\/unidades\/alagoinhas\/files\/2025\/04\/Regulamento-de-Atividades-Complementares.pdf\">Regulamento-de-Atividades-Complementares<\/a><a href=\"https:\/\/www.ifbaiano.edu.br\/unidades\/alagoinhas\/files\/2025\/04\/Regulamento-de-Atividades-Complementares.pdf\" class=\"wp-block-file__button wp-element-button\" download aria-describedby=\"wp-block-file--media-8e03754c-1eeb-4ded-a44c-180496a4e90d\">Baixar<\/a><\/div>\n\n\n\n<div class=\"wp-block-file\"><a id=\"wp-block-file--media-097bfdee-7a8e-429e-901b-74b14f705406\" href=\"https:\/\/www.ifbaiano.edu.br\/unidades\/alagoinhas\/files\/2025\/04\/Regulamento-de-Tutoria-Academica.pdf\">Regulamento-de-Tutoria-Academica<\/a><a href=\"https:\/\/www.ifbaiano.edu.br\/unidades\/alagoinhas\/files\/2025\/04\/Regulamento-de-Tutoria-Academica.pdf\" class=\"wp-block-file__button wp-element-button\" download aria-describedby=\"wp-block-file--media-097bfdee-7a8e-429e-901b-74b14f705406\">Baixar<\/a><\/div>\n\n\n\n<div class=\"wp-block-file\"><a id=\"wp-block-file--media-73b22fac-a57c-4346-8837-85fd738de58e\" href=\"https:\/\/www.ifbaiano.edu.br\/unidades\/alagoinhas\/files\/2025\/04\/Regulamento-de-Estagio-Supervisionado-Curso-de-Bacharelado-em-Administracao-IF-Alagoinhas.pdf\">Regulamento-de-Estagio-Supervisionado-Curso-de-Bacharelado-em-Administracao-IF-Alagoinhas<\/a><a href=\"https:\/\/www.ifbaiano.edu.br\/unidades\/alagoinhas\/files\/2025\/04\/Regulamento-de-Estagio-Supervisionado-Curso-de-Bacharelado-em-Administracao-IF-Alagoinhas.pdf\" class=\"wp-block-file__button wp-element-button\" download aria-describedby=\"wp-block-file--media-73b22fac-a57c-4346-8837-85fd738de58e\">Baixar<\/a><\/div>\n\n\n\n<div class=\"wp-block-file\"><a id=\"wp-block-file--media-b0cc8744-51f9-4491-948b-f1295d2fb6a5\" href=\"https:\/\/www.ifbaiano.edu.br\/unidades\/alagoinhas\/files\/2025\/04\/Barema-de-Atividades-Complementares.pdf\">Barema-de-Atividades-Complementares<\/a><a href=\"https:\/\/www.ifbaiano.edu.br\/unidades\/alagoinhas\/files\/2025\/04\/Barema-de-Atividades-Complementares.pdf\" class=\"wp-block-file__button wp-element-button\" download aria-describedby=\"wp-block-file--media-b0cc8744-51f9-4491-948b-f1295d2fb6a5\">Baixar<\/a><\/div>\n\n\n\n<div class=\"wp-block-file\"><a id=\"wp-block-file--media-7ac56172-d4d0-4b6c-926d-a6263285ee06\" href=\"https:\/\/www.ifbaiano.edu.br\/unidades\/alagoinhas\/files\/2025\/04\/Instrucoes-sobre-Relatorio-de-Estagio-Supervisionado.pdf\">Instrucoes-sobre-Relatorio-de-Estagio-Supervisionado<\/a><a href=\"https:\/\/www.ifbaiano.edu.br\/unidades\/alagoinhas\/files\/2025\/04\/Instrucoes-sobre-Relatorio-de-Estagio-Supervisionado.pdf\" class=\"wp-block-file__button wp-element-button\" download aria-describedby=\"wp-block-file--media-7ac56172-d4d0-4b6c-926d-a6263285ee06\">Baixar<\/a><\/div>\n\n\n\n<p class=\"has-vivid-green-cyan-color has-text-color has-large-font-size\">Conjunto de Normas do Curso<\/p>\n\n\n\n<p>No \u00e2mbito do IF Baiano, norteou-se a partir dos documentos institucionais seguintes:<\/p>\n\n\n\n<ol>\n<li>Regimento Geral (2019);<\/li>\n\n\n\n<li>Plano de Desenvolvimento Institucional (2021-2025);<\/li>\n\n\n\n<li>Organiza\u00e7\u00e3o Did\u00e1tica dos Cursos de Gradua\u00e7\u00e3o do IF Baiano (2020);<\/li>\n\n\n\n<li>Pol\u00edtica da Diversidade e Inclus\u00e3o (2012);<\/li>\n\n\n\n<li>Pol\u00edtica de Qualidade do Ensino (2015);<\/li>\n\n\n\n<li>Pol\u00edtica de Assist\u00eancia Estudantil (2019);<\/li>\n\n\n\n<li>Regulamento de Est\u00e1gio da Gradua\u00e7\u00e3o do IF Baiano &#8211; Resolu\u00e7\u00e3o 136\/2021 &#8211; OS-CONSUP\/IFBAIANO, DE 11 DE JUNHO DE 2021;<\/li>\n\n\n\n<li>Resolu\u00e7\u00e3o n\u00ba 145\/2021, que aprova o Regulamento da Curriculariza\u00e7\u00e3o da Extens\u00e3o nos Cursos do Instituto Federal Baiano;<\/li>\n\n\n\n<li>Resolu\u00e7\u00e3o n\u00ba 47\/2014, que estabelece normas e procedimentos para a cria\u00e7\u00e3o, altera\u00e7\u00e3o, reformula\u00e7\u00e3o curricular e extin\u00e7\u00e3o dos cursos de Gradua\u00e7\u00e3o;<\/li>\n\n\n\n<li>Resolu\u00e7\u00e3o CONSUP\/IF BAIANO n\u00ba 305\/2023, que Regulamenta a Educa\u00e7\u00e3o a Dist\u00e2ncia no IF Baiano;<\/li>\n\n\n\n<li>Instru\u00e7\u00e3o Normativa PROEN\/GAB\/RET n\u00ba 02\/2023, que normatiza os procedimentos de utiliza\u00e7\u00e3o do Ambiente Virtual de Aprendizagem (AVA) institucional do Instituto Federal de Educa\u00e7\u00e3o, Ci\u00eancia e Tecnologia Baiano- IF Baiano;<\/li>\n\n\n\n<li>Instru\u00e7\u00e3o Normativa PROEN\/GAB\/RET n\u00ba 03\/2023, que estabelece Diretrizes para produ\u00e7\u00e3o e distribui\u00e7\u00e3o de material did\u00e1tico para os cursos livres e regulares na modalidade a dist\u00e2ncia, no \u00e2mbito do Instituto Federal de Educa\u00e7\u00e3o, Ci\u00eancia e Tecnologia Baiano- IF Baiano.<\/li>\n<\/ol>\n\n\n\n<p><\/p>\n\n\n\n<p class=\"has-vivid-green-cyan-color has-text-color has-large-font-size\">Not\u00edcias<\/p>\n\n\n\n<p>Em constru\u00e7\u00e3o<\/p>\n\n\n\n<p class=\"has-vivid-green-cyan-color has-text-color has-large-font-size\">Reposit\u00f3rio: Local dos Trabalhos de conclus\u00e3o de Curso<\/p>\n\n\n\n<p>Em constru\u00e7\u00e3o<\/p>\n\n\n\n<p class=\"has-vivid-green-cyan-color has-text-color has-large-font-size\">Egressos<\/p>\n\n\n\n<p>As \u00e1reas de atua\u00e7\u00e3o que poder\u00e3o ser assumidas pelos egressos em Administra\u00e7\u00e3o, destacam-se:<\/p>\n\n\n\n<ol>\n<li>Na prospec\u00e7\u00e3o de clientes em empresas das diversas \u00e1reas;<\/li>\n\n\n\n<li>No desenvolvimento de estrat\u00e9gias de vendas em empresas comerciais, industriais e na presta\u00e7\u00e3o de servi\u00e7os;<\/li>\n\n\n\n<li>Na consultoria de neg\u00f3cios;<\/li>\n\n\n\n<li>Pesquisa de mercado;<\/li>\n\n\n\n<li>Suporte ao cliente;<\/li>\n\n\n\n<li>Lideran\u00e7a de equipes e gest\u00e3o de pessoas;<\/li>\n\n\n\n<li>Representa\u00e7\u00e3o comercial;<\/li>\n\n\n\n<li>Supervis\u00e3o de vendas e de opera\u00e7\u00f5es;<\/li>\n\n\n\n<li>No controle da qualidade;<\/li>\n\n\n\n<li>Na gest\u00e3o do neg\u00f3cio e empreendedorismo;<\/li>\n\n\n\n<li>Na gest\u00e3o de empresas industriais, comerciais e de servi\u00e7os.<\/li>\n<\/ol>\n","protected":false},"excerpt":{"rendered":"<p>Bacharelado em Administra\u00e7\u00e3o Perfil do curso O curso habilitar\u00e1 os discentes a articular e decidir sobre a gest\u00e3o em neg\u00f3cios diversos. O profissional Administrador ser\u00e1 apto a realizar estudos de viabilidade econ\u00f4mica, financeira e tribut\u00e1ria, elaborar an\u00e1lises comerciais considerando as demandas e oportunidades do mercado, planejar pesquisas de mercado, desenvolver relacionamentos p\u00f3s-venda com clientes, gerenciar [&hellip;]<\/p>\n","protected":false},"author":175,"featured_media":0,"parent":0,"menu_order":0,"comment_status":"closed","ping_status":"closed","template":"","meta":[],"_links":{"self":[{"href":"https:\/\/www.ifbaiano.edu.br\/unidades\/alagoinhas\/wp-json\/wp\/v2\/pages\/6196"}],"collection":[{"href":"https:\/\/www.ifbaiano.edu.br\/unidades\/alagoinhas\/wp-json\/wp\/v2\/pages"}],"about":[{"href":"https:\/\/www.ifbaiano.edu.br\/unidades\/alagoinhas\/wp-json\/wp\/v2\/types\/page"}],"author":[{"embeddable":true,"href":"https:\/\/www.ifbaiano.edu.br\/unidades\/alagoinhas\/wp-json\/wp\/v2\/users\/175"}],"replies":[{"embeddable":true,"href":"https:\/\/www.ifbaiano.edu.br\/unidades\/alagoinhas\/wp-json\/wp\/v2\/comments?post=6196"}],"version-history":[{"count":10,"href":"https:\/\/www.ifbaiano.edu.br\/unidades\/alagoinhas\/wp-json\/wp\/v2\/pages\/6196\/revisions"}],"predecessor-version":[{"id":6573,"href":"https:\/\/www.ifbaiano.edu.br\/unidades\/alagoinhas\/wp-json\/wp\/v2\/pages\/6196\/revisions\/6573"}],"wp:attachment":[{"href":"https:\/\/www.ifbaiano.edu.br\/unidades\/alagoinhas\/wp-json\/wp\/v2\/media?parent=6196"}],"curies":[{"name":"wp","href":"https:\/\/api.w.org\/{rel}","templated":true}]}}