{"id":6858,"date":"2025-09-23T12:22:39","date_gmt":"2025-09-23T15:22:39","guid":{"rendered":"https:\/\/www.ifbaiano.edu.br\/unidades\/alagoinhas\/?page_id=6858"},"modified":"2026-02-06T10:24:52","modified_gmt":"2026-02-06T13:24:52","slug":"projeto-de-ensino-entre-linguas-entre-lacos-orillas-que-se-encontram","status":"publish","type":"page","link":"https:\/\/www.ifbaiano.edu.br\/unidades\/alagoinhas\/projeto-de-ensino-entre-linguas-entre-lacos-orillas-que-se-encontram\/","title":{"rendered":"PROJETO DE ENSINO: ENTRE L\u00cdNGUAS, ENTRE LA\u00c7OS: ORILLAS QUE SE ENCONTRAM"},"content":{"rendered":"\n<p class=\"has-text-align-left has-white-background-color has-background\">Selecionar discentes do IF Baiano \u2013 Campus Alagoinhas para participa\u00e7\u00e3o no Projeto de Ensino: Entre<br>L\u00ednguas, Entre La\u00e7os: Orillas que se Encontram, visando promover uma imers\u00e3o sociocultural na cidade de<br>Buenos Aires, Argentina. A iniciativa tem como finalidade proporcionar experi\u00eancia internacional para<br>aprimoramento da l\u00edngua e cultura espanholas, ampliando compet\u00eancias acad\u00eamicas, profissionais e<br>interculturais<\/p>\n\n\n\n<p class=\"has-light-green-cyan-background-color has-background has-medium-font-size\">Lista de Documentos<\/p>\n\n\n\n<div class=\"wp-block-file\"><a id=\"wp-block-file--media-b7e8263d-c073-4679-93b5-613e4130e65d\" href=\"https:\/\/www.ifbaiano.edu.br\/unidades\/alagoinhas\/files\/2026\/02\/CONVOCACAO-\u2013-2a-CHAMADA.pdf\">CONVOCACAO-\u2013-2a-CHAMADA<\/a><a href=\"https:\/\/www.ifbaiano.edu.br\/unidades\/alagoinhas\/files\/2026\/02\/CONVOCACAO-\u2013-2a-CHAMADA.pdf\" class=\"wp-block-file__button wp-element-button\" download aria-describedby=\"wp-block-file--media-b7e8263d-c073-4679-93b5-613e4130e65d\">Baixar<\/a><\/div>\n\n\n\n<p><a rel=\"noreferrer noopener\" href=\"https:\/\/www.ifbaiano.edu.br\/unidades\/alagoinhas\/files\/2025\/10\/COMUNICADO-REMARCACAO-DE-REUNIAO.pdf\" target=\"_blank\">COMUNICADO REMARCACAO DE REUNIAO<\/a><\/p>\n\n\n\n<div class=\"wp-block-file\"><a id=\"wp-block-file--media-ec3a4c0b-e175-464b-a617-d39a25a54665\" href=\"https:\/\/www.ifbaiano.edu.br\/unidades\/alagoinhas\/files\/2025\/10\/RESULTADO-FINAL.pdf\">RESULTADO-FINAL<\/a><a href=\"https:\/\/www.ifbaiano.edu.br\/unidades\/alagoinhas\/files\/2025\/10\/RESULTADO-FINAL.pdf\" class=\"wp-block-file__button wp-element-button\" download aria-describedby=\"wp-block-file--media-ec3a4c0b-e175-464b-a617-d39a25a54665\">Baixar<\/a><\/div>\n\n\n\n<div class=\"wp-block-file\"><a id=\"wp-block-file--media-74179ef1-899b-4b61-bbc8-76508aa8157b\" href=\"https:\/\/www.ifbaiano.edu.br\/unidades\/alagoinhas\/files\/2025\/10\/RESULTADO-RECURSO-AO-RESULTADO-PRELIMINAR.pdf\">RESULTADO-RECURSO-AO-RESULTADO-PRELIMINAR<\/a><a href=\"https:\/\/www.ifbaiano.edu.br\/unidades\/alagoinhas\/files\/2025\/10\/RESULTADO-RECURSO-AO-RESULTADO-PRELIMINAR.pdf\" class=\"wp-block-file__button wp-element-button\" download aria-describedby=\"wp-block-file--media-74179ef1-899b-4b61-bbc8-76508aa8157b\">Baixar<\/a><\/div>\n\n\n\n<div class=\"wp-block-file\"><a id=\"wp-block-file--media-5c57b193-7ebd-4138-8b9a-d8858736021e\" href=\"https:\/\/www.ifbaiano.edu.br\/unidades\/alagoinhas\/files\/2025\/10\/Resultado-Preliminar-Edital-22.2025.pdf\">Resultado-Preliminar-Edital-22.2025<\/a><a href=\"https:\/\/www.ifbaiano.edu.br\/unidades\/alagoinhas\/files\/2025\/10\/Resultado-Preliminar-Edital-22.2025.pdf\" class=\"wp-block-file__button wp-element-button\" download aria-describedby=\"wp-block-file--media-5c57b193-7ebd-4138-8b9a-d8858736021e\">Baixar<\/a><\/div>\n\n\n\n<div class=\"wp-block-file\"><a id=\"wp-block-file--media-2d7cf33c-6010-4699-8800-580c685a82cf\" href=\"https:\/\/www.ifbaiano.edu.br\/unidades\/alagoinhas\/files\/2025\/10\/Divulgacao-local-de-prova.pdf\">Divulgacao-local-de-prova<\/a><a href=\"https:\/\/www.ifbaiano.edu.br\/unidades\/alagoinhas\/files\/2025\/10\/Divulgacao-local-de-prova.pdf\" class=\"wp-block-file__button wp-element-button\" download aria-describedby=\"wp-block-file--media-2d7cf33c-6010-4699-8800-580c685a82cf\">Baixar<\/a><\/div>\n\n\n\n<div class=\"wp-block-file\"><a id=\"wp-block-file--media-557850fa-b5a7-431b-bc60-0dc139868d78\" href=\"https:\/\/www.ifbaiano.edu.br\/unidades\/alagoinhas\/files\/2025\/10\/Lista-de-candidatos-homologados.pdf\">Lista-de-candidatos-homologados<\/a><a href=\"https:\/\/www.ifbaiano.edu.br\/unidades\/alagoinhas\/files\/2025\/10\/Lista-de-candidatos-homologados.pdf\" class=\"wp-block-file__button wp-element-button\" download aria-describedby=\"wp-block-file--media-557850fa-b5a7-431b-bc60-0dc139868d78\">Baixar<\/a><\/div>\n\n\n\n<p><a href=\"https:\/\/www.ifbaiano.edu.br\/unidades\/alagoinhas\/files\/2025\/09\/Edital-22.2025-SELECAO-DE-DISCENTES-PARA-PARTICIPACAO-NO-PROJETO-ENTRE-LINGUAS-ENTRE-LACOS.pdf\">EDITAL 22\/2025<\/a> <a href=\"https:\/\/www.ifbaiano.edu.br\/unidades\/alagoinhas\/files\/2025\/09\/Edital-22.2025-SELECAO-DE-DISCENTES-PARA-PARTICIPACAO-NO-PROJETO-ENTRE-LINGUAS-ENTRE-LACOS.pdf\">SELECAO DE DISCENTES PARA PARTICIPACAO NO PROJETO ENTRE LINGUAS ENTRE LACOS<\/a><\/p>\n\n\n\n<div class=\"wp-block-file\"><a id=\"wp-block-file--media-8bdd2da9-1f2c-46ba-b073-49ff73c82225\" href=\"https:\/\/www.ifbaiano.edu.br\/unidades\/alagoinhas\/files\/2025\/09\/Formulario-de-Inscricao-\u2013-Selecao-de-Estudantes-\u2013-ANEXO-II.docx\">Formul\u00e1rio de Inscri\u00e7\u00e3o &#8211; Sele\u00e7\u00e3o de Estudantes ANEXO-II (edit\u00e1vel)<\/a><a href=\"https:\/\/www.ifbaiano.edu.br\/unidades\/alagoinhas\/files\/2025\/09\/Formulario-de-Inscricao-\u2013-Selecao-de-Estudantes-\u2013-ANEXO-II.docx\" class=\"wp-block-file__button wp-element-button\" download aria-describedby=\"wp-block-file--media-8bdd2da9-1f2c-46ba-b073-49ff73c82225\">Baixar<\/a><\/div>\n\n\n\n<p><\/p>\n\n\n\n<p class=\"has-light-green-cyan-background-color has-background has-medium-font-size\">Cronograma do Edital<\/p>\n\n\n\n<figure class=\"wp-block-table is-style-stripes\"><table><tbody><tr><td class=\"has-text-align-center\" data-align=\"center\">ETAPA<\/td><td class=\"has-text-align-center\" data-align=\"center\">DATAS<\/td><\/tr><tr><td class=\"has-text-align-center\" data-align=\"center\">Publica\u00e7\u00e3o do Edital<\/td><td class=\"has-text-align-center\" data-align=\"center\">19 de setembro de 2025<\/td><\/tr><tr><td class=\"has-text-align-center\" data-align=\"center\">Impugna\u00e7\u00e3o do Edital<\/td><td class=\"has-text-align-center\" data-align=\"center\">22 de setembro de 2025<\/td><\/tr><tr><td class=\"has-text-align-center\" data-align=\"center\">An\u00e1lise e Resposta \u00e0<br>Impugna\u00e7\u00e3o<\/td><td class=\"has-text-align-center\" data-align=\"center\">23 de setembro de 2025<\/td><\/tr><tr><td class=\"has-text-align-center\" data-align=\"center\">Per\u00edodo de Inscri\u00e7\u00e3o<\/td><td class=\"has-text-align-center\" data-align=\"center\">DE 24 \u00c0 30 de setembro<br>de 2025<\/td><\/tr><tr><td class=\"has-text-align-center\" data-align=\"center\">Divulga\u00e7\u00e3o da Lista de<br>Inscritos<\/td><td class=\"has-text-align-center\" data-align=\"center\">01 de outubro de 2025<\/td><\/tr><tr><td class=\"has-text-align-center\" data-align=\"center\">Per\u00edodo para Recurso<br>contra Lista de Inscritos<\/td><td class=\"has-text-align-center\" data-align=\"center\">02 de outubro de 2025<\/td><\/tr><tr><td class=\"has-text-align-center\" data-align=\"center\">An\u00e1lise e Resposta ao<br>Recurso da Lista<\/td><td class=\"has-text-align-center\" data-align=\"center\">03 de outubro de 2025<\/td><\/tr><tr><td class=\"has-text-align-center\" data-align=\"center\">Aplica\u00e7\u00e3o da Prova<br>Objetiva e Discursiva<\/td><td class=\"has-text-align-center\" data-align=\"center\">08 de outubro de 2025<\/td><\/tr><tr><td class=\"has-text-align-center\" data-align=\"center\">Divulga\u00e7\u00e3o do<br>Resultado Preliminar<\/td><td class=\"has-text-align-center\" data-align=\"center\">09 de outubro de 2025<\/td><\/tr><tr><td class=\"has-text-align-center\" data-align=\"center\">Per\u00edodo para<br>Interposi\u00e7\u00e3o de<br>Recursos<\/td><td class=\"has-text-align-center\" data-align=\"center\">10 de outubro de 2025<\/td><\/tr><tr><td class=\"has-text-align-center\" data-align=\"center\">An\u00e1lise dos Recursos e<br>Resultado Final<\/td><td class=\"has-text-align-center\" data-align=\"center\">13 de outubro de 2025<\/td><\/tr><tr><td class=\"has-text-align-center\" data-align=\"center\">Reuni\u00e3o com<br>Selecionados e<br>Respons\u00e1veis<\/td><td class=\"has-text-align-center\" data-align=\"center\">29 de outubro de 2025<\/td><\/tr><\/tbody><\/table><\/figure>\n","protected":false},"excerpt":{"rendered":"<p>Selecionar discentes do IF Baiano \u2013 Campus Alagoinhas para participa\u00e7\u00e3o no Projeto de Ensino: EntreL\u00ednguas, Entre La\u00e7os: Orillas que se Encontram, visando promover uma imers\u00e3o sociocultural na cidade deBuenos Aires, Argentina. A iniciativa tem como finalidade proporcionar experi\u00eancia internacional paraaprimoramento da l\u00edngua e cultura espanholas, ampliando compet\u00eancias acad\u00eamicas, profissionais einterculturais Lista de Documentos COMUNICADO REMARCACAO [&hellip;]<\/p>\n","protected":false},"author":175,"featured_media":0,"parent":0,"menu_order":0,"comment_status":"closed","ping_status":"closed","template":"","meta":[],"_links":{"self":[{"href":"https:\/\/www.ifbaiano.edu.br\/unidades\/alagoinhas\/wp-json\/wp\/v2\/pages\/6858"}],"collection":[{"href":"https:\/\/www.ifbaiano.edu.br\/unidades\/alagoinhas\/wp-json\/wp\/v2\/pages"}],"about":[{"href":"https:\/\/www.ifbaiano.edu.br\/unidades\/alagoinhas\/wp-json\/wp\/v2\/types\/page"}],"author":[{"embeddable":true,"href":"https:\/\/www.ifbaiano.edu.br\/unidades\/alagoinhas\/wp-json\/wp\/v2\/users\/175"}],"replies":[{"embeddable":true,"href":"https:\/\/www.ifbaiano.edu.br\/unidades\/alagoinhas\/wp-json\/wp\/v2\/comments?post=6858"}],"version-history":[{"count":10,"href":"https:\/\/www.ifbaiano.edu.br\/unidades\/alagoinhas\/wp-json\/wp\/v2\/pages\/6858\/revisions"}],"predecessor-version":[{"id":7012,"href":"https:\/\/www.ifbaiano.edu.br\/unidades\/alagoinhas\/wp-json\/wp\/v2\/pages\/6858\/revisions\/7012"}],"wp:attachment":[{"href":"https:\/\/www.ifbaiano.edu.br\/unidades\/alagoinhas\/wp-json\/wp\/v2\/media?parent=6858"}],"curies":[{"name":"wp","href":"https:\/\/api.w.org\/{rel}","templated":true}]}}