{"id":713,"date":"2017-08-03T17:11:48","date_gmt":"2017-08-03T20:11:48","guid":{"rendered":"http:\/\/www.ifbaiano.edu.br\/unidades\/alagoinhas\/?page_id=713"},"modified":"2017-09-14T15:04:54","modified_gmt":"2017-09-14T18:04:54","slug":"egressos-ex-alunos","status":"publish","type":"page","link":"https:\/\/www.ifbaiano.edu.br\/unidades\/alagoinhas\/egressos-ex-alunos\/","title":{"rendered":"Egresso (Ex-Aluno)"},"content":{"rendered":"<p style=\"text-align: justify\">Este espa\u00e7o \u00e9 destinado para os egressos (ex- alunos) do IF Baiano Campus- Alagoinhas.<\/p>\n<p style=\"text-align: justify\">Nele estar\u00e3o dispon\u00edveis informa\u00e7\u00f5es importantes para garantir um canal permanente de comunica\u00e7\u00e3o com os nossos egressos.<br \/>\nProlongar nossas rela\u00e7\u00f5es, al\u00e9m do tempo acad\u00eamico \u00e9 dar seguimento a uma hist\u00f3ria, a qual gostar\u00edamos de fazer parte continuamente.<\/p>\n<hr \/>\n<p><strong>PROGRAMA DE ACOMPANHAMENTO DE EGRESSOS<\/strong><\/p>\n<p style=\"text-align: justify\">O Programa de Acompanhamento de Egressos (PAE) visa retroalimentar as pol\u00edticas de ensino, pesquisa e extens\u00e3o dos cursos do Instituto Federal de Educa\u00e7\u00e3o, Ci\u00eancia e Tecnologia Baiano (IF Baiano). Al\u00e9m disso, permite a avalia\u00e7\u00e3o da efici\u00eancia e efic\u00e1cia dos servi\u00e7os educacionais ofertados pelas IES, a adequa\u00e7\u00e3o das matrizes curriculares, a identifica\u00e7\u00e3o do perfil profissional de seus egressos e a an\u00e1lise da inser\u00e7\u00e3o dos ex-alunos no mundo do trabalho.<\/p>\n<p style=\"text-align: justify\">Ao acessar o portal, o egresso ter\u00e1 dispon\u00edvel: Links e orienta\u00e7\u00f5es para pesquisas; Op\u00e7\u00f5es de cadastro de curr\u00edculo em empresas que oferecem oportunidades de emprego; Dicas de editais e chamadas p\u00fablicas vigentes al\u00e9m de um espa\u00e7o para exposi\u00e7\u00e3o de d\u00favidas, opini\u00f5es, sugest\u00f5es e depoimentos; entre outros conte\u00fados.<\/p>\n<p style=\"text-align: justify\">As informa\u00e7\u00f5es obtidas com o cadastro dos egressos no programa fornecer\u00e3o subs\u00eddios para aumentar o padr\u00e3o de qualidade dos servi\u00e7os prestados, bem como para identificar novas demandas no perfil de egressos, atendendo a expectativas e promovendo a atualiza\u00e7\u00e3o constante da sua forma\u00e7\u00e3o.<\/p>\n<p style=\"text-align: justify\">Confira o nosso portal e aproveite os benef\u00edcios!<\/p>\n<div>\n<p style=\"text-align: justify\">Para preencher o question\u00e1rio do programa acesse:\u00a0<a href=\"http:\/\/ifbaiano.edu.br\/portal\/egressos\/\">http:\/\/ifbaiano.edu.br\/portal\/egressos\/<\/a><\/p>\n<\/div>\n<hr \/>\n<p><strong>VAGAS DE EMPREGO<\/strong><\/p>\n<p>Neste espa\u00e7o divulgaremos as oportunidades de emprego dispon\u00edveis no mercado\u00a0de trabalho.<\/p>\n<p>Caso a empresa deseje divulgar suas oportunidades nos nossos meios de comunica\u00e7\u00e3o dever\u00e1 preencher o <strong><a href=\"http:\/\/www.ifbaiano.edu.br\/unidades\/alagoinhas\/files\/2017\/09\/8-EMPRESA-DEMANDANTE-EMPREGO-28-08-17-BLZ.doc\">Formul\u00e1rio para divulga\u00e7\u00e3o de vagas de emprego<\/a><\/strong>\u00a0e posteriormente\u00a0enviar para o e-mail: <span style=\"color: #3366ff\"><a style=\"color: #3366ff\" href=\"mailto:nuri@alagoinhas.ifbaiano.edu.br\">nuri@alagoinhas.ifbaiano.edu.br<\/a><\/span><\/p>\n<p>&nbsp;<\/p>\n","protected":false},"excerpt":{"rendered":"<p>Este espa\u00e7o \u00e9 destinado para os egressos (ex- alunos) do IF Baiano Campus- Alagoinhas. Nele estar\u00e3o dispon\u00edveis informa\u00e7\u00f5es importantes para garantir um canal permanente de comunica\u00e7\u00e3o com os nossos egressos. Prolongar nossas rela\u00e7\u00f5es, al\u00e9m do tempo acad\u00eamico \u00e9 dar seguimento a uma hist\u00f3ria, a qual gostar\u00edamos de fazer parte continuamente. PROGRAMA DE ACOMPANHAMENTO DE EGRESSOS [&hellip;]<\/p>\n","protected":false},"author":76,"featured_media":0,"parent":0,"menu_order":46,"comment_status":"closed","ping_status":"closed","template":"","meta":[],"_links":{"self":[{"href":"https:\/\/www.ifbaiano.edu.br\/unidades\/alagoinhas\/wp-json\/wp\/v2\/pages\/713"}],"collection":[{"href":"https:\/\/www.ifbaiano.edu.br\/unidades\/alagoinhas\/wp-json\/wp\/v2\/pages"}],"about":[{"href":"https:\/\/www.ifbaiano.edu.br\/unidades\/alagoinhas\/wp-json\/wp\/v2\/types\/page"}],"author":[{"embeddable":true,"href":"https:\/\/www.ifbaiano.edu.br\/unidades\/alagoinhas\/wp-json\/wp\/v2\/users\/76"}],"replies":[{"embeddable":true,"href":"https:\/\/www.ifbaiano.edu.br\/unidades\/alagoinhas\/wp-json\/wp\/v2\/comments?post=713"}],"version-history":[{"count":17,"href":"https:\/\/www.ifbaiano.edu.br\/unidades\/alagoinhas\/wp-json\/wp\/v2\/pages\/713\/revisions"}],"predecessor-version":[{"id":912,"href":"https:\/\/www.ifbaiano.edu.br\/unidades\/alagoinhas\/wp-json\/wp\/v2\/pages\/713\/revisions\/912"}],"wp:attachment":[{"href":"https:\/\/www.ifbaiano.edu.br\/unidades\/alagoinhas\/wp-json\/wp\/v2\/media?parent=713"}],"curies":[{"name":"wp","href":"https:\/\/api.w.org\/{rel}","templated":true}]}}