{"id":11183,"date":"2019-07-19T11:23:36","date_gmt":"2019-07-19T14:23:36","guid":{"rendered":"http:\/\/www.ifbaiano.edu.br\/unidades\/bonfim\/?page_id=11183"},"modified":"2024-12-21T10:47:38","modified_gmt":"2024-12-21T13:47:38","slug":"coordenadores-de-cursos","status":"publish","type":"page","link":"https:\/\/www.ifbaiano.edu.br\/unidades\/bonfim\/coordenadores-de-cursos\/","title":{"rendered":"Coordenadores de Cursos"},"content":{"rendered":"<p><strong><span style=\"font-family: 'Arial','sans-serif';color: #343434\">CURSO T\u00c9CNICO INTEGRADO AO ENSINO M\u00c9DIO<\/span><\/strong><\/p>\n<p><strong>Agropecu\u00e1ria<\/strong><\/p>\n<p>Coordena\u00e7\u00e3o: Osvaldo Alves Arag\u00e3o Filho<\/p>\n<p><strong>Agroind\u00fastria<\/strong><\/p>\n<p>Coordena\u00e7\u00e3o: Silas Macedo Sales<\/p>\n<p><strong>Inform\u00e1tica<\/strong><\/p>\n<p>Coordena\u00e7\u00e3o: Diego Pereira da Concei\u00e7\u00e3o<\/p>\n<hr \/>\n<p style=\"background: white\"><strong><span style=\"font-family: 'Arial','sans-serif';color: #343434\">CURSO T\u00c9CNICO SUBSEQUENTE AO ENSINO M\u00c9DIO<\/span><\/strong><\/p>\n<p><strong>Alimentos<\/strong><\/p>\n<p>Coordena\u00e7\u00e3o: Paulo Leonardo Lima Ribeiro<\/p>\n<p><strong>Inform\u00e1tica<\/strong><\/p>\n<p>Coordena\u00e7\u00e3o: Mario Lucio Gomes de Queiroz Pierre Junior<\/p>\n<p><strong>Zootecnia<\/strong><\/p>\n<p>Coordena\u00e7\u00e3o: Alessandra Oliveira de Araujo<\/p>\n<p><strong>Agrimensura<\/strong><\/p>\n<p>Coordena\u00e7\u00e3o: Diogo Pinho Santos Macedo<\/p>\n<hr \/>\n<p><strong><span style=\"font-family: 'Arial','sans-serif';color: #343434\">GRADUA\u00c7\u00c3O<\/span><\/strong><\/p>\n<p><strong>Licenciatura em Ci\u00eancias Agr\u00e1rias<\/strong><\/p>\n<p>Coordena\u00e7\u00e3o: Antonio Sousa Silva<\/p>\n<p><strong>Licenciatura em Ci\u00eancias da Computa\u00e7\u00e3o<\/strong><\/p>\n<p>Coordena\u00e7\u00e3o: Jesse Nery Filho<\/p>\n<p><strong>Licenciatura em Qu\u00edmica<\/strong><\/p>\n<p>Coordena\u00e7\u00e3o: Juracir Silva Santos<\/p>\n<p><strong>Bacharelado em Administra\u00e7\u00e3o<\/strong><\/p>\n<p>Coordena\u00e7\u00e3o: Wellington Dantas<\/p>\n<hr \/>\n<p><strong><span style=\"font-family: 'Arial','sans-serif';color: #343434\">P\u00d3S-GRADUA\u00c7\u00c3O<\/span><\/strong><\/p>\n<p><strong>Desenvolvimento sustent\u00e1vel em recursos H\u00eddricos<\/strong><\/p>\n<p>Coordena\u00e7\u00e3o: Jos\u00e9 Radam\u00e9s Benevides de Melo<\/p>\n<p><strong>Metodologia do Ensino de Qu\u00edmica e F\u00edsica<\/strong><\/p>\n<p>Coordena\u00e7\u00e3o: Airam Oliveira Santos<\/p>\n<p><strong>Tecnologia em Alimentos<\/strong><\/p>\n<p>Coordena\u00e7\u00e3o: Karine Hojo Reboucas<\/p>\n<p><strong>Atividade F\u00edsica Relacionada \u00e0 Sa\u00fade<\/strong><\/p>\n<p>Coordena\u00e7\u00e3o: Jadson de Oliveira Lima<\/p>\n<hr \/>\n<p><strong><span style=\"font-family: 'Arial','sans-serif';color: #343434\">CURSOS EAD<\/span><\/strong><\/p>\n<p><strong>T\u00e9cnico em Multimeios Did\u00e1ticos<\/strong><\/p>\n<p>Coordena\u00e7\u00e3o: Indira Cristiane Moreira Goncalves Caldas<\/p>\n<p><strong>T\u00e9cnico em Secretariado Escolar<\/strong><\/p>\n<p>Coordena\u00e7\u00e3o: Aldenice de Jesus Cardoso de Almeida<\/p>\n<p><strong>T\u00e9cnico em Vendas <\/strong><\/p>\n<p>Coordena\u00e7\u00e3o: Claudia Kazumi Kiya<\/p>\n<p><strong>T\u00e9cnico em Inform\u00e1tica<\/strong><\/p>\n<p>Coordena\u00e7\u00e3o: Cleisson Fabricio Leite Batista<\/p>\n<p><strong>T\u00e9cnico em Rede de Computadores<\/strong><\/p>\n<p>Coordena\u00e7\u00e3o: Sandro Ferreira de Lima<\/p>\n<hr \/>\n","protected":false},"excerpt":{"rendered":"<p>CURSO T\u00c9CNICO INTEGRADO AO ENSINO M\u00c9DIO Agropecu\u00e1ria Coordena\u00e7\u00e3o: Osvaldo Alves Arag\u00e3o Filho Agroind\u00fastria Coordena\u00e7\u00e3o: Silas Macedo Sales Inform\u00e1tica Coordena\u00e7\u00e3o: Diego Pereira da Concei\u00e7\u00e3o CURSO T\u00c9CNICO SUBSEQUENTE AO ENSINO M\u00c9DIO Alimentos Coordena\u00e7\u00e3o: Paulo Leonardo Lima Ribeiro Inform\u00e1tica Coordena\u00e7\u00e3o: Mario Lucio Gomes de Queiroz Pierre Junior Zootecnia Coordena\u00e7\u00e3o: Alessandra Oliveira de Araujo Agrimensura Coordena\u00e7\u00e3o: Diogo Pinho Santos [&hellip;]<\/p>\n","protected":false},"author":110,"featured_media":0,"parent":0,"menu_order":0,"comment_status":"closed","ping_status":"closed","template":"","meta":[],"_links":{"self":[{"href":"https:\/\/www.ifbaiano.edu.br\/unidades\/bonfim\/wp-json\/wp\/v2\/pages\/11183"}],"collection":[{"href":"https:\/\/www.ifbaiano.edu.br\/unidades\/bonfim\/wp-json\/wp\/v2\/pages"}],"about":[{"href":"https:\/\/www.ifbaiano.edu.br\/unidades\/bonfim\/wp-json\/wp\/v2\/types\/page"}],"author":[{"embeddable":true,"href":"https:\/\/www.ifbaiano.edu.br\/unidades\/bonfim\/wp-json\/wp\/v2\/users\/110"}],"replies":[{"embeddable":true,"href":"https:\/\/www.ifbaiano.edu.br\/unidades\/bonfim\/wp-json\/wp\/v2\/comments?post=11183"}],"version-history":[{"count":12,"href":"https:\/\/www.ifbaiano.edu.br\/unidades\/bonfim\/wp-json\/wp\/v2\/pages\/11183\/revisions"}],"predecessor-version":[{"id":21627,"href":"https:\/\/www.ifbaiano.edu.br\/unidades\/bonfim\/wp-json\/wp\/v2\/pages\/11183\/revisions\/21627"}],"wp:attachment":[{"href":"https:\/\/www.ifbaiano.edu.br\/unidades\/bonfim\/wp-json\/wp\/v2\/media?parent=11183"}],"curies":[{"name":"wp","href":"https:\/\/api.w.org\/{rel}","templated":true}]}}