{"id":15464,"date":"2022-11-07T10:55:38","date_gmt":"2022-11-07T13:55:38","guid":{"rendered":"https:\/\/www.ifbaiano.edu.br\/unidades\/bonfim\/?page_id=15464"},"modified":"2025-09-23T18:33:53","modified_gmt":"2025-09-23T21:33:53","slug":"integrado-informatica","status":"publish","type":"page","link":"https:\/\/www.ifbaiano.edu.br\/unidades\/bonfim\/integrado-informatica\/","title":{"rendered":"T\u00e9cnico em Inform\u00e1tica Integrado ao Ensino M\u00e9dio"},"content":{"rendered":"\n<h3 class=\"wp-block-heading\"><\/h3>\n\n\n\n<strong><div id=\"TituloMenu\" class=\"dnone\"> Perfil do curso<\/div> <\/strong><\/p><p>\n\n\n\n<p>Diante da constante transforma\u00e7\u00e3o causada pelas TDIC e a Computa\u00e7\u00e3o, o Curso T\u00e9cnico em Inform\u00e1tica Integrado ao Ensino M\u00e9dio, do IF Baiano Campus Senhor do Bonfim, busca proporcionar uma forma\u00e7\u00e3o profissional articulada aos tr\u00eas eixos tem\u00e1ticos da Computa\u00e7\u00e3o apresentados pela Sociedade Brasileira de Computa\u00e7\u00e3o (SBC): Pensamento Computacional, Mundo Digital e Cultura Digital (SBC, 2019). A oferta do curso T\u00e9cnico em Inform\u00e1tica integrado ao ensino m\u00e9dio busca proporcionar ao estudante um percurso formativo, no qual ele consiga estabelecer as rela\u00e7\u00f5es da Computa\u00e7\u00e3o e o mundo do trabalho, articular os saberes inerentes `a forma\u00e7\u00e3o profissional e contribuir com o desenvolvimento econ\u00f4mico da regi\u00e3o.<\/p>\n\n\n\n<figure class=\"wp-block-table is-style-stripes\"><table><tbody><tr><td><strong>NOME DO CURSO<\/strong><\/td><td>T\u00c9CNICO EM INFORM\u00c1TICA INTEGRADO AO ENSINO M\u00c9DIO<\/td><\/tr><tr><td><strong>EIXO TECNOL\u00d3GICO<\/strong><\/td><td>Informa\u00e7\u00e3o em Comunica\u00e7\u00e3o<\/td><\/tr><tr><td><strong>MODALIDADE DE OFERTA<\/strong><\/td><td>Presencial<\/td><\/tr><tr><td><strong>HABILITA\u00c7\u00c3O<\/strong><\/td><td>T\u00e9cnico em Inform\u00e1tica<\/td><\/tr><tr><td><strong>FORMA DE DESENVOLVIMENTO DO<br>CURSO<\/strong><\/td><td>Integrado ao Ensino M\u00e9dio<\/td><\/tr><tr><td><strong>N\u00cdVEL<\/strong><\/td><td>M\u00e9dio Profissionalizante<\/td><\/tr><tr><td><strong>REGIME ACAD\u00caMICO<\/strong><\/td><td>S\u00e9ries anuais<\/td><\/tr><tr><td><strong>LOCAL DE OFERTA<\/strong><\/td><td>IF Baiano Campus Senhor do Bonfim<\/td><\/tr><tr><td><strong>TURNO DE FUNCIONAMENTO<\/strong><\/td><td>Diurno (Matutino e Vespertino)<\/td><\/tr><tr><td><strong>N\u00b0 DE VAGAS<\/strong><\/td><td>M\u00e1ximo 30 vagas<\/td><\/tr><tr><td><strong>PERIODICIDADE DE OFERTA<\/strong><\/td><td>Anual<\/td><\/tr><tr><td><strong>CARGA HOR\u00c1RIA TOTAL<\/strong><\/td><td><code>M\u00ednimo 3.310 horas<\/code><br>M\u00e1ximo 3.470 horas<\/td><\/tr><tr><td><strong>DURA\u00c7\u00c3O M\u00cdNIMA DO CURSO<\/strong><\/td><td>3 anos<\/td><\/tr><\/tbody><\/table><\/figure>\n\n\n\n<strong><div id=\"TituloMenu\" class=\"dnone\"> Objetivo do curso<\/div> <\/strong><\/p><p>\n\n\n\n<p>Oportunizar a forma\u00e7\u00e3o de T\u00e9cnicos em Inform\u00e1tica, visando suprir a demanda do mundo do trabalho por profissionais qualificados nas diversas \u00e1reas da computa\u00e7\u00e3o, atrav\u00e9s de uma educa\u00e7\u00e3o emancipat\u00f3ria e empreendedora, capazes de realizar manuten\u00e7\u00e3o e suporte de computadores e sistemas, instalar e gerenciar redes de computadores, desenvolver software, gerenciar bases de dados, programar dispositivos computacionais, al\u00e9m de proporcionar condi\u00e7\u00f5es de prosseguimento aos estudos.<\/p>\n\n\n\n<strong><div id=\"TituloMenu\" class=\"dnone\"> Perfil do Egresso e Atua\u00e7\u00e3o Profissional<\/div> <\/strong><\/p><p>\n\n\n\n<p>De acordo com o Cat\u00e1logo Nacional de Cursos T\u00e9cnicos (BRASIL, 2020) o T\u00e9cnico em Inform\u00e1tica est\u00e1 apto: a usufruir de possibilidades de verticaliza\u00e7\u00e3o para cursos de gradua\u00e7\u00e3o no itiner\u00e1rio formativo; realizar modelagem, desenvolvimento, testes, implementa\u00e7\u00e3o e manuten\u00e7\u00e3o de sistemas computacionais; executar montagem, instala\u00e7\u00e3o e configura\u00e7\u00e3o de equipamentos de inform\u00e1tica; modelar, construir e realizar manuten\u00e7\u00e3o de banco de dados; executar montagem, instala\u00e7\u00e3o e configura\u00e7\u00e3o de equipamentos de inform\u00e1tica; instalar e configurar sistemas operacionais e aplicativos em equipamentos computacionais; realizar manuten\u00e7\u00e3o preventiva e corretiva de equipamentos de inform\u00e1tica; instalar e configurar dispositivos de acesso \u00e0 rede e realizar testes de conectividade; realizar atendimento ao usu\u00e1rio (help desk); operar, instalar, configurar e realizar manuten\u00e7\u00e3o em redes de computadores.<\/p>\n\n\n\n<strong><div id=\"TituloMenu\" class=\"dnone\"> Estrutura do curso<\/div> <\/strong><\/p><p>\n\n\n\n<p>O curso tem a dura\u00e7\u00e3o de tr\u00eas (03) anos, incluindo o est\u00e1gio supervisionado externo, com 160 horas. A organiza\u00e7\u00e3o curricular do curso est\u00e1 fundamentada na Resolu\u00e7\u00e3o n\u00ba 06\/2012 da CNE\/CBE, a qual determina a organiza\u00e7\u00e3o curricular por eixos tecnol\u00f3gicos definidores de um projeto pedag\u00f3gico que contemple as trajet\u00f3rias dos itiner\u00e1rios formativos e estabele\u00e7a exig\u00eancias profissionais que direcionem a a\u00e7\u00e3o educativa das institui\u00e7\u00f5es e dos sistemas de ensino na oferta da Educa\u00e7\u00e3o Profissional T\u00e9cnica de N\u00edvel M\u00e9dio, conforme a estrutura apresentada na tabela a seguir.<\/p>\n\n\n\n<figure class=\"wp-block-table is-style-stripes\"><table class=\"has-fixed-layout\"><tbody><tr><td class=\"has-text-align-center\" data-align=\"center\"><strong>Componentes Curriculares<\/strong><\/td><td class=\"has-text-align-center\" data-align=\"center\"><strong>Carga hor\u00e1ria (h)<\/strong><\/td><\/tr><tr><td class=\"has-text-align-center\" data-align=\"center\">Base Comum Curricular<\/td><td class=\"has-text-align-center\" data-align=\"center\">1.800<\/td><\/tr><tr><td class=\"has-text-align-center\" data-align=\"center\">N\u00facleo Diversificado Integrador<\/td><td class=\"has-text-align-center\" data-align=\"center\">200<\/td><\/tr><tr><td class=\"has-text-align-center\" data-align=\"center\">Eixo Tecnol\u00f3gico<\/td><td class=\"has-text-align-center\" data-align=\"center\">1200<\/td><\/tr><tr><td class=\"has-text-align-center\" data-align=\"center\">Est\u00e1gio Supervisionado<\/td><td class=\"has-text-align-center\" data-align=\"center\">150<\/td><\/tr><tr><td class=\"has-text-align-center\" data-align=\"center\"><strong>Total<\/strong><\/td><td class=\"has-text-align-center\" data-align=\"center\"><strong>3.350<\/strong><\/td><\/tr><tr><td class=\"has-text-align-center\" data-align=\"center\">N\u00facleo Diversificado Eletivo<\/td><td class=\"has-text-align-center\" data-align=\"center\">160<\/td><\/tr><tr><td class=\"has-text-align-center\" data-align=\"center\"><strong>Total<\/strong><\/td><td class=\"has-text-align-center\" data-align=\"center\"><strong>3.510<\/strong><\/td><\/tr><\/tbody><\/table><\/figure>\n\n\n\n<strong><div id=\"TituloMenu\" class=\"dnone\"> Hor\u00e1rio de funcionamento<\/div> <\/strong><\/p><p>\n\n\n\n<p>O funcionamento do curso ocorre semanalmente nos turnos diurnos, das 7:30h \u00e0s 11:30h e das 13:30h \u00e0s 17:30h, durante os duzentos dias letivos, conforme calend\u00e1rio letivo.<\/p>\n\n\n\n<strong><div id=\"TituloMenu\" class=\"dnone\"> Hor\u00e1rio das Aulas Presenciais<\/div> <\/strong><\/p><p>\n\n\n\n<p><strong><a href=\"https:\/\/www.ifbaiano.edu.br\/unidades\/bonfim\/files\/2025\/09\/1a-2a-e-3a-Series-Horario-Informatica-Integrado-ao-Medio-2025.1_VERSAO_SITE.pdf\" data-type=\"URL\" data-id=\"https:\/\/www.ifbaiano.edu.br\/unidades\/bonfim\/files\/2025\/09\/1a-2a-e-3a-Series-Horario-Informatica-Integrado-ao-Medio-2025.1_VERSAO_SITE.pdf\">Hor\u00e1rio das aulas da 1\u00aa, 2\u00aa e 3\u00aa s\u00e9ries &#8211; <\/a><a href=\"https:\/\/www.ifbaiano.edu.br\/unidades\/bonfim\/files\/2025\/09\/1a-2a-e-3a-Series-Horario-Informatica-Integrado-ao-Medio.pdf\" data-type=\"URL\" data-id=\"https:\/\/www.ifbaiano.edu.br\/unidades\/bonfim\/files\/2025\/09\/1a-2a-e-3a-Series-Horario-Informatica-Integrado-ao-Medio-2025.1_VERSAO_SITE.pdf\">Ano <\/a><a href=\"https:\/\/www.ifbaiano.edu.br\/unidades\/bonfim\/files\/2025\/09\/1a-2a-e-3a-Series-Horario-Informatica-Integrado-ao-Medio-2025.1_VERSAO_SITE.pdf\" data-type=\"URL\" data-id=\"https:\/\/www.ifbaiano.edu.br\/unidades\/bonfim\/files\/2025\/09\/1a-2a-e-3a-Series-Horario-Informatica-Integrado-ao-Medio-2025.1_VERSAO_SITE.pdf\">2025<\/a><\/strong><\/p>\n\n\n\n<strong><div id=\"TituloMenu\" class=\"dnone\"> Escala de s\u00e1bados letivos<\/div> <\/strong><\/p><p>\n\n\n\n<p><a href=\"https:\/\/www.ifbaiano.edu.br\/unidades\/bonfim\/files\/2025\/09\/Sabados-Letivos-2025-do-Curso-Tecnico-de-Informatica-Integrado-ao-Ensino-Medio.pdf\"><strong>S\u00e1bados letivos &#8211; Ano 2025<\/strong><\/a><\/p>\n\n\n\n<strong><div id=\"TituloMenu\" class=\"dnone\"> Calend\u00e1rio Acad\u00eamico<\/div> <\/strong><\/p><p>\n\n\n\n<p><a rel=\"noreferrer noopener\" href=\"https:\/\/www.ifbaiano.edu.br\/unidades\/bonfim\/files\/2025\/03\/Calendario-academico-2025-Curso-Tecnico-em-Informatica-Integrado-ao-Ensino-Medio_Versao-2-.pdf\" target=\"_blank\"><strong>Calend\u00e1rio Curso T\u00e9cnico em Inform\u00e1tica Integrado 2025<\/strong><\/a><\/p>\n\n\n\n<strong><div id=\"TituloMenu\" class=\"dnone\"> Como ingressar?<\/div> <\/strong><\/p><p>\n\n\n\n<p>Para que o(a) discente tenha acesso ao curso T\u00e9cnico em Inform\u00e1tica Integrado ao Ensino M\u00e9dio, exige-se a conclus\u00e3o do Ensino Fundamental ou equivalente. Conforme cap\u00edtulo IV da Organiza\u00e7\u00e3o Did\u00e1tica dos Cursos da Educa\u00e7\u00e3o Profissional T\u00e9cnica de N\u00edvel M\u00e9dio, o ingresso ao curso ser\u00e1 por meio de: processo seletivo institucional; transfer\u00eancia compuls\u00f3ria; transfer\u00eancia interna ou externa, atendendo ao que disp\u00f5e a legisla\u00e7\u00e3o vigente do Pa\u00eds e as normas internas da Institui\u00e7\u00e3o, conforme disposto na Organiza\u00e7\u00e3o Did\u00e1tica do IF Baiano; atrav\u00e9s de conv\u00eanio, de interc\u00e2mbio ou de acordo cultural.<\/p>\n\n\n\n<hr class=\"wp-block-separator has-alpha-channel-opacity is-style-default\" \/>\n\n\n\n<ul>\n<li><a href=\"https:\/\/www.ifbaiano.edu.br\/unidades\/bonfim\/files\/2025\/09\/TUTORIA-ACADEMICA-ANO-2025-CURSO-TECNICO-DE-INFORMATICA.pdf\">Tutoria Acad\u00eamica Ano 2025<\/a><\/li>\n\n\n\n<li><a rel=\"noreferrer noopener\" href=\"https:\/\/www.ifbaiano.edu.br\/unidades\/bonfim\/files\/2023\/04\/Resolucao-275_2023-OS-CONSUP_IFBAIANO.pdf\" data-type=\"URL\" data-id=\"https:\/\/www.ifbaiano.edu.br\/unidades\/bonfim\/files\/2023\/04\/Resolucao-275_2023-OS-CONSUP_IFBAIANO.pdf\" target=\"_blank\">Resolu\u00e7\u00e3o 275\/2023 &#8211; Ratifica a aprova\u00e7\u00e3o de implanta\u00e7\u00e3o e funcionamento, e o \u00a0Projeto Pedag\u00f3gico do Curso T\u00e9cnico em Inform\u00e1tica Integrado ao Ensino M\u00e9dio<\/a><\/li>\n\n\n\n<li><a rel=\"noreferrer noopener\" href=\"https:\/\/www.ifbaiano.edu.br\/unidades\/bonfim\/files\/2024\/02\/Organizacao-Didatica-dos-Cursos-da-Educacao-Profissional-Tecnica-de-Nivel-Medio-do-IF-Baiano.pdf\" data-type=\"URL\" data-id=\"https:\/\/www.ifbaiano.edu.br\/unidades\/bonfim\/files\/2024\/02\/Organizacao-Didatica-dos-Cursos-da-Educacao-Profissional-Tecnica-de-Nivel-Medio-do-IF-Baiano.pdf\" target=\"_blank\">Organiza\u00e7\u00e3o Did\u00e1tica dos Cursos da Educa\u00e7\u00e3o Profissional T\u00e9cnica de N\u00edvel M\u00e9dio do IF Baiano<\/a> <\/li>\n\n\n\n<li><a rel=\"noreferrer noopener\" href=\"https:\/\/www.ifbaiano.edu.br\/unidades\/bonfim\/files\/2022\/11\/PPC-informatica-Integrado-20-10-2022.pdf\" target=\"_blank\">Projeto Pedag\u00f3gico do Curso T\u00e9cnico em Inform\u00e1tica Integrado ao Ensino M\u00e9dio<\/a><\/li>\n\n\n\n<li><a rel=\"noreferrer noopener\" href=\"https:\/\/www.ifbaiano.edu.br\/unidades\/bonfim\/files\/2022\/11\/Resolucao-243-2022-aprovacao-curso-informatica-integrado-ao-ensino-medio.pdf\" target=\"_blank\">Resolu\u00e7\u00e3o de cria\u00e7\u00e3o do Curso T\u00e9cnico em Inform\u00e1tica Integrado ao Ensino M\u00e9dio<\/a><\/li>\n<\/ul>\n\n\n\n<strong><div id=\"TituloMenu\" class=\"dnone\"> Coordena\u00e7\u00e3o do curso<\/div> <\/strong><\/p><p>\n\n\n\n<p><strong>Rita de C\u00e1ssia Souza Martins<\/strong><\/p>\n\n\n\n<p><strong>E-mail<\/strong>: integrado.informatica@bonfim.ifbaiano.edu.br<\/p>\n\n\n\n<ol>\n<li><strong>Lattes<\/strong>: <a href=\"http:\/\/lattes.cnpq.br\/3731585429943984\">http:\/\/lattes.cnpq.br\/3731585429943984<\/a><\/li>\n\n\n\n<li><strong>E-mail<\/strong>: rita.martins@ifbaiano.edu.br<\/li>\n\n\n\n<li><strong>Gabinete<\/strong>: 24<\/li>\n<\/ol>\n","protected":false},"excerpt":{"rendered":"<p>Perfil do curso Diante da constante transforma\u00e7\u00e3o causada pelas TDIC e a Computa\u00e7\u00e3o, o Curso T\u00e9cnico em Inform\u00e1tica Integrado ao Ensino M\u00e9dio, do IF Baiano Campus Senhor do Bonfim, busca proporcionar uma forma\u00e7\u00e3o profissional articulada aos tr\u00eas eixos tem\u00e1ticos da Computa\u00e7\u00e3o apresentados pela Sociedade Brasileira de Computa\u00e7\u00e3o (SBC): Pensamento Computacional, Mundo Digital e Cultura Digital [&hellip;]<\/p>\n","protected":false},"author":136,"featured_media":0,"parent":0,"menu_order":0,"comment_status":"closed","ping_status":"closed","template":"","meta":[],"_links":{"self":[{"href":"https:\/\/www.ifbaiano.edu.br\/unidades\/bonfim\/wp-json\/wp\/v2\/pages\/15464"}],"collection":[{"href":"https:\/\/www.ifbaiano.edu.br\/unidades\/bonfim\/wp-json\/wp\/v2\/pages"}],"about":[{"href":"https:\/\/www.ifbaiano.edu.br\/unidades\/bonfim\/wp-json\/wp\/v2\/types\/page"}],"author":[{"embeddable":true,"href":"https:\/\/www.ifbaiano.edu.br\/unidades\/bonfim\/wp-json\/wp\/v2\/users\/136"}],"replies":[{"embeddable":true,"href":"https:\/\/www.ifbaiano.edu.br\/unidades\/bonfim\/wp-json\/wp\/v2\/comments?post=15464"}],"version-history":[{"count":78,"href":"https:\/\/www.ifbaiano.edu.br\/unidades\/bonfim\/wp-json\/wp\/v2\/pages\/15464\/revisions"}],"predecessor-version":[{"id":22565,"href":"https:\/\/www.ifbaiano.edu.br\/unidades\/bonfim\/wp-json\/wp\/v2\/pages\/15464\/revisions\/22565"}],"wp:attachment":[{"href":"https:\/\/www.ifbaiano.edu.br\/unidades\/bonfim\/wp-json\/wp\/v2\/media?parent=15464"}],"curies":[{"name":"wp","href":"https:\/\/api.w.org\/{rel}","templated":true}]}}