{"id":17380,"date":"2023-10-31T15:49:03","date_gmt":"2023-10-31T18:49:03","guid":{"rendered":"https:\/\/www.ifbaiano.edu.br\/unidades\/bonfim\/?page_id=17380"},"modified":"2025-05-09T07:17:05","modified_gmt":"2025-05-09T10:17:05","slug":"napne","status":"publish","type":"page","link":"https:\/\/www.ifbaiano.edu.br\/unidades\/bonfim\/napne\/","title":{"rendered":"N\u00facleo de Atendimento \u00e0s Pessoas com Necessidades Espec\u00edficas \u2013 NAPNE"},"content":{"rendered":"\n<strong><div id=\"TituloMenu\" class=\"dnone\"> apresenta\u00e7\u00e3o<\/div> <\/strong><\/p><p>\n\n\n\n<p>O N\u00facleo de Atendimento \u00e0s Pessoas com Necessidades Espec\u00edficas (NAPNE) do IF Baiano tem natureza propositiva, consultiva e executiva, institu\u00eddo em conson\u00e2ncia com a Pol\u00edtica de Diversidade, Equidade e Inclus\u00e3o da nossa institui\u00e7\u00e3o. Comprometido com a promo\u00e7\u00e3o de um ambiente educacional acess\u00edvel e inclusivo, o NAPNE atua para assegurar condi\u00e7\u00f5es equ\u00e2nimes de aprendizagem e contribuir para a constru\u00e7\u00e3o de uma comunidade acad\u00eamica que respeite e valorize a diversidade.<\/p>\n\n\n\n<strong><div id=\"TituloMenu\" class=\"dnone\"> finalidades<\/div> <\/strong><\/p><p>\n\n\n\n<p>O NAPNE tem como objetivo orientar e apoiar os\/as estudantes, professores\/as, t\u00e9cnicos\/as e toda a comunidade acad\u00eamica na identifica\u00e7\u00e3o e supera\u00e7\u00e3o de barreiras que possam comprometer o acesso, a perman\u00eancia e o \u00eaxito no processo formativo. Por meio de a\u00e7\u00f5es integradas e do desenvolvimento de projetos, cursos e eventos, o NAPNE atua em parceria com os diversos setores do IF Baiano para:<\/p>\n\n\n\n<ul>\n<li>Elaborar e executar o planejamento anual de atividades que promovam a adapta\u00e7\u00e3o de metodologias, materiais e ambientes pedag\u00f3gicos.<\/li>\n\n\n\n<li>Implementar medidas articuladas de acessibilidade que garantam condi\u00e7\u00f5es igualit\u00e1rias para a aprendizagem.<\/li>\n\n\n\n<li>Fomentar a constru\u00e7\u00e3o de redes de apoio que incentivem a conviv\u00eancia e o respeito \u00e0s diversas necessidades espec\u00edficas.<\/li>\n\n\n\n<li>Assessorar o(a) Diretor(a) Geral dos campi nas quest\u00f5es relativas \u00e0 inclus\u00e3o, viabilizando a\u00e7\u00f5es que assegurem o acesso, a perman\u00eancia e a conclus\u00e3o dos cursos por pessoas com necessidades espec\u00edficas.<\/li>\n\n\n\n<li>Participar ativamente das comiss\u00f5es dos processos seletivos e de acessibilidade, orientando e fiscalizando o cumprimento das legisla\u00e7\u00f5es e normas t\u00e9cnicas vigentes.<\/li>\n\n\n\n<li>Colaborar com a equipe pedag\u00f3gica e com as coordena\u00e7\u00f5es de cursos, oferecendo subs\u00eddios para a adapta\u00e7\u00e3o de t\u00e9cnicas, estrat\u00e9gias e curr\u00edculos.<\/li>\n\n\n\n<li>Planejar, de acordo com o or\u00e7amento anual, a aloca\u00e7\u00e3o de recursos financeiros para atividades, projetos e eventos voltados \u00e0 Educa\u00e7\u00e3o Especial e Inclusiva.<\/li>\n\n\n\n<li>Estimular a elabora\u00e7\u00e3o de projetos de ensino, pesquisa e extens\u00e3o nas \u00e1reas de Educa\u00e7\u00e3o Especial e Inclusiva.<\/li>\n\n\n\n<li>Promover eventos e cursos de forma\u00e7\u00e3o que envolvam a comunidade acad\u00eamica e incentivem a valoriza\u00e7\u00e3o e o respeito \u00e0 diversidade humana.<\/li>\n<\/ul>\n\n\n\n<strong><div id=\"TituloMenu\" class=\"dnone\"> p\u00fablico atendido<\/div> <\/strong><\/p><p>\n\n\n\n<p>Pessoas cujas necessidades espec\u00edficas se originem em fun\u00e7\u00e3o de uma Defici\u00eancia, de Transtornos Globais do Desenvolvimento \u2013 TGD, atualmente denominado Transtorno do Espectro Autista-TEA, das Altas Habilidades\/Superdota\u00e7\u00e3o, ou ainda de Transtornos funcionais espec\u00edficos (Dislexia, Disortografia, Disgrafia, Discalculia, Transtorno de D\u00e9ficit de Aten\u00e7\u00e3o e Hiperatividade -TDAH, dentre outros) e as pessoas com mobilidade reduzida, conforme legisla\u00e7\u00e3o vigente, em especial a Resolu\u00e7\u00e3o n\u00ba 04\/2009, as Notas T\u00e9cnicas n\u00ba 11\/2010 e 04\/2014, o Decreto n\u00b0 7.611\/2011 assim como os Marcos Normativos Lei n\u00ba 12.764\/2012, Lei 12.796\/2013 e Lei 13.146\/2015.<\/p>\n\n\n\n<strong><div id=\"TituloMenu\" class=\"dnone\"> equipe<\/div> <\/strong><\/p><p>\n\n\n\n<figure class=\"wp-block-table\" style=\"font-size:12px\"><table><tbody><tr><td><strong>Rickson Rodrigues Faustino da Silva <\/strong><br>Fun\u00e7\u00e3o: Coordenador<br>Cargo: Tradutor e Int\u00e9rprete de Libras<br>E-mail: rickson.silva@ifbaiano.edu.br<\/td><td><strong>Tatiane da Silva Lima<\/strong><br>Fun\u00e7\u00e3o: Coordenadora Suplente<br>Cargo: Professora EBTT<br>E-mail: tatiane.lima@ifbaiano.edu.br<\/td><td><strong>Enos Figueredo de Freitas<\/strong><br>Fun\u00e7\u00e3o: Secret\u00e1rio<br>Cargo: Professor EBTT<br>E-mail: enos.freitas@ifbaiano.edu.br<\/td><\/tr><tr><td><strong>Ariane Alves Gutierrez<\/strong><br>Fun\u00e7\u00e3o: Secret\u00e1ria Suplente<br>Cargo: Professora EBTT<br>E-mail: ariane.gutierrez@ifbaiano.edu.br<\/td><td><strong>Ant\u00f4nio Daley Marques do Nascimento<\/strong><br>Fun\u00e7\u00e3o: Membro<br>Cargo: Tradutor e Int\u00e9rprete de Libras<br>E-mail: antonio.nascimento@ifbaiano.edu.br<\/td><td><strong>Catiane Santos de Almeida Bittencourt<\/strong><br>Fun\u00e7\u00e3o: Membro<br>Cargo: Bibliotec\u00e1ria Documentalista                    <br>E-mail: catiane.bittencourt@ifbaiano.edu.br<\/td><\/tr><tr><td><strong>Danielle Sobral Porto Costa<\/strong><br>Fun\u00e7\u00e3o: Membro<strong><br><\/strong>Cargo: Professora EBTT<br>E-mail: danielle.costa@ifbaiano.edu.br<\/td><td><strong>Izabela Lorena Azevedo<\/strong><br>Fun\u00e7\u00e3o: Membro<strong><br><\/strong>Cargo: Professora EBTT<br>E-mail: izabela.azevedo@ifbaiano.edu.br<\/td><td><strong><strong>Jeffesom Morgado Santos<\/strong><br><\/strong>Fun\u00e7\u00e3o: Membro<strong><br><\/strong>Cargo: Discente Bel. Administra\u00e7\u00e3o<br>Email: jerffesommorgado91@gmail.com<\/td><\/tr><tr><td><strong>Paulo Vieira de Lima<\/strong><br>Fun\u00e7\u00e3o: Membro<strong><br><\/strong>Cargo: Tradutor e Int\u00e9rprete de Libras<br>E-mail: paulo.lima@ifbaiano.edu.br<\/td><td><strong>Phelipe Sena Oliveira<\/strong><br>Fun\u00e7\u00e3o: Membro<br>Cargo: Professor EBTT<br>E-mail: phelipe.oliveira@ifbaiano.edu.br<br><\/td><td><\/td><\/tr><\/tbody><\/table><\/figure>\n\n\n\n<hr class=\"wp-block-separator has-alpha-channel-opacity\" \/>\n\n\n\n<p class=\"has-small-font-size\"><strong>Documentos<\/strong>:<\/p>\n\n\n\n<ul>\n<li><a rel=\"noreferrer noopener\" href=\"http:\/\/www.planalto.gov.br\/ccivil_03\/_ato2004-2006\/2005\/decreto\/d5626.htm\" target=\"_blank\">Decreto 5.626\/2005 regulamenta a Lei n\u00ba 10.436, de 24 de abril de 2002, que disp\u00f5e sobre a L\u00edngua Brasileira de Sinais\u00a0\u2013 Libras, e o art. 18 da Lei n\u00ba 10.098, de 19 de dezembro de 2000<\/a><\/li>\n\n\n\n<li><a href=\"https:\/\/www.planalto.gov.br\/ccivil_03\/_ato2015-2018\/2015\/lei\/l13146.htm\" data-type=\"URL\" data-id=\"https:\/\/www.planalto.gov.br\/ccivil_03\/_ato2015-2018\/2015\/lei\/l13146.htm\">Lei <\/a><a rel=\"noreferrer noopener\" href=\"https:\/\/www.planalto.gov.br\/ccivil_03\/_ato2015-2018\/2015\/lei\/l13146.htm\" data-type=\"URL\" data-id=\"https:\/\/www.planalto.gov.br\/ccivil_03\/_ato2015-2018\/2015\/lei\/l13146.htm\" target=\"_blank\">Brasileira de Inclus\u00e3o da Pessoa com Defici\u00eancia <\/a><\/li>\n\n\n\n<li><a rel=\"noreferrer noopener\" href=\"https:\/\/www.planalto.gov.br\/ccivil_03\/leis\/2002\/l10436.htm\" data-type=\"URL\" data-id=\"https:\/\/www.planalto.gov.br\/ccivil_03\/leis\/2002\/l10436.htm\" target=\"_blank\">Lei 10.436\/2002 disp\u00f5es sobre a L\u00edngua Bra<\/a><\/li>\n\n\n\n<li><a rel=\"noreferrer noopener\" href=\"https:\/\/www.ifbaiano.edu.br\/unidades\/bonfim\/files\/2025\/05\/Normatizacao-das-Atividades-dos-Tradutores-e-Interpretes-de-Libras-Lingua-Portuguesa.pdf\" data-type=\"URL\" data-id=\"https:\/\/www.ifbaiano.edu.br\/unidades\/bonfim\/files\/2025\/05\/Normatizacao-das-Atividades-dos-Tradutores-e-Interpretes-de-Libras-Lingua-Portuguesa.pdf\" target=\"_blank\">Normatiza\u00e7\u00e3o das Atividades dos Tradutores e Int\u00e9rpretes de Libras\/Portu<\/a><\/li>\n\n\n\n<li><a rel=\"noreferrer noopener\" href=\"https:\/\/www.ifbaiano.edu.br\/unidades\/bonfim\/files\/2025\/04\/8.-Politica-da-Diversidade-e-Inclusao.pdf\" data-type=\"URL\" data-id=\"https:\/\/www.ifbaiano.edu.br\/unidades\/bonfim\/files\/2025\/04\/8.-Politica-da-Diversidade-e-Inclusao.pdf\" target=\"_blank\">Politica de Diversidade e Inclus\u00e3o<\/a><\/li>\n\n\n\n<li><a rel=\"noreferrer noopener\" href=\"https:\/\/www.ifbaiano.edu.br\/unidades\/bonfim\/files\/2025\/04\/REGIMENTO-DO-NAPNE-2018.pdf\" data-type=\"URL\" data-id=\"https:\/\/www.ifbaiano.edu.br\/unidades\/bonfim\/files\/2025\/04\/REGIMENTO-DO-NAPNE-2018.pdf\" target=\"_blank\">Regimento do N\u00facleo de atendimento \u00e0s Pessoas c<\/a><\/li>\n<\/ul>\n","protected":false},"excerpt":{"rendered":"<p>apresenta\u00e7\u00e3o O N\u00facleo de Atendimento \u00e0s Pessoas com Necessidades Espec\u00edficas (NAPNE) do IF Baiano tem natureza propositiva, consultiva e executiva, institu\u00eddo em conson\u00e2ncia com a Pol\u00edtica de Diversidade, Equidade e Inclus\u00e3o da nossa institui\u00e7\u00e3o. Comprometido com a promo\u00e7\u00e3o de um ambiente educacional acess\u00edvel e inclusivo, o NAPNE atua para assegurar condi\u00e7\u00f5es equ\u00e2nimes de aprendizagem e [&hellip;]<\/p>\n","protected":false},"author":74,"featured_media":0,"parent":0,"menu_order":0,"comment_status":"closed","ping_status":"closed","template":"","meta":[],"_links":{"self":[{"href":"https:\/\/www.ifbaiano.edu.br\/unidades\/bonfim\/wp-json\/wp\/v2\/pages\/17380"}],"collection":[{"href":"https:\/\/www.ifbaiano.edu.br\/unidades\/bonfim\/wp-json\/wp\/v2\/pages"}],"about":[{"href":"https:\/\/www.ifbaiano.edu.br\/unidades\/bonfim\/wp-json\/wp\/v2\/types\/page"}],"author":[{"embeddable":true,"href":"https:\/\/www.ifbaiano.edu.br\/unidades\/bonfim\/wp-json\/wp\/v2\/users\/74"}],"replies":[{"embeddable":true,"href":"https:\/\/www.ifbaiano.edu.br\/unidades\/bonfim\/wp-json\/wp\/v2\/comments?post=17380"}],"version-history":[{"count":21,"href":"https:\/\/www.ifbaiano.edu.br\/unidades\/bonfim\/wp-json\/wp\/v2\/pages\/17380\/revisions"}],"predecessor-version":[{"id":21613,"href":"https:\/\/www.ifbaiano.edu.br\/unidades\/bonfim\/wp-json\/wp\/v2\/pages\/17380\/revisions\/21613"}],"wp:attachment":[{"href":"https:\/\/www.ifbaiano.edu.br\/unidades\/bonfim\/wp-json\/wp\/v2\/media?parent=17380"}],"curies":[{"name":"wp","href":"https:\/\/api.w.org\/{rel}","templated":true}]}}