{"id":18645,"date":"2024-08-26T09:43:15","date_gmt":"2024-08-26T12:43:15","guid":{"rendered":"https:\/\/www.ifbaiano.edu.br\/unidades\/bonfim\/?page_id=18645"},"modified":"2025-01-19T20:10:52","modified_gmt":"2025-01-19T23:10:52","slug":"curso-de-redes-de-computadores","status":"publish","type":"page","link":"https:\/\/www.ifbaiano.edu.br\/unidades\/bonfim\/curso-de-redes-de-computadores\/","title":{"rendered":"Curso de Redes de Computadores"},"content":{"rendered":"<div class=\"wp-block-image\">\n<figure class=\"alignleft size-full is-resized\"><a href=\"https:\/\/www.ifbaiano.edu.br\/unidades\/bonfim\/files\/2024\/09\/red12.png\"><img decoding=\"async\" loading=\"lazy\" src=\"https:\/\/www.ifbaiano.edu.br\/unidades\/bonfim\/files\/2024\/09\/red12.png\" alt=\"\" class=\"wp-image-18695\" width=\"1059\" height=\"415\" \/><\/a><\/figure><\/div>\n\n\n<p><\/p>\n\n\n\n<h2 class=\"wp-block-heading has-text-color has-x-large-font-size\" style=\"color:#01420b\">Apresenta\u00e7\u00e3o<\/h2>\n\n\n\n<hr class=\"wp-block-separator has-alpha-channel-opacity\" \/>\n\n\n\n<p style=\"font-size:16px\">O Curso T\u00e9cnico em Rede de Computadores Subsequente ao Ensino M\u00e9dio est\u00e1 alocado no eixo Tecnol\u00f3gico de Informa\u00e7\u00e3o e Comunica\u00e7\u00e3o do Cat\u00e1logo Nacional de Cursos T\u00e9cnicos (CNCT) em sua 4\u00aa edi\u00e7\u00e3o de 27\/01\/2021, do Minist\u00e9rio de educa\u00e7\u00e3o (MEC), onde est\u00e3o alocados cursos relacionados \u00e0 comunica\u00e7\u00e3o e processamento de dados e informa\u00e7\u00f5es, respons\u00e1veis por desenvolver um conjunto de atua\u00e7\u00f5es entre as quais cabe destacar: concep\u00e7\u00e3o desenvolvimento implanta\u00e7\u00e3o opera\u00e7\u00e3o avalia\u00e7\u00e3o e manuten\u00e7\u00e3o de sistemas e tecnologias relacionadas \u00e0 inform\u00e1tica e telecomunica\u00e7\u00f5es, promovido pelo Instituto Federal de Educa\u00e7\u00e3o, Ci\u00eancia e Tecnologia Baiano &#8211; Campus Senhor do Bonfim.<\/p>\n\n\n\n<p style=\"font-size:16px\">A oferta desse curso na modalidade EAD promover\u00e1 a democratiza\u00e7\u00e3o do ensino profissional e tecnol\u00f3gico do instituto, por meio do ensino t\u00e9cnico nos diversos territ\u00f3rios de identidade baianos, atingindo a popula\u00e7\u00e3o em espa\u00e7os long\u00ednquos, atualmente operantes nas cidades de Campo Formoso, Capim Grosso, Mundo Novo, Ponto Novo, Remanso e Senhor do Bonfim.<\/p>\n\n\n\n<p style=\"font-size:16px\">Sob a \u00e9gide da legisla\u00e7\u00e3o institucional e nacional vigente este curso pretende formar um egresso que: opera, instala, configura e realiza manuten\u00e7\u00e3o em redes de computadores; aplica t\u00e9cnicas de instala\u00e7\u00e3o e configura\u00e7\u00e3o de redes f\u00edsicas e l\u00f3gicas; instala, configura e administra sistemas operacionais em redes de computadores; implementa pol\u00edticas de seguran\u00e7a para acesso a dados e servi\u00e7os diversos<\/p>\n\n\n\n<div style=\"height:50px\" aria-hidden=\"true\" class=\"wp-block-spacer\"><\/div>\n\n\n\n<h2 class=\"wp-block-heading has-text-color has-x-large-font-size\" style=\"color:#01420b\">P\u00fablico-alvo<\/h2>\n\n\n\n<hr class=\"wp-block-separator has-text-color has-black-color has-alpha-channel-opacity has-black-background-color has-background\" \/>\n\n\n\n<p style=\"font-size:16px\">A proposta destina-se a estudantes egressos do ensino m\u00e9dio ou cursos equivalentes, que necessitam ampliar a sua forma\u00e7\u00e3o profissional, desde que sejam portadores de diploma do n\u00edvel m\u00e9dio devidamente reconhecido e registrado nos \u00f3rg\u00e3os competentes.<br><\/p>\n\n\n\n<div style=\"height:50px\" aria-hidden=\"true\" class=\"wp-block-spacer\"><\/div>\n\n\n\n<p><\/p>\n\n\n\n<h2 class=\"wp-block-heading has-text-color has-x-large-font-size\" style=\"color:#01420b\">Como ingressar?<\/h2>\n\n\n\n<hr class=\"wp-block-separator has-text-color has-black-color has-alpha-channel-opacity has-black-background-color has-background\" \/>\n\n\n\n<p style=\"font-size:16px\">O ingresso do aluno no curso t\u00e9cnico EAD em Redes de Computadores Subsequente ao Ensino M\u00e9dio ocorre mediante a um processo seletivo unificado do IF Baiano. <\/p>\n\n\n\n<div style=\"height:50px\" aria-hidden=\"true\" class=\"wp-block-spacer\"><\/div>\n\n\n\n<h2 class=\"wp-block-heading has-text-color\" style=\"color:#01420b;font-size:50px\">Coordena\u00e7\u00e3o<\/h2>\n\n\n\n<hr class=\"wp-block-separator has-text-color has-black-color has-alpha-channel-opacity has-black-background-color has-background\" \/>\n\n\n<div class=\"wp-block-image\">\n<figure class=\"alignleft size-full is-resized\"><a href=\"https:\/\/www.ifbaiano.edu.br\/unidades\/bonfim\/files\/2024\/10\/foto-CEAD-00.png\"><img decoding=\"async\" src=\"https:\/\/www.ifbaiano.edu.br\/unidades\/bonfim\/files\/2024\/10\/foto-CEAD-00.png\" alt=\"\" class=\"wp-image-19330\" width=\"321\" \/><\/a><\/figure><\/div>\n\n\n<blockquote class=\"wp-block-quote\">\n<p><\/p>\n<\/blockquote>\n\n\n\n<p><\/p>\n\n\n\n<p><\/p>\n\n\n\n<p><\/p>\n\n\n\n<p><\/p>\n\n\n\n<p><\/p>\n\n\n\n<p><\/p>\n\n\n\n<p><\/p>\n\n\n\n<h2 class=\"wp-block-heading has-text-color has-x-large-font-size\" style=\"color:#01420b\">Mediadores Por Polos<\/h2>\n\n\n\n<ol>\n<li style=\"font-size:16px\"><strong>Campo Formoso<\/strong>: Mediadora Presencial e Mediadora Virtual \u2013 <em><mark style=\"background-color:#ffffff\" class=\"has-inline-color has-vivid-red-color\">Haitla da Silva Lima<\/mark><\/em><\/li>\n\n\n\n<li style=\"font-size:16px\"><strong>Capim Grosso<\/strong>: Mediador Presencial e Mediador Virtual \u2013 <em><mark style=\"background-color:#ffffff\" class=\"has-inline-color has-vivid-red-color\">Vagner Rios dos Santos<\/mark><\/em><\/li>\n\n\n\n<li style=\"font-size:16px\"><strong>Mundo Novo<\/strong>: Mediador Virtual \u2013<mark style=\"background-color:#ffffff\" class=\"has-inline-color\"> <\/mark><em><mark style=\"background-color:#ffffff\" class=\"has-inline-color has-vivid-red-color\">\u00c1rtus Bolzanni<\/mark><\/em><\/li>\n\n\n\n<li style=\"font-size:16px\"><strong>Ponto Novo<\/strong>: Mediador Presencial e Mediador Virtual \u2013 <em><mark style=\"background-color:#ffffff\" class=\"has-inline-color has-vivid-red-color\">Ueslei de Oliveira Silva<\/mark><\/em><\/li>\n\n\n\n<li style=\"font-size:16px\"><strong>Remanso<\/strong>: Mediador Presencial \u2013<em> <mark style=\"background-color:#ffffff\" class=\"has-inline-color has-vivid-red-color\">Jorge Luiz de Alencar e Isabel Almeida da Silva <\/mark><\/em>e Mediador Virtual \u2013 <em><mark style=\"background-color:#ffffff\" class=\"has-inline-color has-vivid-red-color\">L<\/mark><\/em><em><mark style=\"background-color:#ffffff\" class=\"has-inline-color has-vivid-red-color\">u\u00eds F\u00e1bio B da Silva e Isabel Almeida da Silva.<\/mark><\/em><\/li>\n\n\n\n<li style=\"font-size:16px\"><strong>Senhor do Bonfim<\/strong>: Mediador Presencial \u2013 <em><mark style=\"background-color:#ffffff\" class=\"has-inline-color has-vivid-red-color\">Adoniram da Silva Matos<\/mark><\/em> e Mediador Virtual \u2013 <em><mark style=\"background-color:#ffffff\" class=\"has-inline-color has-vivid-red-color\">\u00c1rtus Bolzanni<\/mark><\/em><\/li>\n<\/ol>\n\n\n\n<div style=\"height:50px\" aria-hidden=\"true\" class=\"wp-block-spacer\"><\/div>\n\n\n\n<h2 class=\"wp-block-heading has-text-color has-x-large-font-size\" style=\"color:#01420b\">Dura\u00e7\u00e3o do Curso<\/h2>\n\n\n\n<hr class=\"wp-block-separator has-text-color has-black-color has-alpha-channel-opacity has-black-background-color has-background\" \/>\n\n\n\n<p style=\"font-size:16px\">O curso de EAD de Redes de Computadores modalidade Subsequente tem a dura\u00e7\u00e3o regular de 18 meses, com o per\u00edodo m\u00e1ximo de integraliza\u00e7\u00e3o de 36 meses.<\/p>\n\n\n\n<div style=\"height:50px\" aria-hidden=\"true\" class=\"wp-block-spacer\"><\/div>\n\n\n\n<h2 class=\"wp-block-heading has-text-color has-x-large-font-size\" style=\"color:#01420b\">Matriz Curricular e Carga Hor\u00e1ria do Curso<\/h2>\n\n\n\n<hr class=\"wp-block-separator has-text-color has-black-color has-alpha-channel-opacity has-black-background-color has-background\" \/>\n\n\n\n<p style=\"font-size:16px\">O curso de EAD de Redes de Computadores est\u00e1 dividido em tr\u00eas Semestres, disposto de cada disciplinas e suas respectivas carga hor\u00e1ria, conforme a descri\u00e7\u00e3o da tabela abaixo.<br><\/p>\n\n\n\n<div style=\"height:50px\" aria-hidden=\"true\" class=\"wp-block-spacer\"><\/div>\n\n\n\n<figure class=\"wp-block-table is-style-stripes\"><table><thead><tr><th class=\"has-text-align-left\" data-align=\"left\">DISCIPLINAS DO 1\u00ba SEMESTRE<\/th><th>CARGA HOR\u00c1RIA TOTAL<\/th><\/tr><\/thead><tbody><tr><td class=\"has-text-align-left\" data-align=\"left\">Ambienta\u00e7\u00e3o em Educa\u00e7\u00e3o a Dist\u00e2ncia<\/td><td>                              40<\/td><\/tr><tr><td class=\"has-text-align-left\" data-align=\"left\">\u00c9tica Profissional<\/td><td>                              40<\/td><\/tr><tr><td class=\"has-text-align-left\" data-align=\"left\">Ingl\u00eas para fins T\u00e9cnicos<\/td><td>                              80<\/td><\/tr><tr><td class=\"has-text-align-left\" data-align=\"left\">Empreendedorismo<\/td><td>                              40<\/td><\/tr><tr><td class=\"has-text-align-left\" data-align=\"left\">Princ\u00edpios de Redes de Computadores<\/td><td>                              80<\/td><\/tr><tr><td class=\"has-text-align-left\" data-align=\"left\">Fundamentos de l\u00f3gica computacional<\/td><td>                              80<\/td><\/tr><tr><td class=\"has-text-align-left\" data-align=\"left\">Projeto Integrador I<\/td><td>                              40<\/td><\/tr><\/tbody><tfoot><tr><th class=\"has-text-align-left\" data-align=\"left\"><strong>SUBTOTAL<\/strong><\/th><th>400<\/th><\/tr><\/tfoot><\/table><\/figure>\n\n\n\n<figure class=\"wp-block-table is-style-stripes\"><table><thead><tr><th>DISCIPLINAS DO 2\u00ba SEMESTRE<\/th><th>CARGA HOR\u00c1RIA TOTAL<\/th><\/tr><\/thead><tbody><tr><td>Redes sem Fio<\/td><td>                          80<\/td><\/tr><tr><td>Cabeamento Estruturado e Projeto de Redes de<br>Computadores<\/td><td>                          80<\/td><\/tr><tr><td>Sistemas Operacionais de Redes<\/td><td>                          80<\/td><\/tr><tr><td>Servi\u00e7os em Redes de Computadores<\/td><td>                          80<\/td><\/tr><tr><td>Projeto Integrador II<\/td><td>                          40<\/td><\/tr><\/tbody><tfoot><tr><th>SUBTOTAL<\/th><th>360<\/th><\/tr><\/tfoot><\/table><\/figure>\n\n\n\n<figure class=\"wp-block-table is-style-stripes\"><table><thead><tr><th>DISCIPLINAS DO 3\u00ba SEMESTRE<\/th><th>CARGA HOR\u00c1RIA TOTAL<\/th><\/tr><\/thead><tbody><tr><td>Seguran\u00e7a em redes de computadores<\/td><td>                            80<\/td><\/tr><tr><td>Computa\u00e7\u00e3o em Nuvem e Virtualiza\u00e7\u00e3o<\/td><td>                            80<\/td><\/tr><tr><td>Automa\u00e7\u00e3o via script<\/td><td>                            80<\/td><\/tr><tr><td>Gerenciamento de Redes de Computadores<\/td><td>                            80<\/td><\/tr><tr><td>Projeto Integrador III<\/td><td>                            40<\/td><\/tr><\/tbody><tfoot><tr><th>SUBTOTAL<\/th><th>360<\/th><\/tr><\/tfoot><\/table><\/figure>\n\n\n\n<p class=\"has-vivid-red-color has-text-color has-medium-font-size\"><strong>CARGA HOR\u00c1RIA DO EIXO TECNOL\u00d3GICO:&nbsp;<mark style=\"background-color:#ffffff\" class=\"has-inline-color has-black-color\">1.120 horas<\/mark><\/strong><\/p>\n\n\n\n<div style=\"height:50px\" aria-hidden=\"true\" class=\"wp-block-spacer\"><\/div>\n\n\n\n<h2 class=\"wp-block-heading has-text-color has-x-large-font-size\" style=\"color:#01420b\">Crit\u00e9rio de Avalia\u00e7\u00e3o<\/h2>\n\n\n\n<hr class=\"wp-block-separator has-text-color has-black-color has-alpha-channel-opacity has-black-background-color has-background\" \/>\n\n\n\n<p style=\"font-size:16px\">Ser\u00e1 considerado o desempenho acad\u00eamico do estudante, em todos os componentes curriculares, igual ou superior a 6,0 (seis pontos) E a frequ\u00eancia m\u00ednima de 75% (setenta e cinco por cento), considerando o somat\u00f3rio das atividades presenciais e online.<\/p>\n\n\n\n<p style=\"font-size:16px\">As notas das atividades avaliativas ser\u00e3o atribu\u00eddas pelo professor mediador presencial e virtual conforme crit\u00e9rio definido pelo professor formador da disciplina, em uma escala de 0,0 (zero) a 10,0 (dez), obedecendo o seguinte peso:<\/p>\n\n\n\n<p style=\"font-size:16px\">I \u2013 Avali\u00e7\u00f5es online ter\u00e3o peso 80% que constituir\u00e1 a M\u00e9dia a Dist\u00e2ncia (MD);<\/p>\n\n\n\n<p style=\"font-size:16px\">II \u2013 Avali\u00e7\u00f5es presenciais ter\u00e3o peso 20% que constituir\u00e1 a M\u00e9dia Presencial (MP);<\/p>\n\n\n\n<p>Ao final do M\u00f3dulo de Estudo, o estudante que obtiver m\u00e9dia inferior a 6,0 (seis pontos) ou que n\u00e3o tenha alcan\u00e7ado a frequ\u00eancia m\u00ednima de 75% da carga hor\u00e1ria do componente curricular ter\u00e1 direito \u00e0 recupera\u00e7\u00e3o final, que constitui uma avalia\u00e7\u00e3o cumulativa por disciplina, no formato online, com valor de 10,0 (dez) pontos.<\/p>\n\n\n\n<p>Para aprova\u00e7\u00e3o, o estudante dever\u00e1 alcan\u00e7ar o m\u00ednimo de 5,0 (cinco pontos) como M\u00e9dia Final, ap\u00f3s a Recupera\u00e7\u00e3o Final. O estudante que n\u00e3o for aprovado ser\u00e1 encaminhado ao Conselho de Classe, seguindo as formalidades previstas na ODEPTNM do IF Baiano. Aquele que n\u00e3o realizar a recupera\u00e7\u00e3o final ou for reprovado em mais de dois componentes curriculares por m\u00f3dulo n\u00e3o ter\u00e1 o direito de participar do Conselho de Classe.<\/p>\n\n\n\n<div style=\"height:50px\" aria-hidden=\"true\" class=\"wp-block-spacer\"><\/div>\n\n\n\n<h2 class=\"wp-block-heading has-text-color has-x-large-font-size\" style=\"color:#01420b\">Informa\u00e7\u00f5es Sobre Certificados e T\u00edtulos<\/h2>\n\n\n\n<hr class=\"wp-block-separator has-text-color has-black-color has-alpha-channel-opacity has-black-background-color has-background\" \/>\n\n\n\n<p style=\"font-size:16px\">Certificado de t\u00e9cnico em Rede de Computadores emitido pelo instituto Federal Baiano campus Senhor do Bonfim-Ba.<\/p>\n\n\n\n<p style=\"font-size:16px\">Ao t\u00e9rmino de cada semestre, o estudante poder\u00e1 requerer o Certificado de Qualifica\u00e7\u00e3o Profissional (Certifica\u00e7\u00e3o Intermedi\u00e1ria), Desde que tenha cumprido, com aprova\u00e7\u00e3o as disciplinas requeridas para as respectivas certifica\u00e7\u00f5es, conforme apresentado nesta se\u00e7\u00e3o. Desse modo, ao longo do curso, haver\u00e1 tr\u00eas certifica\u00e7\u00f5es intermediarias definidas de acordo com o CNCT (em sua 4\u00aa edi\u00e7\u00e3o de 27\/01\/2021):<\/p>\n\n\n\n<ol type=\"1\">\n<li style=\"font-size:16px\"><strong>Operador de Computadores;<\/strong><\/li>\n\n\n\n<li style=\"font-size:16px\"><strong>Operador de Sistemas Computacionais em Redes;<\/strong><\/li>\n\n\n\n<li style=\"font-size:16px\"><strong>Instalador e Reparador de Redes de Computadores<\/strong>.<\/li>\n<\/ol>\n\n\n\n<p style=\"font-size:16px\">Os certificados e diplomas do Curso T\u00e9cnico em Rede de Computadores Subsequente ao Ensino M\u00e9dio ser\u00e1 emitido pela SRA do Campus de Senhor do Bonfim para o estudante que estiver regularmente matriculado.<\/p>\n\n\n\n<div style=\"height:50px\" aria-hidden=\"true\" class=\"wp-block-spacer\"><\/div>\n\n\n\n<h2 class=\"wp-block-heading has-text-color has-x-large-font-size\" style=\"color:#01420b\"> Contatos<\/h2>\n\n\n\n<hr class=\"wp-block-separator has-text-color has-black-color has-alpha-channel-opacity has-black-background-color has-background\" \/>\n\n\n\n<h2 class=\"wp-block-heading has-text-color\" style=\"color:#01420b\"><strong>Coordena\u00e7\u00f5es de Polo<\/strong><\/h2>\n\n\n\n<ol>\n<li style=\"font-size:16px\"><strong>Campo Formoso<\/strong>: neumacarmem@gmail.com \u2013 <em><mark style=\"background-color:#ffffff\" class=\"has-inline-color has-vivid-red-color\">Nelma Carmem Oliveira Liro Braga<\/mark><\/em><\/li>\n\n\n\n<li style=\"font-size:16px\"><strong>Capim Grosso<\/strong>: neidesun1@hotmail.com \u2013 <em><mark style=\"background-color:#ffffff\" class=\"has-inline-color has-vivid-red-color\">Ivaneide Almeida Silva<\/mark><\/em><\/li>\n\n\n\n<li style=\"font-size:16px\"><strong>Mundo Novo<\/strong>: izabel.silva@gsaladeaula.com.br \u2013<mark style=\"background-color:#ffffff\" class=\"has-inline-color has-vivid-red-color\"> <em>Izabel Concei\u00e7\u00e3o Costa da Silva<\/em><\/mark><\/li>\n\n\n\n<li style=\"font-size:16px\"><strong>Ponto Novo<\/strong>: normeiderodrigues42@gmail.com \u2013 <em><mark style=\"background-color:#ffffff\" class=\"has-inline-color has-vivid-red-color\">Normeide Rodrigues da Silva<\/mark><\/em><\/li>\n\n\n\n<li style=\"font-size:16px\"><strong>Remanso<\/strong>: renatolirarso@hotmail.com \u2013 <em><mark style=\"background-color:#ffffff\" class=\"has-inline-color has-vivid-red-color\">Renato Lu\u00eds de Lira<\/mark><\/em><\/li>\n\n\n\n<li style=\"font-size:16px\"><strong>Senhor do Bonfim<\/strong>: aldenice.jesus@ifbaiano.edu.br \u2013 <em><mark style=\"background-color:#ffffff\" class=\"has-inline-color has-vivid-red-color\">Aldenice de Jesus Cardoso de Almeida<\/mark><\/em><\/li>\n<\/ol>\n\n\n\n<h2 class=\"wp-block-heading has-text-color\" style=\"color:#01420b\"><strong>Coordena\u00e7\u00e3o <\/strong><\/h2>\n\n\n\n<ol>\n<li style=\"font-size:16px\"><strong>CEAD<\/strong>: cead.sbf@ead.ifbaiano.edu.br \u2013 <em><mark style=\"background-color:#ffffff\" class=\"has-inline-color has-vivid-red-color\">Sandro Ferreira de Lima<\/mark><\/em><\/li>\n\n\n\n<li style=\"font-size:16px\"><strong>REDE DE COMPUTADORES<\/strong>: curso.redes.sbf@ead.ifbaiano.edu.br \u2013 <em><mark style=\"background-color:#ffffff\" class=\"has-inline-color has-vivid-red-color\">Sandro Ferreira de Lima<\/mark><mark class=\"has-inline-color has-vivid-red-color\"> <\/mark><\/em><\/li>\n<\/ol>\n\n\n\n<div style=\"height:50px\" aria-hidden=\"true\" class=\"wp-block-spacer\"><\/div>\n\n\n\n<p><\/p>\n\n\n\n<hr class=\"wp-block-separator has-text-color has-black-color has-alpha-channel-opacity has-black-background-color has-background\" \/>\n\n\n\n<h2 class=\"wp-block-heading has-text-color\" style=\"color:#01420b\"><strong>Documentos de Autoriza\u00e7\u00e3o e Funcionamento do Curso<\/strong><\/h2>\n\n\n\n<figure class=\"wp-block-image size-full is-resized\"><a href=\"https:\/\/www.ifbaiano.edu.br\/unidades\/bonfim\/files\/2024\/09\/pdf-foto.png\"><img decoding=\"async\" loading=\"lazy\" src=\"https:\/\/www.ifbaiano.edu.br\/unidades\/bonfim\/files\/2024\/09\/pdf-foto.png\" alt=\"\" class=\"wp-image-18769\" width=\"94\" height=\"112\" \/><\/a><\/figure>\n\n\n\n<p class=\"has-medium-font-size\"><a href=\"https:\/\/www.ifbaiano.edu.br\/unidades\/bonfim\/files\/2024\/09\/PPC-do-Curso-Tecnico-em-Redes-de-computadores-Subsequente-EAD-2-1.pdf\">PPC do Curso T\u00e9cnico em Redes de computadores<\/a><\/p>\n\n\n\n<p style=\"font-size:18px\"><a href=\"https:\/\/www.ifbaiano.edu.br\/unidades\/bonfim\/files\/2024\/09\/Organizacao-Didatica-da-EPTNM.pdf\">Organizacao-Didatica-da-EPTNM<\/a><\/p>\n\n\n\n<p style=\"font-size:18px\"><a href=\"https:\/\/www.ifbaiano.edu.br\/unidades\/bonfim\/files\/2024\/09\/regulamento_ead.pdf\">Regulamento da EAD<\/a><\/p>\n\n\n\n<p style=\"font-size:18px\"><a href=\"https:\/\/www.ifbaiano.edu.br\/unidades\/bonfim\/files\/2024\/09\/guia_estudante.pdf\">Guia do Estudante<\/a><\/p>\n\n\n\n<p style=\"font-size:18px\"><a href=\"https:\/\/www.ifbaiano.edu.br\/unidades\/bonfim\/files\/2024\/09\/manual_moodle.pdf\">Manual do Moodle<\/a><\/p>\n","protected":false},"excerpt":{"rendered":"<p>Apresenta\u00e7\u00e3o O Curso T\u00e9cnico em Rede de Computadores Subsequente ao Ensino M\u00e9dio est\u00e1 alocado no eixo Tecnol\u00f3gico de Informa\u00e7\u00e3o e Comunica\u00e7\u00e3o do Cat\u00e1logo Nacional de Cursos T\u00e9cnicos (CNCT) em sua 4\u00aa edi\u00e7\u00e3o de 27\/01\/2021, do Minist\u00e9rio de educa\u00e7\u00e3o (MEC), onde est\u00e3o alocados cursos relacionados \u00e0 comunica\u00e7\u00e3o e processamento de dados e informa\u00e7\u00f5es, respons\u00e1veis por desenvolver [&hellip;]<\/p>\n","protected":false},"author":178,"featured_media":0,"parent":0,"menu_order":0,"comment_status":"closed","ping_status":"closed","template":"","meta":[],"_links":{"self":[{"href":"https:\/\/www.ifbaiano.edu.br\/unidades\/bonfim\/wp-json\/wp\/v2\/pages\/18645"}],"collection":[{"href":"https:\/\/www.ifbaiano.edu.br\/unidades\/bonfim\/wp-json\/wp\/v2\/pages"}],"about":[{"href":"https:\/\/www.ifbaiano.edu.br\/unidades\/bonfim\/wp-json\/wp\/v2\/types\/page"}],"author":[{"embeddable":true,"href":"https:\/\/www.ifbaiano.edu.br\/unidades\/bonfim\/wp-json\/wp\/v2\/users\/178"}],"replies":[{"embeddable":true,"href":"https:\/\/www.ifbaiano.edu.br\/unidades\/bonfim\/wp-json\/wp\/v2\/comments?post=18645"}],"version-history":[{"count":71,"href":"https:\/\/www.ifbaiano.edu.br\/unidades\/bonfim\/wp-json\/wp\/v2\/pages\/18645\/revisions"}],"predecessor-version":[{"id":20035,"href":"https:\/\/www.ifbaiano.edu.br\/unidades\/bonfim\/wp-json\/wp\/v2\/pages\/18645\/revisions\/20035"}],"wp:attachment":[{"href":"https:\/\/www.ifbaiano.edu.br\/unidades\/bonfim\/wp-json\/wp\/v2\/media?parent=18645"}],"curies":[{"name":"wp","href":"https:\/\/api.w.org\/{rel}","templated":true}]}}