{"id":19769,"date":"2024-12-21T10:33:02","date_gmt":"2024-12-21T13:33:02","guid":{"rendered":"https:\/\/www.ifbaiano.edu.br\/unidades\/bonfim\/?page_id=19769"},"modified":"2026-01-30T11:01:29","modified_gmt":"2026-01-30T14:01:29","slug":"licenciatura-em-quimica","status":"publish","type":"page","link":"https:\/\/www.ifbaiano.edu.br\/unidades\/bonfim\/licenciatura-em-quimica\/","title":{"rendered":"Licenciatura em Qu\u00edmica"},"content":{"rendered":"<div class=\"wp-block-image\">\n<figure class=\"aligncenter size-full\"><a href=\"https:\/\/www.ifbaiano.edu.br\/unidades\/bonfim\/files\/2025\/02\/0798-Copia-de-Copia-de-Logotipo.webp\"><img decoding=\"async\" loading=\"lazy\" width=\"281\" height=\"500\" src=\"https:\/\/www.ifbaiano.edu.br\/unidades\/bonfim\/files\/2025\/02\/0798-Copia-de-Copia-de-Logotipo-edited.webp\" alt=\"\" class=\"wp-image-20448\" srcset=\"https:\/\/www.ifbaiano.edu.br\/unidades\/bonfim\/files\/2025\/02\/0798-Copia-de-Copia-de-Logotipo-edited.webp 281w, https:\/\/www.ifbaiano.edu.br\/unidades\/bonfim\/files\/2025\/02\/0798-Copia-de-Copia-de-Logotipo-edited-169x300.webp 169w, https:\/\/www.ifbaiano.edu.br\/unidades\/bonfim\/files\/2025\/02\/0798-Copia-de-Copia-de-Logotipo-edited-100x178.webp 100w\" sizes=\"(max-width: 281px) 100vw, 281px\" \/><\/a><\/figure><\/div>\n\n\n<h2 class=\"wp-block-heading\">Apresenta\u00e7\u00e3o<\/h2>\n\n\n\n<p><strong>DADOS DE IDENTIFICA\u00c7\u00c3O DO CURSO<\/strong><\/p>\n\n\n\n<figure class=\"wp-block-table\"><table><tbody><tr><td><strong>TIPO DE CURSO<\/strong><\/td><td>Ensino Superior \u2013 Licenciatura em Qu\u00edmica<\/td><\/tr><tr><td><strong>DESCRI\u00c7\u00c3O<\/strong><\/td><td>O curso de Licenciatura em Qu\u00edmica do IF Baiano &#8211; <em>Campus<\/em> Senhor do Bonfim est\u00e1 pautado na perspectiva cient\u00edfica, tecnol\u00f3gica e human\u00edstica, relacionada ao campo da Qu\u00edmica e aos saberes da doc\u00eancia. Tendo em vista a constru\u00e7\u00e3o do conhecimento de modo cr\u00edtico-reflexivo e alicer\u00e7ados na articula\u00e7\u00e3o teoria e pr\u00e1tica para a compreens\u00e3o e a transforma\u00e7\u00e3o da realidade, por meio do ensino, da pesquisa e da extens\u00e3o. Sua estrutura curricular est\u00e1 bem diversificada, a fim de proporcionar ao estudante uma forma\u00e7\u00e3o s\u00f3lida nas \u00e1reas espec\u00edfica e pedag\u00f3gica. Al\u00e9m disso, busca proporcionar experi\u00eancias profissionais reais no futuro ambiente de trabalho, sempre associando a pesquisa e a extens\u00e3o.<\/td><\/tr><tr><td><strong>HABILITA\u00c7\u00c3O<\/strong><\/td><td>Licenciatura em Qu\u00edmica<\/td><\/tr><tr><td><strong>MODALIDADE<\/strong><\/td><td>Presencial<\/td><\/tr><tr><td><strong>P\u00daBLICO ALVO<\/strong><\/td><td>Portadores de hist\u00f3rico de conclus\u00e3o do Ensino M\u00e9dio e\/ou curso T\u00e9cnico Integrado de Escolas P\u00fablicas e Privadas. Transfer\u00eancias, reop\u00e7\u00e3o de curso e portadores de diploma.<\/td><\/tr><tr><td><strong>IMPLANTA\u00c7\u00c3O<\/strong><\/td><td>1\u00ba semestre de 2025<\/td><\/tr><tr><td><strong>PERIODICIDADE DE OFERTA<\/strong><\/td><td>Anual<\/td><\/tr><tr><td><strong>INTEGRALIZA\u00c7\u00c3O<\/strong><\/td><td>M\u00ednima de 4 anos e M\u00e1xima de 8 anos<\/td><\/tr><tr><td><strong>VAGAS<\/strong><\/td><td>35<\/td><\/tr><tr><td><strong>TURNO<\/strong><\/td><td>Noturno<\/td><\/tr><tr><td><strong>REGIME DE MATR\u00cdCULA<\/strong><\/td><td>Semestral<\/td><\/tr><tr><td><strong>CARGA HOR\u00c1RIA TOTAL<\/strong><\/td><td>3.260 horas<\/td><\/tr><\/tbody><\/table><\/figure>\n\n\n\n<hr class=\"wp-block-separator has-alpha-channel-opacity\" \/>\n\n\n\n<h2 class=\"wp-block-heading\">Objetivos do Curso<\/h2>\n\n\n\n<p>Formar docentes com ampla vis\u00e3o cr\u00edtica e reflexiva da realidade, para promover o conhecimento cient\u00edfico, a dissemina\u00e7\u00e3o da ci\u00eancia e a transposi\u00e7\u00e3o did\u00e1tica, transformando o cient\u00edfico em conhecimento escolar:<\/p>\n\n\n\n<ul>\n<li>Formar docentes para atua\u00e7\u00e3o na Educa\u00e7\u00e3o B\u00e1sica, contemplando os n\u00edveis de Ensino Fundamental II e M\u00e9dio, e as modalidades de Educa\u00e7\u00e3o Profissional e de Pessoas Jovens, Adultas e Idosas;<\/li>\n\n\n\n<li>Formar docentes pautados em uma \u00e9tica de atua\u00e7\u00e3o profissional, atentos para suas responsabilidades sociais e ambientais;<\/li>\n\n\n\n<li>Preparar o licenciando para explorar e resolver situa\u00e7\u00f5es-problema relacionados ao cotidiano, utilizando os conceitos da qu\u00edmica;<\/li>\n\n\n\n<li>Desenvolver atitude investigativa com intuito de despertar no licenciando a busca constante de atualiza\u00e7\u00e3o, acompanhando a evolu\u00e7\u00e3o cient\u00edfica;<\/li>\n\n\n\n<li>Possibilitar a apropria\u00e7\u00e3o de novas tecnologias educacionais na educa\u00e7\u00e3o cient\u00edfica, de modo que os futuros professores compreendam os processos de produ\u00e7\u00e3o, o uso dessas ferramentas reconhecendo seus potenciais e limita\u00e7\u00f5es;<\/li>\n\n\n\n<li>Preparar o licenciando para o desempenho de outras fun\u00e7\u00f5es inerentes \u00e0s atividades desenvolvidas na Ind\u00fastria; e<\/li>\n\n\n\n<li>Outros objetivos descritos no PPC do Curso.<\/li>\n<\/ul>\n\n\n\n<hr class=\"wp-block-separator has-alpha-channel-opacity\" \/>\n\n\n\n<h2 class=\"wp-block-heading\">Perfil do egresso&nbsp;<\/h2>\n\n\n\n<p>O licenciado em qu\u00edmica deve: <\/p>\n\n\n\n<ul>\n<li>Possuir forma\u00e7\u00e3o s\u00f3lida em Qu\u00edmica e na \u00e1rea pedag\u00f3gica;<\/li>\n\n\n\n<li>Ter a capacidade de acompanhar o r\u00e1pido desenvolvimento tecnol\u00f3gico e de informa\u00e7\u00f5es;<\/li>\n\n\n\n<li>Exercer a profiss\u00e3o de forma \u00e9tica, cr\u00edtica e reflexiva;<\/li>\n\n\n\n<li>Estimular o desenvolvimento local e regional, considerando aspectos econ\u00f4micos, hist\u00f3ricos, culturais, geogr\u00e1ficos e ambientais;<\/li>\n\n\n\n<li>Possuir forma\u00e7\u00e3o ampla para transitar por diversos ramos da Qu\u00edmica e \u00e1reas correlatas (biologia, matem\u00e1tica, f\u00edsica);<\/li>\n\n\n\n<li>Atuar com \u00e9tica na constru\u00e7\u00e3o de uma sociedade justa, equ\u00e2nime e igualit\u00e1ria;<\/li>\n\n\n\n<li>Trabalhar na constru\u00e7\u00e3o do conhecimento dos estudantes em diferentes fases do desenvolvimento humano;<\/li>\n\n\n\n<li>Dominar os conte\u00fados espec\u00edficos e pedag\u00f3gicos de forma interdisciplinar;<\/li>\n\n\n\n<li>Identificar e propor solu\u00e7\u00f5es para quest\u00f5es socioculturais e educacionais, visando a supera\u00e7\u00e3o de exclus\u00f5es sociais;<\/li>\n\n\n\n<li>Demonstrar respeito e consci\u00eancia da diversidade, considerando aspectos ambientais, \u00e9tnico-raciais, de g\u00eanero, entre outros;<\/li>\n\n\n\n<li>Participar da gest\u00e3o e organiza\u00e7\u00e3o das institui\u00e7\u00f5es de educa\u00e7\u00e3o b\u00e1sica, planejar, executar, acompanhar e avaliar pol\u00edticas e projetos educacionais;<\/li>\n\n\n\n<li>Fomentar o di\u00e1logo sobre conhecimentos e valores locais, respeitando as orienta\u00e7\u00f5es filos\u00f3ficas e culturais da comunidade; e <\/li>\n\n\n\n<li>Atuar como agente intercultural, promovendo a valoriza\u00e7\u00e3o e o estudo de temas espec\u00edficos relevantes.<\/li>\n<\/ul>\n\n\n\n<hr class=\"wp-block-separator has-alpha-channel-opacity\" \/>\n\n\n\n<h2 class=\"wp-block-heading\">Atua\u00e7\u00e3o profissional<\/h2>\n\n\n\n<p>As \u00e1reas de atua\u00e7\u00e3o que poder\u00e3o ser assumidas pelos egressos de Licenciatura em Qu\u00edmica, destacam-se:<\/p>\n\n\n\n<ul>\n<li>Atua\u00e7\u00e3o nas s\u00e9ries finais do Ensino Fundamental;<\/li>\n\n\n\n<li>Atua\u00e7\u00e3o no Ensino M\u00e9dio;<\/li>\n\n\n\n<li>Atua\u00e7\u00e3o nas modalidades da Educa\u00e7\u00e3o de Jovens e Adultos (EJA);<\/li>\n\n\n\n<li>Atua\u00e7\u00e3o na Educa\u00e7\u00e3o Profissional, Educa\u00e7\u00e3o a Dist\u00e2ncia e Educa\u00e7\u00e3o do Campo;<\/li>\n\n\n\n<li>Desenvolvimento de pesquisa e planejamento de atividades relacionadas ao meio ambiente;<\/li>\n\n\n\n<li>Cria\u00e7\u00e3o de metodologias e materiais did\u00e1ticos (escritos, v\u00eddeos, m\u00eddias digitais, etc.);<\/li>\n\n\n\n<li>Responsabilidade t\u00e9cnica, orienta\u00e7\u00e3o e supervis\u00e3o de processos Qu\u00edmicos em empresas;<\/li>\n\n\n\n<li>Assist\u00eancia t\u00e9cnica, consultoria e comercializa\u00e7\u00e3o de produtos;<\/li>\n\n\n\n<li>Atua\u00e7\u00e3o em padroniza\u00e7\u00e3o e controle de qualidade;<\/li>\n\n\n\n<li>Elabora\u00e7\u00e3o de laudos, atestados e servi\u00e7os t\u00e9cnicos;<\/li>\n\n\n\n<li>Desempenho de fun\u00e7\u00f5es t\u00e9cnicas na \u00e1rea de Qu\u00edmica;<\/li>\n\n\n\n<li>Atua\u00e7\u00e3o em pesquisa e desenvolvimento cient\u00edfico;<\/li>\n\n\n\n<li>Realiza\u00e7\u00e3o de an\u00e1lises qu\u00edmicas, f\u00edsico-qu\u00edmicas, qu\u00edmico-biol\u00f3gicas, bromatol\u00f3gicas, toxicol\u00f3gicas e legais;<\/li>\n\n\n\n<li>Atua\u00e7\u00e3o em editoras e entidades p\u00fablicas\/privadas que desenvolvem e avaliam programas e materiais did\u00e1ticos de Qu\u00edmica;<\/li>\n\n\n\n<li>Atua\u00e7\u00e3o em feiras de divulga\u00e7\u00e3o cient\u00edfica, museus e ambientes educativos n\u00e3o formais;<\/li>\n\n\n\n<li>Atua\u00e7\u00e3o em empresas que exigem forma\u00e7\u00e3o espec\u00edfica em Qu\u00edmica e em institui\u00e7\u00f5es que desenvolvem pesquisas educacionais; e <\/li>\n\n\n\n<li>Atua\u00e7\u00e3o como propriet\u00e1rio de empresa privada ou prestando consultoria<\/li>\n<\/ul>\n\n\n\n<p><\/p>\n\n\n\n<hr class=\"wp-block-separator has-alpha-channel-opacity\" \/>\n\n\n\n<h2 class=\"wp-block-heading\">Documentos Institucionais e do Curso<\/h2>\n\n\n\n<h4 class=\"wp-block-heading\">Documentos <\/h4>\n\n\n\n<ul>\n<li><a href=\"https:\/\/ifbaiano.edu.br\/portal\/ensino\/wp-content\/uploads\/sites\/2\/2020\/05\/Resolu%C3%A7%C3%A3o-n%C2%BA-64-de-2020-Organiza%C3%A7%C3%A3o-Did%C3%A1tica-dos-Cursos-Superiores.pdf\" target=\"_blank\" rel=\"noreferrer noopener\">Organiza\u00e7\u00e3o Did\u00e1tica<\/a><\/li>\n\n\n\n<li><a href=\"https:\/\/drive.google.com\/file\/d\/1iCSMHel1XhC9YwvNYXWMce-6vfMeZ0Bw\/view?usp=sharing\" target=\"_blank\" rel=\"noreferrer noopener\">Regulamento Tutoria<\/a><\/li>\n\n\n\n<li><a href=\"https:\/\/drive.google.com\/file\/d\/1OJW6cbaZVmP22liVPCQRPWJNnKKY-HJX\/view?usp=sharing\" target=\"_blank\" rel=\"noreferrer noopener\">Regulamento Monitoria<\/a><\/li>\n\n\n\n<li><a href=\"https:\/\/drive.google.com\/file\/d\/1yyNSJLSNu8HMcslMtKVxzekCW7VgRt0R\/view?usp=sharing\" target=\"_blank\" rel=\"noreferrer noopener\">Programa de Nivelamento<\/a><\/li>\n\n\n\n<li>Guia do estudante<\/li>\n<\/ul>\n\n\n\n<h4 class=\"wp-block-heading\">Projeto Pedag\u00f3gico<\/h4>\n\n\n\n<ul>\n<li><a href=\"https:\/\/drive.google.com\/file\/d\/14nxCzUBwEHyLAzokLOeSmCEdUdVFukhN\/view?usp=drive_link\" target=\"_blank\" rel=\"noreferrer noopener\">PPC \u2013 Elaborado em 2024<\/a><\/li>\n\n\n\n<li><a href=\"https:\/\/drive.google.com\/file\/d\/13dRJntGGA1TE-Z4GRtcR-lMoF78XUYPt\/view?usp=drive_link\" target=\"_blank\" rel=\"noreferrer noopener\">Matriz Curricular<\/a><\/li>\n<\/ul>\n\n\n\n<h4 class=\"wp-block-heading\">Portarias<\/h4>\n\n\n\n<ul>\n<li><code><a href=\"https:\/\/drive.google.com\/file\/d\/1ZfzRotuRInViYb5jxLvmc2yCW9k1i4Dt\/view?usp=sharing\" target=\"_blank\" rel=\"noreferrer noopener\">Resolu\u00e7\u00e3o do Curso<\/a><\/code><\/li>\n\n\n\n<li><a href=\"https:\/\/drive.google.com\/file\/d\/1XFSoRnS4ZM3ks3d3xZnoTjJ1IJcYZdbJ\/view?usp=sharing\" target=\"_blank\" rel=\"noreferrer noopener\">Coordena\u00e7\u00e3o<\/a><\/li>\n\n\n\n<li><a href=\"https:\/\/drive.google.com\/file\/d\/1x6Iay3tj_-qtkc_ZAuMx4TKxIQnPQNPt\/view?usp=sharing\" target=\"_blank\" rel=\"noreferrer noopener\">NDE<\/a><\/li>\n\n\n\n<li>Assessoria Pedag\u00f3gica<\/li>\n\n\n\n<li><a rel=\"noreferrer noopener\" href=\"https:\/\/drive.google.com\/file\/d\/1I3E1TlOcldEBUojKTbAxh-zVpRa8tipJ\/view?usp=drive_link\" target=\"_blank\">Colegiado<\/a><\/li>\n<\/ul>\n\n\n\n<h4 class=\"wp-block-heading\">Manuais<\/h4>\n\n\n\n<ul>\n<li><a href=\"https:\/\/drive.google.com\/file\/d\/1Z_ok0NxhNEUeSQgJFbzOOWDPolYNAKy-\/view?usp=sharing\" target=\"_blank\" rel=\"noreferrer noopener\">Manual de Seguran\u00e7a dos Laborat\u00f3rios<\/a><\/li>\n\n\n\n<li><a href=\"https:\/\/drive.google.com\/file\/d\/1Ma8JkbeoDRF5rWn85jEWZNMtbQCvnsH1\/view?usp=sharing\" target=\"_blank\" rel=\"noreferrer noopener\">Manual de Uso dos Laborat\u00f3rios de Inform\u00e1tica<\/a><\/li>\n<\/ul>\n\n\n\n<h4 class=\"wp-block-heading\">Calend\u00e1rio Acad\u00eamico<\/h4>\n\n\n\n<ul>\n<li><code><a href=\"https:\/\/drive.google.com\/file\/d\/1Z6Ik3IeSTKss0tqV2UTAdV1PodqLa7Uo\/view?usp=sharing\" target=\"_blank\" rel=\"noreferrer noopener\">Calend\u00e1rio 2026.1 e 2026.2<\/a><\/code><\/li>\n\n\n\n<li><a rel=\"noreferrer noopener\" href=\"https:\/\/drive.google.com\/file\/d\/15pORZYhAmwYAjSW9T7Pg-5kYXP8Wimds\/view?usp=sharing\" target=\"_blank\">Calend\u00e1rio 2025.1 e 2025.2<\/a><\/li>\n<\/ul>\n\n\n\n<h4 class=\"wp-block-heading\">Hor\u00e1rios de aula<\/h4>\n\n\n\n<ul>\n<li><code><a href=\"https:\/\/drive.google.com\/file\/d\/1kCdUMaJxpSOiNt_OdwK1pToEsDL-l7Jp\/view?usp=sharing\" target=\"_blank\" rel=\"noreferrer noopener\">Hor\u00e1rio e disciplinas ofertadas - 2026.1<\/a><\/code><\/li>\n\n\n\n<li><code><a rel=\"noreferrer noopener\" href=\"https:\/\/drive.google.com\/file\/d\/1hJiV1i0UhYeZBVU6_E-qL89qaSupN23s\/view?usp=sharing\" target=\"_blank\">Hor\u00e1rio<\/a><\/code><a rel=\"noreferrer noopener\" href=\"https:\/\/drive.google.com\/file\/d\/1hJiV1i0UhYeZBVU6_E-qL89qaSupN23s\/view?usp=sharing\" target=\"_blank\"> e disciplinas ofertadas &#8211; <\/a><code><a rel=\"noreferrer noopener\" href=\"https:\/\/drive.google.com\/file\/d\/1hJiV1i0UhYeZBVU6_E-qL89qaSupN23s\/view?usp=sharing\" target=\"_blank\">2025.2<\/a><\/code><\/li>\n\n\n\n<li><a rel=\"noreferrer noopener\" href=\"https:\/\/drive.google.com\/file\/d\/1dBEZ0Lo-85_BTM_l9GekCrgNP3DRHW3P\/view?usp=drive_link\" target=\"_blank\">Hor\u00e1rio e disciplinas ofertadas &#8211; 2025.1<\/a><\/li>\n<\/ul>\n\n\n\n<h4 class=\"wp-block-heading\">Regulamentos<\/h4>\n\n\n\n<ul>\n<li>Coordena\u00e7\u00e3o<\/li>\n\n\n\n<li>NDE<\/li>\n\n\n\n<li>Colegiado<\/li>\n\n\n\n<li>Pr\u00e1ticas Curriculares<\/li>\n\n\n\n<li>Est\u00e1gio Supervisionado<\/li>\n\n\n\n<li>ACC<\/li>\n\n\n\n<li>TCC<\/li>\n<\/ul>\n\n\n\n<hr class=\"wp-block-separator has-alpha-channel-opacity\" \/>\n\n\n\n<h2 class=\"wp-block-heading\">Orienta\u00e7\u00f5es Gerais<\/h2>\n\n\n\n<ul>\n<li><a href=\"https:\/\/ifbaiano.edu.br\/portal\/wp-content\/uploads\/2021\/02\/Resolucao-117.2021-com-anexo.pdf\" target=\"_blank\" rel=\"noreferrer noopener\">Plano de Desenvolvimento Institucional<\/a><\/li>\n\n\n\n<li><a href=\"https:\/\/www.ifbaiano.edu.br\/unidades\/bonfim\/files\/2014\/11\/Regimento-Geral-das-Bibliotecas.pdf\" target=\"_blank\" rel=\"noreferrer noopener\">Regimento das Bibliotecas<\/a><\/li>\n\n\n\n<li><a href=\"https:\/\/www.ifbaiano.edu.br\/unidades\/bonfim\/files\/2021\/09\/Tutorial-de-Acesso-ao-SUAP.pdf\" target=\"_blank\" rel=\"noreferrer noopener\">Como acessar o SUAP<\/a><\/li>\n\n\n\n<li><a href=\"https:\/\/moodle.ifbaiano.edu.br\/moodle\/mod\/book\/view.php?id=200715\" target=\"_blank\" rel=\"noreferrer noopener\">Como acessar o Moodle<\/a><\/li>\n<\/ul>\n\n\n\n<hr class=\"wp-block-separator has-alpha-channel-opacity\" \/>\n\n\n\n<h2 class=\"wp-block-heading\">Coordena\u00e7\u00e3o de Curso<\/h2>\n\n\n\n<ul>\n<li><strong>Juracir Santos<\/strong><br>Doutor em Qu\u00edmica Anal\u00edtica<\/li>\n<\/ul>\n\n\n\n<p><\/p>\n\n\n\n<ul>\n<li><strong>Airam Oliveira<\/strong><br>Doutor em Qu\u00edmica Org\u00e2nica<\/li>\n<\/ul>\n\n\n\n<p><\/p>\n\n\n\n<hr class=\"wp-block-separator has-alpha-channel-opacity\" \/>\n\n\n\n<ul>\n<li><strong>Contatos<\/strong><\/li>\n<\/ul>\n\n\n\n<ul>\n<li><strong>E-mail:<\/strong>&nbsp;licenciatura.quimica@bonfim.ifbaiano.edu.br&nbsp;<\/li>\n\n\n\n<li><strong>Telefone:<\/strong>&nbsp;(74) 3542-4000<\/li>\n<\/ul>\n\n\n\n<hr class=\"wp-block-separator has-alpha-channel-opacity\" \/>\n\n\n\n<h2 class=\"wp-block-heading\">Corpo Docente<\/h2>\n\n\n\n<ul>\n<li><strong>Prof. Dr. <strong>Airam Santos<\/strong><\/strong><br>Doutor em Qu\u00edmica Org\u00e2nica<strong><br><\/strong>Curr\u00edculo Lattes:&nbsp;<a href=\"http:\/\/lattes.cnpq.br\/2918786885427944\">http:\/\/lattes.cnpq.br\/2918786885427944<\/a><br>E-mail: airam.santos@ifbaiano.edu.br <\/li>\n\n\n\n<li><strong>Prof. Me. Alanjone Azevedo<\/strong><br>Mestre em Inorg\u00e2nica<strong><br><\/strong>Curr\u00edculo Lattes:&nbsp;<a href=\"http:\/\/lattes.cnpq.br\/2661539163199423\">http:\/\/lattes.cnpq.br\/2661539163199423<\/a><br>E-mail: alanjone.nascimento@ifbaiano.edu.br<\/li>\n\n\n\n<li><strong>Prof\u00aa. Dra. Calila Teixeira Santos<\/strong><br>Doutora em Biotecnologia<strong><br><\/strong>Curr\u00edculo Lattes:&nbsp;<a rel=\"noreferrer noopener\" href=\"http:\/\/lattes.cnpq.br\/2661539163199423\" target=\"_blank\">http:\/\/lattes.cnpq.br\/1367256390284080<\/a><br>E-mail: calila.santos@ifbaiano.edu.br<\/li>\n\n\n\n<li><strong>Prof. Me. Jo\u00e3o Thiers Santos<\/strong><br>Metre em F\u00edsico-Qu\u00edmica<strong><br><\/strong>Curr\u00edculo Lattes:&nbsp;<a href=\"http:\/\/lattes.cnpq.br\/8577731143853972\">http:\/\/lattes.cnpq.br\/8577731143853972<\/a>  <br>E-mail: joao.mendonca@ifbaiano.edu.br<\/li>\n\n\n\n<li><strong>Prof\u00aa. Ma. Jocin\u00e9ia Santos<\/strong><br>Mestra em Ensino das Ci\u00eancias Ambientais<strong><br><\/strong>Curr\u00edculo Lattes:&nbsp;<a rel=\"noreferrer noopener\" href=\"http:\/\/lattes.cnpq.br\/5026811809370156\" target=\"_blank\">http:\/\/lattes.cnpq.br\/5026811809370156<\/a><br>E-mail: jocineia.santos@ifbaiano.edu.br<\/li>\n\n\n\n<li><strong>Prof. Dr. Jos\u00e9 Aurimar Angelim<\/strong><br>Graduado em Ci\u00eancias Exatas com habilita\u00e7\u00e3o em Matem\u00e1tica; Mestre em Educa\u00e7\u00e3o Matem\u00e1tica e Doutor em Educa\u00e7\u00e3o Matem\u00e1tica<strong><br><\/strong>Curr\u00edculo Lattes:&nbsp;<a href=\"http:\/\/lattes.cnpq.br\/9801634282964527\">http:\/\/lattes.cnpq.br\/9801634282964527<\/a><br>E-mail: aurimar.angelim@ifbaiano.edu.br<\/li>\n\n\n\n<li><strong>Prof. Dr. Juracir Santos<\/strong><br>Doutor em Qu\u00edmica Anal\u00edtica<strong><br><\/strong>Curr\u00edculo Lattes:&nbsp;<a rel=\"noreferrer noopener\" href=\"http:\/\/lattes.cnpq.br\/7972326279865902\" target=\"_blank\">http:\/\/lattes.cnpq.br\/7972326279865902<\/a><br>E-mail: juracir.santos@ifbaiano.edu.br<\/li>\n\n\n\n<li><strong>Prof\u00aa. Dr\u00aa. Keyla Souza<\/strong><br>Doutora em Ci\u00eancia de Materiais<strong><br><\/strong>Curr\u00edculo Lattes:&nbsp;<a rel=\"noreferrer noopener\" href=\"http:\/\/lattes.cnpq.br\/4973654993741317\" target=\"_blank\">http:\/\/lattes.cnpq.br\/4973654993741317<\/a><br>E-mail: keyla.souza@ifbaiano.edu.br<\/li>\n\n\n\n<li><strong>Prof\u00aa. Dr\u00aa. Lilian Pereira da Silva Teixeira<\/strong><br>Doutora em Educa\u00e7\u00e3o e Contemporaneidade<strong><br><\/strong>Curr\u00edculo Lattes:&nbsp;<a rel=\"noreferrer noopener\" href=\"http:\/\/lattes.cnpq.br\/2449222842726637\" target=\"_blank\">http:\/\/lattes.cnpq.br\/2449222842726637<\/a><br>E-mail: lilian.teixeira@ifbaiano.edu.br<\/li>\n\n\n\n<li><strong>Prof. Dr. Marcos Dias<\/strong><br>Doutor em Ci\u00eancias da Educa\u00e7\u00e3o<strong><br><\/strong>Curr\u00edculo Lattes:&nbsp;<a rel=\"noreferrer noopener\" href=\"http:\/\/lattes.cnpq.br\/9668211827209854\" target=\"_blank\">http:\/\/lattes.cnpq.br\/9668211827209854<\/a><br>E-mail: marcos.custodio@ifbaiano.edu.br<\/li>\n\n\n\n<li><strong>Prof\u00aa. Dr\u00aa. Rita de Cassia Souza Martins<\/strong><br>Doutora em Agroecologia e Desenvolvimento Territorial<strong><br><\/strong>Curr\u00edculo Lattes:&nbsp;<a rel=\"noreferrer noopener\" href=\"http:\/\/lattes.cnpq.br\/3731585429943984\" target=\"_blank\">http:\/\/lattes.cnpq.br\/3731585429943984<\/a><br>E-mail: rita.martins@ifbaiano.edu.br<\/li>\n\n\n\n<li><strong>Prof\u00aa. Ma. Rosangela Caires Viana<\/strong><br>Mestra em Educa\u00e7\u00e3o de Jovens e Adultos&nbsp;<strong><br><\/strong>Curr\u00edculo Lattes:&nbsp;<a rel=\"noreferrer noopener\" href=\"http:\/\/lattes.cnpq.br\/3444182474976119\" target=\"_blank\">http:\/\/lattes.cnpq.br\/3444182474976119<\/a><br>E-mail: rosangela.viana@ifbaiano.edu.br<\/li>\n\n\n\n<li><strong>Prof. Mestrando Sandro Ferreira<\/strong><br>Cursando Mestrado Profissional em Matem\u00e1tica \u2013 PROFMAT<strong><br><\/strong>Curr\u00edculo Lattes:&nbsp;<a href=\"http:\/\/lattes.cnpq.br\/6564710103143614\">http:\/\/lattes.cnpq.br\/6564710103143614<\/a><br>E-mail: sandro.lima@ifbaiano.edu.br<\/li>\n\n\n\n<li><strong>Prof. Dr. <strong>Thales Cerqueira Mendes<\/strong><\/strong><br>Doutor em Ensino de Ci\u00eancias<strong><br><\/strong>Curr\u00edculo Lattes:&nbsp;<a rel=\"noreferrer noopener\" href=\"http:\/\/lattes.cnpq.br\/8677178558549400\" target=\"_blank\">http:\/\/lattes.cnpq.br\/8677178558549400<\/a><br>E-mail: thales.mendes@ifbaiano.edu.br<\/li>\n<\/ul>\n\n\n\n<p><\/p>\n\n\n\n<p><\/p>\n\n\n\n<p><\/p>\n\n\n\n<p><\/p>\n\n\n\n<p><strong>Fotos de outros momentos realizados: discuss\u00e3o, implanta\u00e7\u00e3o e divulga\u00e7\u00e3o do curso:<\/strong><\/p>\n\n\n\n<p>Fotos em breve!<\/p>\n\n\n\n<h2 class=\"wp-block-heading\">Ficou interessado? Veja como ingressar no Curso!<\/h2>\n\n\n\n<p>Ingresso de Estudantes 2026<\/p>\n\n\n\n<ul>\n<li><code><a href=\"https:\/\/www.ifbaiano.edu.br\/unidades\/bonfim\/bacharelado-em-administracao-e-licenciatura-em-quimica-2026\/\" target=\"_blank\" rel=\"noreferrer noopener\">Processo Seletivo Local - 18 Vagas<\/a><\/code><\/li>\n\n\n\n<li><code><a href=\"https:\/\/ingresso.ifbaiano.edu.br\/concursos\/sisu-2026\/senhor-do-bonfim\/\" target=\"_blank\" rel=\"noreferrer noopener\">SISU - 17 Vagas<\/a><\/code><\/li>\n<\/ul>\n\n\n\n<p><\/p>\n\n\n\n<p>Ingresso de Estudantes 2025<\/p>\n\n\n\n<ul>\n<li><code><a rel=\"noreferrer noopener\" href=\"https:\/\/www.ifbaiano.edu.br\/unidades\/bonfim\/licenciatura-em-quimica-2025\/\" target=\"_blank\">Processo Seletivo Local - 1<\/a><a rel=\"noreferrer noopener\" href=\"https:\/\/www.ifbaiano.edu.br\/unidades\/bonfim\/licenciatura-em-quimica-2025\/\" target=\"_blank\">7<\/a><a rel=\"noreferrer noopener\" href=\"https:\/\/www.ifbaiano.edu.br\/unidades\/bonfim\/licenciatura-em-quimica-2025\/\" target=\"_blank\"> Vagas<\/a><\/code><\/li>\n\n\n\n<li><code><a href=\"https:\/\/www.ifbaiano.edu.br\/unidades\/bonfim\/sisu-2025-lista-de-espera\/\" target=\"_blank\" rel=\"noreferrer noopener\">SISU -18 Vagas<\/a><\/code><\/li>\n<\/ul>\n\n\n\n<p>O ingresso ao curso far-se-\u00e1 via Sistema de Sele\u00e7\u00e3o unificada&nbsp;SISU,&nbsp;Processo Seletivo Local&nbsp;e outras formas de ingresso previstas no&nbsp;Projeto Pedag\u00f3gico do Curso.<\/p>\n\n\n\n<p><\/p>\n","protected":false},"excerpt":{"rendered":"<p>Apresenta\u00e7\u00e3o DADOS DE IDENTIFICA\u00c7\u00c3O DO CURSO TIPO DE CURSO Ensino Superior \u2013 Licenciatura em Qu\u00edmica DESCRI\u00c7\u00c3O O curso de Licenciatura em Qu\u00edmica do IF Baiano &#8211; Campus Senhor do Bonfim est\u00e1 pautado na perspectiva cient\u00edfica, tecnol\u00f3gica e human\u00edstica, relacionada ao campo da Qu\u00edmica e aos saberes da doc\u00eancia. Tendo em vista a constru\u00e7\u00e3o do conhecimento [&hellip;]<\/p>\n","protected":false},"author":189,"featured_media":0,"parent":0,"menu_order":0,"comment_status":"closed","ping_status":"closed","template":"","meta":[],"_links":{"self":[{"href":"https:\/\/www.ifbaiano.edu.br\/unidades\/bonfim\/wp-json\/wp\/v2\/pages\/19769"}],"collection":[{"href":"https:\/\/www.ifbaiano.edu.br\/unidades\/bonfim\/wp-json\/wp\/v2\/pages"}],"about":[{"href":"https:\/\/www.ifbaiano.edu.br\/unidades\/bonfim\/wp-json\/wp\/v2\/types\/page"}],"author":[{"embeddable":true,"href":"https:\/\/www.ifbaiano.edu.br\/unidades\/bonfim\/wp-json\/wp\/v2\/users\/189"}],"replies":[{"embeddable":true,"href":"https:\/\/www.ifbaiano.edu.br\/unidades\/bonfim\/wp-json\/wp\/v2\/comments?post=19769"}],"version-history":[{"count":43,"href":"https:\/\/www.ifbaiano.edu.br\/unidades\/bonfim\/wp-json\/wp\/v2\/pages\/19769\/revisions"}],"predecessor-version":[{"id":23344,"href":"https:\/\/www.ifbaiano.edu.br\/unidades\/bonfim\/wp-json\/wp\/v2\/pages\/19769\/revisions\/23344"}],"wp:attachment":[{"href":"https:\/\/www.ifbaiano.edu.br\/unidades\/bonfim\/wp-json\/wp\/v2\/media?parent=19769"}],"curies":[{"name":"wp","href":"https:\/\/api.w.org\/{rel}","templated":true}]}}