{"id":19773,"date":"2024-12-21T10:38:43","date_gmt":"2024-12-21T13:38:43","guid":{"rendered":"https:\/\/www.ifbaiano.edu.br\/unidades\/bonfim\/?page_id=19773"},"modified":"2025-09-22T13:56:54","modified_gmt":"2025-09-22T16:56:54","slug":"bacharelado-em-administracao","status":"publish","type":"page","link":"https:\/\/www.ifbaiano.edu.br\/unidades\/bonfim\/bacharelado-em-administracao\/","title":{"rendered":"Bacharelado em Administra\u00e7\u00e3o"},"content":{"rendered":"\n<h2 class=\"wp-block-heading has-text-color\" style=\"color:#127651\">Apresenta\u00e7\u00e3o<\/h2>\n\n\n\n<p><strong>DADOS DE IDENTIFICA\u00c7\u00c3O DO CURSO<\/strong><\/p>\n\n\n\n<figure class=\"wp-block-table is-style-stripes\"><table class=\"has-black-color has-text-color\"><tbody><tr><td><strong>TIPO DE CURSO<\/strong><\/td><td>Ensino Superior \u2013 Bacharelado<\/td><\/tr><tr><td><strong>DESCRI\u00c7\u00c3O<\/strong><\/td><td>O curso habilitar\u00e1 os discentes a: \u201ca) Articular e decidir sobre a gest\u00e3o em neg\u00f3cios e empreendimentos diversos; b) Realizar estudos de viabilidade socioecon\u00f4mica, financeira e tribut\u00e1ria; c) Elaborar an\u00e1lises mercadol\u00f3gicas, considerando as demandas e oportunidades do mundo empresarial; d) Planejar pesquisas de mercado e desenvolver relacionamentos p\u00f3s-venda com consumidores; e) Gerenciar sistemas de informa\u00e7\u00f5es comerciais e definir m\u00e9todos de forma\u00e7\u00e3o de pre\u00e7os, considerando aspectos tribut\u00e1rios, de custos, da concorr\u00eancia e do valor para o consumidor; f) Gerenciar as \u00e1reas industrial, de com\u00e9rcio, de servi\u00e7os, do setor p\u00fablico e do terceiro setor; g) Avaliar e emitir parecer t\u00e9cnico em sua \u00e1rea de forma\u00e7\u00e3o; h) Pensar e propor a\u00e7\u00f5es sobre o desenvolvimento de um territ\u00f3rio, a partir de seus arranjos produtivos locais e das cadeias produtivas.<\/td><\/tr><tr><td><strong>HABILITA\u00c7\u00c3O<\/strong><\/td><td>Bacharel em Administra\u00e7\u00e3o<\/td><\/tr><tr><td><strong>MODALIDADE<\/strong><\/td><td>Presencial<\/td><\/tr><tr><td><strong>P\u00daBLICO ALVO<\/strong><\/td><td>Estudantes egressos do ensino m\u00e9dio, curso equivalente e demais interessados de acordo com os requisitos de ingresso de estudantes.<\/td><\/tr><tr><td><strong>IMPLANTA\u00c7\u00c3O<\/strong><\/td><td>1\u00ba semestre de 2025<\/td><\/tr><tr><td><strong>PERIODICIDADE DE OFERTA<\/strong><\/td><td>Anual<\/td><\/tr><tr><td><strong>INTEGRALIZA\u00c7\u00c3O<\/strong><\/td><td>M\u00ednima de 4 anos e M\u00e1xima de 8 anos<\/td><\/tr><tr><td><strong>VAGAS<\/strong><\/td><td>40<\/td><\/tr><tr><td><strong>TURNO<\/strong><\/td><td>Noturno<\/td><\/tr><tr><td><strong>REGIME DE MATR\u00cdCULA<\/strong><\/td><td>Semestral<\/td><\/tr><tr><td><strong>CARGA HOR\u00c1RIA TOTAL<\/strong><\/td><td>3.360 horas<\/td><\/tr><\/tbody><\/table><\/figure>\n\n\n\n<hr class=\"wp-block-separator has-alpha-channel-opacity\" \/>\n\n\n\n<h2 class=\"wp-block-heading has-text-color\" style=\"color:#127651\">Objetivos do Curso<\/h2>\n\n\n\n<p>Proporcionar uma forma\u00e7\u00e3o t\u00e9cnica, humana, \u00e9tica e social para planejar, organizar, dirigir e controlar organiza\u00e7\u00f5es em diferentes contextos, formando profissionais respons\u00e1veis e comprometidos com o desenvolvimento sustent\u00e1vel, a inova\u00e7\u00e3o e o empreendedorismo. Para tanto, faz-se necess\u00e1rio:<\/p>\n\n\n\n<ul>\n<li>Desenvolver uma forma\u00e7\u00e3o te\u00f3rico-emp\u00edrica, bem como uma vis\u00e3o cr\u00edtica, estrat\u00e9gica e inovadora sobre as din\u00e2micas organizacionais;<\/li>\n\n\n\n<li>Compreender os modelos gerenciais em sua interdisciplinaridade e adequa\u00e7\u00e3o para a gest\u00e3o de organiza\u00e7\u00f5es de diferentes setores e esferas de atua\u00e7\u00e3o;<\/li>\n\n\n\n<li>Identificar e selecionar oportunidades para o desenvolvimento das organiza\u00e7\u00f5es, a partir de conhecimentos e atitudes transformadoras da realidade organizacional e social;<\/li>\n\n\n\n<li>Dar \u00eanfase \u00e0 gest\u00e3o de empreendimentos dos mais variados segmentos econ\u00f4micos, evidenciando as potencialidades de desenvolvimento local e territorial;<\/li>\n\n\n\n<li>Elaborar projetos de empreendimentos comerciais, industriais, rurais e<\/li>\n\n\n\n<li>agroindustriais para desenvolvimento sustent\u00e1vel;<\/li>\n\n\n\n<li>Diagnosticar, planejar, executar e avaliar pol\u00edticas e a\u00e7\u00f5es de desenvolvimento para o contexto local e regional nos segmentos econ\u00f4micos do territ\u00f3rio.<\/li>\n\n\n\n<li>Desenvolver uma vis\u00e3o cr\u00edtica da realidade social, buscando compreender sua diversidade e complexidade;<\/li>\n\n\n\n<li>Analisar os processos de gest\u00e3o p\u00fablica, visando a discuss\u00e3o de pol\u00edticas<\/li>\n\n\n\n<li>p\u00fablicas e a melhoria dos servi\u00e7os e da governan\u00e7a;<\/li>\n\n\n\n<li>Promover o desenvolvimento territorial sustent\u00e1vel, integrando a\u00e7\u00f5es que fortale\u00e7am a capacidade produtiva local, incentivem o empreendedorismo regional e promovam a inclus\u00e3o social e econ\u00f4mica das comunidades.<\/li>\n\n\n\n<li>Capacitar os futuros administradores para atuar em organiza\u00e7\u00f5es em n\u00edveis local, regional e nacional, promovendo a efici\u00eancia e a inova\u00e7\u00e3o na gest\u00e3o.<\/li>\n<\/ul>\n\n\n\n<hr class=\"wp-block-separator has-alpha-channel-opacity\" \/>\n\n\n\n<h2 class=\"wp-block-heading has-text-color\" style=\"color:#127651\">Perfil do egresso&nbsp;<\/h2>\n\n\n\n<p>Para esta forma\u00e7\u00e3o e inser\u00e7\u00e3o no mundo do trabalho, o profissional em Administra\u00e7\u00e3o deve ser capaz de:<\/p>\n\n\n\n<ul>\n<li>Articular e decidir sobre as vendas em neg\u00f3cios diversos;<\/li>\n\n\n\n<li>Gerenciar neg\u00f3cios e pessoas;<\/li>\n\n\n\n<li>Realizar estudos de viabilidade econ\u00f4mica, financeira e tribut\u00e1ria;<\/li>\n\n\n\n<li>Elaborar an\u00e1lises comerciais considerando as demandas e oportunidades do mercado;<\/li>\n\n\n\n<li>Realizar controle de processos produtivos;<\/li>\n\n\n\n<li>Planejar pesquisas de mercado;<\/li>\n\n\n\n<li>Desenvolver relacionamentos p\u00f3s-venda com clientes;<\/li>\n\n\n\n<li>Gerenciar sistemas de informa\u00e7\u00f5es;<\/li>\n\n\n\n<li>Planejar estrategicamente o desenvolvimento do neg\u00f3cio;<\/li>\n\n\n\n<li>Realizar an\u00e1lise de riscos;<\/li>\n\n\n\n<li>Definir m\u00e9todos de forma\u00e7\u00e3o de pre\u00e7os, considerando aspectos tribut\u00e1rios, de custos, da concorr\u00eancia e do valor para o cliente;<\/li>\n\n\n\n<li>Gerenciar a \u00e1rea comercial, ind\u00fastrial e de servi\u00e7os de uma organiza\u00e7\u00e3o;<\/li>\n\n\n\n<li>Avaliar e emitir parecer t\u00e9cnico em sua \u00e1rea de forma\u00e7\u00e3o;<\/li>\n\n\n\n<li>Compreender a aplica\u00e7\u00e3o das TIC\u00b4S nos \u00e2mbitos profissional e acad\u00eamico;<\/li>\n\n\n\n<li>Desenvolver rela\u00e7\u00e3o interpessoal, de forma colaborativa, atuando de forma<\/li>\n\n\n\n<li>a trabalhar em equipe;<\/li>\n\n\n\n<li>Estimular o esp\u00edrito de lideran\u00e7a para atua\u00e7\u00e3o na ind\u00fastria, no com\u00e9rcio e<\/li>\n\n\n\n<li>nos servi\u00e7os, no contexto p\u00fablico e no terceiro setor;<\/li>\n\n\n\n<li>Desenvolver o esp\u00edrito empreendedor e da inova\u00e7\u00e3o tecnol\u00f3gica e social.<\/li>\n<\/ul>\n\n\n\n<hr class=\"wp-block-separator has-alpha-channel-opacity\" \/>\n\n\n\n<h2 class=\"wp-block-heading has-text-color\" style=\"color:#127651\">Atua\u00e7\u00e3o profissional<\/h2>\n\n\n\n<p>As \u00e1reas de atua\u00e7\u00e3o que poder\u00e3o ser assumidas pelos egressos em Administra\u00e7\u00e3o, destacam-se:<\/p>\n\n\n\n<ul>\n<li>Na prospec\u00e7\u00e3o de consumidores em empresas das diversas \u00e1reas;<\/li>\n\n\n\n<li>No desenvolvimento de estrat\u00e9gias de vendas em empresas comerciais, industriais, na presta\u00e7\u00e3o de servi\u00e7os e no terceiro setor;<\/li>\n\n\n\n<li>Na consultoria de neg\u00f3cios e empreendimentos diversos;<\/li>\n\n\n\n<li>Pesquisa de mercado;<\/li>\n\n\n\n<li>Suporte ao consumidor;<\/li>\n\n\n\n<li>Lideran\u00e7a de equipes e gest\u00e3o de pessoas;<\/li>\n\n\n\n<li>Representa\u00e7\u00e3o comercial;<\/li>\n\n\n\n<li>Supervis\u00e3o de vendas e de opera\u00e7\u00f5es;<\/li>\n\n\n\n<li>No controle da qualidade;<\/li>\n\n\n\n<li>Na gest\u00e3o do neg\u00f3cio e empreendedorismo;<\/li>\n\n\n\n<li>Na gest\u00e3o de empresas industriais, comerciais, servi\u00e7os, no \u00e2mbito do servi\u00e7o p\u00fablico, bem como no terceiro setor.<\/li>\n<\/ul>\n\n\n\n<p>A partir destas \u00e1reas de atua\u00e7\u00e3o, o Bacharel em Administra\u00e7\u00e3o poder\u00e1 atuar em (Brasil, 2016, p. 39):<\/p>\n\n\n\n<ul>\n<li>Empresas de beneficiamento de bens de consumo e industriais;<\/li>\n\n\n\n<li>Empresas de comercializa\u00e7\u00e3o de insumos;<\/li>\n\n\n\n<li>Empresas de planejamento, desenvolvimento de projetos, assessoramento<\/li>\n\n\n\n<li>t\u00e9cnico e consultoria;<\/li>\n\n\n\n<li>Empresas prestadoras de servi\u00e7os de consumo final;<\/li>\n\n\n\n<li>Empresas varejistas, atacadistas e de representa\u00e7\u00e3o comercial;<\/li>\n\n\n\n<li>Empresas de fabrica\u00e7\u00e3o de produtos em geral;<\/li>\n\n\n\n<li>Institutos e Centros de Pesquisa;<\/li>\n\n\n\n<li>Institui\u00e7\u00f5es de Ensino, mediante forma\u00e7\u00e3o requerida pela legisla\u00e7\u00e3o<\/li>\n\n\n\n<li>vigente.<\/li>\n\n\n\n<li>Institui\u00e7\u00f5es p\u00fablicas e do terceiro setor<\/li>\n<\/ul>\n\n\n\n<hr class=\"wp-block-separator has-alpha-channel-opacity\" \/>\n\n\n\n<h2 class=\"wp-block-heading has-text-color\" style=\"color:#127651\">Documentos Institucionais e do Curso<\/h2>\n\n\n\n<div class=\"wp-block-columns is-layout-flex wp-container-4\">\n<div class=\"wp-block-column has-black-color has-text-color has-background is-layout-flow\" style=\"background-color:#ebf3f0\">\n<h4 class=\"wp-block-heading has-text-align-center has-text-color\" style=\"color:#127651\">Documentos<\/h4>\n\n\n\n<ul>\n<li><a href=\"https:\/\/ifbaiano.edu.br\/portal\/ensino\/wp-content\/uploads\/sites\/2\/2020\/05\/Resolu%C3%A7%C3%A3o-n%C2%BA-64-de-2020-Organiza%C3%A7%C3%A3o-Did%C3%A1tica-dos-Cursos-Superiores.pdf\" data-type=\"URL\" data-id=\"https:\/\/ifbaiano.edu.br\/portal\/ensino\/wp-content\/uploads\/sites\/2\/2019\/07\/Organiza%C3%A7%C3%A3o-Did%C3%A1tica-EPTNM.pdf\" target=\"_blank\" rel=\"noreferrer noopener\">Organiza\u00e7\u00e3o Did\u00e1tica<\/a><\/li>\n\n\n\n<li><a href=\"...\" data-type=\"post\" data-id=\"12944\" target=\"_blank\" rel=\"noreferrer noopener\">Regulamento Tutoria<\/a><\/li>\n\n\n\n<li><a href=\"...\" data-type=\"URL\" data-id=\"https:\/\/www.ifbaiano.edu.br\/unidades\/bonfim\/files\/2013\/09\/REGULAMENTO_DE_MONITORIA_DE_ENSINO.pdf\" target=\"_blank\" rel=\"noreferrer noopener\">Regulamento Monitoria<\/a><\/li>\n\n\n\n<li><a href=\"...\" data-type=\"URL\" data-id=\"https:\/\/www.ifbaiano.edu.br\/unidades\/bonfim\/files\/2013\/09\/10.-Programa-de-Nivelamento-e-Aprimoramento-da-Aprendizagem.pdf\" target=\"_blank\" rel=\"noreferrer noopener\">Programa de Nivelamento<\/a><\/li>\n\n\n\n<li><a href=\"...\" data-type=\"URL\" data-id=\"https:\/\/www.ifbaiano.edu.br\/unidades\/bonfim\/files\/2013\/09\/CARTILHA-DE-INFORMA%C3%87%C3%83O-ESTUDANTIL.pdf\" target=\"_blank\" rel=\"noreferrer noopener\">Guia do estudante<\/a><\/li>\n<\/ul>\n<\/div>\n\n\n\n<div class=\"wp-block-column has-background is-layout-flow\" style=\"background-color:#ebf3f0\">\n<h4 class=\"wp-block-heading has-text-align-center has-text-color\" style=\"color:#127651\">Projeto Pedag\u00f3gico<\/h4>\n\n\n\n<ul>\n<li><a href=\"https:\/\/drive.google.com\/file\/d\/15nPEJ7j-90pCwqQE3ydiV3kZPDV7DS5Z\/view?usp=sharing\" target=\"_blank\" rel=\"noreferrer noopener\">PPC &#8211; Elaborado em 2024<\/a><\/li>\n\n\n\n<li><a href=\"https:\/\/drive.google.com\/file\/d\/1UnCuZU86EgZMHpth8aEvKcka81OGq2FA\/view?usp=sharing\" target=\"_blank\" rel=\"noreferrer noopener\">Matriz Curricular <\/a><\/li>\n<\/ul>\n<\/div>\n\n\n\n<div class=\"wp-block-column has-background is-layout-flow\" style=\"background-color:#ebf3f0\">\n<h4 class=\"wp-block-heading has-text-align-center has-text-color\" style=\"color:#127651\">Portarias<\/h4>\n\n\n\n<ul>\n<li><a href=\"https:\/\/drive.google.com\/file\/d\/1iqBoch5fmMuf6JRRaNeE875wnmAC_3is\/view?usp=sharing\" target=\"_blank\" rel=\"noreferrer noopener\">Resolu\u00e7\u00e3o do Curso<\/a><\/li>\n\n\n\n<li><a href=\"https:\/\/drive.google.com\/file\/d\/1U5TcR5g32ppaWy-yWIobiZMf72Eyvefy\/view?usp=sharing\" target=\"_blank\" rel=\"noreferrer noopener\">Coordena\u00e7\u00e3o<\/a><\/li>\n\n\n\n<li><a href=\"https:\/\/drive.google.com\/file\/d\/1TayCu_jwx-7LzZ4p2K2OeZcK-XYQ5T2O\/view?usp=sharing\" target=\"_blank\" rel=\"noreferrer noopener\">NDE<\/a><\/li>\n\n\n\n<li><a href=\"https:\/\/drive.google.com\/file\/d\/1R7p1m7LvcIqNZuHPDLPpLBt75tRJH5RR\/view?usp=sharing\" target=\"_blank\" rel=\"noreferrer noopener\">Grupo de Trabalho<\/a><\/li>\n\n\n\n<li><a href=\"https:\/\/drive.google.com\/file\/d\/1FuVrixcmUJ14e6x6FhN7GTuV-i5fDBo7\/view?usp=sharing\" target=\"_blank\" rel=\"noreferrer noopener\">Assessoria Pedag\u00f3gica<\/a><\/li>\n\n\n\n<li><a rel=\"noreferrer noopener\" href=\"...\" target=\"_blank\">Colegiado<\/a><\/li>\n<\/ul>\n<\/div>\n<\/div>\n\n\n\n<div class=\"wp-block-columns is-layout-flex wp-container-8\">\n<div class=\"wp-block-column has-background is-layout-flow\" style=\"background-color:#ebf3f0\">\n<h4 class=\"wp-block-heading has-text-align-center has-text-color\" style=\"color:#127651\">Calend\u00e1rio Acad\u00eamico<\/h4>\n\n\n\n<ul>\n<li><a rel=\"noreferrer noopener\" href=\"https:\/\/www.ifbaiano.edu.br\/unidades\/bonfim\/files\/2025\/01\/CALENDARIO-2025-Quimica-e-ADM.pdf\" target=\"_blank\">Calend\u00e1rio 2025.1<\/a><\/li>\n\n\n\n<li><a rel=\"noreferrer noopener\" href=\"https:\/\/www.ifbaiano.edu.br\/unidades\/bonfim\/files\/2025\/01\/CALENDARIO-2025-Quimica-e-ADM.pdf\" target=\"_blank\">Calend\u00e1rio 2025.2<\/a><\/li>\n<\/ul>\n\n\n\n<p class=\"has-text-align-center\"><\/p>\n<\/div>\n\n\n\n<div class=\"wp-block-column has-background is-layout-flow\" style=\"background-color:#ebf3f0\">\n<h4 class=\"wp-block-heading has-text-align-center has-text-color\" style=\"color:#127651\">Hor\u00e1rios de aula<\/h4>\n\n\n\n<ul>\n<li><a rel=\"noreferrer noopener\" href=\"...\" target=\"_blank\">Noturno<\/a><\/li>\n<\/ul>\n\n\n\n<p class=\"has-text-align-center\"><\/p>\n<\/div>\n\n\n\n<div class=\"wp-block-column has-background is-layout-flow\" style=\"background-color:#ebf3f0\">\n<h4 class=\"wp-block-heading has-text-align-center has-text-color\" style=\"color:#127651\">Regulamentos <\/h4>\n\n\n\n<ul>\n<li><a href=\"...\" target=\"_blank\" rel=\"noreferrer noopener\">Coordena\u00e7\u00e3o<\/a><\/li>\n\n\n\n<li><a href=\"...\" target=\"_blank\" rel=\"noreferrer noopener\">NDE<\/a><\/li>\n\n\n\n<li><a href=\"...\" data-type=\"post\" data-id=\"11575\">Colegiado<\/a><\/li>\n\n\n\n<li><a href=\"...\" target=\"_blank\" rel=\"noreferrer noopener\">Pr\u00e1ticas Curriculares<\/a><\/li>\n\n\n\n<li><a href=\"...\" target=\"_blank\" rel=\"noreferrer noopener\">Est\u00e1gio Supervisionado<\/a><\/li>\n\n\n\n<li><a href=\"...\" data-type=\"post\" data-id=\"12944\" target=\"_blank\" rel=\"noreferrer noopener\">ACC<\/a><\/li>\n\n\n\n<li><a rel=\"noreferrer noopener\" href=\"...\" target=\"_blank\">TCC<\/a><\/li>\n<\/ul>\n<\/div>\n<\/div>\n\n\n\n<hr class=\"wp-block-separator has-text-color has-css-opacity has-background is-style-wide\" style=\"background-color:#107550;color:#107550\" \/>\n\n\n\n<h2 class=\"wp-block-heading has-text-color\" style=\"color:#127651\">Orienta\u00e7\u00f5es Gerais<\/h2>\n\n\n\n<ul>\n<li><a href=\"https:\/\/ifbaiano.edu.br\/portal\/wp-content\/uploads\/2021\/02\/Resolucao-117.2021-com-anexo.pdf\" target=\"_blank\" rel=\"noreferrer noopener\">Plano de Desenvolvimento Institucional<\/a><\/li>\n\n\n\n<li><a href=\"http:\/\/www.ifbaiano.edu.br\/unidades\/bonfim\/files\/2014\/11\/Regimento-Geral-das-Bibliotecas.pdf\" target=\"_blank\" rel=\"noreferrer noopener\">Regimento das Bibliotecas<\/a><\/li>\n\n\n\n<li><a href=\"https:\/\/www.ifbaiano.edu.br\/unidades\/bonfim\/files\/2022\/07\/COMO-ACESSAR-O-SUAP.pdf\" target=\"_blank\" rel=\"noreferrer noopener\">Como acessar o SUAP<\/a><\/li>\n\n\n\n<li><a href=\"...\" target=\"_blank\" rel=\"noreferrer noopener\">Como acessar o Moodle<\/a><\/li>\n<\/ul>\n\n\n\n<hr class=\"wp-block-separator has-alpha-channel-opacity\" \/>\n\n\n\n<h2 class=\"wp-block-heading has-text-color\" style=\"color:#127651\">Coordena\u00e7\u00e3o de Curso<\/h2>\n\n\n\n<ul>\n<li><strong>Wellington Dantas<\/strong><br>Bacharel em Administra\u00e7\u00e3o; Graduado em Ci\u00eancias Cont\u00e1beis; Especialista em Doc\u00eancia no Ensino Superior; Mestre em Ci\u00eancias Cont\u00e1beis e Doutor em Desenvolvimento Territorial.<\/li>\n<\/ul>\n\n\n\n<ul>\n<li><strong><strong>Guilherme Mota<\/strong><\/strong><br>Bacharel em Ci\u00eancias Sociais; Mestre em Ci\u00eancias Sociais e Doutor em Sociologia.<\/li>\n<\/ul>\n\n\n\n<p><strong>Contatos<\/strong><\/p>\n\n\n\n<ul>\n<li><strong>E-mail:<\/strong>&nbsp;bacharelado.adm@bonfim.ifbaiano.edu.br&nbsp;<\/li>\n\n\n\n<li><strong>Whatsapp:<\/strong> (74) 9 9934-7508 <\/li>\n<\/ul>\n\n\n\n<hr class=\"wp-block-separator has-alpha-channel-opacity\" \/>\n\n\n\n<h2 class=\"wp-block-heading has-text-color\" style=\"color:#127651\">Corpo docente do primeiro per\u00edodo<\/h2>\n\n\n\n<div class=\"wp-block-group is-layout-constrained\"><div class=\"wp-block-group__inner-container\">\n<div class=\"wp-block-columns is-layout-flex wp-container-10\">\n<div class=\"wp-block-column is-layout-flow\" style=\"flex-basis:100%\">\n<ul>\n<li><strong>Prof. Dr. Aurimar Angelim <\/strong><br>Graduado em Ci\u00eancias Exatas com habilita\u00e7\u00e3o em Matem\u00e1tica; Mestre em Educa\u00e7\u00e3o Matem\u00e1tica e Doutor em Educa\u00e7\u00e3o Matem\u00e1tica.<strong><br><\/strong>Curr\u00edculo Lattes: <a href=\"http:\/\/lattes.cnpq.br\/9801634282964527\">http:\/\/lattes.cnpq.br\/9801634282964527<\/a><br>E-mail: aurimar.angelim@ifbaiano.edu.br<br><\/li>\n\n\n\n<li><strong>Prof. Dr. Guilherme Mota<br><\/strong>Bacharel em Ci\u00eancias Sociais; Mestre em Ci\u00eancias Sociais e Doutor em Sociologia.<br>Curr\u00edculo Lattes: <a href=\"http:\/\/lattes.cnpq.br\/2740216326531042\">http:\/\/lattes.cnpq.br\/2740216326531042<\/a><br>E-mail: guilherme.silva@ifbaiano.edu.br<br><\/li>\n\n\n\n<li><strong>Prof. Me. Caio Henrique Rodrigues Carvalho<br><\/strong>Curr\u00edculo Lattes: <a href=\"http:\/\/lattes.cnpq.br\/9739873595668119\" target=\"_blank\" rel=\"noreferrer noopener\">http:\/\/lattes.cnpq.br\/9739873595668119<\/a><br>E-mail: caio.carvalho@ifbaiano.edu.br<br><\/li>\n\n\n\n<li><strong>Prof. Mestrando Sandro Ferreira<\/strong><br>Graduado em Ci\u00eancias Matem\u00e1ticas; Especialista em Metodologia do Ensino da Matem\u00e1tica; Cursando Mestrado Profissional em Matem\u00e1tica \u2013 PROFMAT.<strong><br><\/strong>Curr\u00edculo Lattes: <a href=\"http:\/\/lattes.cnpq.br\/6564710103143614\">http:\/\/lattes.cnpq.br\/6564710103143614<\/a><br>E-mail: sandro.lima@ifbaiano.edu.br<br><\/li>\n\n\n\n<li><strong>Prof. Dr. Wellington Dantas<\/strong><br>Bacharel em Administra\u00e7\u00e3o; Graduado em Ci\u00eancias Cont\u00e1beis; Especialista em Doc\u00eancia no Ensino Superior; Mestre em Ci\u00eancias Cont\u00e1beis e Doutor em Desenvolvimento Territorial.<br>Curr\u00edculo Lattes: &nbsp;<a rel=\"noreferrer noopener\" href=\"http:\/\/lattes.cnpq.br\/3242961729018019\" target=\"_blank\">http:\/\/lattes.cnpq.br\/3242961729018019<\/a><br>E-mail: wellington.sousa@ifbaiano.edu.br<\/li>\n<\/ul>\n<\/div>\n<\/div>\n<\/div><\/div>\n\n\n\n<div class=\"wp-block-columns is-layout-flex wp-container-13\">\n<div class=\"wp-block-column is-layout-flow\" style=\"flex-basis:100%\">\n<hr class=\"wp-block-separator has-alpha-channel-opacity\" \/>\n<\/div>\n<\/div>\n\n\n\n<h2 class=\"wp-block-heading has-text-color\" style=\"color:#127651\">Registro hist\u00f3rico de implanta\u00e7\u00e3o do curso<\/h2>\n\n\n\n<ul>\n<li>Estudo de demanda realizado e infraestrutura do curso<\/li>\n\n\n\n<li>Mat\u00e9rias principais veiculadas:\n<ul>\n<li><a rel=\"noreferrer noopener\" href=\"https:\/\/ifbaiano.edu.br\/portal\/blog\/campus-senhor-do-bonfim-articula-implantacao-de-curso-de-graduacao-em-administracao\/\" data-type=\"URL\" data-id=\"https:\/\/ifbaiano.edu.br\/portal\/blog\/campus-senhor-do-bonfim-articula-implantacao-de-curso-de-graduacao-em-administracao\/\" target=\"_blank\">Visitas t\u00e9cnicas<\/a><\/li>\n\n\n\n<li><a rel=\"noreferrer noopener\" href=\"https:\/\/www.ifbaiano.edu.br\/unidades\/bonfim\/2024\/04\/02\/reuniao-do-colegiado-territorial-grupo-de-trabalho-do-if-baiano-campus-senhor-do-bonfim-apresenta-possibilidade-de-oferta-do-curso-bacharelado-em-administracao\/\" target=\"_blank\">Reuni\u00e3o interna<\/a><\/li>\n\n\n\n<li><a rel=\"noreferrer noopener\" href=\"https:\/\/www.ifbaiano.edu.br\/unidades\/bonfim\/2024\/05\/03\/if-baiano-campus-senhor-do-bonfim-promove-audiencia-publica-para-discussao-da-proposta-do-curso-de-nivel-superior-em-administracao\/\" target=\"_blank\">Audi\u00eancia P\u00fablica (Painel Consultivo e Pesquisa de Opini\u00e3o)<\/a><\/li>\n\n\n\n<li><a href=\"https:\/\/ifbaiano.edu.br\/portal\/blog\/nova-graduacao-em-adm-do-campus-senhor-do-bonfim-abrira-selecao-em-breve-para-ingresso-em-2025\/\" target=\"_blank\" rel=\"noreferrer noopener\">Divulga\u00e7\u00e3o da aprova\u00e7\u00e3o do curso<\/a><\/li>\n<\/ul>\n<\/li>\n<\/ul>\n\n\n\n<p class=\"has-text-color\" style=\"color:#127651\"><strong>Fotos de outros momentos realizados: discuss\u00e3o, implanta\u00e7\u00e3o e divulga\u00e7\u00e3o do curso:<\/strong><\/p>\n\n\n\n<p>Fotos em breve!<\/p>\n\n\n\n<h2 class=\"wp-block-heading has-text-color\" style=\"color:#127651\">Ficou interessado? Veja como ingressar no Curso!<\/h2>\n\n\n\n<p>O ingresso ao curso far-se-\u00e1 via Sistema de Sele\u00e7\u00e3o unificada <a rel=\"noreferrer noopener\" href=\"http:\/\/sisu.mec.gov.br\/\" target=\"_blank\">SISU<\/a>, <a rel=\"noreferrer noopener\" href=\"https:\/\/www.ifbaiano.edu.br\/unidades\/bonfim\/bacharelado-em-administracao-2025\/\" target=\"_blank\">Processo Seletivo Local<\/a> e outras formas de ingresso previstas no <a href=\"https:\/\/drive.google.com\/file\/d\/1G0M3GD7xLUrboO8-UgAkU3IvbbjjWmch\/view?usp=sharing\" target=\"_blank\" rel=\"noreferrer noopener\">Projeto Pedag\u00f3gico do Curso<\/a>.<\/p>\n\n\n\n<hr class=\"wp-block-separator has-alpha-channel-opacity\" \/>\n","protected":false},"excerpt":{"rendered":"<p>Apresenta\u00e7\u00e3o DADOS DE IDENTIFICA\u00c7\u00c3O DO CURSO TIPO DE CURSO Ensino Superior \u2013 Bacharelado DESCRI\u00c7\u00c3O O curso habilitar\u00e1 os discentes a: \u201ca) Articular e decidir sobre a gest\u00e3o em neg\u00f3cios e empreendimentos diversos; b) Realizar estudos de viabilidade socioecon\u00f4mica, financeira e tribut\u00e1ria; c) Elaborar an\u00e1lises mercadol\u00f3gicas, considerando as demandas e oportunidades do mundo empresarial; d) Planejar [&hellip;]<\/p>\n","protected":false},"author":188,"featured_media":0,"parent":0,"menu_order":0,"comment_status":"closed","ping_status":"closed","template":"","meta":[],"_links":{"self":[{"href":"https:\/\/www.ifbaiano.edu.br\/unidades\/bonfim\/wp-json\/wp\/v2\/pages\/19773"}],"collection":[{"href":"https:\/\/www.ifbaiano.edu.br\/unidades\/bonfim\/wp-json\/wp\/v2\/pages"}],"about":[{"href":"https:\/\/www.ifbaiano.edu.br\/unidades\/bonfim\/wp-json\/wp\/v2\/types\/page"}],"author":[{"embeddable":true,"href":"https:\/\/www.ifbaiano.edu.br\/unidades\/bonfim\/wp-json\/wp\/v2\/users\/188"}],"replies":[{"embeddable":true,"href":"https:\/\/www.ifbaiano.edu.br\/unidades\/bonfim\/wp-json\/wp\/v2\/comments?post=19773"}],"version-history":[{"count":44,"href":"https:\/\/www.ifbaiano.edu.br\/unidades\/bonfim\/wp-json\/wp\/v2\/pages\/19773\/revisions"}],"predecessor-version":[{"id":22515,"href":"https:\/\/www.ifbaiano.edu.br\/unidades\/bonfim\/wp-json\/wp\/v2\/pages\/19773\/revisions\/22515"}],"wp:attachment":[{"href":"https:\/\/www.ifbaiano.edu.br\/unidades\/bonfim\/wp-json\/wp\/v2\/media?parent=19773"}],"curies":[{"name":"wp","href":"https:\/\/api.w.org\/{rel}","templated":true}]}}