{"id":22745,"date":"2025-10-22T07:40:23","date_gmt":"2025-10-22T10:40:23","guid":{"rendered":"https:\/\/www.ifbaiano.edu.br\/unidades\/bonfim\/?page_id=22745"},"modified":"2026-04-21T10:23:29","modified_gmt":"2026-04-21T13:23:29","slug":"subsequente-ao-ensino-medio-modalidade-de-educacao-a-distancia-2026","status":"publish","type":"page","link":"https:\/\/www.ifbaiano.edu.br\/unidades\/bonfim\/subsequente-ao-ensino-medio-modalidade-de-educacao-a-distancia-2026\/","title":{"rendered":"SUBSEQUENTE AO ENSINO M\u00c9DIO \u2013 MODALIDADE DE EDUCA\u00c7\u00c3O A DIST\u00c2NCIA \u2013 2026"},"content":{"rendered":"\n<p class=\"has-medium-font-size\"><strong>PROCESSO SELETIVO PARA INGRESSO DE ESTUDANTES NOS CURSOS DA EDUCA\u00c7\u00c3O PROFISSIONAL T\u00c9CNICA DE N\u00cdVEL M\u00c9DIO NA FORMA SUBSEQUENTE AO ENSINO M\u00c9DIO \u2013 MODALIDADE EAD 2026<\/strong><\/p>\n\n\n\n<div class=\"wp-block-columns is-layout-flex wp-container-3\">\n<div class=\"wp-block-column is-layout-flow\" style=\"flex-basis:66.66%\">\n<strong><div id=\"TituloMenu\" class=\"dnone\"> apresenta\u00e7\u00e3o<\/div> <\/strong><\/p><p>\n<\/div>\n\n\n\n<div class=\"wp-block-column is-layout-flow\" style=\"flex-basis:33.33%\">\n<strong><div id=\"TituloMenu\" class=\"dnone\"> inscri\u00e7\u00f5es<\/div> <\/strong><\/p><p>\n<\/div>\n<\/div>\n\n\n\n<div class=\"wp-block-columns is-layout-flex wp-container-7\">\n<div class=\"wp-block-column is-layout-flow\" style=\"flex-basis:66.66%\">\n<p>O DIRETOR-GERAL DO INSTITUTO FEDERAL DE EDUCA\u00c7\u00c3O, CI\u00caNCIA E TECNOLOGIA BAIANO (IF BAIANO) <em>CAMPUS <\/em>Senhor do Bonfim, no uso de suas atribui\u00e7\u00f5es delegadas pela <strong>Portaria n\u00b0 283 de 18 de mar\u00e7o de 2022. publicada no Di\u00e1rio Oficial de Unii\u00e3o do dia 21 de mar\u00e7o de 2022. Se\u00e7\u00e3o 2. pagina 54. <\/strong>, e de acordo com as disposi\u00e7\u00f5es contidas na <a href=\"https:\/\/www.planalto.gov.br\/ccivil_03\/_ato2007-2010\/2008\/lei\/l11892.htm\">Lei N\u00ba 11.892,<\/a> de 29 de dezembro de 2008, e na <a href=\"https:\/\/www.planalto.gov.br\/ccivil_03\/leis\/l8112cons.htm\">Lei N\u00ba 8.112,<\/a> de 11 de dezembro de 1990, em conformidade com a <a href=\"https:\/\/www.planalto.gov.br\/ccivil_03\/leis\/l9394.htm\">Lei N\u00b0 9.394,<\/a> de 20 de dezembro de 1996, e suas altera\u00e7\u00f5es e, ainda, considerando a <a href=\"https:\/\/normativasconselhos.mec.gov.br\/normativa\/view\/CNE_RES_CNECPN42018.pdf\">Resolu\u00e7\u00e3o do Conselho Pleno do Conselho Nacional de Educa\u00e7\u00e3o (CNE\/CP) N\u00ba 04,<\/a> de 17 de dezembro de 2018; o <a href=\"https:\/\/www.planalto.gov.br\/ccivil_03\/_ato2019-2022\/2022\/decreto\/d11016.htm\">Decreto n\u00ba 11.016,<\/a> de 29 de mar\u00e7o de 2022; a <a href=\"https:\/\/www.planalto.gov.br\/ccivil_03\/leis\/L8666compilado.htm\">Lei n\u00ba 14.133,<\/a> de 01 de abril de 2021; o <a href=\"https:\/\/www.planalto.gov.br\/ccivil_03\/decreto\/d3298.htm\">Decreto N\u00ba 3.298,<\/a> de 20 de dezembro de 1999; a <a href=\"https:\/\/www.planalto.gov.br\/ccivil_03\/_ato2011-2014\/2012\/lei\/l12764.htm\">Lei N\u00ba 12.764,<\/a> de 27 de dezembro de 2012; a <a href=\"https:\/\/www.planalto.gov.br\/ccivil_03\/_ato2011-2014\/2012\/lei\/l12711.htm\">Lei N\u00ba 12.711,<\/a> de 29 de agosto de 2012, e suas regulamenta\u00e7\u00f5es; a <a href=\"https:\/\/www.planalto.gov.br\/ccivil_03\/leis\/2003\/l10.741.htm\">Lei N\u00ba 10.741,<\/a> de 1\u00ba de outubro de 2003; a <a href=\"https:\/\/www.planalto.gov.br\/ccivil_03\/_ato2015-2018\/2016\/lei\/l13409.htm\">Lei N\u00ba 13.409,<\/a> de 28 de dezembro de 2016; o <a href=\"https:\/\/www.planalto.gov.br\/ccivil_03\/_ato2011-2014\/2012\/decreto\/d7824.htm\">Decreto N\u00ba 7.824,<\/a> de 11 de outubro de 2012; a <a href=\"https:\/\/drive.google.com\/file\/d\/1g0UgkAbGufudYkaVLShjJ5oXOEsSpd4V\/view?usp=sharing\">Portaria do Minist\u00e9rio da Educa\u00e7\u00e3o (MEC) N\u00ba 18,<\/a> de 11 de outubro de 2012, e suas altera\u00e7\u00f5es, observando o disposto na<a href=\"https:\/\/ifbaiano.edu.br\/portal\/wp-content\/uploads\/2021\/10\/153anexos.pdf\"> Resolu\u00e7\u00e3o N\u00ba 153\/2021 <\/a>-OS-CONSUP\/IFBAIANO, de 18 de agosto de 2021, na <a href=\"https:\/\/drive.google.com\/file\/d\/10cS5R_Bs9Y_7bzst2EQwwPM-EcqiDA0A\/view?usp=sharing\">Instru\u00e7\u00e3o Normativa 67\/2023 &#8211; RET-GAB\/RET\/IFBAIANO,<\/a> de 13 de setembro de 2023, na<a href=\"https:\/\/drive.google.com\/file\/d\/1YEbJvLdQu3Hr7-ks9hsd3j-g0WvW6UkB\/view?usp=sharing\"> Portaria Normativa 19\/2023 &#8211; RET-GAB\/RET\/IFBAIANO,<\/a> de 21 de setembro de 2023 e na legisla\u00e7\u00e3o concernente,&nbsp; torna p\u00fablica a abertura de inscri\u00e7\u00f5es para o &nbsp;<strong>processo de ingresso de estudantes de 2026, nos cursos da Educa\u00e7\u00e3o Profissional T\u00e9cnica de N\u00edvel M\u00e9dio (EPTNM), na forma subsequente ao ensino m\u00e9dio, modalidade EaD <\/strong>&#8211; para o <em>Campus<\/em> Senhor do Bonfim, por meio de MANIFESTA\u00c7\u00c3O DE INTERESSE, conforme o n\u00famero de vagas e os cursos relacionados no Quadro 2 do subitem 1.8 deste Edital.<\/p>\n\n\n\n<p><mark style=\"background-color:#fcb900\" class=\"has-inline-color has-black-color\"><a href=\"https:\/\/www.ifbaiano.edu.br\/unidades\/bonfim\/files\/2025\/11\/MANUAL-DE-INSCRICAO-SUBSEQUENTES-EAD-RETIFICADO.pdf\" data-type=\"URL\" data-id=\"https:\/\/www.ifbaiano.edu.br\/unidades\/bonfim\/files\/2025\/11\/MANUAL-DE-INSCRICAO-SUBSEQUENTES-EAD-RETIFICADO.pdf\">Manual de Inscri\u00e7\u00e3o do Candidato RETIFICADO<\/a><\/mark><\/p>\n<\/div>\n\n\n\n<div class=\"wp-block-column is-layout-flow\" style=\"flex-basis:33.33%\">\n<div class=\"wp-block-buttons is-content-justification-center is-layout-flex wp-container-5\">\n<div class=\"wp-block-button\"><a class=\"wp-block-button__link has-white-color has-text-color has-background wp-element-button\" href=\"https:\/\/sgc.ifbaiano.edu.br\/edital\/visualizar\/317\/\" style=\"background-color:#055639\">Increva-se Aqui<\/a><\/div>\n<\/div>\n<\/div>\n<\/div>\n\n\n\n<strong><div id=\"TituloMenu\" class=\"dnone\"> Vagas Ogertadas<\/div> <\/strong><\/p><p>\n\n\n\n<div class=\"wp-block-columns is-layout-flex wp-container-10\">\n<div class=\"wp-block-column is-layout-flow\">\n<p><strong>Capim Grosso<\/strong><br>\u25cf&nbsp;<em>Secretaria Escolar \u2013 40 vagas<\/em><br>\u25cf&nbsp;<em>Inform\u00e1tica \u2013 50 vagas<\/em><\/p>\n<\/div>\n\n\n\n<div class=\"wp-block-column is-layout-flow\">\n<p><strong>Campo Formoso<\/strong><br>\u25cf&nbsp;<em>Secretaria Escolar \u2013 40 vagas<\/em><br>\u25cf&nbsp;<em>Inform\u00e1tica \u2013 50 vagas<\/em><br>\u25cf&nbsp;<em>Rede de Computadores \u2013 50 vagas<\/em><br>\u25cf&nbsp;<em>Vendas \u2013 40 vagas<\/em><\/p>\n<\/div>\n<\/div>\n\n\n\n<hr class=\"wp-block-separator has-alpha-channel-opacity\" \/>\n\n\n\n<div class=\"wp-block-columns is-layout-flex wp-container-13\">\n<div class=\"wp-block-column is-layout-flow\">\n<p><strong>Mundo Novo<\/strong><br>\u25cf&nbsp;<em>Secretaria Escolar \u2013 40 vagas<\/em><br>\u25cf&nbsp;<em>Multimeios Did\u00e1ticos \u2013 40 vagas<\/em><br>\u25cf&nbsp;<em>Rede de Computadores \u2013 50 vagas<\/em><\/p>\n<\/div>\n\n\n\n<div class=\"wp-block-column is-layout-flow\">\n<p><strong>Piritiba<br><\/strong>\u25cf&nbsp;<em>Multimeios Did\u00e1ticos \u2013 40 vagas<\/em><br>\u25cf&nbsp;<em>Vendas \u2013 40 vagas<\/em><br>\u25cf&nbsp;<em><em>Redes de Computadores<\/em>&nbsp;\u2013 50 vagas<\/em><\/p>\n<\/div>\n<\/div>\n\n\n\n<hr class=\"wp-block-separator has-alpha-channel-opacity\" \/>\n\n\n\n<div class=\"wp-block-columns is-layout-flex wp-container-16\">\n<div class=\"wp-block-column is-layout-flow\">\n<p><strong>Ponto Novo&nbsp;<\/strong><br>\u25cf&nbsp;<em>Inform\u00e1tica \u2013 50 vagas<\/em><br>\u25cf &nbsp;<em><em>Multimeios Did\u00e1tico<\/em>&nbsp;\u2013 40 vagas<\/em><br>\u25cf &nbsp;<em><em>Secretaria Escolar<\/em>&nbsp;\u2013 40 vagas<\/em><\/p>\n<\/div>\n\n\n\n<div class=\"wp-block-column is-layout-flow\">\n<p><strong>Remanso<br><\/strong>\u25cf&nbsp;<em>Secretaria Escolar \u2013 40 vagas<\/em><br>\u25cf&nbsp;<em>Inform\u00e1tica \u2013 50 vagas<\/em><br>\u25cf&nbsp;<em>Rede de Computadores \u2013 50 vagas<\/em><br>\u25cf&nbsp;<em>Vendas \u2013 40 vagas<\/em><\/p>\n<\/div>\n<\/div>\n\n\n\n<hr class=\"wp-block-separator has-alpha-channel-opacity\" \/>\n\n\n\n<div class=\"wp-block-columns is-layout-flex wp-container-19\">\n<div class=\"wp-block-column is-layout-flow\">\n<p><strong>Mundo Novo&nbsp;<\/strong><br>\u25cf&nbsp;Redes de Computadores<em> \u2013 50 vagas<\/em><br>\u25cf <em><em>Multimeios Did\u00e1tico<\/em>&nbsp;\u2013 40 vagas<\/em><br>\u25cf <em><em>Secretaria Escolar<\/em>&nbsp;\u2013 40 vagas<\/em><\/p>\n<\/div>\n\n\n\n<div class=\"wp-block-column is-layout-flow\">\n<p><strong>Caldeir\u00e3o Grande&nbsp;<\/strong><br>\u25cf&nbsp;<em>Inform\u00e1tica \u2013 50 vagas<\/em><br>\u25cf <em>Redes de Computadores&nbsp;\u2013 50 vagas<\/em><br>\u25cf &nbsp;<em><em>Secretaria Escolar<\/em>&nbsp;\u2013 40 vagas<\/em><\/p>\n<\/div>\n<\/div>\n\n\n\n<hr class=\"wp-block-separator has-alpha-channel-opacity\" \/>\n\n\n\n<p><mark><strong>P\u00fablico Alvo<\/strong>: Estudantes que j\u00e1 conclu\u00edram o 3\u00b0 ano at\u00e9 o momento da matr\u00edcula.<\/mark><\/p>\n\n\n\n<strong><div id=\"TituloMenu\" class=\"dnone\"> Editais e Documentos<\/div> <\/strong><\/p><p>\n\n\n\n<ul>\n<li><a href=\"https:\/\/www.ifbaiano.edu.br\/unidades\/bonfim\/files\/2026\/04\/EAD-candidatos-com-documentacao-Indeferida.pdf\" data-type=\"URL\" data-id=\"https:\/\/www.ifbaiano.edu.br\/unidades\/bonfim\/files\/2026\/04\/EAD-candidatos-com-documentacao-Indeferida.pdf\">CANDIDATOS COM DOCUMENTA\u00c7\u00d5ES INDEFERIDAS<\/a> <mark style=\"background-color:#fcb900\" class=\"has-inline-color\">NOVO<\/mark><\/li>\n\n\n\n<li><a href=\"https:\/\/www.ifbaiano.edu.br\/unidades\/bonfim\/files\/2026\/04\/EAD-candidatos-com-documentacao-Deferida-MATRICULADOS.pdf\" data-type=\"URL\" data-id=\"https:\/\/www.ifbaiano.edu.br\/unidades\/bonfim\/files\/2026\/04\/EAD-candidatos-com-documentacao-Deferida-MATRICULADOS.pdf\">CANDIDATOS COM DOCUMENTA\u00c7\u00d5ES DEFERIDAS (MATRICULADOS) <\/a> <mark style=\"background-color:#fcb900\" class=\"has-inline-color\">NOVO<\/mark><\/li>\n\n\n\n<li><a href=\"https:\/\/www.ifbaiano.edu.br\/unidades\/bonfim\/files\/2026\/04\/Formulario-matricula.pdf\" data-type=\"URL\" data-id=\"https:\/\/www.ifbaiano.edu.br\/unidades\/bonfim\/files\/2026\/04\/Formulario-matricula.pdf\">ANEXO I FICHA DE MATR\u00cdCULA<\/a> <mark style=\"background-color:#fcb900\" class=\"has-inline-color has-black-color\">NOVO<\/mark><\/li>\n\n\n\n<li><a href=\"https:\/\/www.ifbaiano.edu.br\/unidades\/bonfim\/files\/2026\/03\/Retificacao-no-02-de-23-de-marco-de-2026-ao-Edital-no-10-vagas-remanescentes.pdf\" data-type=\"URL\" data-id=\"https:\/\/www.ifbaiano.edu.br\/unidades\/bonfim\/files\/2026\/03\/Retificacao-no-02-de-23-de-marco-de-2026-ao-Edital-no-10-vagas-remanescentes.pdf\">RETIFICA\u00c7\u00c3O N\u00b02 EDITAL DE VAGAS REMANESCENTES<\/a> <mark style=\"background-color:#fcb900\" class=\"has-inline-color has-black-color\">NOVO<\/mark><\/li>\n\n\n\n<li><a rel=\"noreferrer noopener\" href=\"https:\/\/www.ifbaiano.edu.br\/unidades\/bonfim\/files\/2026\/03\/NOTA-INFORMATIVA-01-Edital-N\u00b0.-10-de-06-de-fevereiro-de-2026_repaired.pdf\" target=\"_blank\">NOTA INFORMATIVA SOBRE O PROCESSO SELETIVO DE VAGAS REMANESCENTES<\/a><\/li>\n\n\n\n<li><a rel=\"noreferrer noopener\" href=\"https:\/\/www.ifbaiano.edu.br\/unidades\/bonfim\/files\/2026\/02\/RETIFICACAO-01-ao-Edital-N\u00b0.-10-de-06-de-fevereiro-de-2026-VAGAS-REMANESCENTES-CURSOS-EAD.pdf\" target=\"_blank\">1\u00aa RETIFICACAO DO EDITAL DE VAGAS REMANESCENTES DOS CURSOS T\u00c9CNICOS SUB EAD<\/a> <\/li>\n\n\n\n<li><a rel=\"noreferrer noopener\" href=\"https:\/\/www.ifbaiano.edu.br\/unidades\/bonfim\/files\/2026\/02\/Edital-de-Vagas-Remanescentes-EAD.pdf\" data-type=\"URL\" data-id=\"https:\/\/www.ifbaiano.edu.br\/unidades\/bonfim\/files\/2026\/02\/Edital-de-Vagas-Remanescentes-EAD.pdf\" target=\"_blank\">EDITAL DE VAGAS REMANESCENTES<\/a> <\/li>\n<\/ul>\n\n\n\n<hr class=\"wp-block-separator has-alpha-channel-opacity\" \/>\n\n\n\n<ul>\n<li><a href=\"https:\/\/www.ifbaiano.edu.br\/unidades\/bonfim\/files\/2026\/03\/RESULTADO-preliminar-3a-CHAMADA-DE-MATRICULAS-EAD-1.pdf\" data-type=\"URL\" data-id=\"https:\/\/www.ifbaiano.edu.br\/unidades\/bonfim\/files\/2026\/03\/RESULTADO-preliminar-3a-CHAMADA-DE-MATRICULAS-EAD-1.pdf\">Resultado Preliminar 3\u00b0 Chamada Matr\u00edcula<\/a><\/li>\n\n\n\n<li><a href=\"https:\/\/www.ifbaiano.edu.br\/unidades\/bonfim\/files\/2026\/03\/3a-Convocatoria-Matriculas-EAD.pdf\">Convocat\u00f3ria 3\u00b0 Chamada de Matr\u00edcula<\/a><\/li>\n\n\n\n<li><a href=\"https:\/\/www.ifbaiano.edu.br\/unidades\/bonfim\/files\/2026\/03\/Convocados-3a-chamada-de-matricula-2.pdf\">3\u00b0 Chamada Matr\u00edcula<\/a><\/li>\n\n\n\n<li><a rel=\"noreferrer noopener\" href=\"https:\/\/www.ifbaiano.edu.br\/unidades\/bonfim\/files\/2026\/03\/3a-Retificacao-de-19-de-marco-de-2026-ao-Edital-59-2.pdf\" target=\"_blank\">3\u00aa Retifica\u00e7\u00e3o ao Edital n\u00ba 59\/2025<\/a><\/li>\n\n\n\n<li><a href=\"https:\/\/www.ifbaiano.edu.br\/unidades\/bonfim\/files\/2026\/03\/RESULTADO-DAS-SOLICITACOES-DE-MATRICULAS-2a-CHAMADA-EAD-3.pdf\" target=\"_blank\" rel=\"noreferrer noopener\">Resultado das solicita\u00e7\u00f5es da 2\u00aa chamada de matr\u00edculas<\/a><\/li>\n\n\n\n<li><a href=\"https:\/\/www.ifbaiano.edu.br\/unidades\/bonfim\/files\/2026\/03\/1a-Retificacao-a-2a-CONVOCATORIA-DE-MATRICULA-1.pdf\" target=\"_blank\" rel=\"noreferrer noopener\">1\u00aa Retifica\u00e7\u00e3o \u00e0 2\u00aa Chamada<\/a><\/li>\n\n\n\n<li><a href=\"https:\/\/www.ifbaiano.edu.br\/unidades\/bonfim\/files\/2026\/03\/2a-Chamada-Matricula-Subsequente-ead.pdf\" data-type=\"URL\" data-id=\"https:\/\/www.ifbaiano.edu.br\/unidades\/bonfim\/files\/2026\/03\/2a-Chamada-Matricula-Subsequente-ead.pdf\">2\u00b0 Chamada Matr\u00edcula<\/a> <\/li>\n\n\n\n<li><a href=\"https:\/\/www.ifbaiano.edu.br\/unidades\/bonfim\/files\/2026\/03\/2a-CONVOCATORIA-DE-MATRICULAS-SUBSEQUENTE-EAD.pdf\" data-type=\"URL\" data-id=\"https:\/\/www.ifbaiano.edu.br\/unidades\/bonfim\/files\/2026\/03\/2a-CONVOCATORIA-DE-MATRICULAS-SUBSEQUENTE-EAD.pdf\">Convocat\u00f3ria 2\u00b0 Chamada de Matr\u00edcula<\/a><\/li>\n\n\n\n<li><a href=\"https:\/\/www.ifbaiano.edu.br\/unidades\/bonfim\/files\/2026\/03\/Resultado_Final_Matriculados_Vagas_Regulares.pdf\" data-type=\"URL\" data-id=\"https:\/\/www.ifbaiano.edu.br\/unidades\/bonfim\/files\/2026\/03\/Resultado_Final_Matriculados_Vagas_Regulares.pdf\">Resultado Final Vagas Regulares<\/a><\/li>\n\n\n\n<li><a rel=\"noreferrer noopener\" href=\"https:\/\/www.ifbaiano.edu.br\/unidades\/bonfim\/files\/2026\/02\/Formulario-recurso-Etapa-Matricula-Edital-no-59-de-22-de-outubro-de-2025-1-1.pdf\" target=\"_blank\">Formul\u00e1rio de Recurso do Edital n\u00ba 59\/2025<\/a> <\/li>\n\n\n\n<li><a rel=\"noreferrer noopener\" href=\"https:\/\/www.ifbaiano.edu.br\/unidades\/bonfim\/files\/2026\/02\/Resultado-Preliminar-Envios-de-documentacoes-EAD-em-20.02.2026-Edital-Regular.pdf\" target=\"_blank\">Resultado Preliminar Envios de documenta\u00e7\u00f5es EAD em 20.02.2026-Edital Regular<\/a> <\/li>\n\n\n\n<li><a href=\"https:\/\/www.ifbaiano.edu.br\/unidades\/bonfim\/files\/2026\/02\/Resultado-Preliminar-Envios-de-documentacoes-EAD-em-20.02.2026-Edital-Regular-1.pdf\" data-type=\"URL\" data-id=\"https:\/\/www.ifbaiano.edu.br\/unidades\/bonfim\/files\/2026\/02\/Resultado-Preliminar-Envios-de-documentacoes-EAD-em-20.02.2026-Edital-Regular-1.pdf\">Lista Preliminar Matriculados<\/a> <\/li>\n\n\n\n<li><a href=\"https:\/\/www.ifbaiano.edu.br\/unidades\/bonfim\/files\/2026\/02\/Retificacao-Cronograma-Matricula-EAD-2026.pdf\" data-type=\"URL\" data-id=\"https:\/\/www.ifbaiano.edu.br\/unidades\/bonfim\/files\/2026\/02\/Retificacao-Cronograma-Matricula-EAD-2026.pdf\">Retifica\u00e7\u00e3o Cronograma<\/a><\/li>\n\n\n\n<li><a rel=\"noreferrer noopener\" href=\"https:\/\/www.ifbaiano.edu.br\/unidades\/bonfim\/files\/2026\/02\/Lista-Preliminar-de-Matriculados-Tecnicos-Subsequente-EAD.pdf\" target=\"_blank\">Lista Preliminar de Matriculados nos Cursos T\u00e9cnicos Subsequente EAD <\/a> <\/li>\n\n\n\n<li><a rel=\"noreferrer noopener\" href=\"https:\/\/www.ifbaiano.edu.br\/unidades\/bonfim\/files\/2026\/02\/3o-Edital-de-Retificacao-de-Convocacao-para-Matricula.pdf\" target=\"_blank\">3\u00aa Retifica\u00e7\u00e3o do Edital de Convoca\u00e7\u00e3o para Matricula<\/a><\/li>\n\n\n\n<li><a href=\"https:\/\/www.ifbaiano.edu.br\/unidades\/bonfim\/files\/2026\/02\/Nota-Observacao-Matriculas-Subsequente-EAD.pdf\" data-type=\"URL\" data-id=\"https:\/\/www.ifbaiano.edu.br\/unidades\/bonfim\/files\/2026\/02\/Nota-Observacao-Matriculas-Subsequente-EAD.pdf\">Nota Observa\u00e7\u00e3o Matr\u00edculas (Importante) <\/a><\/li>\n\n\n\n<li><a href=\"https:\/\/www.ifbaiano.edu.br\/unidades\/bonfim\/files\/2026\/02\/Lista-de-Matriculados-Subsequente-EAD.pdf\" data-type=\"URL\" data-id=\"https:\/\/www.ifbaiano.edu.br\/unidades\/bonfim\/files\/2026\/02\/Lista-de-Matriculados-Subsequente-EAD.pdf\">Lista de Matriculados<\/a> <\/li>\n\n\n\n<li><a rel=\"noreferrer noopener\" href=\"https:\/\/www.ifbaiano.edu.br\/unidades\/bonfim\/files\/2026\/01\/3o-terceiro-EDITAL-DE-RETIFICACAO-DE-CONVOCACAO-PARA-MATRICULA.pdf\" target=\"_blank\">Retifica\u00e7\u00e3o n\u00ba 3 &#8211; Convoca\u00e7\u00e3o para Matr\u00edcula<\/a><\/li>\n\n\n\n<li><a rel=\"noreferrer noopener\" href=\"https:\/\/www.ifbaiano.edu.br\/unidades\/bonfim\/files\/2026\/01\/PRIMEIRO-CICLO-DE-APROVADOS-ANEXO-A.pdf\" target=\"_blank\">ANEXO A &#8211; Primeiro Ciclo de Aprovados<\/a><\/li>\n\n\n\n<li><a rel=\"noreferrer noopener\" href=\"https:\/\/www.ifbaiano.edu.br\/unidades\/bonfim\/files\/2026\/01\/SEGUNDO-CICLO-DE-APROVADOS-ANEXO-B.pdf\" target=\"_blank\">ANEXO B &#8211; Segundo Ciclo de Aprovados<\/a><\/li>\n\n\n\n<li><a rel=\"noreferrer noopener\" href=\"https:\/\/www.ifbaiano.edu.br\/unidades\/bonfim\/files\/2026\/01\/TUTORIAL-DE-MATRICULA-ANEXO-C.pdf\" target=\"_blank\">ANEXO C &#8211; Tutorial de Matr\u00edcula<\/a><\/li>\n\n\n\n<li><a rel=\"noreferrer noopener\" href=\"https:\/\/www.ifbaiano.edu.br\/unidades\/bonfim\/files\/2026\/01\/ANEXO-I-AUTODECLARACAO-DE-RENDA-1.pdf\" target=\"_blank\">ANEXO I &#8211; Autodeclara\u00e7\u00e3o de Renda<\/a><\/li>\n\n\n\n<li><a rel=\"noreferrer noopener\" href=\"https:\/\/www.ifbaiano.edu.br\/unidades\/bonfim\/files\/2026\/01\/ANEXO-II-DECLARACAO-DE-RECONHECIMENTO-DE-PERTENCIMENTO-E-DE-VINCULO-COM-COMUNIDADE-QUILOMBOLA-1.pdf\" target=\"_blank\">ANEXO II &#8211; Declara\u00e7\u00e3o de Reconhecimento e Pertencimento e V\u00ednculo com Comunidade Quilombola<\/a><\/li>\n\n\n\n<li><a rel=\"noreferrer noopener\" href=\"https:\/\/www.ifbaiano.edu.br\/unidades\/bonfim\/files\/2026\/01\/ANEXO-III-TERMO-DE-RESPONSABILIDADE-DE-MATRICULA-DADOS-DO-CANDIDATO-1.pdf\" target=\"_blank\">ANEXO III Termo de Responsabilidade para Matr\u00edcula<\/a><\/li>\n\n\n\n<li><a rel=\"noreferrer noopener\" href=\"https:\/\/www.ifbaiano.edu.br\/unidades\/bonfim\/files\/2026\/01\/EDITAL-DE-MATRICULA-No-03-DE-16-de-JANEIRO-DE-2026-CONVOCACAO-SUBSEQUENTE-EAD.pdf\" target=\"_blank\">Edital de Matr\u00edcula n\u00ba 03\/2026 &#8211; Convoca\u00e7\u00e3o 1\u00aa Chamada Cursos T\u00e9cnicos Subsequentes EaD<\/a> <\/li>\n\n\n\n<li><a rel=\"noreferrer noopener\" href=\"https:\/\/www.ifbaiano.edu.br\/unidades\/bonfim\/files\/2026\/01\/EDITAL-DE-RETIFICACAO-No-02.2026-Subsequente-EaD.pdf\" target=\"_blank\">Retifica\u00e7\u00e3o n\u00ba 2 do Edital n\u00ba 59\/2025<\/a> <\/li>\n\n\n\n<li><a href=\"https:\/\/www.ifbaiano.edu.br\/unidades\/bonfim\/files\/2025\/12\/RESULTADO_FINAL_EAD.pdf\" data-type=\"URL\" data-id=\"https:\/\/www.ifbaiano.edu.br\/unidades\/bonfim\/files\/2025\/12\/RESULTADO_FINAL_EAD.pdf\">Resultado Final<\/a><\/li>\n\n\n\n<li><a href=\"https:\/\/www.ifbaiano.edu.br\/unidades\/bonfim\/files\/2025\/12\/Subsequente-EAD-Resultado-Preliminar.pdf\" data-type=\"URL\" data-id=\"https:\/\/www.ifbaiano.edu.br\/unidades\/bonfim\/files\/2025\/12\/Subsequente-EAD-Resultado-Preliminar.pdf\">Resultado Preliminar<\/a><\/li>\n\n\n\n<li><a href=\"https:\/\/www.ifbaiano.edu.br\/unidades\/bonfim\/files\/2025\/12\/Recursos-Banca-Heteroidentificacao-Subsequente-EAD-2026.pdf\" data-type=\"URL\" data-id=\"https:\/\/www.ifbaiano.edu.br\/unidades\/bonfim\/files\/2025\/12\/Recursos-Banca-Heteroidentificacao-Subsequente-EAD-2026.pdf\">Resultado Recursos Banca de Heteroidentifica\u00e7\u00e3o<\/a><\/li>\n\n\n\n<li><a href=\"https:\/\/www.ifbaiano.edu.br\/unidades\/bonfim\/files\/2025\/12\/RESULTADO-PRELIMINAR-DA-BANCA-DE-HETEROIDENTIFICACAO-SUBSEQUENTE-EAD.pdf\" data-type=\"URL\" data-id=\"https:\/\/www.ifbaiano.edu.br\/unidades\/bonfim\/files\/2025\/12\/RESULTADO-PRELIMINAR-DA-BANCA-DE-HETEROIDENTIFICACAO-SUBSEQUENTE-EAD.pdf\">RESULTADO PRELIMINAR DA BANCA DE HETEROIDENTIFICA\u00c7\u00c3O<\/a> <\/li>\n\n\n\n<li><a href=\"https:\/\/www.ifbaiano.edu.br\/unidades\/bonfim\/files\/2025\/12\/Retificacao-N%C2%B0-01-02-de-Dezembro-de-2025-Edital-n%C2%B059-PROSEL-EAD.pdf\" data-type=\"URL\" data-id=\"https:\/\/www.ifbaiano.edu.br\/unidades\/bonfim\/files\/2025\/12\/Retificacao-N%C2%B0-01-02-de-Dezembro-de-2025-Edital-n%C2%B059-PROSEL-EAD.pdf\">Retifica\u00e7\u00e3o N\u00b001, de 02 de Dezembro <\/a><\/li>\n\n\n\n<li><a href=\"https:\/\/www.ifbaiano.edu.br\/unidades\/bonfim\/files\/2025\/12\/Subsequente-EAD-Convocacao-Heteroidentificacao-Retificacao-02.pdf\" data-type=\"URL\" data-id=\"https:\/\/www.ifbaiano.edu.br\/unidades\/bonfim\/files\/2025\/12\/Subsequente-EAD-Convocacao-Heteroidentificacao-Retificacao-02.pdf\">Convoca\u00e7\u00e3o Banca Heteroidentifica\u00e7\u00e3o Retifica\u00e7\u00e3o 02<\/a> <\/li>\n\n\n\n<li><a href=\"https:\/\/www.ifbaiano.edu.br\/unidades\/bonfim\/files\/2025\/12\/Subsequente-EAD-Convocacao-Heteroidentificacao-Retificada.pdf\" data-type=\"URL\" data-id=\"https:\/\/www.ifbaiano.edu.br\/unidades\/bonfim\/files\/2025\/12\/Subsequente-EAD-Convocacao-Heteroidentificacao-Retificada.pdf\">Convoca\u00e7\u00e3o para Banca de Heteroidentifica\u00e7\u00e3o Retificada<\/a><\/li>\n\n\n\n<li><a href=\"https:\/\/www.ifbaiano.edu.br\/unidades\/bonfim\/files\/2025\/11\/CONVOCACAO-PARA-HETEROIDENTIFICACAO-SUBSEQUENTE-EAD.pdf\">Convoca\u00e7\u00e3o para banca de Heteroidentifica\u00e7\u00e3o<\/a><\/li>\n\n\n\n<li><a href=\"https:\/\/www.ifbaiano.edu.br\/unidades\/bonfim\/files\/2025\/11\/EAD-lista-final-homologados.pdf\">Lista final de Inscri\u00e7\u00f5es Homologadas<\/a><\/li>\n\n\n\n<li><a href=\"https:\/\/www.ifbaiano.edu.br\/unidades\/bonfim\/files\/2025\/11\/Subsequente-EAD-Publicacao-Preliminar-Homologacao-das-Inscricoes.pdf\" data-type=\"URL\" data-id=\"https:\/\/www.ifbaiano.edu.br\/unidades\/bonfim\/files\/2025\/11\/Subsequente-EAD-Publicacao-Preliminar-Homologacao-das-Inscricoes.pdf\">Lista Preliminar de Inscri\u00e7\u00f5es Homologadas<\/a><\/li>\n\n\n\n<li><a href=\"https:\/\/www.ifbaiano.edu.br\/unidades\/bonfim\/files\/2025\/10\/Edital-59-22.10.2025-SUBSEQUENTE-MODALIDADE-EAD-ANO-LETIVO-DE-2026.pdf\" data-type=\"URL\" data-id=\"https:\/\/www.ifbaiano.edu.br\/unidades\/bonfim\/files\/2025\/10\/Edital-59-22.10.2025-SUBSEQUENTE-MODALIDADE-EAD-ANO-LETIVO-DE-2026.pdf\">Edital n\u00b059 de 22 de outubro de 2025<\/a><\/li>\n<\/ul>\n","protected":false},"excerpt":{"rendered":"<p>PROCESSO SELETIVO PARA INGRESSO DE ESTUDANTES NOS CURSOS DA EDUCA\u00c7\u00c3O PROFISSIONAL T\u00c9CNICA DE N\u00cdVEL M\u00c9DIO NA FORMA SUBSEQUENTE AO ENSINO M\u00c9DIO \u2013 MODALIDADE EAD 2026 apresenta\u00e7\u00e3o inscri\u00e7\u00f5es O DIRETOR-GERAL DO INSTITUTO FEDERAL DE EDUCA\u00c7\u00c3O, CI\u00caNCIA E TECNOLOGIA BAIANO (IF BAIANO) CAMPUS Senhor do Bonfim, no uso de suas atribui\u00e7\u00f5es delegadas pela Portaria n\u00b0 283 de [&hellip;]<\/p>\n","protected":false},"author":158,"featured_media":0,"parent":0,"menu_order":0,"comment_status":"closed","ping_status":"closed","template":"","meta":[],"_links":{"self":[{"href":"https:\/\/www.ifbaiano.edu.br\/unidades\/bonfim\/wp-json\/wp\/v2\/pages\/22745"}],"collection":[{"href":"https:\/\/www.ifbaiano.edu.br\/unidades\/bonfim\/wp-json\/wp\/v2\/pages"}],"about":[{"href":"https:\/\/www.ifbaiano.edu.br\/unidades\/bonfim\/wp-json\/wp\/v2\/types\/page"}],"author":[{"embeddable":true,"href":"https:\/\/www.ifbaiano.edu.br\/unidades\/bonfim\/wp-json\/wp\/v2\/users\/158"}],"replies":[{"embeddable":true,"href":"https:\/\/www.ifbaiano.edu.br\/unidades\/bonfim\/wp-json\/wp\/v2\/comments?post=22745"}],"version-history":[{"count":50,"href":"https:\/\/www.ifbaiano.edu.br\/unidades\/bonfim\/wp-json\/wp\/v2\/pages\/22745\/revisions"}],"predecessor-version":[{"id":23789,"href":"https:\/\/www.ifbaiano.edu.br\/unidades\/bonfim\/wp-json\/wp\/v2\/pages\/22745\/revisions\/23789"}],"wp:attachment":[{"href":"https:\/\/www.ifbaiano.edu.br\/unidades\/bonfim\/wp-json\/wp\/v2\/media?parent=22745"}],"curies":[{"name":"wp","href":"https:\/\/api.w.org\/{rel}","templated":true}]}}