{"id":59,"date":"2011-05-18T19:24:54","date_gmt":"2011-05-18T22:24:54","guid":{"rendered":"http:\/\/localhost\/unidades\/bonfim\/?page_id=59"},"modified":"2025-09-23T15:35:30","modified_gmt":"2025-09-23T18:35:30","slug":"agropecuaria","status":"publish","type":"page","link":"https:\/\/www.ifbaiano.edu.br\/unidades\/bonfim\/agropecuaria\/","title":{"rendered":"T\u00e9cnico em Agropecu\u00e1ria Integrado ao Ensino M\u00e9dio"},"content":{"rendered":"\n<strong><div id=\"TituloMenu\" class=\"dnone\"> Perfil do curso<\/div> <\/strong><\/p><p>\n\n\n\n<p>\u00c9 um curso voltado para atividades ligadas \u00e0 agricultura e \u00e0 zootecnia. Os profissionais formados podem atuar em cadeias produtivas e tamb\u00e9m de forma aut\u00f4noma. O curso propicia um contato com a tecnologia agropecu\u00e1ria e contribui para que o estudante possa analisar, planejar e intervir no setor do cultivo agr\u00edcola e da cria\u00e7\u00e3o de animais.<\/p>\n\n\n\n<strong><div id=\"TituloMenu\" class=\"dnone\"> Objetivo do curso<\/div> <\/strong><\/p><p>\n\n\n\n<p>Formar t\u00e9cnicos em agropecu\u00e1ria com dom\u00ednio de compet\u00eancias e habilidades que o capacitem a desenvolver o papel de t\u00e9cnico em servi\u00e7os de campo, considerando sempre a rela\u00e7\u00e3o com a natureza norteada pelo respeito ao ambiente e tendo como princ\u00edpio a sustentabilidade.<\/p>\n\n\n\n<strong><div id=\"TituloMenu\" class=\"dnone\"> Perfil do egresso <\/div> <\/strong><\/p><p>\n\n\n\n<p>O egresso do curso de t\u00e9cnico em agropecu\u00e1ria est\u00e1 apto para gerenciar os diversos processos relativos aos sistemas de produ\u00e7\u00e3o, em empreendimentos do setor agropecu\u00e1rio.<\/p>\n\n\n\n<strong><div id=\"TituloMenu\" class=\"dnone\"> Atua\u00e7\u00e3o Profissional <\/div> <\/strong><\/p><p>\n\n\n\n<p>&#8211; Empreendimentos Rurais Agropecu\u00e1rios;<\/p>\n\n\n\n<p>&#8211; Assist\u00eancia T\u00e9cnica em projetos de desenvolvimento tecnol\u00f3gico;<\/p>\n\n\n\n<p>&#8211; Assist\u00eancia T\u00e9cnica a Ind\u00fastria e Com\u00e9rcio de Produtos Especializados;<\/p>\n\n\n\n<p>&#8211; Elabora\u00e7\u00e3o e Supervis\u00e3o de projetos agr\u00edcolas e t\u00e9cnicas compat\u00edveis com a sua forma\u00e7\u00e3o profissional;<\/p>\n\n\n\n<p>&#8211; Ind\u00fastria de transforma\u00e7\u00e3o de mat\u00e9ria-prima animal e vegetal;<\/p>\n\n\n\n<strong><div id=\"TituloMenu\" class=\"dnone\"> Estrutura do Curso <\/div> <\/strong><\/p><p>\n\n\n\n<p>O curso tem a dura\u00e7\u00e3o de tr\u00eas (03) anos, incluindo o est\u00e1gio supervisionado externo, com 160 horas. E \u00e9 composto por disciplinas proped\u00eauticas, em que se valoriza a forma\u00e7\u00e3o integral do ser e disciplinas espec\u00edficas, com vistas \u00e0 forma\u00e7\u00e3o profissional do aluno para sua futura atua\u00e7\u00e3o no mundo do trabalho.<\/p>\n\n\n\n<strong><div id=\"TituloMenu\" class=\"dnone\"> Hor\u00e1rio de funcionamento <\/div> <\/strong><\/p><p>\n\n\n\n<p>O funcionamento do curso se d\u00e1 das 7:30h \u00e0s 11:30h e das 13:30h \u00e0s 17:30h, durante os duzentos dias letivos, conforme calend\u00e1rio letivo levantado pela Institui\u00e7\u00e3o.<\/p>\n\n\n\n<strong><div id=\"TituloMenu\" class=\"dnone\"> Hor\u00e1rio das Aulas Presenciais <\/div> <\/strong><\/p><p>\n\n\n\n<p><a href=\"https:\/\/www.ifbaiano.edu.br\/unidades\/bonfim\/files\/2024\/02\/Horario-2023-AGROPECUARIA.pdf\">Hor\u00e1rio das Aulas do Curso T\u00e9cnico em Agropecu\u00e1ria<\/a><\/p>\n\n\n\n<strong><div id=\"TituloMenu\" class=\"dnone\"> Calend\u00e1rio <\/div> <\/strong><\/p><p>\n\n\n\n<p><a href=\"https:\/\/www.ifbaiano.edu.br\/unidades\/bonfim\/files\/2025\/01\/Calendario-2025-Tec-Agropecuaria.pdf\">Calend\u00e1rio Curso T\u00e9cnico em Agropecu\u00e1ria Integrado 2025<\/a><\/p>\n\n\n\n<strong><div id=\"TituloMenu\" class=\"dnone\"> Diversos <\/div> <\/strong><\/p><p>\n\n\n\n<ol>\n<li><a href=\"https:\/\/www.ifbaiano.edu.br\/unidades\/bonfim\/files\/2020\/03\/ESCALA-DOCENTE-PARA-OS-S\u00c1BADOS-LETIVOS-2020.pdf\">Escala de docentes para os s\u00e1bados letivos<\/a><\/li>\n\n\n\n<li><a href=\"https:\/\/www.ifbaiano.edu.br\/unidades\/bonfim\/files\/2020\/03\/Plano-Tutoria-2020-revisado.pdf\">Plano Tutoria 2020 (revisado)<\/a><\/li>\n\n\n\n<li><a href=\"https:\/\/www.ifbaiano.edu.br\/unidades\/bonfim\/files\/2020\/03\/S\u00e1bados-letivos-2020.pdf\">S\u00e1bados letivos 2020<\/a><\/li>\n<\/ol>\n\n\n\n<strong><div id=\"TituloMenu\" class=\"dnone\"> Como ingressar? <\/div> <\/strong><\/p><p>\n\n\n\n<p>O ingresso se d\u00e1 atrav\u00e9s do Exame Seletivo Unificado que \u00e9 promovido pela Reitoria do IF Baiano, a cada ano.<\/p>\n\n\n\n<p><strong><a href=\"http:\/\/www.ifbaiano.edu.br\/unidades\/bonfim\/files\/2019\/04\/NOVO-PPC-T\u00e9cnico-em-Agropecu\u00e1ria-Integrado-COM-ALTERA\u00c7\u00c3O-18.10-1.pdf\">Projeto Pedag\u00f3gico Curso T\u00e9cnico em Agropecu\u00e1ria Integrado ao Ensino M\u00e9dio-2017<\/a><\/strong><\/p>\n\n\n\n<p><a href=\"https:\/\/www.ifbaiano.edu.br\/unidades\/bonfim\/files\/2021\/07\/PPC-Agropecuaria-Integrado-05.2021.pdf\"><strong>Projeto Pedag\u00f3gico Curso T\u00e9cnico em Agropecu\u00e1ria Integrado ao Ensino M\u00e9dio-2020<\/strong><\/a><\/p>\n\n\n\n<p><a href=\"https:\/\/www.ifbaiano.edu.br\/unidades\/bonfim\/files\/2021\/10\/Resolucao-da-Aprovacao-do-PPC-de-Agropecuaria-1.pdf\"><strong>Projeto Pedag\u00f3gico Curso T\u00e9cnico em Agropecu\u00e1ria Integrado ao Ensino M\u00e9dio-2021<\/strong><\/a><\/p>\n\n\n\n<p>Resolu\u00e7\u00e3o 161\/2021 &#8211; OS-CONSUP\/IFBAIANO, DE 19 DE OUTUBRO DE 2021<\/p>\n\n\n\n<strong><div id=\"TituloMenu\" class=\"dnone\"> Coordena\u00e7\u00e3o: <\/div> <\/strong><\/p><p>\n\n\n\n<p>Prof. Me. Osvaldo Alves Arag\u00e3o Filho\u00a0<\/p>\n\n\n\n<figure class=\"wp-block-image size-full\"><a href=\"https:\/\/www.ifbaiano.edu.br\/unidades\/bonfim\/files\/2025\/09\/2479-image.webp\"><img decoding=\"async\" loading=\"lazy\" width=\"805\" height=\"652\" src=\"https:\/\/www.ifbaiano.edu.br\/unidades\/bonfim\/files\/2025\/09\/2479-image.webp\" alt=\"\" class=\"wp-image-22560\" srcset=\"https:\/\/www.ifbaiano.edu.br\/unidades\/bonfim\/files\/2025\/09\/2479-image.webp 805w, https:\/\/www.ifbaiano.edu.br\/unidades\/bonfim\/files\/2025\/09\/2479-image-300x243.webp 300w, https:\/\/www.ifbaiano.edu.br\/unidades\/bonfim\/files\/2025\/09\/2479-image-768x622.webp 768w, https:\/\/www.ifbaiano.edu.br\/unidades\/bonfim\/files\/2025\/09\/2479-image-100x81.webp 100w\" sizes=\"(max-width: 805px) 100vw, 805px\" \/><\/a><\/figure>\n\n\n\n<p class=\"has-text-align-right\">Imagens: Maria de F\u00e1tima e Cec\u00edlia Costa<\/p>\n","protected":false},"excerpt":{"rendered":"<p>Perfil do curso \u00c9 um curso voltado para atividades ligadas \u00e0 agricultura e \u00e0 zootecnia. Os profissionais formados podem atuar em cadeias produtivas e tamb\u00e9m de forma aut\u00f4noma. O curso propicia um contato com a tecnologia agropecu\u00e1ria e contribui para que o estudante possa analisar, planejar e intervir no setor do cultivo agr\u00edcola e da [&hellip;]<\/p>\n","protected":false},"author":110,"featured_media":0,"parent":0,"menu_order":0,"comment_status":"closed","ping_status":"closed","template":"","meta":[],"_links":{"self":[{"href":"https:\/\/www.ifbaiano.edu.br\/unidades\/bonfim\/wp-json\/wp\/v2\/pages\/59"}],"collection":[{"href":"https:\/\/www.ifbaiano.edu.br\/unidades\/bonfim\/wp-json\/wp\/v2\/pages"}],"about":[{"href":"https:\/\/www.ifbaiano.edu.br\/unidades\/bonfim\/wp-json\/wp\/v2\/types\/page"}],"author":[{"embeddable":true,"href":"https:\/\/www.ifbaiano.edu.br\/unidades\/bonfim\/wp-json\/wp\/v2\/users\/110"}],"replies":[{"embeddable":true,"href":"https:\/\/www.ifbaiano.edu.br\/unidades\/bonfim\/wp-json\/wp\/v2\/comments?post=59"}],"version-history":[{"count":50,"href":"https:\/\/www.ifbaiano.edu.br\/unidades\/bonfim\/wp-json\/wp\/v2\/pages\/59\/revisions"}],"predecessor-version":[{"id":22561,"href":"https:\/\/www.ifbaiano.edu.br\/unidades\/bonfim\/wp-json\/wp\/v2\/pages\/59\/revisions\/22561"}],"wp:attachment":[{"href":"https:\/\/www.ifbaiano.edu.br\/unidades\/bonfim\/wp-json\/wp\/v2\/media?parent=59"}],"curies":[{"name":"wp","href":"https:\/\/api.w.org\/{rel}","templated":true}]}}