{"id":7977,"date":"2017-02-14T08:27:15","date_gmt":"2017-02-14T11:27:15","guid":{"rendered":"http:\/\/www.ifbaiano.edu.br\/unidades\/bonfim\/?page_id=7977"},"modified":"2025-05-07T08:23:58","modified_gmt":"2025-05-07T11:23:58","slug":"historia","status":"publish","type":"page","link":"https:\/\/www.ifbaiano.edu.br\/unidades\/bonfim\/historia\/","title":{"rendered":"Hist\u00f3ria"},"content":{"rendered":"\n<p>O Campus Senhor do Bonfim Localizado na Estrada da Igara, s\/n \u2013 Zona Rural, Senhor do Bonfim, foi criado pela Lei n\u00b0 11.892\/08, que incorporou \u00e0 estrutura do IF Baiano, a antiga Escola Agrot\u00e9cnica Federal de Senhor do Bonfim.<\/p>\n\n\n\n<p>O munic\u00edpio de Senhor do Bonfim est\u00e1 localizado a 375 Km da capital do estado, no Territ\u00f3rio de Identidade Piemonte Norte do Itapicuru. Com uma \u00e1rea de 816,697 Km\u00b2, possui uma popula\u00e7\u00e3o estimada em 80.810 habitantes (IBGE, 2014). Esse munic\u00edpio possui clima quente e seco, e se destaca na regi\u00e3o como prov\u00edncia mineral (cobre, cromo, ouro, van\u00e1dio, magnesita, ferro, mangan\u00eas, calcita, granito, ametista, esmeralda e n\u00edquel). Possui, tamb\u00e9m, uma intensa atividade agropecu\u00e1ria, com produ\u00e7\u00e3o consider\u00e1vel de milho e feij\u00e3o, bem como de gado de corte. Destaca-se tamb\u00e9m, na pecu\u00e1ria leiteira, nas pr\u00e1ticas em agricultura familiar e no com\u00e9rcio de produtos agropecu\u00e1rios.<\/p>\n\n\n\n<p>A presen\u00e7a do Instituto Federal Baiano no munic\u00edpio tem contribu\u00eddo significativamente para a eleva\u00e7\u00e3o dos \u00edndices de qualidade educacional e desenvolvimento social, atrav\u00e9s da forma\u00e7\u00e3o de jovens para atuar no parque agroindustrial da regi\u00e3o.<\/p>\n\n\n\n<p>O Campus Senhor do Bonfim oferta os seguintes cursos de N\u00edvel M\u00e9dio: T\u00e9cnico em Agropecu\u00e1ria Integrado ao Ensino M\u00e9dio; T\u00e9cnico em Zootecnia, T\u00e9cnico em Alimentos, T\u00e9cnico em Manuten\u00e7\u00e3o e Suporte de Inform\u00e1tica e T\u00e9cnico em Agrimensura, na Modalidade Subsequente.<\/p>\n\n\n\n<p>S\u00e3o ofertados tamb\u00e9m os Cursos Superiores de Licenciatura em Ci\u00eancias da Computa\u00e7\u00e3o e em Ci\u00eancias Agr\u00e1rias, e o Curso de P\u00f3s-Gradua\u00e7\u00e3o Lato Sensu em Desenvolvimento Sustent\u00e1vel no Semi\u00e1rido com \u00eanfase em Recursos H\u00eddricos. S\u00e3o oferecidos, ainda, na Modalidade de Educa\u00e7\u00e3o a Dist\u00e2ncia, em polos situados nos munic\u00edpios de Pintadas, Campo Formoso, Jaguarari, Miguel Calmon, Mundo Novo e Remanso, os seguintes cursos: T\u00e9cnico em Meio Ambiente, em Seguran\u00e7a do Trabalho, em Servi\u00e7os P\u00fablicos, em Alimenta\u00e7\u00e3o Escolar, em Agente Comunit\u00e1rio de Sa\u00fade, em Eventos, em Administra\u00e7\u00e3o, em Hospedagem e em Transa\u00e7\u00f5es Imobili\u00e1rias.<\/p>\n\n\n\n<p>O Campus atende a um total de 1.623 alunos cujas matr\u00edculas est\u00e3o distribu\u00eddas entre os cursos integrados (449), subsequentes (261), EaD (683) e cursos superiores (230).<\/p>\n\n\n\n<p>Fonte:<\/p>\n\n\n\n<p><a href=\"https:\/\/www.ifbaiano.edu.br\/unidades\/bonfim\/files\/2025\/05\/PDI-2021-2025.pdf\" data-type=\"URL\" data-id=\"https:\/\/www.ifbaiano.edu.br\/unidades\/bonfim\/files\/2025\/05\/PDI-2021-2025.pdf\" target=\"_blank\" rel=\"noreferrer noopener\">PDI 2021-2025<\/a><\/p>\n\n\n\n<p><a href=\"https:\/\/ifbaiano.edu.br\/portal\/wp-content\/uploads\/2015\/12\/pdi-2015-2019-versao-2018.pdf\" data-type=\"URL\" data-id=\"https:\/\/ifbaiano.edu.br\/portal\/wp-content\/uploads\/2015\/12\/pdi-2015-2019-versao-2018.pdf\" target=\"_blank\" rel=\"noreferrer noopener\">PDI 2015-2019<\/a><\/p>\n","protected":false},"excerpt":{"rendered":"<p>O Campus Senhor do Bonfim Localizado na Estrada da Igara, s\/n \u2013 Zona Rural, Senhor do Bonfim, foi criado pela Lei n\u00b0 11.892\/08, que incorporou \u00e0 estrutura do IF Baiano, a antiga Escola Agrot\u00e9cnica Federal de Senhor do Bonfim. O munic\u00edpio de Senhor do Bonfim est\u00e1 localizado a 375 Km da capital do estado, no [&hellip;]<\/p>\n","protected":false},"author":79,"featured_media":0,"parent":0,"menu_order":0,"comment_status":"closed","ping_status":"closed","template":"","meta":[],"_links":{"self":[{"href":"https:\/\/www.ifbaiano.edu.br\/unidades\/bonfim\/wp-json\/wp\/v2\/pages\/7977"}],"collection":[{"href":"https:\/\/www.ifbaiano.edu.br\/unidades\/bonfim\/wp-json\/wp\/v2\/pages"}],"about":[{"href":"https:\/\/www.ifbaiano.edu.br\/unidades\/bonfim\/wp-json\/wp\/v2\/types\/page"}],"author":[{"embeddable":true,"href":"https:\/\/www.ifbaiano.edu.br\/unidades\/bonfim\/wp-json\/wp\/v2\/users\/79"}],"replies":[{"embeddable":true,"href":"https:\/\/www.ifbaiano.edu.br\/unidades\/bonfim\/wp-json\/wp\/v2\/comments?post=7977"}],"version-history":[{"count":5,"href":"https:\/\/www.ifbaiano.edu.br\/unidades\/bonfim\/wp-json\/wp\/v2\/pages\/7977\/revisions"}],"predecessor-version":[{"id":21469,"href":"https:\/\/www.ifbaiano.edu.br\/unidades\/bonfim\/wp-json\/wp\/v2\/pages\/7977\/revisions\/21469"}],"wp:attachment":[{"href":"https:\/\/www.ifbaiano.edu.br\/unidades\/bonfim\/wp-json\/wp\/v2\/media?parent=7977"}],"curies":[{"name":"wp","href":"https:\/\/api.w.org\/{rel}","templated":true}]}}