{"id":8026,"date":"2017-02-14T13:52:10","date_gmt":"2017-02-14T16:52:10","guid":{"rendered":"http:\/\/www.ifbaiano.edu.br\/unidades\/bonfim\/?page_id=8026"},"modified":"2020-03-31T18:25:50","modified_gmt":"2020-03-31T21:25:50","slug":"especializacao-em-desenvolvimento-sustentavel-no-semiarido-com-enfase-em-recursos-hidricos","status":"publish","type":"page","link":"https:\/\/www.ifbaiano.edu.br\/unidades\/bonfim\/especializacao-em-desenvolvimento-sustentavel-no-semiarido-com-enfase-em-recursos-hidricos\/","title":{"rendered":"Especializa\u00e7\u00e3o em Desenvolvimento Sustent\u00e1vel no Semi\u00e1rido com \u00canfase em Recursos H\u00eddricos"},"content":{"rendered":"\n<div class=\"wp-block-image\"><figure class=\"alignleft size-large is-resized\"><img decoding=\"async\" loading=\"lazy\" src=\"https:\/\/www.ifbaiano.edu.br\/unidades\/bonfim\/files\/2020\/03\/Logo-pos-1.jpg\" alt=\"\" class=\"wp-image-12555\" width=\"328\" height=\"300\" \/><\/figure><\/div>\n\n\n\n<h2 class=\"has-vivid-green-cyan-color has-text-color wp-block-heading\">Apresenta\u00e7\u00e3o<\/h2>\n\n\n\n<p>O curso de Especializa\u00e7\u00e3o em Desenvolvimento Sustent\u00e1vel no Semi\u00e1rido com \u00canfase em Recursos H\u00eddricos \u2013 DSSERH \u00e9 promovido pelo Instituto Federal de Educa\u00e7\u00e3o, Ci\u00eancia e Tecnologia Baiano \u2013&nbsp;<em>Campus<\/em>&nbsp;de Senhor do Bonfim, com apoio da Pr\u00f3-Reitoria de Pesquisa e Inova\u00e7\u00e3o do IF Baiano.<\/p>\n\n\n\n<p>Imerso no cen\u00e1rio do semi\u00e1rido baiano, o presente curso \u00e9 um investimento p\u00fablico colocado \u00e0 disposi\u00e7\u00e3o dos Territ\u00f3rios de Identidade onde o cen\u00e1rio da escassez de \u00e1gua, da gest\u00e3o dos recursos h\u00eddricos, do combate \u00e0 desertifica\u00e7\u00e3o, da conserva\u00e7\u00e3o ambiental, especialmente, do bioma caatinga, vem se tornando num dos principais temas dos estudos referentes \u00e0s quest\u00f5es ambientais.<\/p>\n\n\n\n<p>Tendo como pontos de partida a capacita\u00e7\u00e3o contextualizada e a pesquisa enquanto princ\u00edpio educativo, esse curso tem como objetivo qualificar profissionais graduados, possibilitando uma inser\u00e7\u00e3o cr\u00edtica, dial\u00f3gica e pr\u00e1tica que viabilize mudan\u00e7as de h\u00e1bitos, valores e atitudes acerca da tem\u00e1tica indissoci\u00e1vel: homem-\u00e1gua-semi\u00e1rido, atendendo as demandas do desenvolvimento, sob bases sustent\u00e1veis. .<\/p>\n\n\n\n<p>Esse curso tem como objetivo qualificar educadores, possibilitando a estes uma inser\u00e7\u00e3o cr\u00edtica, dial\u00f3gica e pr\u00e1tica que viabilize mudan\u00e7as de h\u00e1bitos, valores e atitudes acerca da tem\u00e1tica indissoci\u00e1vel: homem-\u00e1gua-semi\u00e1rido, atendendo a demandas do desenvolvimento, sob bases sustent\u00e1veis.<\/p>\n\n\n\n<h2 class=\"has-vivid-green-cyan-color has-text-color wp-block-heading\">P\u00fablico-alvo<\/h2>\n\n\n\n<p>A proposta destina-se a educadores, extensionistas, t\u00e9cnicos e lideran\u00e7as de movimentos sociais, nas mais diversas \u00e1reas de conhecimento, desde que sejam portadores de diploma de n\u00edvel superior devidamente reconhecido e registrado nos \u00f3rg\u00e3os competentes. Tamb\u00e9m ser\u00e3o aceitos alunos devidamente matriculados e cursando o \u00faltimo semestre\/per\u00edodo acad\u00eamico com previs\u00e3o de conclus\u00e3o da gradua\u00e7\u00e3o.<br><\/p>\n\n\n\n<h2 class=\"has-vivid-green-cyan-color has-text-color wp-block-heading\">Como ingressar?<\/h2>\n\n\n\n<p>A sele\u00e7\u00e3o \u00e9 realizada por edital emitido pelo IF Baiano. O processo seletivo ocorre, geralmente, no segundo semestre do ano em que se findam os trabalhos da turma vigente.<br><\/p>\n\n\n\n<h2 class=\"has-vivid-green-cyan-color has-text-color wp-block-heading\">Corpo docente<\/h2>\n\n\n\n<ol><li><a href=\"https:\/\/www.ifbaiano.edu.br\/unidades\/bonfim\/files\/2020\/03\/Quadro-docentes-para-o-site.pdf\">Quadro docente (Turma 2019\/2020)<\/a><\/li><\/ol>\n\n\n\n<h2 class=\"has-vivid-green-cyan-color has-text-color wp-block-heading\">Disciplinas e ementas<\/h2>\n\n\n\n<ol><li><a href=\"https:\/\/www.ifbaiano.edu.br\/unidades\/bonfim\/files\/2020\/03\/Disciplinas-e-Ementas.pdf\">Disciplinas e ementas &#8211; 2019\/2020<\/a><\/li><li><a href=\"https:\/\/www.ifbaiano.edu.br\/unidades\/bonfim\/files\/2016\/04\/Disciplinas-e-ementas-para-o-ano-letivo-2016_2017.pdf\">Disciplinas e ementas &#8211; 2016\/2017<\/a><\/li><\/ol>\n\n\n\n<h2 class=\"has-vivid-green-cyan-color has-text-color wp-block-heading\">Hor\u00e1rios dos m\u00f3dulos de aulas (Turma 2019\/2020)<\/h2>\n\n\n\n<figure class=\"wp-block-table\"><table class=\"\"><tbody><tr><td> <a href=\"https:\/\/www.ifbaiano.edu.br\/unidades\/bonfim\/files\/2020\/03\/Hor%C3%A1rio-m%C3%B3dulo-I-DSSERH-definitivo.pdf\">M\u00f3dulo I<\/a> <\/td><td> <a href=\"https:\/\/www.ifbaiano.edu.br\/unidades\/bonfim\/files\/2020\/03\/Hor%C3%A1rio-m%C3%B3dulo-II-DSSERH-Definitivo.pdf\">M\u00f3dulo II<\/a> <\/td><td> <a href=\"https:\/\/www.ifbaiano.edu.br\/unidades\/bonfim\/files\/2020\/03\/Hor%C3%A1rio-m%C3%B3dulo-III-Definitivo.pdf\">M\u00f3dulo III<\/a> <\/td><td> <a href=\"https:\/\/www.ifbaiano.edu.br\/unidades\/bonfim\/files\/2020\/03\/Hor%C3%A1rio-m%C3%B3dulo-IV.pdf\">M\u00f3dulo IV<\/a> <\/td><\/tr><tr><td> <a href=\"https:\/\/www.ifbaiano.edu.br\/unidades\/bonfim\/files\/2020\/03\/Hor%C3%A1rio-m%C3%B3dulo-V.pdf\">M\u00f3dulo V<\/a> <\/td><td> <a href=\"https:\/\/www.ifbaiano.edu.br\/unidades\/bonfim\/files\/2020\/03\/Hor%C3%A1rio-m%C3%B3dulo-VI.pdf\">M\u00f3dulo VI<\/a> <\/td><td> <a href=\"https:\/\/www.ifbaiano.edu.br\/unidades\/bonfim\/files\/2020\/03\/Hor%C3%A1rio-m%C3%B3dulo-VII.pdf\">M\u00f3dulo VII<\/a> <\/td><td> <a href=\"https:\/\/www.ifbaiano.edu.br\/unidades\/bonfim\/files\/2020\/03\/Hor%C3%A1rio-m%C3%B3dulo-VIII.pdf\">M\u00f3dulo VIII<\/a> <\/td><\/tr><\/tbody><\/table><\/figure>\n\n\n\n<h2 class=\"has-vivid-green-cyan-color has-text-color wp-block-heading\">Coordena\u00e7\u00e3o<\/h2>\n\n\n\n<p>Prof. Dr. Jos\u00e9 Radam\u00e9s Benevides de Melo (Coordenador)<\/p>\n\n\n\n<p>Prof. Me. Am\u00e9rico Fascio Lopes Filho (Respons\u00e1vel Substituto) <\/p>\n\n\n\n<h2 class=\"has-vivid-green-cyan-color has-text-color wp-block-heading\">Regimento\/Regulamento<\/h2>\n\n\n\n<p><a href=\"https:\/\/www.ifbaiano.edu.br\/unidades\/bonfim\/files\/2020\/03\/Regimeto-Geral-de-P\u00f3s_Gradua\u00e7\u00e3o-do-IF-Baiano-2018.pdf\">Regimento Geral de P\u00f3s-Gradua\u00e7\u00e3o do IFBaiano<\/a><\/p>\n\n\n\n<p><a href=\"https:\/\/www.ifbaiano.edu.br\/unidades\/bonfim\/files\/2020\/03\/REGULAMENTO-2019-2020.pdf\">Regimento da PGDSS 2019-2020<\/a><\/p>\n\n\n\n<p><a href=\"https:\/\/www.ifbaiano.edu.br\/unidades\/bonfim\/files\/2020\/03\/Regimento-da-PGDSS-2016-2017.pdf\">Regimento da PGDSS 2016-2017<\/a><br><\/p>\n\n\n\n<h2 class=\"has-vivid-green-cyan-color has-text-color wp-block-heading\"><strong>Documentos de Autoriza\u00e7\u00e3o e Funcionamento do Curso<\/strong><\/h2>\n\n\n\n<p><a href=\"https:\/\/www.ifbaiano.edu.br\/unidades\/bonfim\/files\/2020\/03\/Projeto-Curso-de-Especializa\u00e7\u00e3o-em-DSSERH.pdf\">Projeto do Curso da Especializa\u00e7\u00e3o<\/a><\/p>\n\n\n\n<p><a href=\"https:\/\/www.ifbaiano.edu.br\/unidades\/bonfim\/files\/2020\/03\/Resolu\u00e7\u00e3o-n\u00ba-19-de-16-de-setembro-de-2011.pdf\">Resolu\u00e7\u00e3o n\u00ba 19<\/a><\/p>\n\n\n\n<p><a href=\"https:\/\/www.ifbaiano.edu.br\/unidades\/bonfim\/files\/2020\/03\/Of\u00edcio-n\u00b0-2677.pdf\">Of\u00edcio n\u00ba 2677<\/a><\/p>\n\n\n\n<h2 class=\"has-vivid-green-cyan-color has-text-color wp-block-heading\"><strong>Publica\u00e7\u00f5es<\/strong><\/h2>\n\n\n\n<ol><li><a href=\"https:\/\/www.ifbaiano.edu.br\/unidades\/bonfim\/files\/2020\/03\/2014-2015-.pdf\">Turma 2014-2015<\/a><\/li><li><a href=\"https:\/\/www.ifbaiano.edu.br\/unidades\/bonfim\/files\/2020\/03\/2011-2013-.pdf\">Turma 2011-2013<\/a><\/li><\/ol>\n\n\n\n<p class=\"has-text-color has-vivid-green-cyan-color\"><strong>Colabora\u00e7\u00e3o de pesquisadores e alunos do curso em dois livros publicados pelo Instituto Nacional do Semi\u00e1rido \u2013 INSA<\/strong><\/p>\n\n\n\n<p><a href=\"https:\/\/portal.insa.gov.br\/images\/acervo-livros\/Educa%C3%A7%C3%A3o-Contextualizada-para-a-conviv%C3%AAncia-com-o-Semi%C3%A1rido.pdf\">Link de acesso 1<\/a> <\/p>\n\n\n\n<p><a href=\"https:\/\/portal.insa.gov.br\/images\/acervo-livros\/Viv%C3%AAncias-e-pr%C3%A1ticas-de-coabta%C3%A7%C3%A3o.pdf\">Link de acesso 2<\/a> <\/p>\n\n\n\n<p><\/p>\n\n\n\n<h2 class=\"has-vivid-green-cyan-color has-text-color wp-block-heading\">Eventos<\/h2>\n\n\n\n<p><\/p>\n\n\n\n<p><strong>I Col\u00f3quio Sobre Desenvolvimento Sustent\u00e1vel no Semi\u00e1rido<\/strong><\/p>\n\n\n\n<p><a href=\"https:\/\/www.ifbaiano.edu.br\/unidades\/bonfim\/files\/2020\/03\/I-COL\u00d3QUIO-SOBRE-DESENVOLVIMENTO-SUSTENT\u00c1VEL-NO-SEMI\u00c1RIDO-1.pdf\">Divulga\u00e7\u00e3o<\/a><\/p>\n\n\n\n<p><a href=\"http:\/\/www.ifbaiano.edu.br\/unidades\/bonfim\/files\/2020\/02\/certificado-col\u00f3qui-I-1.pdf\">Certificados<\/a><\/p>\n\n\n\n<p><strong>II Col\u00f3quio Sobre Desenvolvimento Sustent\u00e1vel no Semi\u00e1rido<\/strong><\/p>\n\n\n\n<p><a href=\"https:\/\/www.ifbaiano.edu.br\/unidades\/bonfim\/files\/2020\/03\/II-COL\u00d3QUIO-SOBRE-DESENVOLVIMENTO-SUSTENT\u00c1VEL-NO-SEMI\u00c1RIDO-1.pdf\">Divulga\u00e7\u00e3o<\/a><\/p>\n\n\n\n<p><a href=\"http:\/\/www.ifbaiano.edu.br\/unidades\/bonfim\/files\/2020\/02\/Certificado-col\u00f3quio-II.pdf\">Certificados<\/a><\/p>\n\n\n\n<p><strong>III Col\u00f3quio Sobre Desenvolvimento Sustent\u00e1vel no Semi\u00e1rido<\/strong><\/p>\n\n\n\n<p><a href=\"https:\/\/www.ifbaiano.edu.br\/unidades\/bonfim\/files\/2020\/03\/III-COL\u00d3QUIO-SOBRE-DESENVOLVIMENTO-SUSTENT\u00c1VEL-NO-SEMI\u00c1RIDO.pdf\">Divulga\u00e7\u00e3o<\/a><\/p>\n\n\n\n<p><a href=\"http:\/\/www.ifbaiano.edu.br\/unidades\/bonfim\/files\/2020\/02\/certificado-coloquio-III-1.pdf\">Certificados<\/a><\/p>\n\n\n\n<p><strong>IV Col\u00f3quio Sobre Desenvolvimento Sustent\u00e1vel no Semi\u00e1rido<\/strong><\/p>\n\n\n\n<p><a href=\"https:\/\/www.ifbaiano.edu.br\/unidades\/bonfim\/files\/2020\/03\/IV-COL\u00d3QUIO-SOBRE-DESENVOLVIMENTO-SUSTENT\u00c1VEL-NO-SEMI\u00c1RIDO.pdf\">Divulga\u00e7\u00e3o<\/a><\/p>\n\n\n\n<p><a href=\"http:\/\/www.ifbaiano.edu.br\/unidades\/bonfim\/files\/2020\/02\/certificado-col\u00f3quio-IV-1.pdf\">Certificados<\/a><\/p>\n\n\n\n<p><strong>V Col\u00f3quio Sobre Desenvolvimento Sustent\u00e1vel no Semi\u00e1rido<\/strong><\/p>\n\n\n\n<p><a href=\"https:\/\/www.ifbaiano.edu.br\/unidades\/bonfim\/files\/2020\/03\/V-COL\u00d3QUIO-SOBRE-DESENVOLVIMENTO-SUSTENT\u00c1VEL-NO-SEMI\u00c1RIDO.pdf\">Divulga\u00e7\u00e3o<\/a><\/p>\n\n\n\n<p><a href=\"http:\/\/www.ifbaiano.edu.br\/unidades\/bonfim\/files\/2020\/02\/certificado-col\u00f3quio-V-1.pdf\">Certificados<\/a><\/p>\n\n\n\n<p><strong>VI Col\u00f3quio Sobre Desenvolvimento Sustent\u00e1vel no Semi\u00e1rido<\/strong><\/p>\n\n\n\n<p><a href=\"https:\/\/www.ifbaiano.edu.br\/unidades\/bonfim\/files\/2020\/03\/VI-COL\u00d3QUIO-SOBRE-DESENVOLVIMENTO-SUSTENT\u00c1VEL-NO-SEMI\u00c1RIDO.pdf\">Divulga\u00e7\u00e3o<\/a><\/p>\n\n\n\n<p><a href=\"http:\/\/www.ifbaiano.edu.br\/unidades\/bonfim\/files\/2020\/02\/Certificado-col\u00f3quio-VI-1.pdf\">Certificados<\/a><\/p>\n\n\n\n<h2 class=\"has-vivid-green-cyan-color has-text-color wp-block-heading\"><strong>Publica\u00e7\u00e3o de Professores-Pesquisadores do curso<\/strong><\/h2>\n\n\n\n<ul><li><a href=\"https:\/\/www.ifbaiano.edu.br\/unidades\/bonfim\/files\/2020\/03\/Boletim-T\u00e9cnico-Desertifica\u00e7\u00e3o-Junho-2018-IF-Baiano.pdf\"><em>Alerta de desertifica\u00e7\u00e3o no m\u00e9dio curso do rio Salitre, afluente do rio S\u00e3o Francisco<\/em>\u00a0(Alisson Jadavi Pereira da Silva\/M\u00e1rcio Lima Rios)<\/a><\/li><\/ul>\n\n\n\n<p><span style=\"color: #99cc00\">INFORMES:<\/span><\/p>\n\n\n\n<p><a href=\"http:\/\/www.ifbaiano.edu.br\/unidades\/bonfim\/files\/2016\/04\/homologacao_incricoes_2016.pdf\">Inscri\u00e7\u00f5es homologadas \u2013 Processo Seletivo 2016-2017<\/a>\u2013 NOVO\u2013 28\/04\/2016<\/p>\n\n\n\n<p><a href=\"http:\/\/www.ifbaiano.edu.br\/unidades\/bonfim\/files\/2016\/04\/EDITAL_PROPES_N_03_2016.pdf\">Edital PROPES n\u00ba 03\/2016<\/a><\/p>\n","protected":false},"excerpt":{"rendered":"<p>Apresenta\u00e7\u00e3o O curso de Especializa\u00e7\u00e3o em Desenvolvimento Sustent\u00e1vel no Semi\u00e1rido com \u00canfase em Recursos H\u00eddricos \u2013 DSSERH \u00e9 promovido pelo Instituto Federal de Educa\u00e7\u00e3o, Ci\u00eancia e Tecnologia Baiano \u2013&nbsp;Campus&nbsp;de Senhor do Bonfim, com apoio da Pr\u00f3-Reitoria de Pesquisa e Inova\u00e7\u00e3o do IF Baiano. Imerso no cen\u00e1rio do semi\u00e1rido baiano, o presente curso \u00e9 um investimento [&hellip;]<\/p>\n","protected":false},"author":79,"featured_media":0,"parent":0,"menu_order":0,"comment_status":"closed","ping_status":"closed","template":"","meta":[],"_links":{"self":[{"href":"https:\/\/www.ifbaiano.edu.br\/unidades\/bonfim\/wp-json\/wp\/v2\/pages\/8026"}],"collection":[{"href":"https:\/\/www.ifbaiano.edu.br\/unidades\/bonfim\/wp-json\/wp\/v2\/pages"}],"about":[{"href":"https:\/\/www.ifbaiano.edu.br\/unidades\/bonfim\/wp-json\/wp\/v2\/types\/page"}],"author":[{"embeddable":true,"href":"https:\/\/www.ifbaiano.edu.br\/unidades\/bonfim\/wp-json\/wp\/v2\/users\/79"}],"replies":[{"embeddable":true,"href":"https:\/\/www.ifbaiano.edu.br\/unidades\/bonfim\/wp-json\/wp\/v2\/comments?post=8026"}],"version-history":[{"count":34,"href":"https:\/\/www.ifbaiano.edu.br\/unidades\/bonfim\/wp-json\/wp\/v2\/pages\/8026\/revisions"}],"predecessor-version":[{"id":12615,"href":"https:\/\/www.ifbaiano.edu.br\/unidades\/bonfim\/wp-json\/wp\/v2\/pages\/8026\/revisions\/12615"}],"wp:attachment":[{"href":"https:\/\/www.ifbaiano.edu.br\/unidades\/bonfim\/wp-json\/wp\/v2\/media?parent=8026"}],"curies":[{"name":"wp","href":"https:\/\/api.w.org\/{rel}","templated":true}]}}