{"id":11245,"date":"2015-09-09T16:31:10","date_gmt":"2015-09-09T16:31:10","guid":{"rendered":"http:\/\/www.ifbaiano.edu.br\/unidades\/catu\/?page_id=11245"},"modified":"2017-02-23T12:27:47","modified_gmt":"2017-02-23T12:27:47","slug":"praxis","status":"publish","type":"page","link":"https:\/\/www.ifbaiano.edu.br\/unidades\/catu\/praxis\/","title":{"rendered":"A pr\u00e1xis pedag\u00f3gica"},"content":{"rendered":"<p><span style=\"color: #ff0000\">Texto em constru\u00e7\u00e3o. Contamos com sua colabora\u00e7\u00e3o!<\/span><\/p>\n<p><strong><span style=\"color: #000000\">A PR\u00c1XIS PEDAG\u00d3GICA<\/span><\/strong><\/p>\n<p>Tal cap\u00edtulo apresenta os princ\u00edpios e diretrizes da pr\u00e1xis pedag\u00f3gica, trazendo os fundamentos e os caminhos para o desenvolvimento das pr\u00e1tica educativa.<\/p>\n<p>Em seus princ\u00edpios, o PPP enfoca\u00a0o compromisso com a educa\u00e7\u00e3o libertadora, o reconhecimento da heterogeneidade como elemento prof\u00edcuo a aprendizagem, a import\u00e2ncia da articula\u00e7\u00e3o dos conhecimentos, a necess\u00e1ria integra\u00e7\u00e3o entre teoria e pr\u00e1tica.<\/p>\n<p>Em suas diretrizes, o PPP apresenta formas de se materializar os compromissos assumidos e objetivos educacionais \u00a0propostos.<\/p>\n<p>Para ler este cap\u00edtulo, em sua \u00edntegra, acesse:\u00a0<a href=\"http:\/\/www.ifbaiano.edu.br\/unidades\/catu\/files\/2015\/09\/CapVI_A-Pr\u00e1xis-Pedag\u00f3gica.pdf\">CapVI_A Pr\u00e1xis Pedag\u00f3gica<\/a><\/p>\n<p>Colabore com constru\u00e7\u00e3o do PPP, enviado cr\u00edticas, sugest\u00f5es e considera\u00e7\u00f5es, at\u00e9 o dia 12 de mar\u00e7o, atrav\u00e9s do link:<\/p>\n<p><a href=\"https:\/\/opina.ifbaiano.edu.br\/index.php\/survey\/index\/sid\/516381\/newtest\/Y\/lang\/pt-BR\">https:\/\/opina.ifbaiano.edu.br\/index.php\/survey\/index\/sid\/516381\/newtest\/Y\/lang\/pt-BR<\/a><\/p>\n<p><span style=\"color: #0000ff\"><em>&#8220;Vamos colaborar com\u00a0a constru\u00e7\u00e3o de um documento que represente as vozes dos membros da comunidade acad\u00eamica!&#8221;<\/em><\/span><\/p>\n<p><span style=\"color: #0000ff\"><em>GT de Elabora\u00e7\u00e3o do PPP<\/em><\/span><\/p>\n","protected":false},"excerpt":{"rendered":"<p>Texto em constru\u00e7\u00e3o. Contamos com sua colabora\u00e7\u00e3o! A PR\u00c1XIS PEDAG\u00d3GICA Tal cap\u00edtulo apresenta os princ\u00edpios e diretrizes da pr\u00e1xis pedag\u00f3gica, trazendo os fundamentos e os caminhos para o desenvolvimento das pr\u00e1tica educativa. Em seus princ\u00edpios, o PPP enfoca\u00a0o compromisso com a educa\u00e7\u00e3o libertadora, o reconhecimento da heterogeneidade como elemento prof\u00edcuo a aprendizagem, a import\u00e2ncia da [&hellip;]<\/p>\n","protected":false},"author":20,"featured_media":0,"parent":0,"menu_order":0,"comment_status":"open","ping_status":"open","template":"","meta":[],"_links":{"self":[{"href":"https:\/\/www.ifbaiano.edu.br\/unidades\/catu\/wp-json\/wp\/v2\/pages\/11245"}],"collection":[{"href":"https:\/\/www.ifbaiano.edu.br\/unidades\/catu\/wp-json\/wp\/v2\/pages"}],"about":[{"href":"https:\/\/www.ifbaiano.edu.br\/unidades\/catu\/wp-json\/wp\/v2\/types\/page"}],"author":[{"embeddable":true,"href":"https:\/\/www.ifbaiano.edu.br\/unidades\/catu\/wp-json\/wp\/v2\/users\/20"}],"replies":[{"embeddable":true,"href":"https:\/\/www.ifbaiano.edu.br\/unidades\/catu\/wp-json\/wp\/v2\/comments?post=11245"}],"version-history":[{"count":12,"href":"https:\/\/www.ifbaiano.edu.br\/unidades\/catu\/wp-json\/wp\/v2\/pages\/11245\/revisions"}],"predecessor-version":[{"id":18947,"href":"https:\/\/www.ifbaiano.edu.br\/unidades\/catu\/wp-json\/wp\/v2\/pages\/11245\/revisions\/18947"}],"wp:attachment":[{"href":"https:\/\/www.ifbaiano.edu.br\/unidades\/catu\/wp-json\/wp\/v2\/media?parent=11245"}],"curies":[{"name":"wp","href":"https:\/\/api.w.org\/{rel}","templated":true}]}}