{"id":11620,"date":"2026-03-10T13:04:12","date_gmt":"2026-03-10T16:04:12","guid":{"rendered":"http:\/\/www.ifbaiano.edu.br\/unidades\/catu\/?page_id=11620"},"modified":"2026-03-10T13:04:12","modified_gmt":"2026-03-10T16:04:12","slug":"calendarios-academicos","status":"publish","type":"page","link":"https:\/\/www.ifbaiano.edu.br\/unidades\/catu\/calendarios-academicos\/","title":{"rendered":"Calend\u00e1rios Acad\u00eamicos"},"content":{"rendered":"\n<p class=\"has-text-align-center has-medium-font-size\"><strong>CALEND\u00c1RIOS VIGENTES 2026<\/strong><\/p>\n\n\n\n<p style=\"font-size:15px\"><strong>Calend\u00e1rio Acad\u00eamico Letivo 2026<\/strong><\/p>\n\n\n\n<p style=\"font-size:15px\">Calend\u00e1rio Acad\u00eamico \u2013 Ano Letivo 2026 &#8211; Cursos T\u00e9cnicos Subsequentes de N\u00edvel M\u00e9dio &#8211; Agrimensura, Agropecu\u00e1ria, Petr\u00f3leo e G\u00e1s <\/p>\n\n\n\n<p class=\"has-medium-font-size\">\ud83d\udcc5 <strong><a href=\"https:\/\/www.ifbaiano.edu.br\/unidades\/catu\/files\/2026\/02\/Calendario-Academico-\u2013-Ano-Letivo-2026-Cursos-Tecnicos-Subsequentes-de-Nivel-Medio.pdf\" target=\"_blank\" rel=\"noreferrer noopener\">Calend\u00e1rio<\/a><\/strong><\/p>\n\n\n\n<hr class=\"wp-block-separator has-text-color has-vivid-red-color has-css-opacity has-vivid-red-background-color has-background is-style-wide\" \/>\n\n\n\n<p style=\"font-size:15px\"><strong>Calend\u00e1rio Acad\u00eamico Letivo 2026<\/strong><\/p>\n\n\n\n<p style=\"font-size:15px\">Calend\u00e1rio Acad\u00eamico \u2013 Ano Letivo 2026 &#8211; Cursos T\u00e9cnicos integrados de N\u00edvel M\u00e9dio &#8211; Agropecu\u00e1ria, Alimentos e Qu\u00edmica<\/p>\n\n\n\n<p class=\"has-medium-font-size\">\ud83d\udcc5 <strong><a href=\"https:\/\/www.ifbaiano.edu.br\/unidades\/catu\/files\/2026\/02\/Calendario-Academico-\u2013-Ano-Letivo-2026-Cursos-Tecnicos-integrados-de-Nivel-Medio.pdf\" target=\"_blank\" rel=\"noreferrer noopener\">Calend\u00e1rio<\/a><\/strong><\/p>\n\n\n\n<hr class=\"wp-block-separator has-text-color has-vivid-red-color has-alpha-channel-opacity has-vivid-red-background-color has-background\" \/>\n\n\n\n<p style=\"font-size:15px\"><strong>Calend\u00e1rio Acad\u00eamico Letivo 2026<\/strong><\/p>\n\n\n\n<p style=\"font-size:15px\">Calend\u00e1rio Acad\u00eamico \u2013 Ano Letivo 2026 &#8211; Cursos de Gradua\u00e7\u00e3o- Licenciatura em Qu\u00edmica, Tecnologia em Gastronomia e Tecn\u00f3logo em An\u00e1lise e Desenvolvimento de Sistemas<\/p>\n\n\n\n<p class=\"has-medium-font-size\">\ud83d\udcc5 <strong><a href=\"https:\/\/www.ifbaiano.edu.br\/unidades\/catu\/files\/2026\/02\/Calendario-Academico-\u2013-Ano-Letivo-2026-Cursos-de-Graduacao.pdf\" target=\"_blank\" rel=\"noreferrer noopener\">Calend\u00e1rio<\/a><\/strong><\/p>\n\n\n\n<hr class=\"wp-block-separator has-text-color has-vivid-red-color has-alpha-channel-opacity has-vivid-red-background-color has-background\" \/>\n\n\n\n<p style=\"font-size:15px\"><strong>Calend\u00e1rio Acad\u00eamico Letivo 2026<\/strong><\/p>\n\n\n\n<p style=\"font-size:15px\">Calend\u00e1rio Acad\u00eamico \u2013 Ano Letivo 2026 &#8211; Cursos T\u00e9cnicos em Gastronomia (EJA\/EPT)<\/p>\n\n\n\n<p class=\"has-medium-font-size\">\ud83d\udcc5 <strong><a href=\"https:\/\/www.ifbaiano.edu.br\/unidades\/catu\/files\/2026\/02\/Calendario-Academico-\u2013-Ano-Letivo-2026-Cursos-Tecnicos-em-Gastronomia-EJA-EPT.pdfv\" target=\"_blank\" rel=\"noreferrer noopener\">Calend\u00e1rio<\/a><\/strong><\/p>\n\n\n\n<p><\/p>\n\n\n\n<!--nextpage-->\n\n\n\n<p class=\"has-text-align-center has-medium-font-size\"><strong>CALEND\u00c1RIOS VIGENTES 2025 <\/strong>(Atualizado)<\/p>\n\n\n\n<p style=\"font-size:15px\"><strong>Calend\u00e1rio Acad\u00eamico Letivo 2025<\/strong>**<\/p>\n\n\n\n<p style=\"font-size:15px\">Calend\u00e1rio Acad\u00eamico \u2013 Ano Letivo 2025 &#8211; Cursos T\u00e9cnicos Subsequentes de N\u00edvel M\u00e9dio &#8211; Agrimensura, Agropecu\u00e1ria, Petr\u00f3leo e G\u00e1s <\/p>\n\n\n\n<p class=\"has-medium-font-size\">\ud83d\udcc5 <strong><a href=\"https:\/\/www.ifbaiano.edu.br\/unidades\/catu\/files\/2025\/05\/Calendario-2025-Subsequentes.pdf\" target=\"_blank\" rel=\"noreferrer noopener\">Calend\u00e1rio<\/a><\/strong><\/p>\n\n\n\n<hr class=\"wp-block-separator has-text-color has-vivid-red-color has-css-opacity has-vivid-red-background-color has-background is-style-wide\" \/>\n\n\n\n<p style=\"font-size:15px\"><strong>Calend\u00e1rio Acad\u00eamico Letivo 2025<\/strong>**<\/p>\n\n\n\n<p style=\"font-size:15px\">Calend\u00e1rio Acad\u00eamico \u2013 Ano Letivo 2025 &#8211; Cursos T\u00e9cnicos integrados de N\u00edvel M\u00e9dio &#8211; Agropecu\u00e1ria, Alimentos e Qu\u00edmica<\/p>\n\n\n\n<p class=\"has-medium-font-size\">\ud83d\udcc5 <strong><a href=\"https:\/\/www.ifbaiano.edu.br\/unidades\/catu\/files\/2025\/05\/Calendario-2025-Iintegrados.pdf\" target=\"_blank\" rel=\"noreferrer noopener\">Calend\u00e1rio<\/a><\/strong><\/p>\n\n\n\n<hr class=\"wp-block-separator has-text-color has-vivid-red-color has-alpha-channel-opacity has-vivid-red-background-color has-background\" \/>\n\n\n\n<p style=\"font-size:15px\"><strong>Calend\u00e1rio Acad\u00eamico Letivo 2025<\/strong>**<\/p>\n\n\n\n<p style=\"font-size:15px\">Calend\u00e1rio Acad\u00eamico \u2013 Ano Letivo 2025 &#8211; Cursos de Gradua\u00e7\u00e3o- Licenciatura em Qu\u00edmica, Tecnologia em Gastronomia e Tecn\u00f3logo em An\u00e1lise e Desenvolvimento de Sistemas<\/p>\n\n\n\n<p class=\"has-medium-font-size\">\ud83d\udcc5 <strong><a href=\"https:\/\/www.ifbaiano.edu.br\/unidades\/catu\/files\/2025\/05\/Calendario-2025-Graduacao.pdf\" target=\"_blank\" rel=\"noreferrer noopener\">Calend\u00e1rio<\/a><\/strong><\/p>\n\n\n\n<hr class=\"wp-block-separator has-text-color has-vivid-red-color has-alpha-channel-opacity has-vivid-red-background-color has-background\" \/>\n\n\n\n<p style=\"font-size:15px\"><strong>Calend\u00e1rio Acad\u00eamico Letivo 2025<\/strong>**<\/p>\n\n\n\n<p style=\"font-size:15px\">Calend\u00e1rio Acad\u00eamico \u2013 Ano Letivo 2025 &#8211; Cursos T\u00e9cnicos em Gastronomia (EJA\/EPT)<\/p>\n\n\n\n<p class=\"has-medium-font-size\">\ud83d\udcc5 <strong><a href=\"https:\/\/www.ifbaiano.edu.br\/unidades\/catu\/files\/2025\/05\/Calendario-2025-EJA-1.pdf\" target=\"_blank\" rel=\"noreferrer noopener\">Calend\u00e1rio<\/a><\/strong><\/p>\n\n\n\n<p><\/p>\n\n\n\n<!--nextpage-->\n\n\n\n<p class=\"has-text-align-center has-medium-font-size\"><strong>CALEND\u00c1RIOS VIGENTES 2024 <\/strong>(Atualizado)<\/p>\n\n\n\n<p style=\"font-size:15px\"><strong>Calend\u00e1rio Acad\u00eamico Letivo 2024<\/strong>**<\/p>\n\n\n\n<p style=\"font-size:15px\">Calend\u00e1rio Acad\u00eamico \u2013 Ano Letivo 2024 &#8211; Cursos T\u00e9cnicos Subsequentes de N\u00edvel M\u00e9dio- Agrimensura, Agropecu\u00e1ria, Petr\u00f3leo e G\u00e1s <\/p>\n\n\n\n<p class=\"has-medium-font-size\">\ud83d\udcc5 <strong><a href=\"https:\/\/www.ifbaiano.edu.br\/unidades\/catu\/files\/2025\/02\/Calendario-Academico-\u2013-Ano-Letivo-2024-Cursos-Tecnicos-Subsequentes-de-Nivel-Medio.pdf\" target=\"_blank\" rel=\"noreferrer noopener\">Calend\u00e1rio<\/a><\/strong><\/p>\n\n\n\n<hr class=\"wp-block-separator has-text-color has-vivid-red-color has-css-opacity has-vivid-red-background-color has-background is-style-wide\" \/>\n\n\n\n<p style=\"font-size:15px\"><strong>Calend\u00e1rio Acad\u00eamico Letivo 2023<\/strong>.1**<\/p>\n\n\n\n<p style=\"font-size:15px\">Calend\u00e1rio Acad\u00eamico (P\u00f3s-Greve) \u2013 Ano Letivo 2023 (Veteranos entrada em setembro de 2023) &#8211; Cursos T\u00e9cnicos integrados de N\u00edvel M\u00e9dio- Agropecu\u00e1ria, Alimentos e Qu\u00edmica<\/p>\n\n\n\n<p class=\"has-medium-font-size\">\ud83d\udcc5 <strong><a href=\"https:\/\/www.ifbaiano.edu.br\/unidades\/catu\/files\/2025\/02\/Calendario-Academico-\u2013-Ano-Letivo-2023-Cursos-Tecnicos-de-Nivel-Medio-Veteranos-Pos-Greve.pdf\" target=\"_blank\" rel=\"noreferrer noopener\">Calend\u00e1rio<\/a><\/strong><\/p>\n\n\n\n<hr class=\"wp-block-separator has-text-color has-vivid-red-color has-alpha-channel-opacity has-vivid-red-background-color has-background\" \/>\n\n\n\n<p style=\"font-size:15px\"><strong>Calend\u00e1rio Acad\u00eamico Letivo 2024<\/strong>**<\/p>\n\n\n\n<p style=\"font-size:15px\">Calend\u00e1rio Acad\u00eamico (P\u00f3s-Greve) \u2013 Ano Letivo 2024  &#8211; Cursos T\u00e9cnicos integrados de N\u00edvel M\u00e9dio- Agropecu\u00e1ria, Alimentos e Qu\u00edmica<\/p>\n\n\n\n<p class=\"has-medium-font-size\">\ud83d\udcc5 <strong><a href=\"https:\/\/www.ifbaiano.edu.br\/unidades\/catu\/files\/2025\/02\/Calendario-Academico-Pos-Greve-\u2013-Ano-Letivo-2024-Cursos-Tecnicos-integrados-de-Nivel-Medio.pdf\" target=\"_blank\" rel=\"noreferrer noopener\">Calend\u00e1rio<\/a><\/strong><\/p>\n\n\n\n<hr class=\"wp-block-separator has-text-color has-vivid-red-color has-css-opacity has-vivid-red-background-color has-background is-style-wide\" \/>\n\n\n\n<p style=\"font-size:15px\"><strong>Calend\u00e1rio Acad\u00eamico Letivo 2024<\/strong>**<\/p>\n\n\n\n<p style=\"font-size:15px\">Calend\u00e1rio Acad\u00eamico \u2013 Ano Letivo 2024 &#8211; Cursos de Gradua\u00e7\u00e3o- Licenciatura em Qu\u00edmica, Tecnologia em Gastronomia e Tecn\u00f3logo em An\u00e1lise e Desenvolvimento de Sistemas<\/p>\n\n\n\n<p class=\"has-medium-font-size\">\ud83d\udcc5 <strong><a href=\"https:\/\/www.ifbaiano.edu.br\/unidades\/catu\/files\/2025\/02\/Calendario-Academico-\u2013-Ano-Letivo-2024-Cursos-de-Graduacao.pdf\" target=\"_blank\" rel=\"noreferrer noopener\">Calend\u00e1rio<\/a><\/strong><\/p>\n\n\n\n<hr class=\"wp-block-separator has-text-color has-vivid-red-color has-alpha-channel-opacity has-vivid-red-background-color has-background\" \/>\n\n\n\n<p style=\"font-size:15px\"><strong>Calend\u00e1rio Acad\u00eamico Letivo 2024<\/strong>**<\/p>\n\n\n\n<p style=\"font-size:15px\">Calend\u00e1rio Acad\u00eamico \u2013 Ano Letivo 2024 &#8211; Cursos T\u00e9cnicos em Gastronomia (EJA\/EPT)<\/p>\n\n\n\n<p class=\"has-medium-font-size\">\ud83d\udcc5 <strong><a href=\"https:\/\/www.ifbaiano.edu.br\/unidades\/catu\/files\/2025\/02\/Calendario-Academico-\u2013-Ano-Letivo-2024-Cursos-Tecnicos-em-Gastronomia-EJA-EPT.pdf\" target=\"_blank\" rel=\"noreferrer noopener\">Calend\u00e1rio<\/a><\/strong><\/p>\n\n\n\n<!--nextpage-->\n\n\n\n<p><\/p>\n\n\n\n<p class=\"has-text-align-center has-medium-font-size\"><strong>CALEND\u00c1RIOS VIGENTES 2023 <\/strong>(Atualizado)<\/p>\n\n\n\n<p style=\"font-size:15px\"><strong>Calend\u00e1rio Acad\u00eamico Letivo 2023<\/strong><\/p>\n\n\n\n<p style=\"font-size:15px\">Calend\u00e1rio Acad\u00eamico \u2013 Ano Letivo 2023 &#8211; Cursos T\u00e9cnicos Subsequentes de N\u00edvel M\u00e9dio- Agrimensura, Agropecu\u00e1ria, Petr\u00f3leo e G\u00e1s e T\u00e9cnico em Gastronomia (EJA)<\/p>\n\n\n\n<p class=\"has-medium-font-size\">\ud83d\udcc5 <strong><a href=\"https:\/\/www.ifbaiano.edu.br\/unidades\/catu\/files\/2023\/11\/Calendario-Academico-\u2013-Ano-Letivo-2023-Cursos-Tecnicos-Subsequentes-de-Nivel-Medio-Agrimensura-Agropecuaria-Petroleo-e-Gas-e-Tecnico-em-Gastronomia-EJA.pdf\" target=\"_blank\" rel=\"noreferrer noopener\">Calend\u00e1rio<\/a><\/strong><\/p>\n\n\n\n<hr class=\"wp-block-separator has-text-color has-vivid-red-color has-css-opacity has-vivid-red-background-color has-background is-style-wide\" \/>\n\n\n\n<p style=\"font-size:15px\"><strong>Calend\u00e1rio Acad\u00eamico Letivo 2023<\/strong><\/p>\n\n\n\n<p style=\"font-size:15px\">Calend\u00e1rio Acad\u00eamico (paralelo) \u2013 Ano Letivo 2023 (entrada em fevereiro de 2023) &#8211; Cursos T\u00e9cnicos integrados de N\u00edvel M\u00e9dio- Agropecu\u00e1ria, Alimentos e Qu\u00edmica<\/p>\n\n\n\n<p class=\"has-medium-font-size\">\ud83d\udcc5 <strong><a href=\"https:\/\/www.ifbaiano.edu.br\/unidades\/catu\/files\/2023\/11\/Calendario-Academico-paralelo-\u2013-Ano-Letivo-2023-entrada-em-fevereiro-de-2023-Cursos-Tecnicos-integrados-de-Nivel-Medio-Agropecuaria-Alimentos-e-Quimica.pdf\" target=\"_blank\" rel=\"noreferrer noopener\">Calend\u00e1rio<\/a><\/strong><\/p>\n\n\n\n<hr class=\"wp-block-separator has-text-color has-vivid-red-color has-css-opacity has-vivid-red-background-color has-background is-style-wide\" \/>\n\n\n\n<p style=\"font-size:15px\"><strong>Calend\u00e1rio Acad\u00eamico Letivo 2023<\/strong><\/p>\n\n\n\n<p style=\"font-size:15px\">Calend\u00e1rio Acad\u00eamico \u2013 Ano Letivo 2023 &#8211; Cursos de Gradua\u00e7\u00e3o- Licenciatura em Qu\u00edmica, Tecnologia em Gastronomia e Tecn\u00f3logo em An\u00e1lise e Desenvolvimento de Sistemas<\/p>\n\n\n\n<p class=\"has-medium-font-size\">\ud83d\udcc5 <strong><a href=\"https:\/\/www.ifbaiano.edu.br\/unidades\/catu\/files\/2023\/11\/Calendario-Academico-\u2013-Ano-Letivo-2023-Cursos-de-Graduacao-Licenciatura-em-Quimica-Tecnologia-em-Gastronomia-e-Tecnologo-em-Analise-e-Desenvolvimento-de-Sistemas.pdf\" target=\"_blank\" rel=\"noreferrer noopener\">Calend\u00e1rio<\/a><\/strong><\/p>\n\n\n\n<hr class=\"wp-block-separator has-text-color has-vivid-red-color has-alpha-channel-opacity has-vivid-red-background-color has-background\" \/>\n\n\n\n<p style=\"font-size:15px\"><strong>Calend\u00e1rio Acad\u00eamico Letivo 2023<\/strong><\/p>\n\n\n\n<p style=\"font-size:15px\">Calend\u00e1rio Acad\u00eamico \u2013 Ano Letivo 2023 (veteranos, com entrada em setembro de 2023) &#8211; Cursos T\u00e9cnicos integrados de N\u00edvel M\u00e9dio- Agropecu\u00e1ria, Alimentos e Qu\u00edmica<\/p>\n\n\n\n<p class=\"has-medium-font-size\">\ud83d\udcc5 <strong><a href=\"https:\/\/www.ifbaiano.edu.br\/unidades\/catu\/files\/2023\/11\/Calendario-Academico-\u2013-Ano-Letivo-2023-veteranos-com-entrada-em-setembro-de-2023-Cursos-Tecnicos-integrados-de-Nivel-Medio-Agropecuaria-Alimentos-e-Quimica.pdf\" target=\"_blank\" rel=\"noreferrer noopener\">Calend\u00e1rio<\/a><\/strong><\/p>\n\n\n\n<!--nextpage-->\n\n\n\n<p class=\"has-text-align-center has-medium-font-size\"><strong>CALEND\u00c1RIOS VIGENTES 2022 <\/strong>(Atualizado)<\/p>\n\n\n\n<p style=\"font-size:15px\"><strong>Calend\u00e1rio Acad\u00eamico Letivo 2022<\/strong><\/p>\n\n\n\n<p style=\"font-size:15px\">Cursos T\u00e9cnicos Subsequentes ao Ensino M\u00e9dio: Agrimensura, Agropecu\u00e1ria, Petr\u00f3leo e G\u00e1s &#8211; T\u00e9c. em Gastronomia \/Proeja <\/p>\n\n\n\n<p class=\"has-medium-font-size\">\ud83d\udcc5 <strong><a href=\"https:\/\/www.ifbaiano.edu.br\/unidades\/catu\/files\/2023\/07\/Calendario-Academico-\u2013-Ano-Letivo-2022-Agropecuaria-Agrimensura-Petroleo-Gas-e-Tec.-em-Gastronomia-EJA.pdf\" target=\"_blank\" rel=\"noreferrer noopener\">Calend\u00e1rio<\/a><\/strong><\/p>\n\n\n\n<hr class=\"wp-block-separator has-text-color has-vivid-red-color has-css-opacity has-vivid-red-background-color has-background is-style-wide\" \/>\n\n\n\n<p style=\"font-size:15px\"><strong>Calend\u00e1rio Acad\u00eamico Letivo 2022<\/strong><\/p>\n\n\n\n<p style=\"font-size:15px\">Cursos T\u00e9cnicos Integrados de N\u00edvel M\u00e9dio: Agropecu\u00e1ria, Alimentos, Qu\u00edmica <\/p>\n\n\n\n<p class=\"has-medium-font-size\">\ud83d\udcc5<a href=\"https:\/\/www.ifbaiano.edu.br\/unidades\/catu\/files\/2023\/07\/Calendario-Academico-\u2013-Ano-Letivo-2022-Agropecuaria-Alimentos-e-Quimica.pdf\" target=\"_blank\" rel=\"noreferrer noopener\"> <strong>Calend\u00e1rio<\/strong><\/a><\/p>\n\n\n\n<hr class=\"wp-block-separator has-text-color has-vivid-red-color has-css-opacity has-vivid-red-background-color has-background is-style-wide\" \/>\n\n\n\n<p style=\"font-size:15px\"><strong>Calend\u00e1rio Acad\u00eamico Letivo 2022<\/strong><\/p>\n\n\n\n<p style=\"font-size:15px\">Cursos Superiores: ADS, Gastronomia, Licenciatura em Qu\u00edmica<\/p>\n\n\n\n<p class=\"has-medium-font-size\">\ud83d\udcc5 <strong><a href=\"https:\/\/www.ifbaiano.edu.br\/unidades\/catu\/files\/2023\/07\/Calendario-Academico-\u2013-Ano-Letivo-2022-ADS-Gastronomia-e-Licenciatura-em-Quimica.pdf\" target=\"_blank\" rel=\"noreferrer noopener\">Calend\u00e1rio<\/a><\/strong><\/p>\n\n\n\n<hr class=\"wp-block-separator has-text-color has-vivid-red-color has-css-opacity has-vivid-red-background-color has-background is-style-wide\" \/>\n\n\n\n<p><\/p>\n\n\n\n<p><\/p>\n\n\n\n<p><\/p>\n\n\n\n<p><\/p>\n\n\n\n<p><\/p>\n\n\n\n<p><\/p>\n\n\n\n<!--nextpage-->\n\n\n\n<p class=\"has-text-align-center\"><strong>CALEND\u00c1RIOS VIGENTES 2021<\/strong><\/p>\n\n\n\n<p class=\"has-text-align-center\"><strong> <\/strong><\/p>\n\n\n\n<p style=\"font-size:15px\"><strong>Calend\u00e1rio Acad\u00eamico Letivo 2021<\/strong><\/p>\n\n\n\n<p style=\"font-size:15px\">Cursos T\u00e9cnicos Subsequentes ao Ensino M\u00e9dio: Agrimensura, Agropecu\u00e1ria, Petr\u00f3leo e G\u00e1s &#8211; Curso T\u00e9c. em Cozinha Integrado ao Ensino M\u00e9dio\/Proeja (para o PPC reformulado &#8211; 2020)<\/p>\n\n\n\n<p class=\"has-medium-font-size\">\ud83d\udcc5 <strong><a href=\"https:\/\/www.ifbaiano.edu.br\/unidades\/catu\/files\/2022\/03\/Calendario-subsequente-e-Cozinha-PPC-reformulado-2021.pdf\" target=\"_blank\" rel=\"noreferrer noopener\">Calend\u00e1rio<\/a><\/strong><\/p>\n\n\n\n<hr class=\"wp-block-separator has-text-color has-vivid-red-color has-css-opacity has-vivid-red-background-color has-background is-style-wide\" \/>\n\n\n\n<p style=\"font-size:15px\"><strong>Calend\u00e1rio Acad\u00eamico Letivo 2021<\/strong><\/p>\n\n\n\n<p style=\"font-size:15px\">Cursos T\u00e9cnicos Integrados de N\u00edvel M\u00e9dio: Agropecu\u00e1ria, Alimentos, Qu\u00edmica e Cozinha (3\u00aa s\u00e9rie)<\/p>\n\n\n\n<p class=\"has-medium-font-size\">\ud83d\udcc5 <strong><a href=\"https:\/\/www.ifbaiano.edu.br\/unidades\/catu\/files\/2022\/03\/Calendario-integrado-2021-Agro-Ali-Qui-Cozinha-3.-serie.pdf\" target=\"_blank\" rel=\"noreferrer noopener\">Calend\u00e1rio<\/a><\/strong><\/p>\n\n\n\n<hr class=\"wp-block-separator has-text-color has-vivid-red-color has-css-opacity has-vivid-red-background-color has-background is-style-wide\" \/>\n\n\n\n<p style=\"font-size:15px\"><strong>Calend\u00e1rio Acad\u00eamico Letivo 2021<\/strong><\/p>\n\n\n\n<p style=\"font-size:15px\">Cursos Superiores: ADS, Gastronomia, Licenciatura em Qu\u00edmica<\/p>\n\n\n\n<p class=\"has-medium-font-size\">\ud83d\udcc5 <strong><a href=\"https:\/\/www.ifbaiano.edu.br\/unidades\/catu\/files\/2022\/03\/Calendario-graduacao-2021.pdf\" target=\"_blank\" rel=\"noreferrer noopener\">Calend\u00e1rio<\/a><\/strong><\/p>\n\n\n\n<hr class=\"wp-block-separator has-text-color has-vivid-red-color has-css-opacity has-vivid-red-background-color has-background is-style-wide\" \/>\n\n\n\n<p><\/p>\n\n\n\n<p><\/p>\n\n\n<p style=\"text-align: center\" align=\"LEFT\"><strong>CALEND\u00c1RIOS VIGENTES<\/strong><\/p>\n<p align=\"LEFT\">&#8211; <a href=\"http:\/\/www.ifbaiano.edu.br\/unidades\/catu\/files\/2019\/03\/Calend\u00e1rios-Acad\u00eamicos-Catu-2019.pdf\">Calend\u00e1rio dos Cursos T\u00e9cnicos Integrados Diurnos (Agropecu\u00e1ria, Alimentos e Qu\u00edmica) e Noturno (Cozinha &#8211; EJA)<\/a><\/p>\n<p align=\"LEFT\">&#8211; Calend\u00e1rio dos Cursos T\u00e9cnicos Subsequentes <a href=\"http:\/\/www.ifbaiano.edu.br\/unidades\/catu\/files\/2019\/02\/Calend\u00e1rio-2018-Cursos-T\u00e9cnicos-Subsequentes-Agrimensura-Agropecu\u00e1ria-Petr\u00f3leo.pdf\">(Agrimensura, Agropecu\u00e1ria e Petr\u00f3leo)<\/a><\/p>\n<p align=\"LEFT\">&#8211; <a href=\"http:\/\/www.ifbaiano.edu.br\/unidades\/catu\/files\/2019\/02\/Calend\u00e1rio-2018-Cursos-Superiores.pdf\">Calend\u00e1rio dos Cursos Superiores&nbsp;<\/a><\/p>\n<p style=\"text-align: center\" align=\"LEFT\"><strong>CALEND\u00c1RIOS ANTIGOS<\/strong><\/p>\n<p style=\"text-align: justify\" align=\"LEFT\"><span style=\"color: #ff0000\"><strong>ANO 2018<\/strong><\/span><\/p>\n<p align=\"LEFT\">&#8211; Calend\u00e1rio dos Cursos T\u00e9cnicos Integrados Diurnos <a href=\"http:\/\/www.ifbaiano.edu.br\/unidades\/catu\/files\/2019\/02\/Calend\u00e1rio-2018-Cursos-T\u00e9cnicos-Integrados-Agropecu\u00e1ria-Alimentos-Qu\u00edmica.pdf\">(Agropecu\u00e1ria, Alimentos e Qu\u00edmica)<\/a><\/p>\n<p align=\"LEFT\">&#8211; Calend\u00e1rio do PROEJA<\/p>\n<p align=\"LEFT\"><strong><span style=\"color: #ff0000\">ANO 2015<\/span><\/strong><\/p>\n<p align=\"LEFT\"><a href=\"http:\/\/www.ifbaiano.edu.br\/unidades\/catu\/files\/2015\/12\/Calendario-Academico-EPTNM-2015-Catu-Integrados-diurnos.pdf\" target=\"_blank\" rel=\"noopener\">&#8211; Calend\u00e1rio dos Cursos T\u00e9cnicos Integrados Diurnos<\/a><\/p>\n<p align=\"LEFT\"><a href=\"http:\/\/www.ifbaiano.edu.br\/unidades\/catu\/files\/2015\/12\/Calendario-Academico-EPTNM-2015-Catu-Integrados-diurnos.pdf\" target=\"_blank\" rel=\"noopener\">&#8211; Calend\u00e1rio dos Cursos T\u00e9cnicos Subsequentes<\/a><\/p>\n<p align=\"LEFT\"><a href=\"http:\/\/www.ifbaiano.edu.br\/unidades\/catu\/files\/2015\/12\/Calendario-Academico-EPTNM-2015-Catu-Integrados-diurnos.pdf\" target=\"_blank\" rel=\"noopener\">&#8211; Calend\u00e1rio dos Cursos Superiores<\/a><\/p>\n<p align=\"LEFT\"><a href=\"http:\/\/www.ifbaiano.edu.br\/unidades\/catu\/files\/2015\/12\/Calendario-Academico-EPTNM-2015-Catu-Integrados-diurnos.pdf\" target=\"_blank\" rel=\"noopener\">&#8211; Calend\u00e1rio do PROEJA<\/a><\/p>","protected":false},"excerpt":{"rendered":"<p>CALEND\u00c1RIOS VIGENTES 2026 Calend\u00e1rio Acad\u00eamico Letivo 2026 Calend\u00e1rio Acad\u00eamico \u2013 Ano Letivo 2026 &#8211; Cursos T\u00e9cnicos Subsequentes de N\u00edvel M\u00e9dio &#8211; Agrimensura, Agropecu\u00e1ria, Petr\u00f3leo e G\u00e1s \ud83d\udcc5 Calend\u00e1rio Calend\u00e1rio Acad\u00eamico Letivo 2026 Calend\u00e1rio Acad\u00eamico \u2013 Ano Letivo 2026 &#8211; Cursos T\u00e9cnicos integrados de N\u00edvel M\u00e9dio &#8211; Agropecu\u00e1ria, Alimentos e Qu\u00edmica \ud83d\udcc5 Calend\u00e1rio Calend\u00e1rio Acad\u00eamico Letivo [&hellip;]<\/p>\n","protected":false},"author":27,"featured_media":0,"parent":0,"menu_order":0,"comment_status":"open","ping_status":"open","template":"","meta":[],"_links":{"self":[{"href":"https:\/\/www.ifbaiano.edu.br\/unidades\/catu\/wp-json\/wp\/v2\/pages\/11620"}],"collection":[{"href":"https:\/\/www.ifbaiano.edu.br\/unidades\/catu\/wp-json\/wp\/v2\/pages"}],"about":[{"href":"https:\/\/www.ifbaiano.edu.br\/unidades\/catu\/wp-json\/wp\/v2\/types\/page"}],"author":[{"embeddable":true,"href":"https:\/\/www.ifbaiano.edu.br\/unidades\/catu\/wp-json\/wp\/v2\/users\/27"}],"replies":[{"embeddable":true,"href":"https:\/\/www.ifbaiano.edu.br\/unidades\/catu\/wp-json\/wp\/v2\/comments?post=11620"}],"version-history":[{"count":26,"href":"https:\/\/www.ifbaiano.edu.br\/unidades\/catu\/wp-json\/wp\/v2\/pages\/11620\/revisions"}],"predecessor-version":[{"id":26819,"href":"https:\/\/www.ifbaiano.edu.br\/unidades\/catu\/wp-json\/wp\/v2\/pages\/11620\/revisions\/26819"}],"wp:attachment":[{"href":"https:\/\/www.ifbaiano.edu.br\/unidades\/catu\/wp-json\/wp\/v2\/media?parent=11620"}],"curies":[{"name":"wp","href":"https:\/\/api.w.org\/{rel}","templated":true}]}}