{"id":11668,"date":"2024-02-27T11:12:17","date_gmt":"2024-02-27T14:12:17","guid":{"rendered":"http:\/\/www.ifbaiano.edu.br\/unidades\/catu\/?page_id=11668"},"modified":"2024-02-27T11:12:17","modified_gmt":"2024-02-27T14:12:17","slug":"horario-das-aulas","status":"publish","type":"page","link":"https:\/\/www.ifbaiano.edu.br\/unidades\/catu\/horario-das-aulas\/","title":{"rendered":"Hor\u00e1rio das Aulas"},"content":{"rendered":"\n<p><strong>Hor\u00e1rio das Aulas 2024<\/strong>\u00a0(<em>HOR\u00c1RIOS NOVOS<\/em>)<\/p>\n\n\n\n<p><strong>CURSOS INTEGRADOS<\/strong><\/p>\n\n\n\n<ul>\n<li><a href=\"https:\/\/www.ifbaiano.edu.br\/unidades\/catu\/files\/2024\/02\/Horario-de-Aula-Curso-Tecnico-Agropecuaria-Integrado.pdf\" target=\"_blank\" rel=\"noreferrer noopener\">Hor\u00e1rio de Aula &#8211; Curso T\u00e9cnico Agropecu\u00e1ria Integrado<\/a><\/li>\n\n\n\n<li><a href=\"https:\/\/www.ifbaiano.edu.br\/unidades\/catu\/files\/2024\/02\/Horario-de-Aula-Curso-Tecnico-Alimentos-Integrado.pdf\" target=\"_blank\" rel=\"noreferrer noopener\">Hor\u00e1rio de Aula &#8211; Curso T\u00e9cnico Alimentos Integrado<\/a><\/li>\n\n\n\n<li><a href=\"https:\/\/www.ifbaiano.edu.br\/unidades\/catu\/files\/2024\/02\/Horario-de-Aula-Curso-Tecnico-Quimica-Integrado.pdf\" target=\"_blank\" rel=\"noreferrer noopener\">Hor\u00e1rio de Aula &#8211; Curso T\u00e9cnico Qu\u00edmica Integrado<\/a><\/li>\n\n\n\n<li>PROEJA T\u00e9cnico em Cozinha \u2013&nbsp;Link das Salas&nbsp;\/&nbsp;Hor\u00e1rios<\/li>\n<\/ul>\n\n\n\n<p><strong>CURSOS SUBSEQUENTES<\/strong><\/p>\n\n\n\n<ul>\n<li>Agrimensura M\u00f3dulo \u2013&nbsp;Link das Salas&nbsp;\/&nbsp;Hor\u00e1rios<\/li>\n\n\n\n<li>Agropecu\u00e1ria \u2013&nbsp;Link das Salas&nbsp;\/&nbsp;Hor\u00e1rios<\/li>\n\n\n\n<li>Petr\u00f3leo e G\u00e1s \u2013&nbsp;Link das Salas&nbsp;\/&nbsp;Hor\u00e1rios<\/li>\n<\/ul>\n\n\n\n<p><strong>CURSOS SUPERIORES<\/strong><\/p>\n\n\n\n<ul>\n<li>An\u00e1lise e Desenvolvimento de Sistema \u2013&nbsp;Link das Salas&nbsp;\/&nbsp;Hor\u00e1rios<\/li>\n\n\n\n<li>Licenciatura em Qu\u00edmica \u2013&nbsp;Link das Salas&nbsp;\/&nbsp;Hor\u00e1rios<\/li>\n<\/ul>\n\n\n\n<p><\/p>\n\n\n\n<p><\/p>\n\n\n\n<p><\/p>\n\n\n\n<p><\/p>\n\n\n\n<p><\/p>\n\n\n\n<p><\/p>\n\n\n\n<p><\/p>\n\n\n\n<!--nextpage-->\n\n\n\n<hr class=\"wp-block-separator has-alpha-channel-opacity\" \/>\n\n\n\n<p><a rel=\"noreferrer noopener\" href=\"https:\/\/www.ifbaiano.edu.br\/unidades\/catu\/files\/2023\/09\/Mapa-de-salas-2023-Atualizacao-25.09.2023.pdf\" target=\"_blank\">Mapa de salas 2023 &#8211; Atualiza\u00e7\u00e3o 25.09.2023<\/a><\/p>\n\n\n\n<p><strong>Hor\u00e1rio das Aulas 2021\/2022<\/strong> (<em>HOR\u00c1RIOS NOVOS<\/em>)<\/p>\n\n\n\n<p><strong>CURSOS INTEGRADOS<\/strong><\/p>\n\n\n\n<ul>\n<li>T\u00e9cnico em&nbsp;Agropecu\u00e1ria \u2013&nbsp;Link das Salas&nbsp;\/&nbsp;<a rel=\"noreferrer noopener\" href=\"https:\/\/www.ifbaiano.edu.br\/unidades\/catu\/files\/2022\/02\/Horario-APNP-Agropecuaria-2021-2022_31_01.pdf\" target=\"_blank\">Hor\u00e1rios<\/a><\/li>\n\n\n\n<li>T\u00e9cnico em Alimentos \u2013&nbsp;Link das Salas&nbsp;\/&nbsp;Hor\u00e1rios<\/li>\n\n\n\n<li>T\u00e9cnico em Qu\u00edmica \u2013&nbsp;Link das Salas&nbsp;\/&nbsp;Hor\u00e1rios &#8211; <a href=\"https:\/\/www.ifbaiano.edu.br\/unidades\/catu\/files\/2022\/02\/Horario-do-Curso-Tecnico-em-Quimica-1o-ANO.pdf\" target=\"_blank\" rel=\"noreferrer noopener\">1\u00ba ANO<\/a> &#8211; <a href=\"https:\/\/www.ifbaiano.edu.br\/unidades\/catu\/files\/2022\/02\/Horario-do-Curso-Tecnico-em-Quimica-2o-ANO.pdf\" target=\"_blank\" rel=\"noreferrer noopener\">2\u00ba ANO<\/a> &#8211; <a href=\"https:\/\/www.ifbaiano.edu.br\/unidades\/catu\/files\/2022\/02\/Horario-do-Curso-Tecnico-em-Quimica-3o-ANO.pdf\" target=\"_blank\" rel=\"noreferrer noopener\">3\u00ba ANO<\/a> &#8211; <a href=\"https:\/\/www.ifbaiano.edu.br\/unidades\/catu\/files\/2022\/02\/Horario-do-Curso-Tecnico-em-Quimica-4o-ANO.pdf\" target=\"_blank\" rel=\"noreferrer noopener\">4\u00ba ANO<\/a><\/li>\n\n\n\n<li>PROEJA T\u00e9cnico em Cozinha \u2013&nbsp;Link das Salas&nbsp;\/&nbsp;Hor\u00e1rios<\/li>\n<\/ul>\n\n\n\n<p><strong>CURSOS SUBSEQUENTES<\/strong><\/p>\n\n\n\n<ul>\n<li>Agrimensura M\u00f3dulo \u2013&nbsp;Link das Salas&nbsp;\/&nbsp;Hor\u00e1rios<\/li>\n\n\n\n<li>Agropecu\u00e1ria \u2013&nbsp;Link das Salas&nbsp;\/&nbsp;Hor\u00e1rios<\/li>\n\n\n\n<li>Petr\u00f3leo e G\u00e1s \u2013&nbsp;Link das Salas&nbsp;\/&nbsp;Hor\u00e1rios<\/li>\n<\/ul>\n\n\n\n<p><strong>CURSOS SUPERIORES<\/strong><\/p>\n\n\n\n<ul>\n<li>An\u00e1lise e Desenvolvimento de Sistema \u2013&nbsp;Link das Salas&nbsp;\/&nbsp;Hor\u00e1rios<\/li>\n\n\n\n<li>Licenciatura em Qu\u00edmica \u2013&nbsp;Link das Salas&nbsp;\/&nbsp;Hor\u00e1rios<\/li>\n<\/ul>\n\n\n\n<hr class=\"wp-block-separator has-text-color has-luminous-vivid-amber-color has-css-opacity has-luminous-vivid-amber-background-color has-background is-style-wide\" \/>\n\n\n\n<hr class=\"wp-block-separator has-text-color has-vivid-purple-color has-css-opacity has-vivid-purple-background-color has-background is-style-wide\" \/>\n\n\n\n<p><\/p>\n\n\n\n<p><strong>Hor\u00e1rio das Aulas 2021.1<\/strong><\/p>\n\n\n\n<p><strong>CURSOS INTEGRADOS<\/strong><\/p>\n\n\n\n<ul>\n<li>T\u00e9cnico em&nbsp;Agropecu\u00e1ria<\/li>\n\n\n\n<li>T\u00e9cnico em Alimentos<\/li>\n\n\n\n<li>T\u00e9cnico em Qu\u00edmica<\/li>\n\n\n\n<li>PROEJA T\u00e9cnico em Cozinha<\/li>\n<\/ul>\n\n\n\n<p><strong>CURSOS SUBSEQUENTES<\/strong><\/p>\n\n\n\n<ul>\n<li>Agrimensura M\u00f3dulo I<\/li>\n\n\n\n<li>Agrimensura M\u00f3dulo III<\/li>\n\n\n\n<li>Agropecu\u00e1ria<\/li>\n\n\n\n<li>Petr\u00f3leo e G\u00e1s 2021.1 &#8211; <a rel=\"noreferrer noopener\" href=\"https:\/\/www.ifbaiano.edu.br\/unidades\/catu\/files\/2021\/10\/Listagem-de-salas-RNP-Modulo-I-2021.1-2.pdf\" target=\"_blank\">Link das Salas<\/a> \/ <a rel=\"noreferrer noopener\" href=\"https:\/\/www.ifbaiano.edu.br\/unidades\/catu\/files\/2021\/10\/Horarios-Petroleo-e-Gas-Modulo-I-2021.1-2.pdf\" target=\"_blank\">Hor\u00e1rios <\/a><\/li>\n<\/ul>\n\n\n\n<p><strong>CURSOS SUPERIORES<\/strong><\/p>\n\n\n\n<ul>\n<li>An\u00e1lise e Desenvolvimento de Sistema<\/li>\n\n\n\n<li>Licenciatura em Qu\u00edmica<\/li>\n<\/ul>\n\n\n\n<p><\/p>\n\n\n\n<p><\/p>\n\n\n\n<p><\/p>\n\n\n\n<hr class=\"wp-block-separator has-text-color has-vivid-red-color has-css-opacity has-vivid-red-background-color has-background is-style-wide\" \/>\n\n\n\n<hr class=\"wp-block-separator has-text-color has-vivid-red-color has-css-opacity has-vivid-red-background-color has-background is-style-wide\" \/>\n\n\n\n<p><strong>CURSOS INTEGRADOS<\/strong> (<em>HOR\u00c1RIOS ANTIGOS<\/em>)<\/p>\n\n\n\n<ul>\n<li><a href=\"http:\/\/www.ifbaiano.edu.br\/unidades\/catu\/files\/2019\/02\/Hor\u00e1rio-2018-Integrado-T\u00e9cnico-em-Agropecu\u00e1ria.pdf\">T\u00e9cnico em&nbsp;Agropecu\u00e1ria<\/a><\/li>\n\n\n\n<li><a href=\"http:\/\/www.ifbaiano.edu.br\/unidades\/catu\/files\/2019\/04\/T\u00e9cnico-em-Alimentos.pdf\">T\u00e9cnico em Alimentos<\/a><\/li>\n\n\n\n<li><a href=\"http:\/\/www.ifbaiano.edu.br\/unidades\/catu\/files\/2019\/08\/Hor\u00e1rio-de-aulas-2019-Qu\u00edmica-Integrado-25.07.19.pdf\">T\u00e9cnico em Qu\u00edmica<\/a><\/li>\n\n\n\n<li><a href=\"http:\/\/www.ifbaiano.edu.br\/unidades\/catu\/files\/2019\/04\/PROEJA-T\u00e9cnico-em-Cozinha.pdf\">PROEJA T\u00e9cnico em Cozinha<\/a><\/li>\n<\/ul>\n\n\n\n<p><strong>CURSOS SUBSEQUENTES<\/strong><\/p>\n\n\n\n<ul>\n<li><a href=\"http:\/\/www.ifbaiano.edu.br\/unidades\/catu\/files\/2019\/04\/Agrimensura-M\u00f3dulo-I.pdf\">Agrimensura M\u00f3dulo I<\/a><\/li>\n\n\n\n<li><a href=\"http:\/\/www.ifbaiano.edu.br\/unidades\/catu\/files\/2019\/04\/Agrimensura-M\u00f3dulo-III.pdf\">Agrimensura M\u00f3dulo III<\/a><\/li>\n\n\n\n<li><a href=\"http:\/\/www.ifbaiano.edu.br\/unidades\/catu\/files\/2019\/04\/Agropecu\u00e1ria.pdf\">Agropecu\u00e1ria<\/a><\/li>\n\n\n\n<li><a href=\"http:\/\/www.ifbaiano.edu.br\/unidades\/catu\/files\/2019\/04\/Petr\u00f3leo-e-G\u00e1s.pdf\">Petr\u00f3leo e G\u00e1s<\/a><\/li>\n<\/ul>\n\n\n\n<p><strong>CURSOS SUPERIORES<\/strong><\/p>\n\n\n\n<ul>\n<li><a href=\"http:\/\/www.ifbaiano.edu.br\/unidades\/catu\/files\/2019\/02\/Hor\u00e1rio-2018.2-ADS.pdf\">An\u00e1lise e Desenvolvimento de Sistema<\/a><\/li>\n\n\n\n<li><a href=\"http:\/\/www.ifbaiano.edu.br\/unidades\/catu\/files\/2019\/03\/Hor\u00e1rios-2019.1.pdf\">Licenciatura em Qu\u00edmica<\/a><\/li>\n<\/ul>\n\n\n\n<p><\/p>\n","protected":false},"excerpt":{"rendered":"<p>Hor\u00e1rio das Aulas 2024\u00a0(HOR\u00c1RIOS NOVOS) CURSOS INTEGRADOS CURSOS SUBSEQUENTES CURSOS SUPERIORES<\/p>\n","protected":false},"author":27,"featured_media":0,"parent":0,"menu_order":0,"comment_status":"open","ping_status":"open","template":"","meta":[],"_links":{"self":[{"href":"https:\/\/www.ifbaiano.edu.br\/unidades\/catu\/wp-json\/wp\/v2\/pages\/11668"}],"collection":[{"href":"https:\/\/www.ifbaiano.edu.br\/unidades\/catu\/wp-json\/wp\/v2\/pages"}],"about":[{"href":"https:\/\/www.ifbaiano.edu.br\/unidades\/catu\/wp-json\/wp\/v2\/types\/page"}],"author":[{"embeddable":true,"href":"https:\/\/www.ifbaiano.edu.br\/unidades\/catu\/wp-json\/wp\/v2\/users\/27"}],"replies":[{"embeddable":true,"href":"https:\/\/www.ifbaiano.edu.br\/unidades\/catu\/wp-json\/wp\/v2\/comments?post=11668"}],"version-history":[{"count":27,"href":"https:\/\/www.ifbaiano.edu.br\/unidades\/catu\/wp-json\/wp\/v2\/pages\/11668\/revisions"}],"predecessor-version":[{"id":23374,"href":"https:\/\/www.ifbaiano.edu.br\/unidades\/catu\/wp-json\/wp\/v2\/pages\/11668\/revisions\/23374"}],"wp:attachment":[{"href":"https:\/\/www.ifbaiano.edu.br\/unidades\/catu\/wp-json\/wp\/v2\/media?parent=11668"}],"curies":[{"name":"wp","href":"https:\/\/api.w.org\/{rel}","templated":true}]}}