{"id":133,"date":"2025-09-09T21:27:34","date_gmt":"2025-09-10T00:27:34","guid":{"rendered":"http:\/\/localhost\/unidades\/bonfim\/?page_id=133"},"modified":"2026-04-29T10:28:39","modified_gmt":"2026-04-29T13:28:39","slug":"contato-campus","status":"publish","type":"page","link":"https:\/\/www.ifbaiano.edu.br\/unidades\/catu\/contato-campus\/","title":{"rendered":"Contatos"},"content":{"rendered":"<table border=\"0\" cellspacing=\"0\"><colgroup width=\"179\"><\/colgroup> <colgroup width=\"216\"><\/colgroup> <colgroup width=\"268\"><\/colgroup> <colgroup width=\"107\"><\/colgroup>\n<tbody>\n<tr>\n<td align=\"center\" valign=\"middle\" bgcolor=\"#EEEEEE\" height=\"59\" data-sheets-value=\"{ &quot;1&quot;: 2, &quot;2&quot;: &quot;Setor\\u000aCoordena\u00e7\u00e3o&quot;}\"><b><span style=\"color: #158466;font-family: Liberation Serif;font-size: medium\">Setor<br \/>Coordena\u00e7\u00e3o<\/span><\/b><\/td>\n<td align=\"center\" valign=\"middle\" bgcolor=\"#EEEEEE\" data-sheets-value=\"{ &quot;1&quot;: 2, &quot;2&quot;: &quot;Chefe de Setor\\u000aCoordenador\\u000aVice coordenador&quot;}\"><b><span style=\"color: #158466;font-family: Liberation Serif;font-size: medium\">Chefe de Setor<br \/>Coordenador<br \/>Vice coordenador<\/span><\/b><\/td>\n<td align=\"center\" valign=\"middle\" bgcolor=\"#EEEEEE\" data-sheets-value=\"{ &quot;1&quot;: 2, &quot;2&quot;: &quot;E-mail&quot;}\"><b><span style=\"color: #158466;font-family: Liberation Serif;font-size: medium\">E-mail<\/span><\/b><\/td>\n<td align=\"center\" valign=\"middle\" bgcolor=\"#EEEEEE\" data-sheets-value=\"{ &quot;1&quot;: 2, &quot;2&quot;: &quot;Contato&quot;}\"><b><span style=\"color: #158466;font-family: Liberation Serif;font-size: medium\">Contato<\/span><\/b><\/td>\n<\/tr>\n<tr>\n<td align=\"center\" valign=\"middle\" bgcolor=\"#DDE8CB\" height=\"63\" data-sheets-value=\"{ &quot;1&quot;: 2, &quot;2&quot;: &quot;PROTOCOLO&quot;}\"><span style=\"font-family: Liberation Serif\">PROTOCOLO<\/span><\/td>\n<td align=\"center\" valign=\"middle\" bgcolor=\"#DDE8CB\" data-sheets-value=\"{ &quot;1&quot;: 2, &quot;2&quot;: &quot;ATENDENTES&quot;}\"><span style=\"font-family: Liberation Serif\">ATENDENTES<\/span><\/td>\n<td align=\"center\" valign=\"middle\" bgcolor=\"#DDE8CB\" data-sheets-value=\"{ &quot;1&quot;: 2, &quot;2&quot;: &quot;\u2013&quot;}\"><span style=\"font-family: Liberation Serif\">\u2013<\/span><\/td>\n<td align=\"center\" valign=\"middle\" bgcolor=\"#DDE8CB\" data-sheets-value=\"{ &quot;1&quot;: 2, &quot;2&quot;: &quot;(71)98274-0960\u00a0&quot;}\"><span style=\"font-family: Liberation Serif\">(71)98274-0960\u00a0<\/span><\/td>\n<\/tr>\n<tr>\n<td align=\"center\" valign=\"middle\" height=\"28\" data-sheets-value=\"{ &quot;1&quot;: 2, &quot;2&quot;: &quot;PORTARIA\u00a0&quot;}\"><span style=\"font-family: Liberation Serif\">PORTARIA\u00a0<\/span><\/td>\n<td align=\"center\" valign=\"middle\" data-sheets-value=\"{ &quot;1&quot;: 2, &quot;2&quot;: &quot;VIGILANTES&quot;}\"><span style=\"font-family: Liberation Serif\">VIGILANTES<\/span><\/td>\n<td align=\"center\" valign=\"middle\" data-sheets-value=\"{ &quot;1&quot;: 2, &quot;2&quot;: &quot;\u2013&quot;}\"><span style=\"font-family: Liberation Serif\">\u2013<\/span><\/td>\n<td align=\"center\" valign=\"middle\" data-sheets-value=\"{ &quot;1&quot;: 2, &quot;2&quot;: &quot;\u2013&quot;}\"><span style=\"font-family: Liberation Serif\">\u2013<\/span><\/td>\n<\/tr>\n<tr>\n<td align=\"center\" valign=\"middle\" bgcolor=\"#DDE8CB\" height=\"37\" data-sheets-value=\"{ &quot;1&quot;: 2, &quot;2&quot;: &quot;DIRE\u00c7\u00c3O-GERAL (DG)&quot;}\"><span style=\"font-family: Liberation Serif\">DIRE\u00c7\u00c3O-GERAL (DG)<\/span><\/td>\n<td align=\"center\" valign=\"middle\" bgcolor=\"#DDE8CB\" data-sheets-value=\"{ &quot;1&quot;: 2, &quot;2&quot;: &quot;Ge\u00f3rgia Silva Xavier&quot;}\"><span style=\"font-family: Liberation Serif\">Morgana Cardoso Brasileiro Borges Bastos<\/span><\/td>\n<td align=\"center\" valign=\"middle\" bgcolor=\"#DDE8CB\" data-sheets-value=\"{ &quot;1&quot;: 2, &quot;2&quot;: &quot;diretor@catu.ifbaiano.edu.br&quot;}\"><span style=\"font-family: Liberation Serif\">dg@catu.ifbaiano.edu.br<\/span><\/td>\n<td align=\"center\" valign=\"middle\" bgcolor=\"#DDE8CB\" data-sheets-value=\"{ &quot;1&quot;: 2, &quot;2&quot;: &quot;\u2013&quot;}\"><span style=\"font-family: Liberation Serif\">\u2013<\/span><\/td>\n<\/tr>\n<tr>\n<td align=\"center\" valign=\"middle\" height=\"47\" data-sheets-value=\"{ &quot;1&quot;: 2, &quot;2&quot;: &quot;CHEFIA DE GABINETE&quot;}\"><span style=\"font-family: Liberation Serif\">CHEFIA DE GABINETE<\/span><\/td>\n<td align=\"center\" valign=\"middle\" data-sheets-value=\"{ &quot;1&quot;: 2, &quot;2&quot;: &quot;Herbert Bruno Ramos&quot;}\"><span style=\"font-family: Liberation Serif\">Cassiano Ferreira Nascimento<\/span><\/td>\n<td align=\"center\" valign=\"middle\" data-sheets-value=\"{ &quot;1&quot;: 2, &quot;2&quot;: &quot;gabinete@catu.ifbaiano.edu.br&quot;}\"><span style=\"font-family: Liberation Serif\">gabinete@catu.ifbaiano.edu.br<\/span><\/td>\n<td align=\"center\" valign=\"middle\" data-sheets-value=\"{ &quot;1&quot;: 2, &quot;2&quot;: &quot;(71) 98256-8566&quot;}\"><span style=\"font-family: Liberation Serif\">(71) 98256-8566<\/span><\/td>\n<\/tr>\n<tr>\n<td align=\"center\" valign=\"middle\" bgcolor=\"#DDE8CB\" height=\"69\" data-sheets-value=\"{ &quot;1&quot;: 2, &quot;2&quot;: &quot;DIRE\u00c7\u00c3O DE ADMINISTRA\u00c7\u00c3O E PLANEJAMENTO (DAP)&quot;}\"><span style=\"font-family: Liberation Serif\">DIRE\u00c7\u00c3O DE ADMINISTRA\u00c7\u00c3O E PLANEJAMENTO (DAP)<\/span><\/td>\n<td align=\"center\" valign=\"middle\" bgcolor=\"#DDE8CB\" data-sheets-value=\"{ &quot;1&quot;: 2, &quot;2&quot;: &quot;Elaine Lima do Nascimento Garcia\\u000aGleidson Ant\u00f4nio de S\u00e1 Barreto&quot;}\"><span style=\"font-family: Liberation Serif\">Joacyr Silva dos Santos (Diretor)<br \/>Jose Marcos Chaves Menezes<br \/><\/span><\/td>\n<td align=\"center\" valign=\"middle\" bgcolor=\"#DDE8CB\" data-sheets-value=\"{ &quot;1&quot;: 2, &quot;2&quot;: &quot;dap@catu.ifbaiano.edu.br&quot;}\"><span style=\"font-family: Liberation Serif\">dap@catu.ifbaiano.edu.br<\/span><\/td>\n<td align=\"center\" valign=\"middle\" bgcolor=\"#DDE8CB\" data-sheets-value=\"{ &quot;1&quot;: 2, &quot;2&quot;: &quot;(71) 98303-7967 &quot;}\"><span style=\"font-family: Liberation Serif\">(71) 98303-7967 <\/span><\/td>\n<\/tr>\n<tr>\n<td align=\"center\" valign=\"middle\" height=\"62\" data-sheets-value=\"{ &quot;1&quot;: 2, &quot;2&quot;: &quot;DIRE\u00c7\u00c3O ACAD\u00caMICA (DA)&quot;}\"><span style=\"font-family: Liberation Serif\">DIRE\u00c7\u00c3O ACAD\u00caMICA (DA)<\/span><\/td>\n<td align=\"center\" valign=\"middle\" data-sheets-value=\"{ &quot;1&quot;: 2, &quot;2&quot;: &quot;Victor Ernesto Silveira Silva\\u000aReinaldo Aguiar (Secret\u00e1rio)&quot;}\"><span style=\"font-family: Liberation Serif\">Patr\u00edcia de Oliveira<br \/>Reinaldo Aguiar (Secret\u00e1rio)<\/span><\/td>\n<td align=\"center\" valign=\"middle\" data-sheets-value=\"{ &quot;1&quot;: 2, &quot;2&quot;: &quot;dde@catu.ifbaiano.edu.br\\u000ada@catu.ifbaiano.edu.br\\u000asuporte.da@catu.ifbaiano.edu.br&quot;}\"><span style=\"font-family: Liberation Serif\">da@catu.ifbaiano.edu.br<br \/>suporte.da@catu.ifbaiano.edu.br<\/span><\/td>\n<td align=\"center\" valign=\"middle\" data-sheets-value=\"{ &quot;1&quot;: 2, &quot;2&quot;: &quot;(71) 98275-1642 (71) 3641-7908&quot;}\"><span style=\"font-family: Liberation Serif\">(71) 98275-1642 (71) 3641-7908<\/span><\/td>\n<\/tr>\n<tr>\n<td align=\"center\" valign=\"middle\" bgcolor=\"#DDE8CB\" height=\"94\" data-sheets-value=\"{ &quot;1&quot;: 2, &quot;2&quot;: &quot;BIBLIOTECA&quot;}\"><span style=\"font-family: Liberation Serif\">BIBLIOTECA<\/span><\/td>\n<td align=\"center\" valign=\"middle\" bgcolor=\"#DDE8CB\" data-sheets-value=\"{ &quot;1&quot;: 2, &quot;2&quot;: &quot;Ana Paula Santos Ribeiro (Bibliotec\u00e1ria)\\u000aSheila Garcia\\u000aSimone Sim\u00f5es da Silva\\u000aLuiz Paulo da Paix\u00e3o&quot;}\"><span style=\"font-family: Liberation Serif\">Ana Paula Santos Ribeiro (Bibliotec\u00e1ria)<br \/>Luiz Paulo da Paix\u00e3o Marcos Paulo Oliveira de Carvalho\u00a0 \u00a0 \u00a0 \u00a0 \u00a0 \u00a0 \u00a0 \u00a0 \u00a0 Sheila Coringa Lemos Garcia<br \/>Simone Sim\u00f5es da Silva<\/span><\/td>\n<td align=\"center\" valign=\"middle\" bgcolor=\"#DDE8CB\" data-sheets-value=\"{ &quot;1&quot;: 2, &quot;2&quot;: &quot;biblioteca@catu.ifbaiano.edu.br&quot;}\"><span style=\"font-family: Liberation Serif\">biblioteca@catu.ifbaiano.edu.br<\/span><\/td>\n<td align=\"center\" valign=\"middle\" bgcolor=\"#DDE8CB\" data-sheets-value=\"{ &quot;1&quot;: 2, &quot;2&quot;: &quot;(71) 98275-4503\u00a0&quot;}\"><span style=\"font-family: Liberation Serif\">(71) 98275-4503\u00a0<\/span><\/td>\n<\/tr>\n<tr>\n<td align=\"center\" valign=\"middle\" height=\"66\" data-sheets-value=\"{ &quot;1&quot;: 2, &quot;2&quot;: &quot;SECRETARIA DE REGISTROS ACAD\u00caMICO (SRA)&quot;}\"><span style=\"font-family: Liberation Serif\">SECRETARIA DE REGISTROS ACAD\u00caMICO (SRA)<\/span><\/td>\n<td align=\"center\" valign=\"middle\" data-sheets-value=\"{ &quot;1&quot;: 2, &quot;2&quot;: &quot;Rita de Cassia Vasconcelos Borges\\u000aMichele Santos de Carvalho\\u000aRobson de Arag\u00e3o Nunes\\u000aArilon Fernandez de Souza&quot;}\"><span style=\"font-family: Liberation Serif\">Rita de Cassia Vasconcelos Borges (Chefe)<br \/>Michele Santos de Carvalho<br \/>Robson de Arag\u00e3o Nunes<br \/>Arilson Fernandez de Souza<\/span><\/td>\n<td align=\"center\" valign=\"middle\" data-sheets-value=\"{ &quot;1&quot;: 2, &quot;2&quot;: &quot;sra@catu.ifbaiano.edu.br&quot;}\"><span style=\"font-family: Liberation Serif\">sra@catu.ifbaiano.edu.br<\/span><\/td>\n<td align=\"center\" valign=\"middle\" data-sheets-value=\"{ &quot;1&quot;: 2, &quot;2&quot;: &quot;(71) 98264-6240&quot;}\"><span style=\"font-family: Liberation Serif\">(71) 98264-6240<\/span><\/td>\n<\/tr>\n<tr>\n<td align=\"center\" valign=\"middle\" bgcolor=\"#DDE8CB\" height=\"61\" data-sheets-value=\"{ &quot;1&quot;: 2, &quot;2&quot;: &quot;REFEIT\u00d3RIO&quot;}\"><span style=\"font-family: Liberation Serif\">REFEIT\u00d3RIO<\/span><\/td>\n<td align=\"center\" valign=\"middle\" bgcolor=\"#DDE8CB\" data-sheets-value=\"{ &quot;1&quot;: 2, &quot;2&quot;: &quot;\\u000aJoel Lima Costa&quot;}\"><span style=\"font-family: Liberation Serif\">Mariana Eloy dos Reis<br \/>Joel Lima Costa<\/span><\/td>\n<td align=\"center\" valign=\"middle\" bgcolor=\"#DDE8CB\" data-sheets-value=\"{ &quot;1&quot;: 2, &quot;2&quot;: &quot;nns@catu.ifbaiano.edu.br&quot;}\"><span style=\"font-family: Liberation Serif\">nns@catu.ifbaiano.edu.br<\/span><\/td>\n<td align=\"center\" valign=\"middle\" bgcolor=\"#DDE8CB\" data-sheets-value=\"{ &quot;1&quot;: 2, &quot;2&quot;: &quot;(71) 3641-7916&quot;}\"><span style=\"font-family: Liberation Serif\">(71) 3641-7916<\/span><\/td>\n<\/tr>\n<tr>\n<td align=\"center\" valign=\"middle\" height=\"51\" data-sheets-value=\"{ &quot;1&quot;: 2, &quot;2&quot;: &quot;COORDENA\u00c7\u00c3O GERAL DE ENSINO (CGE)&quot;}\"><span style=\"font-family: Liberation Serif\">COORDENA\u00c7\u00c3O GERAL DE ENSINO (CGE)<\/span><\/td>\n<td align=\"center\" valign=\"middle\" data-sheets-value=\"{ &quot;1&quot;: 2, &quot;2&quot;: &quot;Luciane Brito de Oliveira (Coordenadora)\\u000aCassiano Ferreira Nascimento&quot;}\"><span style=\"font-family: Liberation Serif\">T\u00e1bata Tormena (Coordenadora)<br \/><\/span><\/td>\n<td align=\"center\" valign=\"middle\" data-sheets-value=\"{ &quot;1&quot;: 2, &quot;2&quot;: &quot;cge@catu.ifbaiano.edu.br&quot;}\"><span style=\"font-family: Liberation Serif\">ce@catu.ifbaiano.edu.br<\/span><\/td>\n<td align=\"center\" valign=\"middle\" data-sheets-value=\"{ &quot;1&quot;: 2, &quot;2&quot;: &quot;(71) 3641-7930&quot;}\">&#8211;<\/td>\n<\/tr>\n<tr>\n<td align=\"center\" valign=\"middle\" bgcolor=\"#DDE8CB\" height=\"100\" data-sheets-value=\"{ &quot;1&quot;: 2, &quot;2&quot;: &quot;COORDENA\u00c7\u00c3O DO MESTRADO PROFISSIONAL\\u000aEM EDUCA\u00c7\u00c3O PROFISSIONAL E TECNOL\u00d3GICA (ProfEPT)&quot;}\"><span style=\"font-family: Liberation Serif\">COORDENA\u00c7\u00c3O DO MESTRADO PROFISSIONAL<br \/>EM EDUCA\u00c7\u00c3O PROFISSIONAL E TECNOL\u00d3GICA (ProfEPT)<\/span><\/td>\n<td align=\"center\" valign=\"middle\" bgcolor=\"#DDE8CB\" data-sheets-value=\"{ &quot;1&quot;: 2, &quot;2&quot;: &quot;F\u00e1bio Carvalho Nunes (Coordenador)\\u000aMarcelo Souza Oliveira (Adjunto)\\u000aReinaldo Aguiar (Secret\u00e1rio)&quot;}\"><span style=\"font-family: Liberation Serif\">Davi Silva da Costa (Coordenador)<br \/>Patr\u00edcia de Oliveira (Adjunta)<br \/><\/span><\/td>\n<td align=\"center\" valign=\"middle\" bgcolor=\"#DDE8CB\" data-sheets-value=\"{ &quot;1&quot;: 2, &quot;2&quot;: &quot;profept@catu.ifbaiano.edu.br\\u000asuporte.profept@catu.ifbaiano.edu.br&quot;}\"><span style=\"font-family: Liberation Serif\">profept@catu.ifbaiano.edu.br<br \/>suporte.profept@catu.ifbaiano.edu.br<\/span><\/td>\n<td align=\"center\" valign=\"middle\" bgcolor=\"#DDE8CB\" data-sheets-value=\"{ &quot;1&quot;: 2, &quot;2&quot;: &quot;(71) 3641-7920&quot;}\"><span style=\"font-family: Liberation Serif\">&#8211;<\/span><\/td>\n<\/tr>\n<tr>\n<td align=\"center\" valign=\"middle\" height=\"101\" data-sheets-value=\"{ &quot;1&quot;: 2, &quot;2&quot;: &quot;COORDENA\u00c7\u00c3O DA ESPECIALIZA\u00c7\u00c3O EM PR\u00c1TICAS EDUCATIVAS PARA APRENDIZAGEM COLABORATIVA (CEPEAC)&quot;}\"><span style=\"font-family: Liberation Serif\">COORDENA\u00c7\u00c3O DA ESPECIALIZA\u00c7\u00c3O EM PR\u00c1TICAS EDUCATIVAS PARA APRENDIZAGEM COLABORATIVA (CEPEAC)<\/span><\/td>\n<td align=\"center\" valign=\"middle\" data-sheets-value=\"{ &quot;1&quot;: 2, &quot;2&quot;: &quot;Yone Carneiro de Santana Gon\u00e7alves (Coordenadora)\\u000aMirna Ribeiro da Silva (vice-coordenadora)&quot;}\"><span style=\"font-family: Liberation Serif\">Yone Carneiro de Santana Gon\u00e7alves (Coordenadora)<br \/>Mirna Ribeiro da Silva (vice-coordenadora)<\/span><\/td>\n<td align=\"center\" valign=\"middle\" data-sheets-value=\"{ &quot;1&quot;: 2, &quot;2&quot;: &quot;cepeac@catu.ifbaiano.edu.br&quot;}\"><span style=\"font-family: Liberation Serif\">cepeac@catu.ifbaiano.edu.br<\/span><\/td>\n<td align=\"center\" valign=\"middle\" data-sheets-value=\"{ &quot;1&quot;: 2, &quot;2&quot;: &quot;\u2013&quot;}\"><span style=\"font-family: Liberation Serif\">\u2013<\/span><\/td>\n<\/tr>\n<tr>\n<td align=\"center\" valign=\"middle\" bgcolor=\"#DDE8CB\" height=\"101\" data-sheets-value=\"{ &quot;1&quot;: 2, &quot;2&quot;: &quot;COORDENA\u00c7\u00c3O DA ESPECIALIZA\u00c7\u00c3O EM EDUCA\u00c7\u00c3O\\u000aCIENT\u00cdFICA E POPULARIZA\u00c7\u00c3O DAS CI\u00caNCIAS (CEECPC)&quot;}\"><span style=\"font-family: Liberation Serif\">COORDENA\u00c7\u00c3O DA ESPECIALIZA\u00c7\u00c3O EM EDUCA\u00c7\u00c3O<br \/>CIENT\u00cdFICA E POPULARIZA\u00c7\u00c3O DAS CI\u00caNCIAS (CEECPC)<\/span><\/td>\n<td align=\"center\" valign=\"middle\" bgcolor=\"#DDE8CB\" data-sheets-value=\"{ &quot;1&quot;: 2, &quot;2&quot;: &quot;Maria Amelia Texeira Blanco (Coordenadora)\\u000aMirna Ribeiro da Silva (vice-coordenadora)&quot;}\"><span style=\"font-family: Liberation Serif\">Maria Amelia Texeira Blanco (Coordenadora)<br \/>Mirna Ribeiro da Silva (vice-coordenadora)<\/span><\/td>\n<td align=\"center\" valign=\"middle\" bgcolor=\"#DDE8CB\" data-sheets-value=\"{ &quot;1&quot;: 2, &quot;2&quot;: &quot;pos.edu@catu.ifbaiano.edu.br&quot;}\"><span style=\"font-family: Liberation Serif\">pos.edu@catu.ifbaiano.edu.br<\/span><\/td>\n<td align=\"center\" valign=\"middle\" bgcolor=\"#DDE8CB\" data-sheets-value=\"{ &quot;1&quot;: 2, &quot;2&quot;: &quot;(71) 3641-7920&quot;}\"><span style=\"font-family: Liberation Serif\">&#8211;<\/span><\/td>\n<\/tr>\n<tr>\n<td align=\"center\" valign=\"middle\" height=\"67\" data-sheets-value=\"{ &quot;1&quot;: 2, &quot;2&quot;: &quot;COORDENA\u00c7\u00c3O DO CURSO DE LICENCIATURA EM QU\u00cdMICA&quot;}\"><span style=\"font-family: Liberation Serif\">COORDENA\u00c7\u00c3O DO CURSO DE LICENCIATURA EM QU\u00cdMICA<\/span><\/td>\n<td align=\"center\" valign=\"middle\" data-sheets-value=\"{ &quot;1&quot;: 2, &quot;2&quot;: &quot;Dalila dos Santo Monteiro (Coordenadora)\\u000aHilma Concei\u00e7\u00e3o Foneca Santos  (Substituta)&quot;}\"><span style=\"color: #000000;font-family: Liberation Serif\">Dalila dos Santos Monteiro<br \/><br \/><\/span><\/td>\n<td align=\"center\" valign=\"middle\" data-sheets-value=\"{ &quot;1&quot;: 2, &quot;2&quot;: &quot;quimica.licenciatura@catu.ifbaiano.edu.br&quot;}\"><span style=\"font-family: Liberation Serif\">quimica.licenciatura@catu.ifbaiano.edu.br<\/span><\/td>\n<td align=\"center\" valign=\"middle\" data-sheets-value=\"{ &quot;1&quot;: 2, &quot;2&quot;: &quot;(71) 3641-7949&quot;}\"><span style=\"font-family: Liberation Serif\">&#8211;<\/span><\/td>\n<\/tr>\n<tr>\n<td align=\"center\" valign=\"middle\" bgcolor=\"#DDE8CB\" height=\"71\" data-sheets-value=\"{ &quot;1&quot;: 2, &quot;2&quot;: &quot;COORDENA\u00c7\u00c3O DO CURSO INTEGRADO \u2013 T\u00c9CNICO EM AGROPECU\u00c1RIA&quot;}\"><span style=\"font-family: Liberation Serif\">COORDENA\u00c7\u00c3O DO CURSO INTEGRADO \u2013 T\u00c9CNICO EM AGROPECU\u00c1RIA<\/span><\/td>\n<td align=\"center\" valign=\"middle\" bgcolor=\"#DDE8CB\" data-sheets-value=\"{ &quot;1&quot;: 2, &quot;2&quot;: &quot;Andr\u00e9 Marc\u00edlio Carvalho de Azevedo\\u000a&quot;}\"><span style=\"font-family: Liberation Serif\">\u00a0<\/span><\/td>\n<td align=\"center\" valign=\"middle\" bgcolor=\"#DDE8CB\" data-sheets-value=\"{ &quot;1&quot;: 2, &quot;2&quot;: &quot;agropecuaria.integrado@catu.ifbaiano.edu.br&quot;}\"><span style=\"font-family: Liberation Serif\">agropecuaria.integrado@catu.ifbaiano.edu.br<\/span><\/td>\n<td align=\"center\" valign=\"middle\" bgcolor=\"#DDE8CB\" data-sheets-value=\"{ &quot;1&quot;: 2, &quot;2&quot;: &quot;\u2013&quot;}\"><span style=\"font-family: Liberation Serif\">\u2013<\/span><\/td>\n<\/tr>\n<tr>\n<td align=\"center\" valign=\"middle\" height=\"72\" data-sheets-value=\"{ &quot;1&quot;: 2, &quot;2&quot;: &quot;COORDENA\u00c7\u00c3O DO CURSO INTEGRADO \u2013 T\u00c9CNICO EM ALIMENTOS&quot;}\"><span style=\"font-family: Liberation Serif\">COORDENA\u00c7\u00c3O DO CURSO INTEGRADO \u2013 T\u00c9CNICO EM ALIMENTOS<\/span><\/td>\n<td align=\"center\" valign=\"middle\" data-sheets-value=\"{ &quot;1&quot;: 2, &quot;2&quot;: &quot;Paula Bacelar Leite\u00a0\\u000aMoises Leal Morais\u00a0&quot;}\"><span style=\"font-family: Liberation Serif\">Wanderson Farias da Silva Alves\u00a0<\/span><\/td>\n<td align=\"center\" valign=\"middle\" data-sheets-value=\"{ &quot;1&quot;: 2, &quot;2&quot;: &quot;coordenacao.alimentos@catu.ifbaiano.edu.br&quot;}\"><span style=\"font-family: Liberation Serif\">coordenacao.alimentos@catu.ifbaiano.edu.br<\/span><\/td>\n<td align=\"center\" valign=\"middle\" data-sheets-value=\"{ &quot;1&quot;: 2, &quot;2&quot;: &quot;(71) 3641-7945&quot;}\"><span style=\"font-family: Liberation Serif\">&#8211;<\/span><\/td>\n<\/tr>\n<tr>\n<td align=\"center\" valign=\"middle\" bgcolor=\"#DDE8CB\" height=\"74\" data-sheets-value=\"{ &quot;1&quot;: 2, &quot;2&quot;: &quot;COORDENA\u00c7\u00c3O DO CURSO INTEGRADO \u2013 T\u00c9CNICO EM QU\u00cdMICA&quot;}\"><span style=\"font-family: Liberation Serif\">COORDENA\u00c7\u00c3O DO CURSO INTEGRADO \u2013 T\u00c9CNICO EM QU\u00cdMICA<\/span><\/td>\n<td align=\"center\" valign=\"middle\" bgcolor=\"#DDE8CB\" data-sheets-value=\"{ &quot;1&quot;: 2, &quot;2&quot;: &quot;Eduaro Batista Guimar\u00e3es Nunes os Santos (Coordenador)\\u000a&quot;}\"><span style=\"color: #000000;font-family: Liberation Serif\">Eduardo Batista Guimar\u00e3es Nunes dos Santos<br \/><\/span><\/td>\n<td align=\"center\" valign=\"middle\" bgcolor=\"#DDE8CB\" data-sheets-value=\"{ &quot;1&quot;: 2, &quot;2&quot;: &quot;quimica.integrado@catu.ifbaiano.edu.br&quot;}\"><span style=\"font-family: Liberation Serif\">quimica.integrado@catu.ifbaiano.edu.br<\/span><\/td>\n<td align=\"center\" valign=\"middle\" bgcolor=\"#DDE8CB\" data-sheets-value=\"{ &quot;1&quot;: 2, &quot;2&quot;: &quot;(71) 3641-7949&quot;}\"><span style=\"font-family: Liberation Serif\">&#8211;<\/span><\/td>\n<\/tr>\n<tr>\n<td align=\"center\" valign=\"middle\" height=\"75\" data-sheets-value=\"{ &quot;1&quot;: 2, &quot;2&quot;: &quot;COORDENA\u00c7\u00c3O DO CURSO \u2013 EJA T\u00c9CNICO EM GASTRONOMIA&quot;}\"><span style=\"font-family: Liberation Serif\">COORDENA\u00c7\u00c3O DO CURSO \u2013 EJA T\u00c9CNICO EM GASTRONOMIA<\/span><\/td>\n<td align=\"center\" valign=\"middle\" data-sheets-value=\"{ &quot;1&quot;: 2, &quot;2&quot;: &quot;-&quot;}\"><span style=\"font-family: Liberation Serif\">Lais Moreira Cavalcanti<\/span><\/td>\n<td align=\"center\" valign=\"middle\" data-sheets-value=\"{ &quot;1&quot;: 2, &quot;2&quot;: &quot;cozinha.proeja@catu.ifbaiano.edu.br&quot;}\"><span style=\"font-family: Liberation Serif\">cozinha.proeja@catu.ifbaiano.edu.br<\/span><\/td>\n<td align=\"center\" valign=\"middle\" data-sheets-value=\"{ &quot;1&quot;: 2, &quot;2&quot;: &quot;(71) 3641-7945&quot;}\"><span style=\"font-family: Liberation Serif\">&#8211;<\/span><\/td>\n<\/tr>\n<tr>\n<td align=\"center\" valign=\"middle\" bgcolor=\"#DDE8CB\" height=\"76\" data-sheets-value=\"{ &quot;1&quot;: 2, &quot;2&quot;: &quot;COORDENA\u00c7\u00c3O DO CURSO SUBSEQUENTE \u2013 T\u00c9CNICO EM AGRIMENSURA&quot;}\"><span style=\"font-family: Liberation Serif\">COORDENA\u00c7\u00c3O DO CURSO SUBSEQUENTE \u2013 T\u00c9CNICO EM AGRIMENSURA<\/span><\/td>\n<td align=\"center\" valign=\"middle\" bgcolor=\"#DDE8CB\" data-sheets-value=\"{ &quot;1&quot;: 2, &quot;2&quot;: &quot;Christian Pereira Lopes dos Santos\\u000aAnt\u00f4nio Jos\u00e9 Prado Martins Santos&quot;}\"><span style=\"font-family: Liberation Serif\">Christian Pereira Lopes dos Santos<br \/><\/span><\/td>\n<td align=\"center\" valign=\"middle\" bgcolor=\"#DDE8CB\" data-sheets-value=\"{ &quot;1&quot;: 2, &quot;2&quot;: &quot;agrimensura.subsequente@catu.ifbaiano.edu.br&quot;}\"><span style=\"font-family: Liberation Serif\">agrimensura.subsequente@catu.ifbaiano.edu.br<\/span><\/td>\n<td align=\"center\" valign=\"middle\" bgcolor=\"#DDE8CB\" data-sheets-value=\"{ &quot;1&quot;: 2, &quot;2&quot;: &quot;\u2013&quot;}\"><span style=\"font-family: Liberation Serif\">\u2013<\/span><\/td>\n<\/tr>\n<tr>\n<td align=\"center\" valign=\"middle\" height=\"75\" data-sheets-value=\"{ &quot;1&quot;: 2, &quot;2&quot;: &quot;COORDENA\u00c7\u00c3O DO CURSO SUBSEQUENTE \u2013 T\u00c9CNICO EM AGROPECU\u00c1RIA&quot;}\"><span style=\"font-family: Liberation Serif\">COORDENA\u00c7\u00c3O DO CURSO SUBSEQUENTE \u2013 T\u00c9CNICO EM AGROPECU\u00c1RIA<\/span><\/td>\n<td align=\"center\" valign=\"middle\" data-sheets-value=\"{ &quot;1&quot;: 2, &quot;2&quot;: &quot;Osvaldo Santos de Brito\\u000aMorgana Cardoso Brasileiro Borges Bastos&quot;}\"><span style=\"font-family: Liberation Serif\">Osvaldo Santos de Brito<br \/><\/span><\/td>\n<td align=\"center\" valign=\"middle\" data-sheets-value=\"{ &quot;1&quot;: 2, &quot;2&quot;: &quot;agropecuaria.subsequente@catu.ifbaiano.edu.br&quot;}\"><span style=\"font-family: Liberation Serif\">agropecuaria.subsequente@catu.ifbaiano.edu.br<\/span><\/td>\n<td align=\"center\" valign=\"middle\" data-sheets-value=\"{ &quot;1&quot;: 2, &quot;2&quot;: &quot;\u2013&quot;}\"><span style=\"font-family: Liberation Serif\">\u2013<\/span><\/td>\n<\/tr>\n<tr>\n<td align=\"center\" valign=\"middle\" bgcolor=\"#DDE8CB\" height=\"76\" data-sheets-value=\"{ &quot;1&quot;: 2, &quot;2&quot;: &quot;COORDENA\u00c7\u00c3O DO CURSO SUBSEQUENTE \u2013 T\u00c9CNICO EM PETR\u00d3LEO E G\u00c1S&quot;}\"><span style=\"font-family: Liberation Serif\">COORDENA\u00c7\u00c3O DO CURSO SUBSEQUENTE \u2013 T\u00c9CNICO EM PETR\u00d3LEO E G\u00c1S<\/span><\/td>\n<td align=\"center\" valign=\"middle\" bgcolor=\"#DDE8CB\" data-sheets-value=\"{ &quot;1&quot;: 2, &quot;2&quot;: &quot;\\u000aPedro Menezes Franca&quot;}\"><span style=\"font-family: Liberation Serif\"><br \/>Pedro Menezes Franca<\/span><\/td>\n<td align=\"center\" valign=\"middle\" bgcolor=\"#DDE8CB\" data-sheets-value=\"{ &quot;1&quot;: 2, &quot;2&quot;: &quot;petroleo.subsequente@catu.ifbaiano.edu.br&quot;}\"><span style=\"font-family: Liberation Serif\">petroleo.subsequente@catu.ifbaiano.edu.br<\/span><\/td>\n<td align=\"center\" valign=\"middle\" bgcolor=\"#DDE8CB\" data-sheets-value=\"{ &quot;1&quot;: 2, &quot;2&quot;: &quot;(71) 3641-7945&quot;}\"><span style=\"font-family: Liberation Serif\">&#8211;<\/span><\/td>\n<\/tr>\n<tr>\n<td align=\"center\" valign=\"middle\" height=\"94\" data-sheets-value=\"{ &quot;1&quot;: 2, &quot;2&quot;: &quot;COORDENA\u00c7\u00c3O DO CURSO DE TECNOLOGIA\\u000aEM AN\u00c1LISE E DESENVOLVIMENTO DE SISTEMAS&quot;}\"><span style=\"font-family: Liberation Serif\">COORDENA\u00c7\u00c3O DO CURSO DE TECNOLOGIA<br \/>EM AN\u00c1LISE E DESENVOLVIMENTO DE SISTEMAS<\/span><\/td>\n<td align=\"center\" valign=\"middle\" data-sheets-value=\"{ &quot;1&quot;: 2, &quot;2&quot;: &quot;Romero Mendes Freire de Moura J\u00fanior\\u000aEneida Alves Rios&quot;}\"><span style=\"font-family: Liberation Serif\">Romero Mendes Freire de Moura J\u00fanior<br \/><\/span><\/td>\n<td align=\"center\" valign=\"middle\" data-sheets-value=\"{ &quot;1&quot;: 2, &quot;2&quot;: &quot;ads@catu.ifbaiano.edu.br&quot;}\"><span style=\"font-family: Liberation Serif\">ads@catu.ifbaiano.edu.br<\/span><\/td>\n<td align=\"center\" valign=\"middle\" data-sheets-value=\"{ &quot;1&quot;: 2, &quot;2&quot;: &quot;(71) 3641-7945&quot;}\"><span style=\"font-family: Liberation Serif\">&#8211;<\/span><\/td>\n<\/tr>\n<tr>\n<td align=\"center\" valign=\"middle\" bgcolor=\"#DDE8CB\" height=\"64\" data-sheets-value=\"{ &quot;1&quot;: 2, &quot;2&quot;: &quot;COORDENA\u00c7\u00c3O DO CURSO DE GASTRONOMIA&quot;}\"><span style=\"font-family: Liberation Serif\">COORDENA\u00c7\u00c3O DO CURSO DE GASTRONOMIA<\/span><\/td>\n<td align=\"center\" valign=\"middle\" bgcolor=\"#DDE8CB\" data-sheets-value=\"{ &quot;1&quot;: 2, &quot;2&quot;: &quot;Aline Mascarenhas Oliveira Medeiros (Coordenadora)\\u000aLais Moreira Cavalcanti&quot;}\"><span style=\"font-family: Liberation Serif\">Aline Mascarenhas Oliveira Medeiros\u00a0<\/span><\/td>\n<td align=\"center\" valign=\"middle\" bgcolor=\"#DDE8CB\" data-sheets-value=\"{ &quot;1&quot;: 2, &quot;2&quot;: &quot;coordenacao.gastronomia@catu.ifbaiano.edu.br&quot;}\"><span style=\"font-family: Liberation Serif\">coordenacao.gastronomia@catu.ifbaiano.edu.br<\/span><\/td>\n<td align=\"center\" valign=\"middle\" bgcolor=\"#DDE8CB\" data-sheets-value=\"{ &quot;1&quot;: 2, &quot;2&quot;: &quot;\u2013&quot;}\"><span style=\"font-family: Liberation Serif\">\u2013<\/span><\/td>\n<\/tr>\n<tr>\n<td align=\"center\" valign=\"middle\" height=\"60\" data-sheets-value=\"{ &quot;1&quot;: 2, &quot;2&quot;: &quot;COORDENA\u00c7\u00c3O EAD&quot;}\"><span style=\"font-family: Liberation Serif\">COORDENA\u00c7\u00c3O EaD<\/span><\/td>\n<td align=\"center\" valign=\"middle\" data-sheets-value=\"{ &quot;1&quot;: 2, &quot;2&quot;: &quot;Andr\u00e9 Luiz Rezende&quot;}\"><span style=\"font-family: Liberation Serif\">Andr\u00e9 Luiz Rezende<\/span><\/td>\n<td align=\"center\" valign=\"middle\" data-sheets-value=\"{ &quot;1&quot;: 2, &quot;2&quot;: &quot;cead.cat@ead.ifbaiano.edu.br\\u000acead.cat@ead.ifbaiano.edu.br\\u000apolo.catu@ead.ifbaiano.edu.br&quot;}\"><span style=\"font-family: Liberation Serif\">cead.cat@ead.ifbaiano.edu.br<br \/>polo.catu@ead.ifbaiano.edu.br<\/span><\/td>\n<td align=\"center\" valign=\"middle\" data-sheets-value=\"{ &quot;1&quot;: 2, &quot;2&quot;: &quot;\u2013&quot;}\"><span style=\"font-family: Liberation Serif\">\u2013<\/span><\/td>\n<\/tr>\n<tr>\n<td align=\"center\" valign=\"middle\" bgcolor=\"#DDE8CB\" height=\"60\" data-sheets-value=\"{ &quot;1&quot;: 2, &quot;2&quot;: &quot;CURSO T\u00c9CNICO EM VENDAS (EaD)&quot;}\"><span style=\"font-family: Liberation Serif\">CURSO T\u00c9CNICO EM VENDAS (EaD)<\/span><\/td>\n<td align=\"center\" valign=\"middle\" bgcolor=\"#DDE8CB\" data-sheets-value=\"{ &quot;1&quot;: 2, &quot;2&quot;: &quot;Roimeire Silva Bara\u00fana (Coordenadora)&quot;}\"><span style=\"font-family: Liberation Serif\">Rosimeire Silva Bara\u00fana<\/span><\/td>\n<td align=\"center\" valign=\"middle\" bgcolor=\"#DDE8CB\" data-sheets-value=\"{ &quot;1&quot;: 2, &quot;2&quot;: &quot;curso.vendas.cat@ead.ifbaiano.edu.br &quot;}\"><span style=\"font-family: Liberation Serif,Times New Roman\">curso.vendas.cat@ead.ifbaiano.edu.br <\/span><\/td>\n<td align=\"center\" valign=\"middle\" bgcolor=\"#DDE8CB\" data-sheets-value=\"{ &quot;1&quot;: 2, &quot;2&quot;: &quot;\u2013&quot;}\"><span style=\"font-family: Liberation Serif\">\u2013<\/span><\/td>\n<\/tr>\n<tr>\n<td align=\"center\" valign=\"middle\" height=\"60\" data-sheets-value=\"{ &quot;1&quot;: 2, &quot;2&quot;: &quot;CURSO T\u00c9CNICO EM MULTIMEIOS DID\u00c1TICOS (EaD)&quot;}\"><span style=\"font-family: Liberation Serif\">CURSO T\u00c9CNICO EM MULTIMEIOS DID\u00c1TICOS (EaD)<\/span><\/td>\n<td align=\"center\" valign=\"middle\" data-sheets-value=\"{ &quot;1&quot;: 2, &quot;2&quot;: &quot;Vaniele Souza Ribeiro  (Coordenadora)&quot;}\"><span style=\"font-family: Liberation Serif\">Vaniele Souza Ribeiro<\/span><\/td>\n<td align=\"center\" valign=\"middle\" data-sheets-value=\"{ &quot;1&quot;: 2, &quot;2&quot;: &quot;curso.multimeios.cat@ead.ifbaiano.edu.br &quot;}\"><span style=\"font-family: Liberation Serif,Times New Roman\">curso.multimeios.cat@ead.ifbaiano.edu.br <\/span><\/td>\n<td align=\"center\" valign=\"middle\" data-sheets-value=\"{ &quot;1&quot;: 2, &quot;2&quot;: &quot;\u2013&quot;}\"><span style=\"font-family: Liberation Serif\">\u2013<\/span><\/td>\n<\/tr>\n<tr>\n<td align=\"center\" valign=\"middle\" bgcolor=\"#DDE8CB\" height=\"60\" data-sheets-value=\"{ &quot;1&quot;: 2, &quot;2&quot;: &quot;CURSO T\u00c9CNICO EM INFORM\u00c1TICA&quot;}\"><span style=\"font-family: Liberation Serif\">CURSO T\u00c9CNICO EM INFORM\u00c1TICA<\/span><\/td>\n<td align=\"center\" valign=\"middle\" bgcolor=\"#DDE8CB\" data-sheets-value=\"{ &quot;1&quot;: 2, &quot;2&quot;: &quot;Eneida Alves Rios  (Coordenadora)&quot;}\"><span style=\"font-family: Liberation Serif\">Eneida Alves Rios\u00a0<\/span><\/td>\n<td align=\"center\" valign=\"middle\" bgcolor=\"#DDE8CB\" data-sheets-value=\"{ &quot;1&quot;: 2, &quot;2&quot;: &quot;curso.redes.catu@ead.ifbaiano.edu.br &quot;}\"><span style=\"font-family: Liberation Serif,Times New Roman\">curso.informatica.catu@ead.ifbaiano.edu.br <\/span><\/td>\n<td align=\"center\" valign=\"middle\" bgcolor=\"#DDE8CB\" data-sheets-value=\"{ &quot;1&quot;: 2, &quot;2&quot;: &quot;&quot;}\"><span style=\"font-family: Liberation Serif\">\u00a0<\/span><\/td>\n<\/tr>\n<tr>\n<td align=\"center\" valign=\"middle\" height=\"60\" data-sheets-value=\"{ &quot;1&quot;: 2, &quot;2&quot;: &quot;CURSO T\u00c9CNICO EM REDES DE COMPUTADORES&quot;}\"><span style=\"font-family: Liberation Serif\">CURSO T\u00c9CNICO EM REDES DE COMPUTADORES<\/span><\/td>\n<td align=\"center\" valign=\"middle\" data-sheets-value=\"{ &quot;1&quot;: 2, &quot;2&quot;: &quot;Tarsio Ribeiro Cavalcante (Coordenador)&quot;}\"><span style=\"font-family: Liberation Serif\">Tarsio Ribeiro Cavalcante<\/span><\/td>\n<td align=\"center\" valign=\"middle\" data-sheets-value=\"{ &quot;1&quot;: 2, &quot;2&quot;: &quot;curso.redes.catu@ead.ifbaiano.edu.br&quot;}\"><span style=\"color: #343434;font-family: Liberation Serif,Times New Roman\">curso.redes.catu@ead.ifbaiano.edu.br<\/span><\/td>\n<td align=\"center\" valign=\"middle\" data-sheets-value=\"{ &quot;1&quot;: 2, &quot;2&quot;: &quot;&quot;}\"><span style=\"font-family: Liberation Serif\">\u00a0<\/span><\/td>\n<\/tr>\n<tr>\n<td align=\"center\" valign=\"middle\" bgcolor=\"#DDE8CB\" height=\"60\" data-sheets-value=\"{ &quot;1&quot;: 2, &quot;2&quot;: &quot;CURSO T\u00c9CNICO EM SECRETARIA &quot;}\"><span style=\"font-family: Liberation Serif\">CURSO T\u00c9CNICO EM SECRETARIA <\/span><\/td>\n<td align=\"center\" valign=\"middle\" bgcolor=\"#DDE8CB\" data-sheets-value=\"{ &quot;1&quot;: 2, &quot;2&quot;: &quot;Marco Caja\u00edba Mendon\u00e7a (Coordenador)&quot;}\"><span style=\"font-family: Liberation Serif\">Marco Caja\u00edba Mendon\u00e7a<\/span><\/td>\n<td align=\"center\" valign=\"middle\" bgcolor=\"#DDE8CB\" data-sheets-value=\"{ &quot;1&quot;: 2, &quot;2&quot;: &quot;curso.secretaria.cat@ead.ifbaiano.edu.br &quot;}\"><span style=\"font-family: Liberation Serif,Times New Roman\">curso.secretaria.cat@ead.ifbaiano.edu.br <\/span><\/td>\n<td align=\"center\" valign=\"middle\" bgcolor=\"#DDE8CB\" data-sheets-value=\"{ &quot;1&quot;: 2, &quot;2&quot;: &quot;&quot;}\"><span style=\"font-family: Liberation Serif\">\u00a0<\/span><\/td>\n<\/tr>\n<tr>\n<td align=\"center\" valign=\"middle\" height=\"67\" data-sheets-value=\"{ &quot;1&quot;: 2, &quot;2&quot;: &quot;COORDENA\u00c7\u00c3O DE EXTENS\u00c3O&quot;}\"><span style=\"font-family: Liberation Serif\">COORDENA\u00c7\u00c3O DE EXTENS\u00c3O<\/span><\/td>\n<td align=\"center\" valign=\"middle\" data-sheets-value=\"{ &quot;1&quot;: 2, &quot;2&quot;: &quot;\\u000aFernando Martins de Oliveira Neto&quot;}\"><span style=\"font-family: Liberation Serif\">Jos\u00e9 Augusto Monteiro de Castro Lima\u00a0<\/span><\/td>\n<td align=\"center\" valign=\"middle\" data-sheets-value=\"{ &quot;1&quot;: 2, &quot;2&quot;: &quot;extensao@catu.ifbaiano.edu.br&quot;}\"><span style=\"font-family: Liberation Serif\">extensao@catu.ifbaiano.edu.br<\/span><\/td>\n<td align=\"center\" valign=\"middle\" data-sheets-value=\"{ &quot;1&quot;: 2, &quot;2&quot;: &quot;(71) 98275-7416&quot;}\"><span style=\"font-family: Liberation Serif\">(71) 98275-7416<\/span><\/td>\n<\/tr>\n<tr>\n<td align=\"center\" valign=\"middle\" bgcolor=\"#DDE8CB\" height=\"63\" data-sheets-value=\"{ &quot;1&quot;: 2, &quot;2&quot;: &quot;COORDENA\u00c7\u00c3O DE PESQUISA&quot;}\"><span style=\"font-family: Liberation Serif\">COORDENA\u00c7\u00c3O DE PESQUISA<\/span><\/td>\n<td align=\"center\" valign=\"middle\" bgcolor=\"#DDE8CB\" data-sheets-value=\"{ &quot;1&quot;: 2, &quot;2&quot;: &quot;Gilvan Martins Dur\u00e3es&quot;}\"><span style=\"font-family: Liberation Serif\">Edilaine Andrade Melo<\/span><\/td>\n<td align=\"center\" valign=\"middle\" bgcolor=\"#DDE8CB\" data-sheets-value=\"{ &quot;1&quot;: 2, &quot;2&quot;: &quot;pesquisa@catu.ifbaiano.edu.br&quot;}\"><span style=\"font-family: Liberation Serif\">pesquisa@catu.ifbaiano.edu.br<\/span><\/td>\n<td align=\"center\" valign=\"middle\" bgcolor=\"#DDE8CB\" data-sheets-value=\"{ &quot;1&quot;: 2, &quot;2&quot;: &quot;(71) 98275-7416&quot;}\"><span style=\"font-family: Liberation Serif\">(71) 98275-7416<\/span><\/td>\n<\/tr>\n<tr>\n<td align=\"center\" valign=\"middle\" height=\"62\" data-sheets-value=\"{ &quot;1&quot;: 2, &quot;2&quot;: &quot;COORDENA\u00c7\u00c3O DE ASSUNTOS ESTUDANTIS\u00a0 (CAE)&quot;}\"><span style=\"font-family: Liberation Serif\">COORDENA\u00c7\u00c3O DE ASSUNTOS ESTUDANTIS (CAE)<\/span><\/td>\n<td align=\"center\" valign=\"middle\" data-sheets-value=\"{ &quot;1&quot;: 2, &quot;2&quot;: &quot;Roberto Carlos Cerqueira dos Santos&quot;}\"><span style=\"font-family: Liberation Serif\">Fernanda Caroline Cerqueira Palmeira<\/span><\/td>\n<td align=\"center\" valign=\"middle\" data-sheets-value=\"{ &quot;1&quot;: 2, &quot;2&quot;: &quot;cae@catu.ifbaiano.edu.br\\u000aWhatsApp&quot;}\"><span style=\"font-family: Liberation Serif\">cae@catu.ifbaiano.edu.br<br \/><\/span><\/td>\n<td align=\"center\" valign=\"middle\" data-sheets-value=\"{ &quot;1&quot;: 2, &quot;2&quot;: &quot;(71) 3641-7251\u00a0 (71) 3641-7252\\u000a(71)981232946&quot;}\"><span style=\"font-family: Liberation Serif\">(71)98123-2946<\/span><\/td>\n<\/tr>\n<tr>\n<td align=\"center\" valign=\"middle\" bgcolor=\"#DDE8CB\" height=\"68\" data-sheets-value=\"{ &quot;1&quot;: 2, &quot;2&quot;: &quot;COORDENA\u00c7\u00c3O DA UNIDADE EDUCATIVA DE CAMPO (CUEC)&quot;}\"><span style=\"font-family: Liberation Serif\">COORDENA\u00c7\u00c3O DA UNIDADE EDUCATIVA DE CAMPO (CUEC)<\/span><\/td>\n<td align=\"center\" valign=\"middle\" bgcolor=\"#DDE8CB\" data-sheets-value=\"{ &quot;1&quot;: 2, &quot;2&quot;: &quot;Davi Silva da Costa&quot;}\"><span style=\"font-family: Liberation Serif\">Deisiane Moreira Nunes<\/span><\/td>\n<td align=\"center\" valign=\"middle\" bgcolor=\"#DDE8CB\" data-sheets-value=\"{ &quot;1&quot;: 2, &quot;2&quot;: &quot;cuec@catu.ifbaiano.edu.br&quot;}\"><span style=\"font-family: Liberation Serif\">cuec@catu.ifbaiano.edu.br<\/span><\/td>\n<td align=\"center\" valign=\"middle\" bgcolor=\"#DDE8CB\" data-sheets-value=\"{ &quot;1&quot;: 2, &quot;2&quot;: &quot;(71) 98266-3675&quot;}\"><span style=\"font-family: Liberation Serif\">(71) 98266-3675<\/span><\/td>\n<\/tr>\n<tr>\n<td align=\"center\" valign=\"middle\" height=\"63\" data-sheets-value=\"{ &quot;1&quot;: 2, &quot;2&quot;: &quot;COORDENA\u00c7\u00c3O DE SUPRIMENTOS E LOG\u00cdSTICA (CSL)&quot;}\"><span style=\"font-family: Liberation Serif\">COORDENA\u00c7\u00c3O DE SUPRIMENTOS E LOG\u00cdSTICA (CSL)<\/span><\/td>\n<td align=\"center\" valign=\"middle\" data-sheets-value=\"{ &quot;1&quot;: 2, &quot;2&quot;: &quot;Adriano e Jesus Ferreira (Coordenador)\\u000aValmir Soares dos Santos&quot;}\"><span style=\"font-family: Liberation Serif\">Edinei de Jesus Borges<\/span><\/td>\n<td align=\"center\" valign=\"middle\" data-sheets-value=\"{ &quot;1&quot;: 2, &quot;2&quot;: &quot;csa@catu.ifbaiano.edu.br&quot;}\"><span style=\"font-family: Liberation Serif\">csl@catu.ifbaiano.edu.br<\/span><\/td>\n<td align=\"center\" valign=\"middle\" data-sheets-value=\"{ &quot;1&quot;: 2, &quot;2&quot;: &quot;(71) 98260-2784 (71) 3641-7912\u00a0\u00a0&quot;}\"><span style=\"font-family: Liberation Serif\">(71) 98260-2784 (71) 3641-7912\u00a0\u00a0<\/span><\/td>\n<\/tr>\n<tr>\n<td align=\"center\" valign=\"middle\" bgcolor=\"#DDE8CB\" height=\"78\" data-sheets-value=\"{ &quot;1&quot;: 2, &quot;2&quot;: &quot;COORDENA\u00c7\u00c3O FINANCEIRA E CONT\u00c1BIL (CFC)&quot;}\"><span style=\"font-family: Liberation Serif\">COORDENA\u00c7\u00c3O FINANCEIRA E CONT\u00c1BIL (CFC)<\/span><\/td>\n<td align=\"center\" valign=\"middle\" bgcolor=\"#DDE8CB\" data-sheets-value=\"{ &quot;1&quot;: 2, &quot;2&quot;: &quot;Greice Carneiro de Santana (Coordenador) Elton Santana da Silva (Coord-Substituto) \\\/ Jacon de Jesus Pereira\u00a0 \\\/ Josenilon Leandro Copaque dos Santos&quot;}\"><span style=\"font-family: Liberation Serif\">Greice Carneiro de Santana (Coordenadora) Elton Santana da Silva \/ Jacon de Jesus Pereira<\/span><\/td>\n<td align=\"center\" valign=\"middle\" bgcolor=\"#DDE8CB\" data-sheets-value=\"{ &quot;1&quot;: 2, &quot;2&quot;: &quot;cfc@catu.ifbaiano.edu.br&quot;}\"><span style=\"font-family: Liberation Serif\">cfc@catu.ifbaiano.edu.br<\/span><\/td>\n<td align=\"center\" valign=\"middle\" bgcolor=\"#DDE8CB\" data-sheets-value=\"{ &quot;1&quot;: 2, &quot;2&quot;: &quot;(71) 98261-6912&quot;}\"><span style=\"font-family: Liberation Serif\">(71) 98261-6912<\/span><\/td>\n<\/tr>\n<tr>\n<td align=\"center\" valign=\"middle\" height=\"64\" data-sheets-value=\"{ &quot;1&quot;: 2, &quot;2&quot;: &quot;N\u00daCLEO DE COMPRAS (NC)\\u000a\\u000aN\u00daCLEO DE LICITA\u00c7\u00d5ES (NL)&quot;}\">\n<p><span style=\"font-family: Liberation Serif\"><span style=\"font-family: Liberation Serif\">N\u00daCLEO DE COMPRAS (NC) <\/span><\/span><\/p>\n<p><span style=\"font-family: Liberation Serif\"><span style=\"font-family: Liberation Serif\">N\u00daCLEO DE LICITA\u00c7\u00d5ES (NL)<\/span><\/span><\/p>\n<\/td>\n<td align=\"center\" valign=\"middle\" data-sheets-value=\"{ &quot;1&quot;: 2, &quot;2&quot;: &quot;Anderson Filipe Ferreira Lopes\\u000a(Chefe)\\u000aPedro Bernardo de Mello Oliveira\\u000a(Chefe)&quot;}\"><span style=\"font-family: Liberation Serif\">Anderson Filipe Ferreira Lopes<br \/>(Chefe)<br \/>Pedro Bernardo de Mello Oliveira<br \/><\/span><\/td>\n<td align=\"center\" valign=\"middle\" data-sheets-value=\"{ &quot;1&quot;: 2, &quot;2&quot;: &quot;licitacoes@catu.ifbaiano.edu.br&quot;}\"><span style=\"font-family: Liberation Serif\">licitacoes@catu.ifbaiano.edu.br<\/span><\/td>\n<td align=\"center\" valign=\"middle\" data-sheets-value=\"{ &quot;1&quot;: 2, &quot;2&quot;: &quot;(71) 98261-6912&quot;}\"><span style=\"font-family: Liberation Serif\">(71) 98261-6912<\/span><\/td>\n<\/tr>\n<tr>\n<td align=\"center\" valign=\"middle\" bgcolor=\"#DDE8CB\" height=\"78\" data-sheets-value=\"{ &quot;1&quot;: 2, &quot;2&quot;: &quot;N\u00daCLEO\u00a0 EXECU\u00c7\u00c3O OR\u00c7AMENT\u00c1RIA E FINANCEIRA (NEOF)&quot;}\"><span style=\"font-family: Liberation Serif\">N\u00daCLEO\u00a0 EXECU\u00c7\u00c3O OR\u00c7AMENT\u00c1RIA E FINANCEIRA (NEOF)<\/span><\/td>\n<td align=\"center\" valign=\"middle\" bgcolor=\"#DDE8CB\" data-sheets-value=\"{ &quot;1&quot;: 2, &quot;2&quot;: &quot;Ivone dos Santos Costa Santos&quot;}\"><span style=\"font-family: Liberation Serif\">Ivone dos Santos Costa Santos<\/span><\/td>\n<td align=\"center\" valign=\"middle\" bgcolor=\"#DDE8CB\" data-sheets-value=\"{ &quot;1&quot;: 2, &quot;2&quot;: &quot;seof@catu.ifbaiano.edu.br&quot;}\"><span style=\"font-family: Liberation Serif\">seof@catu.ifbaiano.edu.br<\/span><\/td>\n<td align=\"center\" valign=\"middle\" bgcolor=\"#DDE8CB\" data-sheets-value=\"{ &quot;1&quot;: 2, &quot;2&quot;: &quot;(71) 98261-6912&quot;}\"><span style=\"font-family: Liberation Serif\">(71) 98261-6912<\/span><\/td>\n<\/tr>\n<tr>\n<td align=\"center\" valign=\"middle\" height=\"64\" data-sheets-value=\"{ &quot;1&quot;: 2, &quot;2&quot;: &quot;N\u00daCLEO DE CONTRATOS&quot;}\"><span style=\"font-family: Liberation Serif\">N\u00daCLEO DE CONTRATOS<\/span><\/td>\n<td align=\"center\" valign=\"middle\" data-sheets-value=\"{ &quot;1&quot;: 2, &quot;2&quot;: &quot;Elton Santana da Silva\\u000aLeonardo da Silva Bitencourt&quot;}\"><span style=\"font-family: Liberation Serif\">Elaine Lima do Nascimento Garcia<\/span><\/td>\n<td align=\"center\" valign=\"middle\" data-sheets-value=\"{ &quot;1&quot;: 2, &quot;2&quot;: &quot;contratos@catu.ifbaiano.edu.br&quot;}\"><span style=\"font-family: Liberation Serif\">contratos@catu.ifbaiano.edu.br<\/span><\/td>\n<td align=\"center\" valign=\"middle\" data-sheets-value=\"{ &quot;1&quot;: 2, &quot;2&quot;: &quot;(71) 98261-6912&quot;}\"><span style=\"font-family: Liberation Serif\">(71) 98261-6912<\/span><\/td>\n<\/tr>\n<tr>\n<td align=\"center\" valign=\"middle\" bgcolor=\"#DDE8CB\" height=\"64\" data-sheets-value=\"{ &quot;1&quot;: 2, &quot;2&quot;: &quot;N\u00daCLEO DE APOIO \u00c0 GEST\u00c3O DE PESSOAS (NAGP)&quot;}\"><span style=\"font-family: Liberation Serif\">N\u00daCLEO DE APOIO \u00c0 GEST\u00c3O DE PESSOAS (NAGP)<\/span><\/td>\n<td align=\"center\" valign=\"middle\" bgcolor=\"#DDE8CB\" data-sheets-value=\"{ &quot;1&quot;: 2, &quot;2&quot;: &quot;Jonas da Costa Oliveira\\u000aJoacyr Silva dos Santos&quot;}\"><span style=\"font-family: Liberation Serif\">Jonas da Costa Oliveira<br \/><\/span><\/td>\n<td align=\"center\" valign=\"middle\" bgcolor=\"#DDE8CB\" data-sheets-value=\"{ &quot;1&quot;: 2, &quot;2&quot;: &quot;nagp@catu.ifbaiano.edu.br&quot;}\"><span style=\"font-family: Liberation Serif\">nagp@catu.ifbaiano.edu.br<\/span><\/td>\n<td align=\"center\" valign=\"middle\" bgcolor=\"#DDE8CB\" data-sheets-value=\"{ &quot;1&quot;: 2, &quot;2&quot;: &quot;(71) 3641-7911&quot;}\"><span style=\"font-family: Liberation Serif\">&#8211;<\/span><\/td>\n<\/tr>\n<tr>\n<td align=\"center\" valign=\"middle\" height=\"58\" data-sheets-value=\"{ &quot;1&quot;: 2, &quot;2&quot;: &quot;N\u00daCLEO DE APOIO \u00c0 COMUNICA\u00c7\u00c3O E EVENTOS (NACE)&quot;}\"><span style=\"font-family: Liberation Serif\">ASCOM<\/span><\/td>\n<td align=\"center\" valign=\"middle\" data-sheets-value=\"{ &quot;1&quot;: 2, &quot;2&quot;: &quot;Carlos Alberto M. Soares&quot;}\">\n<p><span style=\"font-family: Liberation Serif\">Cassiano Ferreira Nascimento\u00a0 \u00a0 \u00a0 \u00a0 \u00a0 \u00a0 \u00a0 \u00a0 \u00a0 \u00a0 \u00a0 \u00a0 \u00a0 Eliane Silva de Queiroz<\/span><\/p>\n<\/td>\n<td align=\"center\" valign=\"middle\" data-sheets-value=\"{ &quot;1&quot;: 2, &quot;2&quot;: &quot;ascom@catu.ifbaiano.edu.br\\u000asuporte.ascom@catu.ifbaiano.edu.br&quot;}\"><span style=\"font-family: Liberation Serif\">ascom@catu.ifbaiano.edu.br<br \/><\/span><\/td>\n<td align=\"center\" valign=\"middle\" data-sheets-value=\"{ &quot;1&quot;: 2, &quot;2&quot;: &quot;\u2013&quot;}\"><span style=\"font-family: Liberation Serif\">\u2013<\/span><\/td>\n<\/tr>\n<tr>\n<td align=\"center\" valign=\"middle\" bgcolor=\"#DDE8CB\" height=\"71\" data-sheets-value=\"{ &quot;1&quot;: 2, &quot;2&quot;: &quot;N\u00daCLEO DE GEST\u00c3O E TECNOLOGIA DA INFORMA\u00c7\u00c3O (NGTI)&quot;}\"><span style=\"font-family: Liberation Serif\">N\u00daCLEO DE GEST\u00c3O E TECNOLOGIA DA INFORMA\u00c7\u00c3O (NGTI)<\/span><\/td>\n<td align=\"center\" valign=\"middle\" bgcolor=\"#DDE8CB\" data-sheets-value=\"{ &quot;1&quot;: 2, &quot;2&quot;: &quot;Donizete Feire dos Santos Junior (Coordenador) \u2013 Adriano de Jesus Ferreira \\\/ Lucas Filipe Andrade da Silva&quot;}\"><span style=\"font-family: Liberation Serif\">Lucas Filipe Andrade da Silva (Chefe) \/ Donizete Feire dos Santos Junior \/ Adriano de Jesus Ferreira<\/span><\/td>\n<td align=\"center\" valign=\"middle\" bgcolor=\"#DDE8CB\" data-sheets-value=\"{ &quot;1&quot;: 2, &quot;2&quot;: &quot;utic@catu.ifbaiano.edu.br\\u000a\u00a0ngti@catu.ifbaiano.edu.br&quot;}\"><span style=\"font-family: Liberation Serif\">utic@catu.ifbaiano.edu.br<br \/>\u00a0ngti@catu.ifbaiano.edu.br<\/span><\/td>\n<td align=\"center\" valign=\"middle\" bgcolor=\"#DDE8CB\" data-sheets-value=\"{ &quot;1&quot;: 2, &quot;2&quot;: &quot;(71) 3641-7932 (71)3641-7250&quot;}\">&#8211;<\/td>\n<\/tr>\n<tr>\n<td align=\"center\" valign=\"middle\" height=\"52\" data-sheets-value=\"{ &quot;1&quot;: 2, &quot;2&quot;: &quot;N\u00daCLEO DE RELA\u00c7\u00d5ES INSTITUCIONAIS (NURI)&quot;}\"><span style=\"font-family: Liberation Serif\">N\u00daCLEO DE RELA\u00c7\u00d5ES INSTITUCIONAIS (NURI)<\/span><\/td>\n<td align=\"center\" valign=\"middle\" data-sheets-value=\"{ &quot;1&quot;: 2, &quot;2&quot;: &quot;F\u00e1bio Santos Melo&quot;}\"><span style=\"font-family: Liberation Serif\">F\u00e1bio Santos Melo<\/span><\/td>\n<td align=\"center\" valign=\"middle\" data-sheets-value=\"{ &quot;1&quot;: 2, &quot;2&quot;: &quot;nuri@catu.ifbaiano.edu.br&quot;}\"><span style=\"font-family: Liberation Serif\">nuri@catu.ifbaiano.edu.br<\/span><\/td>\n<td align=\"center\" valign=\"middle\" data-sheets-value=\"{ &quot;1&quot;: 2, &quot;2&quot;: &quot;(71) 98270-1885&quot;}\"><span style=\"font-family: Liberation Serif\">(71) 98270-1885<\/span><\/td>\n<\/tr>\n<tr>\n<td align=\"center\" valign=\"middle\" bgcolor=\"#DDE8CB\" height=\"81\" data-sheets-value=\"{ &quot;1&quot;: 2, &quot;2&quot;: &quot;N\u00daCLEO DE APOIO \u00c0S PESSOAS COM NECESSIDADES ESPEC\u00cdFICAS (NAPNE)&quot;}\"><span style=\"font-family: Liberation Serif\">N\u00daCLEO DE APOIO \u00c0S PESSOAS COM NECESSIDADES ESPEC\u00cdFICAS (NAPNE)<\/span><\/td>\n<td align=\"center\" valign=\"middle\" bgcolor=\"#DDE8CB\" data-sheets-value=\"{ &quot;1&quot;: 2, &quot;2&quot;: &quot;Patricia de Oliveira&quot;}\"><span style=\"font-family: Liberation Serif\">Aline da Cruz Porto Silva\u00a0<\/span><\/td>\n<td align=\"center\" valign=\"middle\" bgcolor=\"#DDE8CB\" data-sheets-value=\"{ &quot;1&quot;: 2, &quot;2&quot;: &quot;napne@catu.ifbaiano.edu.br&quot;}\"><span style=\"font-family: Liberation Serif\">napne@catu.ifbaiano.edu.br<\/span><\/td>\n<td align=\"center\" valign=\"middle\" bgcolor=\"#DDE8CB\" data-sheets-value=\"{ &quot;1&quot;: 2, &quot;2&quot;: &quot;(71) 3641-7948&quot;}\"><span style=\"font-family: Liberation Serif\">&#8211;<\/span><\/td>\n<\/tr>\n<tr>\n<td align=\"center\" valign=\"middle\" height=\"100\" data-sheets-value=\"{ &quot;1&quot;: 2, &quot;2&quot;: &quot;N\u00daCLEO DE ASSESSORIA T\u00c9CNICO-PEDAG\u00d3GICO (NATEPE)\u00a0&quot;}\"><span style=\"font-family: Liberation Serif\">N\u00daCLEO DE ASSESSORIA T\u00c9CNICO-PEDAG\u00d3GICO (NATEPE)\u00a0<\/span><\/td>\n<td align=\"center\" valign=\"middle\" data-sheets-value=\"{ &quot;1&quot;: 2, &quot;2&quot;: &quot;Cassiano Ferreira Nascimento\u00a0\\u000aEliene Silva de Queiroz\\u000aFerdinando Santo de Melo\u00a0\\u000a          Mariana Muniz Sampaio\u00a0 \u00a0           Rafael Rosa da Rocha&quot;}\"><span style=\"font-family: Liberation Serif\">Eliene Silva de Queiroz \/<br \/>Ferdinando Santo de Melo\u00a0<br \/>\/ Mariana Muniz Sampaio\u00a0 \/\u00a0 Rafael Rosa da Rocha<\/span><\/td>\n<td align=\"center\" valign=\"middle\" data-sheets-value=\"{ &quot;1&quot;: 2, &quot;2&quot;: &quot;natepe@catu.ifbaiano.edu.br\\u000anuape@catu.ifbaiano.edu.br\\u000aWhatsApp&quot;}\"><span style=\"font-family: Liberation Serif\">natepe@catu.ifbaiano.edu.br<br \/><\/span><\/td>\n<td align=\"center\" valign=\"middle\" data-sheets-value=\"{ &quot;1&quot;: 2, &quot;2&quot;: &quot;(71) 3641-7924 (71) 98265-1502&quot;}\"><span style=\"font-family: Liberation Serif\">(71) 98265-1502<\/span><\/td>\n<\/tr>\n<tr>\n<td align=\"center\" valign=\"middle\" bgcolor=\"#DDE8CB\" height=\"66\" data-sheets-value=\"{ &quot;1&quot;: 2, &quot;2&quot;: &quot;N\u00daCLEO DE ESTUDOS AFRO BRASILEIROS E IND\u00cdGENAS (NEABI)&quot;}\"><span style=\"font-family: Liberation Serif\">N\u00daCLEO DE ESTUDOS AFRO BRASILEIROS E IND\u00cdGENAS (NEABI)<\/span><\/td>\n<td align=\"center\" valign=\"middle\" bgcolor=\"#DDE8CB\" data-sheets-value=\"{ &quot;1&quot;: 2, &quot;2&quot;: &quot;Gleiciele da Silva Oliveira&quot;}\"><span style=\"font-family: Liberation Serif\">Celio Jose dos Santos<\/span><\/td>\n<td align=\"center\" valign=\"middle\" bgcolor=\"#DDE8CB\" data-sheets-value=\"{ &quot;1&quot;: 2, &quot;2&quot;: &quot;neabi@catu.ifbaiano.edu.br&quot;}\"><span style=\"font-family: Liberation Serif\">neabi@catu.ifbaiano.edu.br<\/span><\/td>\n<td align=\"center\" valign=\"middle\" bgcolor=\"#DDE8CB\" data-sheets-value=\"{ &quot;1&quot;: 2, &quot;2&quot;: &quot;(71) 3641-7948&quot;}\"><span style=\"font-family: Liberation Serif\">(71) 3641-7948<\/span><\/td>\n<\/tr>\n<tr>\n<td align=\"center\" valign=\"middle\" height=\"97\" data-sheets-value=\"{ &quot;1&quot;: 2, &quot;2&quot;: &quot;N\u00daCLEO DE ESTUDOS DE G\u00caNERO E SEXUALIDADE DO IF BAIANO \u2013\\u000aGENI CATU&quot;}\"><span style=\"font-family: Liberation Serif\">N\u00daCLEO DE ESTUDOS DE G\u00caNERO E SEXUALIDADE DO IF BAIANO \u2013<br \/>GENI CATU<\/span><\/td>\n<td align=\"center\" valign=\"middle\" data-sheets-value=\"{ &quot;1&quot;: 2, &quot;2&quot;: &quot;An\u00edsia Dias Neta&quot;}\"><span style=\"font-family: Liberation Serif\">An\u00edsia Dias Neta<\/span><\/td>\n<td align=\"center\" valign=\"middle\" data-sheets-value=\"{ &quot;1&quot;: 2, &quot;2&quot;: &quot;geni@catu.ifbaiano.edu.br\\u000aInstagram: @geni_catu\\\/\\u000ahttps:\\\/\\\/www.instagram.com\\\/geni_catu&quot;}\"><span style=\"font-family: Liberation Serif\">geni@catu.ifbaiano.edu.br<br \/><\/span><\/td>\n<td align=\"center\" valign=\"middle\" data-sheets-value=\"{ &quot;1&quot;: 2, &quot;2&quot;: &quot;\u2013\u00a0&quot;}\"><span style=\"font-family: Liberation Serif\">\u2013\u00a0<\/span><\/td>\n<\/tr>\n<tr>\n<td align=\"center\" valign=\"middle\" bgcolor=\"#DDE8CB\" height=\"113\" data-sheets-value=\"{ &quot;1&quot;: 2, &quot;2&quot;: &quot;N\u00daCLEO DE PROMO\u00c7\u00c3O A SA\u00daDE&quot;}\"><span style=\"font-family: Liberation Serif\">N\u00daCLEO DE PROMO\u00c7\u00c3O A SA\u00daDE<\/span><\/td>\n<td align=\"center\" valign=\"middle\" bgcolor=\"#DDE8CB\" data-sheets-value=\"{ &quot;1&quot;: 2, &quot;2&quot;: &quot;\\u000aElane Neves \u2013 Assistente Social\\u000aWashington Souza \u2013 T\u00e9cnico de Enfermagem&quot;}\"><span style=\"font-family: Liberation Serif\"><br \/>Washington Souza dos Santos<\/span><\/td>\n<td align=\"center\" valign=\"middle\" bgcolor=\"#DDE8CB\" data-sheets-value=\"{ &quot;1&quot;: 2, &quot;2&quot;: &quot;saude@catu.ifbaiano.edu.br&quot;}\"><span style=\"font-family: Liberation Serif\">saude@catu.ifbaiano.edu.br<\/span><\/td>\n<td align=\"center\" valign=\"middle\" bgcolor=\"#DDE8CB\" data-sheets-value=\"{ &quot;1&quot;: 2, &quot;2&quot;: &quot;(71) 3641-7923&quot;}\"><span style=\"font-family: Liberation Serif\">&#8211;<\/span><\/td>\n<\/tr>\n<tr>\n<td align=\"center\" valign=\"middle\" height=\"42\" data-sheets-value=\"{ &quot;1&quot;: 2, &quot;2&quot;: &quot;SETOR DE ALMOXARIFADO&quot;}\"><span style=\"font-family: Liberation Serif\">SETOR DE ALMOXARIFADO<\/span><\/td>\n<td align=\"center\" valign=\"middle\" data-sheets-value=\"{ &quot;1&quot;: 2, &quot;2&quot;: &quot;Joelson dos Santos Peneluc&quot;}\"><span style=\"font-family: Liberation Serif\">Joelson dos Santos Peneluc<\/span><\/td>\n<td align=\"center\" valign=\"middle\" data-sheets-value=\"{ &quot;1&quot;: 2, &quot;2&quot;: &quot;almoxarifado@catu.ifbaiano.edu.br&quot;}\"><span style=\"font-family: Liberation Serif\">almoxarifado@catu.ifbaiano.edu.br<\/span><\/td>\n<td align=\"center\" valign=\"middle\" data-sheets-value=\"{ &quot;1&quot;: 2, &quot;2&quot;: &quot;(71) 98275-3258&quot;}\"><span style=\"font-family: Liberation Serif\">&#8211;<\/span><\/td>\n<\/tr>\n<tr>\n<td align=\"center\" valign=\"middle\" bgcolor=\"#DDE8CB\" height=\"47\" data-sheets-value=\"{ &quot;1&quot;: 2, &quot;2&quot;: &quot;SETOR DE PATRIM\u00d4NIO (SP)&quot;}\"><span style=\"font-family: Liberation Serif\">SETOR DE PATRIM\u00d4NIO (SP)<\/span><\/td>\n<td align=\"center\" valign=\"middle\" bgcolor=\"#DDE8CB\" data-sheets-value=\"{ &quot;1&quot;: 2, &quot;2&quot;: &quot;Valmir Soares dos Santos&quot;}\"><span style=\"font-family: Liberation Serif\">Valmir Soares dos Santos<\/span><\/td>\n<td align=\"center\" valign=\"middle\" bgcolor=\"#DDE8CB\" data-sheets-value=\"{ &quot;1&quot;: 2, &quot;2&quot;: &quot;patrimonio@catu.ifbaiano.edu.br&quot;}\"><span style=\"font-family: Liberation Serif\">patrimonio@catu.ifbaiano.edu.br<\/span><\/td>\n<td align=\"center\" valign=\"middle\" bgcolor=\"#DDE8CB\" data-sheets-value=\"{ &quot;1&quot;: 2, &quot;2&quot;: &quot;(71) 3641-7912&quot;}\"><span style=\"font-family: Liberation Serif\">&#8211;<\/span><\/td>\n<\/tr>\n<tr>\n<td align=\"center\" valign=\"middle\" height=\"40\" data-sheets-value=\"{ &quot;1&quot;: 2, &quot;2&quot;: &quot;SETOR DE OFICINA&quot;}\"><span style=\"font-family: Liberation Serif\">SETOR DE OFICINA<\/span><\/td>\n<td align=\"center\" valign=\"middle\" data-sheets-value=\"{ &quot;1&quot;: 2, &quot;2&quot;: &quot;\u2013&quot;}\"><span style=\"font-family: Liberation Serif\">\u2013<\/span><\/td>\n<td align=\"center\" valign=\"middle\" data-sheets-value=\"{ &quot;1&quot;: 2, &quot;2&quot;: &quot;\u2013&quot;}\"><span style=\"font-family: Liberation Serif\">\u2013<\/span><\/td>\n<td align=\"center\" valign=\"middle\" data-sheets-value=\"{ &quot;1&quot;: 2, &quot;2&quot;: &quot;\u2013&quot;}\"><span style=\"font-family: Liberation Serif\">\u2013<\/span><\/td>\n<\/tr>\n<tr>\n<td align=\"center\" valign=\"middle\" bgcolor=\"#DDE8CB\" height=\"43\" data-sheets-value=\"{ &quot;1&quot;: 2, &quot;2&quot;: &quot;SETOR AGROIND\u00daSTRIA&quot;}\"><span style=\"font-family: Liberation Serif\">SETOR AGROIND\u00daSTRIA<\/span><\/td>\n<td align=\"center\" valign=\"middle\" bgcolor=\"#DDE8CB\" data-sheets-value=\"{ &quot;1&quot;: 2, &quot;2&quot;: &quot;Waldecir Machado Franca&quot;}\"><span style=\"font-family: Liberation Serif\">Waldecir Machado Franca<\/span><\/td>\n<td align=\"center\" valign=\"middle\" bgcolor=\"#DDE8CB\" data-sheets-value=\"{ &quot;1&quot;: 2, &quot;2&quot;: &quot;\u2013&quot;}\"><span style=\"font-family: Liberation Serif\">\u2013<\/span><\/td>\n<td align=\"center\" valign=\"middle\" bgcolor=\"#DDE8CB\" data-sheets-value=\"{ &quot;1&quot;: 2, &quot;2&quot;: &quot;\u2013&quot;}\"><span style=\"font-family: Liberation Serif\">\u2013<\/span><\/td>\n<\/tr>\n<tr>\n<td align=\"center\" valign=\"middle\" height=\"64\" data-sheets-value=\"{ &quot;1&quot;: 2, &quot;2&quot;: &quot;APOIO T\u00c9CNICO&quot;}\"><span style=\"font-family: Liberation Serif\">APOIO T\u00c9CNICO<\/span><\/td>\n<td align=\"center\" valign=\"middle\" data-sheets-value=\"{ &quot;1&quot;: 2, &quot;2&quot;: &quot;Ilza Alves de Amorim\\u000aDebora Silva das Chagas\\u000aJessica dos Santos Gomes&quot;}\"><span style=\"font-family: Liberation Serif\">Ilza Alves de Amorim<br \/>Debora Silva das Chagas<br \/>Jessica dos Santos Gomes<\/span><\/td>\n<td align=\"center\" valign=\"middle\" data-sheets-value=\"{ &quot;1&quot;: 2, &quot;2&quot;: &quot;suporte.quimica@catu.ifbaiano.edu.br&quot;}\"><span style=\"font-family: Liberation Serif\">suporte.quimica@catu.ifbaiano.edu.br<\/span><\/td>\n<td align=\"center\" valign=\"middle\" data-sheets-value=\"{ &quot;1&quot;: 2, &quot;2&quot;: &quot;(71) 3641-7943&quot;}\"><span style=\"font-family: Liberation Serif\">&#8211;<\/span><\/td>\n<\/tr>\n<tr>\n<td align=\"center\" valign=\"middle\" bgcolor=\"#DDE8CB\" height=\"51\" data-sheets-value=\"{ &quot;1&quot;: 2, &quot;2&quot;: &quot;APOIO T\u00c9CNICO&quot;}\"><span style=\"font-family: Liberation Serif\">APOIO T\u00c9CNICO<\/span><\/td>\n<td align=\"center\" valign=\"middle\" bgcolor=\"#DDE8CB\" data-sheets-value=\"{ &quot;1&quot;: 2, &quot;2&quot;: &quot;Suzana Melo Gesteira\\u000aRaquel Nunes da Silva&quot;}\"><span style=\"font-family: Liberation Serif\">Suzana Melo Gesteira<br \/>Raquel Nunes da Silva<\/span><\/td>\n<td align=\"center\" valign=\"middle\" bgcolor=\"#DDE8CB\" data-sheets-value=\"{ &quot;1&quot;: 2, &quot;2&quot;: &quot;apoio.alimentos@catu.ifbaiano.edu.br&quot;}\"><span style=\"font-family: Liberation Serif\">apoio.alimentos@catu.ifbaiano.edu.br<\/span><\/td>\n<td align=\"center\" valign=\"middle\" bgcolor=\"#DDE8CB\" data-sheets-value=\"{ &quot;1&quot;: 2, &quot;2&quot;: &quot;\u2013&quot;}\"><span style=\"font-family: Liberation Serif\">\u2013<\/span><\/td>\n<\/tr>\n<\/tbody>\n<\/table>\n\n\n<p><\/p>\n","protected":false},"excerpt":{"rendered":"<p>SetorCoordena\u00e7\u00e3o Chefe de SetorCoordenadorVice coordenador E-mail Contato PROTOCOLO ATENDENTES \u2013 (71)98274-0960\u00a0 PORTARIA\u00a0 VIGILANTES \u2013 \u2013 DIRE\u00c7\u00c3O-GERAL (DG) Morgana Cardoso Brasileiro Borges Bastos dg@catu.ifbaiano.edu.br \u2013 CHEFIA DE GABINETE Cassiano Ferreira Nascimento gabinete@catu.ifbaiano.edu.br (71) 98256-8566 DIRE\u00c7\u00c3O DE ADMINISTRA\u00c7\u00c3O E PLANEJAMENTO (DAP) Joacyr Silva dos Santos (Diretor)Jose Marcos Chaves Menezes dap@catu.ifbaiano.edu.br (71) 98303-7967 DIRE\u00c7\u00c3O ACAD\u00caMICA (DA) Patr\u00edcia de [&hellip;]<\/p>\n","protected":false},"author":1,"featured_media":0,"parent":0,"menu_order":0,"comment_status":"closed","ping_status":"closed","template":"","meta":[],"_links":{"self":[{"href":"https:\/\/www.ifbaiano.edu.br\/unidades\/catu\/wp-json\/wp\/v2\/pages\/133"}],"collection":[{"href":"https:\/\/www.ifbaiano.edu.br\/unidades\/catu\/wp-json\/wp\/v2\/pages"}],"about":[{"href":"https:\/\/www.ifbaiano.edu.br\/unidades\/catu\/wp-json\/wp\/v2\/types\/page"}],"author":[{"embeddable":true,"href":"https:\/\/www.ifbaiano.edu.br\/unidades\/catu\/wp-json\/wp\/v2\/users\/1"}],"replies":[{"embeddable":true,"href":"https:\/\/www.ifbaiano.edu.br\/unidades\/catu\/wp-json\/wp\/v2\/comments?post=133"}],"version-history":[{"count":280,"href":"https:\/\/www.ifbaiano.edu.br\/unidades\/catu\/wp-json\/wp\/v2\/pages\/133\/revisions"}],"predecessor-version":[{"id":26825,"href":"https:\/\/www.ifbaiano.edu.br\/unidades\/catu\/wp-json\/wp\/v2\/pages\/133\/revisions\/26825"}],"wp:attachment":[{"href":"https:\/\/www.ifbaiano.edu.br\/unidades\/catu\/wp-json\/wp\/v2\/media?parent=133"}],"curies":[{"name":"wp","href":"https:\/\/api.w.org\/{rel}","templated":true}]}}