{"id":13921,"date":"2016-07-15T17:54:23","date_gmt":"2016-07-15T17:54:23","guid":{"rendered":"http:\/\/www.ifbaiano.edu.br\/unidades\/catu\/?page_id=13921"},"modified":"2016-08-18T17:52:26","modified_gmt":"2016-08-18T17:52:26","slug":"tecnico-em-quimica-2","status":"publish","type":"page","link":"https:\/\/www.ifbaiano.edu.br\/unidades\/catu\/egressos-ex-aluno\/tecnico-em-quimica-2\/","title":{"rendered":"T\u00e9cnico em Qu\u00edmica"},"content":{"rendered":"<p><strong><strong><strong><strong><strong><strong><strong><strong>PROGRAMA DE ACOMPANHAMENTO DE EGRESSOS<\/strong><\/strong><\/strong><\/strong><br \/>\n<\/strong><\/strong><\/strong><\/strong><\/p>\n<p><span style=\"text-decoration: underline\"><strong><strong><strong><strong>2\u00aa ETAPA: <span style=\"color: #ff0000;text-decoration: underline\">(PARA PREENCHIMENTO EXCLUSIVO DOS CONCLUINTES DE 2014) <\/span><\/strong><\/strong><\/strong><\/strong><\/span><\/p>\n<p style=\"text-align: justify\">Transcorrido o prazo de 1(um) ano e meio de finaliza\u00e7\u00e3o do ano letivo, o estudante que j\u00e1 concluiu todos os tr\u00e2mites do curso (aprovado nas mat\u00e9rias te\u00f3ricas e est\u00e1gio supervisionado obrigat\u00f3rio), \u00e9 convidado a participar da 2\u00ba etapa do Programa de Acompanhamento de Egressos.<\/p>\n<p style=\"text-align: justify\">Nesta etapa do programa, os egressos sinalizar\u00e3o pontos importantes sobre a continuidade dos estudos e a empregabilidade. Dessa forma, ser\u00e1 poss\u00edvel conhecer um pouco da realidade vivenciada pelos mesmos, ap\u00f3s a sa\u00edda da Institui\u00e7\u00e3o.<\/p>\n<p><strong>Para acessar o question\u00e1rio:<\/strong><\/p>\n<p>1 &#8211; <a href=\"https:\/\/docs.google.com\/forms\/d\/e\/1FAIpQLSfsStbemrSm2i8i3kI1A_dExcnIYtoAcGniJXvnKkOsEnxasw\/viewform\" target=\"_blank\"><strong>QU\u00cdMICA 2014 &#8211;<\/strong> (ALUNOS DO INTEGRADO QUE COM A GREVE FINALIZARAM EM MAR\u00c7O 2015)<\/a><\/p>\n<p>&nbsp;<\/p>\n<p>&nbsp;<\/p>\n<p>&nbsp;<\/p>\n","protected":false},"excerpt":{"rendered":"<p>PROGRAMA DE ACOMPANHAMENTO DE EGRESSOS 2\u00aa ETAPA: (PARA PREENCHIMENTO EXCLUSIVO DOS CONCLUINTES DE 2014) Transcorrido o prazo de 1(um) ano e meio de finaliza\u00e7\u00e3o do ano letivo, o estudante que j\u00e1 concluiu todos os tr\u00e2mites do curso (aprovado nas mat\u00e9rias te\u00f3ricas e est\u00e1gio supervisionado obrigat\u00f3rio), \u00e9 convidado a participar da 2\u00ba etapa do Programa de [&hellip;]<\/p>\n","protected":false},"author":27,"featured_media":0,"parent":10249,"menu_order":0,"comment_status":"open","ping_status":"open","template":"","meta":[],"_links":{"self":[{"href":"https:\/\/www.ifbaiano.edu.br\/unidades\/catu\/wp-json\/wp\/v2\/pages\/13921"}],"collection":[{"href":"https:\/\/www.ifbaiano.edu.br\/unidades\/catu\/wp-json\/wp\/v2\/pages"}],"about":[{"href":"https:\/\/www.ifbaiano.edu.br\/unidades\/catu\/wp-json\/wp\/v2\/types\/page"}],"author":[{"embeddable":true,"href":"https:\/\/www.ifbaiano.edu.br\/unidades\/catu\/wp-json\/wp\/v2\/users\/27"}],"replies":[{"embeddable":true,"href":"https:\/\/www.ifbaiano.edu.br\/unidades\/catu\/wp-json\/wp\/v2\/comments?post=13921"}],"version-history":[{"count":7,"href":"https:\/\/www.ifbaiano.edu.br\/unidades\/catu\/wp-json\/wp\/v2\/pages\/13921\/revisions"}],"predecessor-version":[{"id":13926,"href":"https:\/\/www.ifbaiano.edu.br\/unidades\/catu\/wp-json\/wp\/v2\/pages\/13921\/revisions\/13926"}],"up":[{"embeddable":true,"href":"https:\/\/www.ifbaiano.edu.br\/unidades\/catu\/wp-json\/wp\/v2\/pages\/10249"}],"wp:attachment":[{"href":"https:\/\/www.ifbaiano.edu.br\/unidades\/catu\/wp-json\/wp\/v2\/media?parent=13921"}],"curies":[{"name":"wp","href":"https:\/\/api.w.org\/{rel}","templated":true}]}}