{"id":16197,"date":"2018-02-07T18:43:08","date_gmt":"2018-02-07T18:43:08","guid":{"rendered":"http:\/\/www.ifbaiano.edu.br\/unidades\/catu\/?page_id=16197"},"modified":"2018-12-18T23:29:26","modified_gmt":"2018-12-18T23:29:26","slug":"profept","status":"publish","type":"page","link":"https:\/\/www.ifbaiano.edu.br\/unidades\/catu\/profept\/","title":{"rendered":"Mestrado Profissional em Educa\u00e7\u00e3o Profissional e Tecnol\u00f3gica &#8211; ProfEPT"},"content":{"rendered":"\r\n\t<div class=\"slideshow_container slideshow_container_style-light\" style=\"height: 240px; \" data-slideshow-id=\"16214\" data-style-name=\"style-light\" data-style-version=\"2.3.1\" >\r\n\r\n\t\t\t\t\t<div class=\"slideshow_loading_icon\"><\/div>\r\n\t\t\r\n\t\t<div class=\"slideshow_content\" style=\"display: none;\">\r\n\r\n\t\t\t<div class=\"slideshow_view\">\r\n\t\t\t\t<div class=\"slideshow_slide slideshow_slide_image\">\r\n\t\t\t\t\t<a href=\"http:\/\/profept.ifbaiano.edu.br\" target=\"_self\" >\t\t\t\t\t\t<img src=\"https:\/\/www.ifbaiano.edu.br\/unidades\/catu\/files\/2018\/02\/ProfEPT_IFBaiano-3.png\" alt=\"ProfEPT_IFBaiano\" width=\"950\" height=\"240\" \/>\r\n\t\t\t\t\t<\/a>\t\t\t\t\t<div class=\"slideshow_description_box slideshow_transparent\">\r\n\t\t\t\t\t\t<div class=\"slideshow_title\"><a href=\"http:\/\/profept.ifbaiano.edu.br\" target=\"_self\" >ProfEPT_IFBaiano<\/a><\/div>\t\t\t\t\t\t\t\t\t\t\t<\/div>\r\n\t\t\t\t<\/div>\r\n\r\n\t\t\t\t\t\t<div style=\"clear: both;\"><\/div><\/div>\r\n\t\t<\/div>\r\n\r\n\t\t<div class=\"slideshow_controlPanel slideshow_transparent\" style=\"display: none;\"><ul><li class=\"slideshow_togglePlay\" data-play-text=\"Acionar\" data-pause-text=\"Pausar\"><\/li><\/ul><\/div>\r\n\r\n\t\t<div class=\"slideshow_button slideshow_previous slideshow_transparent\" role=\"button\" data-previous-text=\"Anterior\" style=\"display: none;\"><\/div>\r\n\t\t<div class=\"slideshow_button slideshow_next slideshow_transparent\" role=\"button\" data-next-text=\"Pr\u00f3ximo\" style=\"display: none;\"><\/div>\r\n\r\n\t\t<div class=\"slideshow_pagination\" style=\"display: none;\" data-go-to-text=\"Ir para o slide\"><div class=\"slideshow_pagination_center\"><\/div><\/div>\r\n\r\n\t\t<!-- WordPress Slideshow Version 2.3.1 -->\r\n\r\n\t\t\t<\/div>\r\n\r\n\n<p><strong>|\u00a0 <a href=\"http:\/\/ifbaiano.edu.br\/portal\/mestrado-profissional-profept-catu\/regulamento\/\">Regulamento\u00a0 <\/a>|\u00a0 <a href=\"http:\/\/ifbaiano.edu.br\/portal\/mestrado-profissional-profept-catu\/objetivos-do-curso\/\">Objetivos\u00a0 <\/a>|\u00a0 <a href=\"http:\/\/ifbaiano.edu.br\/portal\/mestrado-profissional-profept-catu\/linhas-de-pesquisa\/\">Linhas de Pesquisa<\/a>\u00a0 |\u00a0 <a href=\"http:\/\/ifbaiano.edu.br\/portal\/mestrado-profissional-profept-catu\/docentes\">Docentes<\/a>\u00a0 |\u00a0\u00a0<a href=\"https:\/\/profept.ifes.edu.br\/selecao\">Processo\u00a0Seletivo<\/a>\u00a0|\u00a0 Discentes\u00a0 |\u00a0 <a href=\"http:\/\/ifbaiano.edu.br\/portal\/mestrado-profissional-profept-catu\/calendario-e-horario\/\" target=\"_blank\">Calend\u00e1rio e Hor\u00e1rio<\/a>\u00a0 |\u00a0 <a href=\"http:\/\/ifbaiano.edu.br\/portal\/mestrado-profissional-profept-catu\/componentes-curriculares\/\">Componentes Curriculares<\/a>\u00a0 |\u00a0 <a href=\"http:\/\/ifbaiano.edu.br\/portal\/mestrado-profissional-profept-catu\/noticias-importantes\/\">Not\u00edcias<\/a>\u00a0 |\u00a0 Produ\u00e7\u00e3o Acad\u00eamica\u00a0 |\u00a0<a href=\"http:\/\/ifbaiano.edu.br\/portal\/mestrado-profissional-profept-catu\/regulamento\">Documentos<\/a>\u00a0 |\u00a0 Ambiente Virtual de Aprendizagem\u00a0 |<\/strong><\/p>\n<hr \/>\n<h3>Sobre o\u00a0ProfEPT<\/h3>\n<p>O Mestrado Profissional em Educa\u00e7\u00e3o Profissional e Tecnol\u00f3gica em Rede Nacional (ProfEPT), reconhecido pela Coordena\u00e7\u00e3o de Aperfei\u00e7oamento de Pessoal de N\u00edvel Superior (<a href=\"http:\/\/www.capes.gov.br\" target=\"_blank\">CAPES<\/a>), tem como objetivo proporcionar forma\u00e7\u00e3o em educa\u00e7\u00e3o profissional e tecnol\u00f3gica, com o intuito de contribuir para a melhoria da qualidade do ensino e para o desenvolvimento de pesquisas na \u00e1rea.<\/p>\n<p>O ProfEPT \u00e9 um curso semipresencial ofertado pelas institui\u00e7\u00f5es que comp\u00f5em a Rede Federal de Educa\u00e7\u00e3o Profissional, Cient\u00edfica e Tecnol\u00f3gica associadas em uma Rede Nacional, coordenado pelo Instituto Federal do Esp\u00edrito Santo (<a href=\"profept.ifes.edu.br\" target=\"_blank\">IFES<\/a>), conduzindo ao t\u00edtulo de Mestre em Educa\u00e7\u00e3o Profissional e Tecnol\u00f3gica.<\/p>\n<p>Na qualidade de Institui\u00e7\u00e3o Associada, o Instituto Federal Baiano, oferece o curso no Campus Catu. Atualmente, as aulas ocorrem quinzenalmente, quinta-feira (tarde e noite) e sexta-feira (manh\u00e3 e tarde).<\/p>\n<p>Acesse ao novo portal do ProfEPT Baiano: <a href=\"http:\/\/profept.ifbaiano.edu.br\">profept.ifbaiano.edu.br<\/a><\/p>\n<p>&nbsp;<\/p>\n<p style=\"text-align: right\"><em>Site\u00a0atualizado em 18\/12\/2018<\/em><\/p>\n","protected":false},"excerpt":{"rendered":"<p>|\u00a0 Regulamento\u00a0 |\u00a0 Objetivos\u00a0 |\u00a0 Linhas de Pesquisa\u00a0 |\u00a0 Docentes\u00a0 |\u00a0\u00a0Processo\u00a0Seletivo\u00a0|\u00a0 Discentes\u00a0 |\u00a0 Calend\u00e1rio e Hor\u00e1rio\u00a0 |\u00a0 Componentes Curriculares\u00a0 |\u00a0 Not\u00edcias\u00a0 |\u00a0 Produ\u00e7\u00e3o Acad\u00eamica\u00a0 |\u00a0Documentos\u00a0 |\u00a0 Ambiente Virtual de Aprendizagem\u00a0 | Sobre o\u00a0ProfEPT O Mestrado Profissional em Educa\u00e7\u00e3o Profissional e Tecnol\u00f3gica em Rede Nacional (ProfEPT), reconhecido pela Coordena\u00e7\u00e3o de Aperfei\u00e7oamento de Pessoal de N\u00edvel Superior [&hellip;]<\/p>\n","protected":false},"author":71,"featured_media":0,"parent":0,"menu_order":0,"comment_status":"closed","ping_status":"closed","template":"","meta":[],"_links":{"self":[{"href":"https:\/\/www.ifbaiano.edu.br\/unidades\/catu\/wp-json\/wp\/v2\/pages\/16197"}],"collection":[{"href":"https:\/\/www.ifbaiano.edu.br\/unidades\/catu\/wp-json\/wp\/v2\/pages"}],"about":[{"href":"https:\/\/www.ifbaiano.edu.br\/unidades\/catu\/wp-json\/wp\/v2\/types\/page"}],"author":[{"embeddable":true,"href":"https:\/\/www.ifbaiano.edu.br\/unidades\/catu\/wp-json\/wp\/v2\/users\/71"}],"replies":[{"embeddable":true,"href":"https:\/\/www.ifbaiano.edu.br\/unidades\/catu\/wp-json\/wp\/v2\/comments?post=16197"}],"version-history":[{"count":42,"href":"https:\/\/www.ifbaiano.edu.br\/unidades\/catu\/wp-json\/wp\/v2\/pages\/16197\/revisions"}],"predecessor-version":[{"id":18970,"href":"https:\/\/www.ifbaiano.edu.br\/unidades\/catu\/wp-json\/wp\/v2\/pages\/16197\/revisions\/18970"}],"wp:attachment":[{"href":"https:\/\/www.ifbaiano.edu.br\/unidades\/catu\/wp-json\/wp\/v2\/media?parent=16197"}],"curies":[{"name":"wp","href":"https:\/\/api.w.org\/{rel}","templated":true}]}}