{"id":16406,"date":"2021-11-10T09:50:40","date_gmt":"2021-11-10T12:50:40","guid":{"rendered":"http:\/\/www.ifbaiano.edu.br\/unidades\/catu\/?page_id=16406"},"modified":"2021-11-10T09:50:40","modified_gmt":"2021-11-10T12:50:40","slug":"paa-2018","status":"publish","type":"page","link":"https:\/\/www.ifbaiano.edu.br\/unidades\/catu\/paa-2018\/","title":{"rendered":"Plano Anual de A\u00e7\u00f5es"},"content":{"rendered":"<p>O Plano Anual de A\u00e7\u00f5es (PAA) \u00e9 um instrumento de planejamento que representa A\u00e7\u00f5es Estrat\u00e9gicas a serem desenvolvidas ao longo de cada ano. As A\u00e7\u00f5es Estrat\u00e9gicas a serem desenvolvidas devem ter rela\u00e7\u00e3o direta com os Objetivos Estrat\u00e9gicos definidos no Plano de Desenvolvimento Institucional (PDI).<\/p>\n<p><strong>Algumas Orienta\u00e7\u00f5es B\u00e1sicas:<\/strong><\/p>\n<ol>\n<li>Cada Coordena\u00e7\u00e3o\/Chefia deve indicar a\u00e7\u00f5es que ir\u00e1 desenvolver a cada ano;<\/li>\n<li>Cada a\u00e7\u00e3o deve ser associada a um objetivo estrat\u00e9gico do IF Baiano;<\/li>\n<li>No PDI, encontram-se as descri\u00e7\u00f5es de cada um dos objetivos estrat\u00e9gicos;<\/li>\n<li>No PDI, encontra-se o quadro de iniciativas estrat\u00e9gicas que pode ajudar na associa\u00e7\u00e3o de suas a\u00e7\u00f5es aos objetivos estrat\u00e9gicos;<\/li>\n<li>Cada a\u00e7\u00e3o deve ser formalmente descrita em formul\u00e1rio espec\u00edfico no<strong> SUAP<\/strong>.<\/li>\n<\/ol>\n<p><strong>Documentos complementares para consulta:<\/strong><\/p>\n<p><a href=\"https:\/\/ifbaiano.edu.br\/portal\/wp-content\/uploads\/2021\/02\/PDI-2021-2025-antes-da-diagramacao-final.pdf\" target=\"_blank\" rel=\"noopener\">Plano de Desenvolvimento Institucional (PDI)\u00a0do IF Baiano<\/a><\/p>\n<p><a href=\"http:\/\/www.ifbaiano.edu.br\/unidades\/catu\/files\/2018\/04\/Procedimentos-Gest\u00e3o-do-Plano-Anual-de-A\u00e7\u00f5es-Simplificado.pdf\" target=\"_blank\" rel=\"noopener\">Procedimentos para Elabora\u00e7\u00e3o e Gerenciamento do PAA 2018<\/a><\/p>\n<p><a href=\"http:\/\/www.ifbaiano.edu.br\/unidades\/catu\/files\/2018\/04\/Diagnostico-2017-1.pdf\" target=\"_blank\" rel=\"noopener\">Diagn\u00f3stico Organizacional<\/a>\u00a0(realizado em dezembro de 2017)<\/p>\n<p><a href=\"http:\/\/www.ifbaiano.edu.br\/unidades\/catu\/files\/2018\/04\/PAA-2017-Catu-FINAL-REVISADO.ods\" target=\"_blank\" rel=\"noopener\">Plano Anual de A\u00e7\u00f5es do Campus Catu<\/a> (referente ao exerc\u00edcio 2017)<\/p>\n<p><a href=\"http:\/\/ifbaiano.edu.br\/portal\/wp-content\/uploads\/2017\/05\/PAAs-2017-atualizado-27-06-2017.zip\" target=\"_blank\" rel=\"noopener\">Planos de A\u00e7\u00f5es de outros <em>Campi<\/em> do IF Baiano<\/a> (referente ao exerc\u00edcio 2017)<\/p>\n<p><strong>Documentos em Execu\u00e7\u00e3o<\/strong><\/p>\n<p><a href=\"http:\/\/www.ifbaiano.edu.br\/unidades\/catu\/files\/2018\/04\/PAA-2018-Campus-Catu.ods\" target=\"_blank\" rel=\"noopener\">PAA 2018 &#8211; Campus Catu<\/a><\/p>\n<p><a href=\"http:\/\/www.ifbaiano.edu.br\/unidades\/catu\/files\/2018\/09\/Relat\u00f3rio-Parcial-do-Plano-de-A\u00e7\u00f5es-Jan-Jul-2018.ods\">Relat\u00f3rio Parcial do Plano de A\u00e7\u00f5es\u00a02018 [Jan &#8211; Jul]\u00a0<\/a><\/p>\n<p>\u00a0<\/p>\n<p><em>A partir de 2018, os Relat\u00f3rios dos Planos Anuais de A\u00e7\u00e3o podem ser acessados no SUAP, no caminho: &#8220;Des. Institucional -&gt; Relat\u00f3rios -&gt; Planos de A\u00e7\u00e3o&#8221; ou diretamente no link:<\/em><br \/><a href=\"https:\/\/suap.ifbaiano.edu.br\/plan_v2\/planoacaosistemico\/relatorio\/plano\/\" target=\"_blank\" rel=\"noopener\"><u>https:\/\/suap.ifbaiano.edu.br\/plan_v2\/planoacaosistemico\/relatorio\/plano\/<\/u><\/a><\/p>\n\n\n<p><\/p>\n","protected":false},"excerpt":{"rendered":"<p>O Plano Anual de A\u00e7\u00f5es (PAA) \u00e9 um instrumento de planejamento que representa A\u00e7\u00f5es Estrat\u00e9gicas a serem desenvolvidas ao longo de cada ano. As A\u00e7\u00f5es Estrat\u00e9gicas a serem desenvolvidas devem ter rela\u00e7\u00e3o direta com os Objetivos Estrat\u00e9gicos definidos no Plano de Desenvolvimento Institucional (PDI). Algumas Orienta\u00e7\u00f5es B\u00e1sicas: Cada Coordena\u00e7\u00e3o\/Chefia deve indicar a\u00e7\u00f5es que ir\u00e1 desenvolver [&hellip;]<\/p>\n","protected":false},"author":20,"featured_media":0,"parent":0,"menu_order":0,"comment_status":"closed","ping_status":"closed","template":"","meta":[],"_links":{"self":[{"href":"https:\/\/www.ifbaiano.edu.br\/unidades\/catu\/wp-json\/wp\/v2\/pages\/16406"}],"collection":[{"href":"https:\/\/www.ifbaiano.edu.br\/unidades\/catu\/wp-json\/wp\/v2\/pages"}],"about":[{"href":"https:\/\/www.ifbaiano.edu.br\/unidades\/catu\/wp-json\/wp\/v2\/types\/page"}],"author":[{"embeddable":true,"href":"https:\/\/www.ifbaiano.edu.br\/unidades\/catu\/wp-json\/wp\/v2\/users\/20"}],"replies":[{"embeddable":true,"href":"https:\/\/www.ifbaiano.edu.br\/unidades\/catu\/wp-json\/wp\/v2\/comments?post=16406"}],"version-history":[{"count":30,"href":"https:\/\/www.ifbaiano.edu.br\/unidades\/catu\/wp-json\/wp\/v2\/pages\/16406\/revisions"}],"predecessor-version":[{"id":19932,"href":"https:\/\/www.ifbaiano.edu.br\/unidades\/catu\/wp-json\/wp\/v2\/pages\/16406\/revisions\/19932"}],"wp:attachment":[{"href":"https:\/\/www.ifbaiano.edu.br\/unidades\/catu\/wp-json\/wp\/v2\/media?parent=16406"}],"curies":[{"name":"wp","href":"https:\/\/api.w.org\/{rel}","templated":true}]}}