{"id":16903,"date":"2018-09-03T22:37:06","date_gmt":"2018-09-03T22:37:06","guid":{"rendered":"http:\/\/www.ifbaiano.edu.br\/unidades\/catu\/?page_id=16903"},"modified":"2019-02-04T19:53:12","modified_gmt":"2019-02-04T19:53:12","slug":"especializacao-em-educacao-cientifica-e-popularizacao-das-ciencias","status":"publish","type":"page","link":"https:\/\/www.ifbaiano.edu.br\/unidades\/catu\/especializacao-em-educacao-cientifica-e-popularizacao-das-ciencias\/","title":{"rendered":"Especializa\u00e7\u00e3o em Educa\u00e7\u00e3o Cient\u00edfica e Populariza\u00e7\u00e3o das Ci\u00eancias"},"content":{"rendered":"<p style=\"text-align: justify\"><strong>P\u00daBLICO ALVO <\/strong><\/p>\n<p style=\"text-align: justify\">O curso destina-se a portadores de diploma de n\u00edvel superior devidamente reconhecidos e registrados nos \u00f3rg\u00e3os competentes, com forma\u00e7\u00e3o em quaisquer dentre as diversas licenciaturas, bem como a profissionais diplomados em n\u00edvel superior que trabalham ou possuem interesse em atuar com educa\u00e7\u00e3o cient\u00edfica.<\/p>\n<p style=\"text-align: justify\"><strong>OBJETIVO<\/strong><\/p>\n<p style=\"text-align: justify\">O curso tem como objetivo central oferecer forma\u00e7\u00e3o profissional e acad\u00eamica sobre a educa\u00e7\u00e3o cient\u00edfica nos espa\u00e7os formais e n\u00e3o-formais de educa\u00e7\u00e3o, pautada nos princ\u00edpios da autonomia na produ\u00e7\u00e3o do conhecimento, da articula\u00e7\u00e3o entre os conhecimentos te\u00f3rico e pr\u00e1tico e da promo\u00e7\u00e3o do di\u00e1logo entre os saberes acad\u00eamicos e populares, em uma perspectiva diacr\u00f4nica.<\/p>\n<p style=\"text-align: justify\"><strong>\u00c1REA DE CONCENTRA\u00c7\u00c3O<\/strong><\/p>\n<p style=\"text-align: justify\">\u00a0A \u00e1rea de concentra\u00e7\u00e3o &#8220;Ensino de Ci\u00eancias&#8221; congrega investiga\u00e7\u00f5es e estrat\u00e9gias metodol\u00f3gicas inovadoras que visem \u00e0 forma\u00e7\u00e3o de professores e \u00e0 constru\u00e7\u00e3o de pr\u00e1ticas pedag\u00f3gicas e recursos did\u00e1ticos para atuar na \u00e1rea de Ensino, focados em tr\u00eas campos do curr\u00edculo em n\u00edvel escolar &#8211; Ci\u00eancias Humanas, Ci\u00eancias da Natureza e Matem\u00e1tica, e respectivas Tecnologias. Portanto, possui \u00eanfase na Educa\u00e7\u00e3o B\u00e1sica, abrangendo dois n\u00facleos: Ensino de Ci\u00eancias da Natureza e Matem\u00e1tica; e Ensino de Humanidades. Os estudos abrangem a produ\u00e7\u00e3o e a an\u00e1lise de conhecimentos curriculares, o desenvolvimento e aplica\u00e7\u00e3o de conceitos e a dissemina\u00e7\u00e3o de saberes que envolvam os\u00a0processos de ensino e de aprendizagem na Educa\u00e7\u00e3o B\u00e1sica para atender \u00e0s demandas da sala de aula, nos diversos n\u00edveis e modalidades da Educa\u00e7\u00e3o B\u00e1sica, e dos cursos de forma\u00e7\u00e3o inicial e continuada de professores.<\/p>\n<p style=\"text-align: justify\">O Curso de Especializa\u00e7\u00e3o em Educa\u00e7\u00e3o Cient\u00edfica e Populariza\u00e7\u00e3o das Ci\u00eancias possui \u00e1rea de concentra\u00e7\u00e3o em Ensino de Ci\u00eancias, com duas linhas de pesquisa, conforme descri\u00e7\u00e3o a seguir:<\/p>\n<p style=\"text-align: justify\"><strong>LINHAS DE PESQUISA<\/strong><\/p>\n<p style=\"text-align: justify\"><strong>Linha 01<\/strong>:<strong> Ensino de Ci\u00eancias e forma\u00e7\u00e3o de professores<\/strong> &#8211; Tem como eixos investigativos as concep\u00e7\u00f5es, as ideias, os imagin\u00e1rios e os processos de forma\u00e7\u00e3o docente, inicial e continuada. Pressup\u00f5em a elabora\u00e7\u00e3o de estrat\u00e9gias de ensino que visem a elabora\u00e7\u00e3o e aplica\u00e7\u00e3o n\u00e3o s\u00f3 de projetos em espa\u00e7os formais de educa\u00e7\u00e3o, como tamb\u00e9m em espa\u00e7os n\u00e3o formais de ensino tais como museus, centros de ci\u00eancias e feiras de ci\u00eancias, com vistas ao processo de elabora\u00e7\u00e3o e elabora\u00e7\u00e3o e divulga\u00e7\u00e3o do conhecimento cientifico. Desenvolve estudos sobre o papel do professor relacionados \u00e0 produ\u00e7\u00e3o, aplica\u00e7\u00e3o e avalia\u00e7\u00e3o de propostas de ensino em pesquisas de natureza participante, pesquisa-a\u00e7\u00e3o, educar pela pesquisa, para o repensar da pr\u00e1tica pedag\u00f3gica.<\/p>\n<p style=\"text-align: justify\"><strong>Linha 02: Pr\u00e1ticas educativas e inova\u00e7\u00f5es educacionais<\/strong> &#8211; Investigar as possibilidades de aprendizagem advindas da incorpora\u00e7\u00e3o de recursos tecnol\u00f3gicos e novas linguagens no Ensino de Ci\u00eancias. Promover e possibilitar pesquisas e desenvolvimento de pr\u00e1ticas educativas inovadoras, basicamente em duas frentes: 1\u00b0) produ\u00e7\u00e3o de recursos did\u00e1ticos para atender as necessidades da educa\u00e7\u00e3o formal; e 2\u00b0) desenvolvimento de projetos educacionais de interven\u00e7\u00e3o em espa\u00e7os formais e n\u00e3o formais de educa\u00e7\u00e3o. Nesse contexto, toma-se como refer\u00eancias o movimento Ci\u00eancia, Tecnologia, Sociedade e Ambiente (CTSA) e as Tecnologias de Informa\u00e7\u00e3o e Comunica\u00e7\u00e3o (TICs).<\/p>\n<p style=\"text-align: justify\">Lan\u00e7ado o <a href=\"http:\/\/www.ifbaiano.edu.br\/unidades\/catu\/files\/2018\/09\/Edital-n%C2%B0-78-2018.pdf\">Edital n\u00ba 78 de 2018<\/a> que torna p\u00fablica as normas que regem as inscri\u00e7\u00f5es no processo seletivo para ingresso no curso de P\u00f3s-Gradua\u00e7\u00e3o Lato Sensu\u00a0em Educa\u00e7\u00e3o Cient\u00edfica e Populariza\u00e7\u00e3o das Ci\u00eancias.<\/p>\n<p style=\"text-align: justify\"><strong>Para mais informa\u00e7\u00f5es sobre o curso clique<\/strong> <a href=\"http:\/\/ifbaiano.edu.br\/portal\/poseducacaocatu\/\">AQUI<\/a>.<\/p>\n","protected":false},"excerpt":{"rendered":"<p>P\u00daBLICO ALVO O curso destina-se a portadores de diploma de n\u00edvel superior devidamente reconhecidos e registrados nos \u00f3rg\u00e3os competentes, com forma\u00e7\u00e3o em quaisquer dentre as diversas licenciaturas, bem como a profissionais diplomados em n\u00edvel superior que trabalham ou possuem interesse em atuar com educa\u00e7\u00e3o cient\u00edfica. OBJETIVO O curso tem como objetivo central oferecer forma\u00e7\u00e3o profissional [&hellip;]<\/p>\n","protected":false},"author":103,"featured_media":0,"parent":0,"menu_order":0,"comment_status":"closed","ping_status":"closed","template":"","meta":[],"_links":{"self":[{"href":"https:\/\/www.ifbaiano.edu.br\/unidades\/catu\/wp-json\/wp\/v2\/pages\/16903"}],"collection":[{"href":"https:\/\/www.ifbaiano.edu.br\/unidades\/catu\/wp-json\/wp\/v2\/pages"}],"about":[{"href":"https:\/\/www.ifbaiano.edu.br\/unidades\/catu\/wp-json\/wp\/v2\/types\/page"}],"author":[{"embeddable":true,"href":"https:\/\/www.ifbaiano.edu.br\/unidades\/catu\/wp-json\/wp\/v2\/users\/103"}],"replies":[{"embeddable":true,"href":"https:\/\/www.ifbaiano.edu.br\/unidades\/catu\/wp-json\/wp\/v2\/comments?post=16903"}],"version-history":[{"count":5,"href":"https:\/\/www.ifbaiano.edu.br\/unidades\/catu\/wp-json\/wp\/v2\/pages\/16903\/revisions"}],"predecessor-version":[{"id":20191,"href":"https:\/\/www.ifbaiano.edu.br\/unidades\/catu\/wp-json\/wp\/v2\/pages\/16903\/revisions\/20191"}],"wp:attachment":[{"href":"https:\/\/www.ifbaiano.edu.br\/unidades\/catu\/wp-json\/wp\/v2\/media?parent=16903"}],"curies":[{"name":"wp","href":"https:\/\/api.w.org\/{rel}","templated":true}]}}