{"id":17223,"date":"2019-03-20T12:13:48","date_gmt":"2019-03-20T12:13:48","guid":{"rendered":"http:\/\/www.ifbaiano.edu.br\/unidades\/catu\/?page_id=17223"},"modified":"2020-10-28T16:05:29","modified_gmt":"2020-10-28T19:05:29","slug":"adesao","status":"publish","type":"page","link":"https:\/\/www.ifbaiano.edu.br\/unidades\/catu\/licitacoes-e-contratos\/adesao\/","title":{"rendered":"Ades\u00e3o"},"content":{"rendered":"<p>O Instituto Federal Baiano (IF Baiano) \u2013 Campus Catu, atrav\u00e9s da Diretoria Administrativa e o Setor de Compras e Licita\u00e7\u00f5es, possui, entre outras, a atribui\u00e7\u00e3o de gerir os processos de aquisi\u00e7\u00e3o de materiais e contrata\u00e7\u00e3o de obras e servi\u00e7os, conforme as Leis Federais\u00a0<a href=\"http:\/\/www.planalto.gov.br\/ccivil_03\/leis\/L8666cons.htm\" target=\"_blank\" rel=\"noopener noreferrer\">n\u00ba 8.666\/93<\/a>,\u00a0<a href=\"http:\/\/www.planalto.gov.br\/ccivil_03\/leis\/2002\/L10520.htm\" target=\"_blank\" rel=\"noopener noreferrer\">n\u00ba 10.520\/02<\/a>,\u00a0<a href=\"http:\/\/www.planalto.gov.br\/ccivil_03\/_Ato2011-2014\/2011\/Lei\/l12462.htm\" target=\"_blank\" rel=\"noopener noreferrer\">n\u00ba 12.462\/2011<\/a>, entre outros.<\/p>\n<h2>Ades\u00f5es 2020<\/h2>\n<p><strong>Processo n\u00ba 23329.250692.2020-90<\/strong><br \/>\n<strong>Obejto:<\/strong> Aquisi\u00e7\u00e3o de insumos para medidas de redu\u00e7\u00e3o da dissemina\u00e7\u00e3o da COVID-19<br \/>\n<strong>Link comprasnet:<\/strong><br \/>\n<a href=\"http:\/\/comprasnet.gov.br\/livre\/pregao\/ata2.asp?co_no_uasg=154618&amp;numprp=92020&amp;f_lstSrp=&amp;f_Uf=&amp;f_numPrp=92020&amp;f_codUasg=154618&amp;f_tpPregao=E&amp;f_lstICMS=&amp;f_dtAberturaIni=&amp;f_dtAberturaFim=\">http:\/\/comprasnet.gov.br\/livre\/pregao\/ata2.asp?co_no_uasg=154618&amp;numprp=92020&amp;f_lstSrp=&amp;f_Uf=&amp;f_numPrp=92020&amp;f_codUasg=154618&amp;f_tpPregao=E&amp;f_lstICMS=&amp;f_dtAberturaIni=&amp;f_dtAberturaFim=<\/a><\/p>\n","protected":false},"excerpt":{"rendered":"<p>O Instituto Federal Baiano (IF Baiano) \u2013 Campus Catu, atrav\u00e9s da Diretoria Administrativa e o Setor de Compras e Licita\u00e7\u00f5es, possui, entre outras, a atribui\u00e7\u00e3o de gerir os processos de aquisi\u00e7\u00e3o de materiais e contrata\u00e7\u00e3o de obras e servi\u00e7os, conforme as Leis Federais\u00a0n\u00ba 8.666\/93,\u00a0n\u00ba 10.520\/02,\u00a0n\u00ba 12.462\/2011, entre outros. Ades\u00f5es 2020 Processo n\u00ba 23329.250692.2020-90 Obejto: Aquisi\u00e7\u00e3o [&hellip;]<\/p>\n","protected":false},"author":74,"featured_media":0,"parent":14607,"menu_order":0,"comment_status":"closed","ping_status":"closed","template":"","meta":[],"_links":{"self":[{"href":"https:\/\/www.ifbaiano.edu.br\/unidades\/catu\/wp-json\/wp\/v2\/pages\/17223"}],"collection":[{"href":"https:\/\/www.ifbaiano.edu.br\/unidades\/catu\/wp-json\/wp\/v2\/pages"}],"about":[{"href":"https:\/\/www.ifbaiano.edu.br\/unidades\/catu\/wp-json\/wp\/v2\/types\/page"}],"author":[{"embeddable":true,"href":"https:\/\/www.ifbaiano.edu.br\/unidades\/catu\/wp-json\/wp\/v2\/users\/74"}],"replies":[{"embeddable":true,"href":"https:\/\/www.ifbaiano.edu.br\/unidades\/catu\/wp-json\/wp\/v2\/comments?post=17223"}],"version-history":[{"count":2,"href":"https:\/\/www.ifbaiano.edu.br\/unidades\/catu\/wp-json\/wp\/v2\/pages\/17223\/revisions"}],"predecessor-version":[{"id":18407,"href":"https:\/\/www.ifbaiano.edu.br\/unidades\/catu\/wp-json\/wp\/v2\/pages\/17223\/revisions\/18407"}],"up":[{"embeddable":true,"href":"https:\/\/www.ifbaiano.edu.br\/unidades\/catu\/wp-json\/wp\/v2\/pages\/14607"}],"wp:attachment":[{"href":"https:\/\/www.ifbaiano.edu.br\/unidades\/catu\/wp-json\/wp\/v2\/media?parent=17223"}],"curies":[{"name":"wp","href":"https:\/\/api.w.org\/{rel}","templated":true}]}}