{"id":18067,"date":"2023-06-02T11:16:12","date_gmt":"2023-06-02T14:16:12","guid":{"rendered":"http:\/\/www.ifbaiano.edu.br\/unidades\/catu\/?page_id=18067"},"modified":"2023-06-02T18:37:15","modified_gmt":"2023-06-02T21:37:15","slug":"comissao-propria-de-avaliacao","status":"publish","type":"page","link":"https:\/\/www.ifbaiano.edu.br\/unidades\/catu\/comissao-propria-de-avaliacao\/","title":{"rendered":"Comiss\u00e3o Pr\u00f3pria de Avalia\u00e7\u00e3o"},"content":{"rendered":"\n<p><strong>O que \u00e9 CPA?<\/strong><\/p>\n\n\n\n<p>A Comiss\u00e3o Pr\u00f3pria de Avalia\u00e7\u00e3o \u2013 CPA, institu\u00edda pelo Sistema Nacional de Avalia\u00e7\u00e3o da Educa\u00e7\u00e3o Superior \u2013 <strong>SINAES<\/strong>, conforme previsto na lei n\u00ba 10861\/2004, tem como principal atribui\u00e7\u00e3o a implanta\u00e7\u00e3o e o desenvolvimento de processos de avalia\u00e7\u00e3o institucional. A CPA \u00e9 portanto um \u00f3rg\u00e3o colegiado de natureza consultiva, deliberativa e normativa, no \u00e2mbito dos aspectos avaliativos das \u00e1reas acad\u00eamica e administrativa, que integra o SINAES e atende ao PDI do IF Baiano, quanto aos n\u00edveis e modalidades de ensino.<\/p>\n\n\n\n<p><strong>O que a CPA avalia?<\/strong><\/p>\n\n\n\n<p>A comiss\u00e3o avalia aspectos estruturados em cinco eixos e dez dimens\u00f5es, por meio de question\u00e1rios, rodas de conversa, entrevistas e visitas\u00a0<em>in loco<\/em>,\u00a0destinados a comunidade acad\u00eamica e a comunidade local:<\/p>\n\n\n<div class=\"wp-block-image\">\n<figure class=\"aligncenter size-full is-resized\"><img decoding=\"async\" loading=\"lazy\" src=\"https:\/\/www.ifbaiano.edu.br\/unidades\/catu\/files\/2023\/06\/image-3.png\" alt=\"\" class=\"wp-image-22519\" width=\"946\" height=\"353\" \/><\/figure><\/div>\n\n\n<p><strong>O que \u00e9 a Autoavalia\u00e7\u00e3o ou Avalia\u00e7\u00e3o Interna?<\/strong><\/p>\n\n\n\n<p>A Avalia\u00e7\u00e3o Interna ou Autoavalia\u00e7\u00e3o \u00e9 um processo cont\u00ednuo por meio do qual uma institui\u00e7\u00e3o constr\u00f3i conhecimento sobre sua pr\u00f3pria realidade, refletindo sobre seus processos internos e externos, visando melhorar a qualidade educativa e alcan\u00e7ar maior relev\u00e2ncia social.<\/p>\n\n\n\n<p><strong>Quais s\u00e3o os princ\u00edpios da Autoavalia\u00e7\u00e3o?<\/strong><\/p>\n\n\n\n<p>A Avalia\u00e7\u00e3o Interna tem como principais objetivos produzir conhecimentos aprimorados, questionar o \u00a0conjunto de atividades e finalidades cumpridas pela institui\u00e7\u00e3o; identificar as causas dos seus principais problemas; aumentar a consci\u00eancia pedag\u00f3gica e a capacidade profissional do corpo docente e t\u00e9cnico-administrativo; fortalecer as rela\u00e7\u00f5es de coopera\u00e7\u00e3o com outros atores institucionais; aproximar-se da comunidade; desempenhar um papel cient\u00edfico e social e gerir informa\u00e7\u00f5es que ser\u00e3o prestadas a sociedade. Se constitui, portanto, como um instrumento valioso para tomada de decis\u00f5es na institui\u00e7\u00e3o em todos os seus seguimentos.<\/p>\n\n\n\n<p><strong>De que \u00e9 composta a CPA?<\/strong><\/p>\n\n\n\n<p>A Comiss\u00e3o Pr\u00f3pria de Avalia\u00e7\u00e3o \u00e9 composta de duas estruturas: a \u00a0CPA Central e a CPA Local. A CPA Central organiza, planeja e assessora todo o processo de Autoavalia\u00e7\u00e3o. J\u00e1 as CPA\u00b4s Locais, presentes nos <em>campi<\/em> do IF Baiano que ministram curso(s) de gradua\u00e7\u00e3o, conduzem os processos de autoavalia\u00e7\u00e3o institucional, coletando informa\u00e7\u00f5es e enviando-as para CPA Central elaborar os relat\u00f3rios parciais e finais.<\/p>\n\n\n\n<p><strong>Quem s\u00e3o os membros da CPA?<\/strong><\/p>\n\n\n\n<p>As comiss\u00f5es s\u00e3o formadas por membros eleitos de diversos seguimentos: \u00a0docentes, t\u00e9cnicos administrativos, discentes de n\u00edvel superior e m\u00e9dio\/t\u00e9cnico, al\u00e9m do(a) representante da sociedade civil organizada. Cada categoria elege seus representantes que dever\u00e3o compor as comiss\u00f5es nos <em>campi.<\/em><\/p>\n\n\n\n<p><strong>Como a CPA desenvolve seus trabalhos?<\/strong><\/p>\n\n\n\n<p>A Comiss\u00e3o atua atrav\u00e9s da aplica\u00e7\u00e3o de question\u00e1rios de avalia\u00e7\u00e3o institucional, rodas de conversas, entrevistas e  visitas\u00a0<em>in loco<\/em>, entre outros instrumentos.<\/p>\n\n\n\n<p><strong>Quem pode responder aos question\u00e1rios elaborados pela CPA?<\/strong><\/p>\n\n\n\n<p>Todo o corpo docente, discentes e t\u00e9cnico administrativo, bem como a sociedade civil organizada pode e deve preencher os formul\u00e1rios de autoavalia\u00e7\u00e3o, quando solicitados pela CPA. Desta maneira, a institui\u00e7\u00e3o poder\u00e1 conhecer, de forma ampla e irrestrita, como est\u00e1 desempenhando suas fun\u00e7\u00f5es em todos os aspectos.<\/p>\n\n\n\n<p><strong>Como posso ter acesso aos relat\u00f3rios elaborados pela CPA?<\/strong><\/p>\n\n\n\n<p>Todos os relat\u00f3rios da CPA est\u00e3o dispon\u00edveis no site do IF Baiano atrav\u00e9s do link<\/p>\n\n\n\n<p><a href=\"http:\/\/ifbaiano.edu.br\/portal\/comissoes\/comissao-propria-de-avaliacao\" target=\"_blank\" rel=\"noreferrer noopener\">http:\/\/ifbaiano.edu.br\/portal\/comissoes\/comissao-propria-de-avaliacao<\/a><\/p>\n\n\n\n<p><strong>Ainda tem d\u00favidas? Quer saber mais? Gostaria de dar sua sugest\u00e3o? Entre em contato conosco:<\/strong><\/p>\n\n\n\n<p> cpa.local@catu.ifbaiano.edu.br <\/p>\n\n\n\n<p><strong>DOCUMENTOS IMPORTANTES<\/strong><\/p>\n\n\n\n<p><a href=\"https:\/\/www.ifbaiano.edu.br\/unidades\/catu\/files\/2023\/06\/Portaria-142-2022-CPA.pdf\" target=\"_blank\" rel=\"noreferrer noopener\">Portaria n\u00ba 142\/2022 &#8211; CPA<\/a><\/p>\n\n\n\n<p><a rel=\"noreferrer noopener\" href=\"https:\/\/www.ifbaiano.edu.br\/unidades\/catu\/files\/2023\/06\/RELATORIO-PARCIAL-DE-AUTOAVALIACAO-INSTITUCIONAL-2022.pdf\" target=\"_blank\">RELAT\u00d3RIO PARCIAL DE AUTOAVALIA\u00c7\u00c3O INSTITUCIONAL-2022<\/a><\/p>\n\n\n\n<p><a href=\"https:\/\/www.ifbaiano.edu.br\/unidades\/catu\/files\/2023\/06\/Relatorio-Autoavaliacao-Gastronomia-CPA-Campus-Catu.pdf\" target=\"_blank\" rel=\"noreferrer noopener\">Relat\u00f3rio Autoavalia\u00e7\u00e3o Gastronomia CPA &#8211; Campus Catu<\/a><\/p>\n\n\n\n<p><a href=\"https:\/\/www.ifbaiano.edu.br\/unidades\/catu\/files\/2023\/06\/RELATORIO-DE-AUTOAVALIACAO-2021-REVISADO.pdf\" target=\"_blank\" rel=\"noreferrer noopener\">RELAT\u00d3RIO DE AUTOAVALIA\u00c7\u00c3O &#8211; 2021 REVISADO<\/a><\/p>\n\n\n\n<hr class=\"wp-block-separator has-alpha-channel-opacity\" \/>\n\n\n\n<p><a href=\"http:\/\/www.planalto.gov.br\/ccivil_03\/_Ato2004-2006\/2004\/Lei\/L10.861.htm\" target=\"_blank\" rel=\"noreferrer noopener\">Art. 11 da Lei n\u00ba 10.861, de 14 de abril de 2004.<\/a><\/p>\n\n\n\n<p><a href=\"http:\/\/www.ifbaiano.edu.br\/unidades\/lapa\/files\/2019\/11\/PORTARIA_2051-2004.pdf\" target=\"_blank\" rel=\"noreferrer noopener\">Portaria 2.051 de 09 de julho de 2004 do Minist\u00e9rio da Educa\u00e7\u00e3o que regulamenta a Autoavalia\u00e7\u00e3o do SINAES<\/a><\/p>\n\n\n\n<p><a href=\"http:\/\/www.ifbaiano.edu.br\/unidades\/lapa\/files\/2019\/11\/RESOLUCAO_E_REGIMENTO.pdf\" target=\"_blank\" rel=\"noreferrer noopener\">Regimento Interno da CPA<\/a><\/p>\n\n\n\n<p><a href=\"http:\/\/www.ifbaiano.edu.br\/unidades\/catu\/files\/2020\/02\/PORTARIA-86_2019-CAT-GAB_CAT-DG_RET_IFBAIANO.pdf\" target=\"_blank\" rel=\"noreferrer noopener\" aria-label=\" (abre numa nova aba)\">Composi\u00e7\u00e3o da CPA no campus<\/a><\/p>\n\n\n\n<p><a rel=\"noreferrer noopener\" href=\"http:\/\/www.ifbaiano.edu.br\/unidades\/lapa\/files\/2019\/11\/Relatorio_AutoAvalia%C3%A7%C3%A3o_IF_Baiano_Parcial_Marco_2019.pdf\" target=\"_blank\">Relat\u00f3rio de Autoavalia\u00e7\u00e3o Institucional 2019<\/a><\/p>\n\n\n\n<p><a href=\"https:\/\/www.ifbaiano.edu.br\/unidades\/catu\/files\/2020\/10\/Relat\u00f3rio-AutoAvalia\u00e7\u00e3o-IF-Baiano_Parcial_Mar\u00e7o_2020_Revis\u00e3o_Final.pdf\" target=\"_blank\" rel=\"noreferrer noopener\" aria-label=\" (abre numa nova aba)\">Relat\u00f3rio de Autoavalia\u00e7\u00e3o Institucional 2020<\/a> <\/p>\n","protected":false},"excerpt":{"rendered":"<p>O que \u00e9 CPA? A Comiss\u00e3o Pr\u00f3pria de Avalia\u00e7\u00e3o \u2013 CPA, institu\u00edda pelo Sistema Nacional de Avalia\u00e7\u00e3o da Educa\u00e7\u00e3o Superior \u2013 SINAES, conforme previsto na lei n\u00ba 10861\/2004, tem como principal atribui\u00e7\u00e3o a implanta\u00e7\u00e3o e o desenvolvimento de processos de avalia\u00e7\u00e3o institucional. A CPA \u00e9 portanto um \u00f3rg\u00e3o colegiado de natureza consultiva, deliberativa e normativa, [&hellip;]<\/p>\n","protected":false},"author":74,"featured_media":0,"parent":0,"menu_order":0,"comment_status":"closed","ping_status":"closed","template":"","meta":[],"_links":{"self":[{"href":"https:\/\/www.ifbaiano.edu.br\/unidades\/catu\/wp-json\/wp\/v2\/pages\/18067"}],"collection":[{"href":"https:\/\/www.ifbaiano.edu.br\/unidades\/catu\/wp-json\/wp\/v2\/pages"}],"about":[{"href":"https:\/\/www.ifbaiano.edu.br\/unidades\/catu\/wp-json\/wp\/v2\/types\/page"}],"author":[{"embeddable":true,"href":"https:\/\/www.ifbaiano.edu.br\/unidades\/catu\/wp-json\/wp\/v2\/users\/74"}],"replies":[{"embeddable":true,"href":"https:\/\/www.ifbaiano.edu.br\/unidades\/catu\/wp-json\/wp\/v2\/comments?post=18067"}],"version-history":[{"count":12,"href":"https:\/\/www.ifbaiano.edu.br\/unidades\/catu\/wp-json\/wp\/v2\/pages\/18067\/revisions"}],"predecessor-version":[{"id":22526,"href":"https:\/\/www.ifbaiano.edu.br\/unidades\/catu\/wp-json\/wp\/v2\/pages\/18067\/revisions\/22526"}],"wp:attachment":[{"href":"https:\/\/www.ifbaiano.edu.br\/unidades\/catu\/wp-json\/wp\/v2\/media?parent=18067"}],"curies":[{"name":"wp","href":"https:\/\/api.w.org\/{rel}","templated":true}]}}