{"id":18073,"date":"2026-02-24T11:05:35","date_gmt":"2026-02-24T14:05:35","guid":{"rendered":"http:\/\/www.ifbaiano.edu.br\/unidades\/catu\/?page_id=18073"},"modified":"2026-02-24T11:05:36","modified_gmt":"2026-02-24T14:05:36","slug":"editais-internos","status":"publish","type":"page","link":"https:\/\/www.ifbaiano.edu.br\/unidades\/catu\/editais-internos\/","title":{"rendered":"Editais internos"},"content":{"rendered":"\n<p><a href=\"https:\/\/www.ifbaiano.edu.br\/unidades\/catu\/files\/2026\/02\/Retificacao-do-Edital-de-Vagas-para-Realizacao-de-Estagio-Interno.pdf\" target=\"_blank\" rel=\"noreferrer noopener\">Retifica\u00e7\u00e3o do Edital 01\/2026 &#8211; De Vagas para Realiza\u00e7\u00e3o de Est\u00e1gio Interno<\/a><\/p>\n\n\n\n<p><a rel=\"noreferrer noopener\" href=\"https:\/\/www.ifbaiano.edu.br\/unidades\/catu\/files\/2026\/02\/EDITAL-No-01-2026-EDITAL-DE-VAGAS-PARA-REALIZACAO-DE-ESTAGIO-INTERNO.pdf\" target=\"_blank\">EDITAL N\u00ba 01\/2026 &#8211; EDITAL DE VAGAS PARA REALIZA\u00c7\u00c3O DE EST\u00c1GIO INTERNO<\/a><\/p>\n\n\n\n<p><a rel=\"noreferrer noopener\" href=\"https:\/\/www.ifbaiano.edu.br\/unidades\/catu\/files\/2023\/04\/Retificacao-do-Edital-no-13-2023-Selecao-de-estudantes-para-a-realizacao-de-estagio-interno.pdf\" target=\"_blank\">Retifica\u00e7\u00e3o do Edital n\u00ba 13\/2023 &#8211; Sele\u00e7\u00e3o de estudantes para a realiza\u00e7\u00e3o de est\u00e1gio interno no Campus Catu<\/a><\/p>\n\n\n\n<p><a rel=\"noreferrer noopener\" href=\"https:\/\/www.ifbaiano.edu.br\/unidades\/catu\/files\/2023\/04\/Edital-no-13-2023-Selecao-de-estagio-interno-no-Campus-Catu.pdf\" target=\"_blank\">Edital n\u00ba 13\/2023 -Sele\u00e7\u00e3o de estudantes do n\u00edvel m\u00e9dio para a realiza\u00e7\u00e3o de est\u00e1gio interno no Campus Catu<\/a><\/p>\n\n\n\n<p><a rel=\"noreferrer noopener\" href=\"https:\/\/www.ifbaiano.edu.br\/unidades\/catu\/files\/2023\/03\/Chamada-Publica-no-02-2023-Teletrabalho-rerefente-Edital-18-2022.pdf\" target=\"_blank\">Chamada P\u00fablica n\u00ba 02\/2023 &#8211; Teletrabalho referente Edital 18-2022<\/a><\/p>\n\n\n\n<p><a rel=\"noreferrer noopener\" href=\"https:\/\/www.ifbaiano.edu.br\/unidades\/catu\/files\/2023\/02\/Edital-07-2023-Processo-Saletivo-Ingresso-Discente-Programa-Ciencia-Intinerante.pdf\" target=\"_blank\">Edital 07\/2023 Processo Seletivo Ingresso Discente Programa Ci\u00eancia Itinerante<\/a><\/p>\n\n\n\n<p><a rel=\"noreferrer noopener\" href=\"https:\/\/www.ifbaiano.edu.br\/unidades\/catu\/files\/2022\/11\/Edital-No-02-2000-PNAE.pdf\" target=\"_blank\">Edital n\u00ba 02\/2022 &#8211; PNAE<\/a><\/p>\n\n\n\n<p><a rel=\"noreferrer noopener\" href=\"https:\/\/www.ifbaiano.edu.br\/unidades\/catu\/files\/2022\/11\/Edital-n-20-Monitoria-2022-2023.pdf\" target=\"_blank\">Edital n\u00ba 20-2022 &#8211; Monitoria 2022-2023<\/a><\/p>\n\n\n\n<p><a rel=\"noreferrer noopener\" href=\"https:\/\/www.ifbaiano.edu.br\/unidades\/catu\/files\/2022\/10\/Edital-19-PAISE-Retificacao-de-Cronograma.pdf\" target=\"_blank\">Edital n\u00ba 19 PAISE -Retifica\u00e7\u00e3o de Cronograma<\/a><\/p>\n\n\n\n<p><a rel=\"noreferrer noopener\" href=\"https:\/\/www.ifbaiano.edu.br\/unidades\/catu\/files\/2022\/10\/Edital-no-18-Teletrabalho-Fluxo-Continuo-Homologacao-do-edital.pdf\" target=\"_blank\">Edital n\u00ba 18 &#8211; Teletrabalho Fluxo Cont\u00ednuo &#8211; Homologa\u00e7\u00e3o do edital<\/a><\/p>\n\n\n\n<p><a href=\"https:\/\/www.ifbaiano.edu.br\/unidades\/catu\/files\/2022\/10\/Edital-no-18-Teletrabalho-Fluxo-Continuo-Resultado-da-Impugnacao.pdf\" target=\"_blank\" rel=\"noreferrer noopener\">Edital n\u00ba 18 &#8211; Teletrabalho Fluxo Cont\u00ednuo &#8211; Resultado da Impugna\u00e7\u00e3o<\/a><\/p>\n\n\n\n<p><a href=\"https:\/\/www.ifbaiano.edu.br\/unidades\/catu\/files\/2022\/10\/Edital-no-18-Teletrabalho-Fluxo-Continuo.pdf\" target=\"_blank\" rel=\"noreferrer noopener\">Edital n\u00ba 18 &#8211; Teletrabalho Fluxo Cont\u00ednuo<\/a><\/p>\n\n\n\n<p><a rel=\"noreferrer noopener\" href=\"https:\/\/www.ifbaiano.edu.br\/unidades\/catu\/files\/2022\/09\/Edital-Retificado-Vagas-Ociosas-20.09.22.pdf\" target=\"_blank\"><strong>Edital de Retifica\u00e7\u00e3o n\u00ba 172<\/strong>&nbsp;<\/a>\u2013 ( Retifica\u00e7\u00e3o do Edital n\u00b0 158, referente ao Processo seletivo de candidatos para preenchimento de vagas ociosas em curso de gradua\u00e7\u00e3o do&nbsp;<em>Campus<\/em>&nbsp;Catu)<\/p>\n\n\n\n<p><a rel=\"noreferrer noopener\" href=\"https:\/\/www.ifbaiano.edu.br\/unidades\/catu\/files\/2022\/09\/Edital-17-Matricula-Vagas-Ociosas.pdf\" target=\"_blank\">Edital n\u00ba 17 &#8211; Matr\u00edcula Vagas Ociosa<\/a> <\/p>\n\n\n\n<p><a rel=\"noreferrer noopener\" href=\"https:\/\/www.ifbaiano.edu.br\/unidades\/catu\/files\/2022\/09\/RESULTADO-FINAL-CURSOS-SUBSEQUENTES.pdf\" target=\"_blank\">Edital n\u00ba 10-2022 &#8211; Resultado Final dos Cursos Subsequentes<\/a><\/p>\n\n\n\n<p><a rel=\"noreferrer noopener\" href=\"https:\/\/www.ifbaiano.edu.br\/unidades\/catu\/files\/2022\/09\/RESULTADO-FINAL-CURSO-GASTRONOMIA-PROEJA.pdf\" target=\"_blank\">Edital n\u00ba 11-2022 &#8211; Resultado Final do Gastronomia (PROEJA)<\/a><\/p>\n\n\n\n<p><a rel=\"noreferrer noopener\" href=\"https:\/\/www.ifbaiano.edu.br\/unidades\/catu\/files\/2022\/09\/EDITAL-N-o-151-VAGAS-OCIOSAS-INSCRICOES-HOMOLOGADAS-\u2013-Pos-recurso.pdf\" target=\"_blank\">Edital n \u00ba 151 &#8211; Inscri\u00e7\u00f5es Homologadas Vagas Ociosas \u2013 P\u00f3s-recurso<\/a> <\/p>\n\n\n\n<p><a rel=\"noreferrer noopener\" href=\"https:\/\/www.ifbaiano.edu.br\/unidades\/catu\/files\/2022\/09\/Edital-no-151-Inscricoes-Homologadas-Vagas-Ociosas.pdf\" target=\"_blank\">Edital n\u00ba 151 &#8211; Inscri\u00e7\u00f5es Homologadas Vagas Ociosas<\/a> <\/p>\n\n\n\n<p><a rel=\"noreferrer noopener\" href=\"https:\/\/www.ifbaiano.edu.br\/unidades\/catu\/files\/2022\/09\/Edital-15-2022-Matricula-dos-cursos-da-Educacao-Profissional-de-Nivel-Medio-Cursos-Subsequentes.pdf\" target=\"_blank\">Edital 15-2022 &#8211; Matr\u00edcula dos cursos da Educa\u00e7\u00e3o Profissional de N\u00edvel M\u00e9dio -Cursos Subsequentes<\/a> <\/p>\n\n\n\n<p><a rel=\"noreferrer noopener\" href=\"https:\/\/www.ifbaiano.edu.br\/unidades\/catu\/files\/2022\/09\/Edital-16-2022-Matricula-dos-cursos-da-Educacao-Profissional-de-Nivel-Medio-Gastronomia-PROEJA.pdf\" target=\"_blank\">Edital 16-2022 &#8211; Matr\u00edcula dos cursos da Educa\u00e7\u00e3o Profissional de N\u00edvel M\u00e9dio -Gastronomia PROEJA<\/a> <\/p>\n\n\n\n<p><a rel=\"noreferrer noopener\" href=\"https:\/\/www.ifbaiano.edu.br\/unidades\/catu\/files\/2022\/08\/Edital-de-Prorrogacao-No-158-referente-ao-Edital-151-2022.pdf\" target=\"_blank\">Edital de Prorroga\u00e7\u00e3o n\u00ba 158 referente ao Edital 151\/2022 de Vagas Ociosas<\/a><\/p>\n\n\n\n<p><a rel=\"noreferrer noopener\" href=\"https:\/\/www.ifbaiano.edu.br\/unidades\/catu\/files\/2022\/08\/Edital-No-151-Vagas-Ociosas-Campus-Catu.pdf\" target=\"_blank\">Edital n\u00ba 151-2022 -Vagas Ociosas Campus-Catu<\/a><\/p>\n\n\n\n<p><a rel=\"noreferrer noopener\" href=\"https:\/\/www.ifbaiano.edu.br\/unidades\/catu\/files\/2022\/08\/Edital-12-2022-Matricula-dos-cursos-da-Educacao-Profissional-de-Nivel-Medio-Cursos-Integrado.pdf\" target=\"_blank\">Edital n\u00ba 12-2022 &#8211; Matr\u00edcula dos cursos da Educa\u00e7\u00e3o Profissional de N\u00edvel M\u00e9dio (Cursos Integrado<\/a>)<\/p>\n\n\n\n<p><a rel=\"noreferrer noopener\" href=\"https:\/\/www.ifbaiano.edu.br\/unidades\/catu\/files\/2022\/08\/Resultado-Final-Cursos-Integrados.pdf\" target=\"_blank\">Edital n\u00ba 09-2022 &#8211; Resultado Final dos Cursos Integrados <\/a><\/p>\n\n\n\n<p><a rel=\"noreferrer noopener\" href=\"https:\/\/www.ifbaiano.edu.br\/unidades\/catu\/files\/2022\/08\/RESULTADO_PRELIMINAR_DESEMPENHO_ESCOLAR.pdf\" target=\"_blank\">Edital n\u00ba 09-2022 &#8211; Resultado Preliminar de Desempenho Escolar (Cursos Integrados) <\/a><\/p>\n\n\n\n<p><a rel=\"noreferrer noopener\" href=\"https:\/\/www.ifbaiano.edu.br\/unidades\/catu\/files\/2022\/08\/RETIFICACAO_LISTA-DE-INSCRICOES-HOMOLOGADAS.pdf\" target=\"_blank\">Edital n\u00ba 09-2022 &#8211; Retifica\u00e7\u00e3o da Lista de Inscri\u00e7\u00f5es Homologadas ap\u00f3s an\u00e1lise de recursos (Cursos Integrados) <\/a><\/p>\n\n\n\n<p><a rel=\"noreferrer noopener\" href=\"https:\/\/www.ifbaiano.edu.br\/unidades\/catu\/files\/2022\/08\/LISTA-DE-INSCRIC\u0327O\u0303ES-HOMOLOGADAS-CURSOS-INTEGRADOS.pdf\" target=\"_blank\">Edital n\u00ba 09-2022 &#8211; Lista de Inscri\u00e7\u00f5es Homologadas Ap\u00f3s An\u00e1lise de Recursos (Cursos Integrados)  <\/a><\/p>\n\n\n\n<p><a href=\"https:\/\/www.ifbaiano.edu.br\/unidades\/catu\/files\/2022\/08\/LISTA-PRELIMINAR-DE-INSCRICOES-ACEITAS-CURSOS-INTEGRADOS.pdf\" target=\"_blank\" rel=\"noreferrer noopener\">Edital n\u00ba 09-2022 &#8211; Lista Preliminar de Inscri\u00e7\u00f5es Homologadas (Cursos Integrados)<\/a><\/p>\n\n\n\n<p><a rel=\"noreferrer noopener\" href=\"https:\/\/www.ifbaiano.edu.br\/unidades\/catu\/files\/2022\/07\/Edital-07-2022-Teletrabalho-Regime-Parcial-Resultado-da-classificacao.pdf\" target=\"_blank\">Edital 07-2022 -Teletrabalho &#8211; Regime Parcial &#8211; (Resultado da classifica\u00e7\u00e3o)<\/a><\/p>\n\n\n\n<p><a rel=\"noreferrer noopener\" href=\"https:\/\/www.ifbaiano.edu.br\/unidades\/catu\/files\/2022\/07\/Edital-07-2022-Teletrabalho-Regime-Parcial-Resultado-preliminar-da-retificacao.pdf\" target=\"_blank\">Edital n\u00ba 07-2022 &#8211; Teletrabalho Regime Parcial &#8211; (Resultado preliminar da retifica\u00e7\u00e3o)<\/a><\/p>\n\n\n\n<p><a rel=\"noreferrer noopener\" href=\"https:\/\/www.ifbaiano.edu.br\/unidades\/catu\/files\/2022\/07\/Edital-de-Retificacao-no-04.2022-Teletrabalho-Integral.pdf\" target=\"_blank\">Edital de Retifica\u00e7\u00e3o n\u00ba 04 &#8211; Programa de Gest\u00e3o do Teletrabalho Regime Integral <em>Campus<\/em> Catu <\/a> <\/p>\n\n\n\n<p><a rel=\"noreferrer noopener\" href=\"https:\/\/www.ifbaiano.edu.br\/unidades\/catu\/files\/2022\/07\/Edital-de-Retificacao-no-03.2022-Teletrabalho.pdf\" target=\"_blank\">Edital de Retifica\u00e7\u00e3o n\u00ba 03 &#8211; Programa de Gest\u00e3o do Teletrabalho Regime Parcial <em>Campus<\/em> Catu <\/a><\/p>\n\n\n\n<p><a rel=\"noreferrer noopener\" href=\"https:\/\/www.ifbaiano.edu.br\/unidades\/catu\/files\/2022\/07\/Edital-09-2022-MODALIDADE-PRESENCIAL-AGROPECUARIA-ALIMENTOS-E-QUIMICA.pdf\" target=\"_blank\">Edital 09\/2022 &#8211; &nbsp;Integrada ao Ensino M\u00e9dio<\/a> <a rel=\"noreferrer noopener\" href=\"https:\/\/www.ifbaiano.edu.br\/unidades\/catu\/files\/2022\/07\/Edital-09-2022-MODALIDADE-PRESENCIAL-AGROPECUARIA-ALIMENTOS-E-QUIMICA.pdf\" target=\"_blank\">Modalidade Presencial (Agropecu\u00e1ria, Alimentos e Qu\u00edmica)<\/a> <\/p>\n\n\n\n<p><a rel=\"noreferrer noopener\" href=\"https:\/\/www.ifbaiano.edu.br\/unidades\/catu\/files\/2022\/07\/Edital-10-2022-ENSINO-MEDIO-MODALIDADE-PRESENCIAL-AGRIMENSURA-AGROPECUARIA-E-PETROLEO-E-GAS.pdf\" target=\"_blank\">Edital 10\/2022 &#8211; Ensino M\u00e9dio Subsequente  &#8211; Modalidade Presencial (Agrimensura, Agropecu\u00e1ria e Petr\u00f3leo e G\u00e1s)<\/a> <\/p>\n\n\n\n<p><a rel=\"noreferrer noopener\" href=\"https:\/\/www.ifbaiano.edu.br\/unidades\/catu\/files\/2022\/07\/Edital-11-2022-MODALIDADE-DA-EDUCACAO-DE-JOVENS-E-ADULTOS-\u2013-PROEJA.pdf\" target=\"_blank\">Edital 11\/2022 &#8211; Modalidade da Educa\u00e7\u00e3o de Jovens e Adultos &#8211; PROEJA<\/a> <\/p>\n\n\n\n<p><a rel=\"noreferrer noopener\" href=\"https:\/\/www.ifbaiano.edu.br\/unidades\/catu\/files\/2022\/06\/Edital-08-2022-Portaria-de-Homologacao-do-resultado-Teletrabalho-regime-integral.pdf\" target=\"_blank\">Edital 08\/2022 &#8211; Portaria de Homologa\u00e7\u00e3o do resultado Teletrabalho &#8211; regime integral<\/a><\/p>\n\n\n\n<p><a href=\"https:\/\/www.ifbaiano.edu.br\/unidades\/catu\/files\/2022\/06\/Edital-07-2022-Portaria-de-Homologacao-do-resultado-Teletrabalho-regime-parcial.pdf\" target=\"_blank\" rel=\"noreferrer noopener\">Edital 07\/2022 &#8211; Portaria de Homologa\u00e7\u00e3o do resultado Teletrabalho &#8211; regime parcial<\/a><\/p>\n\n\n\n<p><a rel=\"noreferrer noopener\" href=\"https:\/\/www.ifbaiano.edu.br\/unidades\/catu\/files\/2022\/06\/Edital-no-08-2022-Resultado-interposicao-classificacao-integral-1.pdf\" target=\"_blank\">Edital n\u00ba 08\/2022 &#8211; Resultado interposi\u00e7\u00e3o classifica\u00e7\u00e3o integral<\/a><\/p>\n\n\n\n<p><a href=\"https:\/\/www.ifbaiano.edu.br\/unidades\/catu\/files\/2022\/06\/Edital-no-07-2022-Resultado-interposicao-classificacao-parcial.pdf\" target=\"_blank\" rel=\"noreferrer noopener\">Edital n\u00ba 07\/2022 &#8211; Resultado interposi\u00e7\u00e3o classifica\u00e7\u00e3o parcial<\/a><\/p>\n\n\n\n<p><a rel=\"noreferrer noopener\" href=\"https:\/\/www.ifbaiano.edu.br\/unidades\/catu\/files\/2022\/06\/Edital-08-22-Resultado-classificacao-Teletrabalho-regime-integral.pdf\" target=\"_blank\">Edital 08\/2022 &#8211; Resultado classifica\u00e7\u00e3o &#8211; Teletrabalho &#8211; regime integral<\/a><\/p>\n\n\n\n<p><a href=\"https:\/\/www.ifbaiano.edu.br\/unidades\/catu\/files\/2022\/06\/Edital-07-22-Resultado-classificacao-Teletrabalho-regime-parcial.pdf\" target=\"_blank\" rel=\"noreferrer noopener\">Edital 07\/2022 &#8211; Resultado classifica\u00e7\u00e3o &#8211; Teletrabalho &#8211; regime parcial<\/a><\/p>\n\n\n\n<p><a rel=\"noreferrer noopener\" href=\"https:\/\/www.ifbaiano.edu.br\/unidades\/catu\/files\/2022\/06\/Edital-08-2022-Resultado-preliminar-das-inscricoes-Teletrabalho-interposicao-Regime-Integral.pdf\" target=\"_blank\">Edital 08\/2022 &#8211; Resultado preliminar das inscri\u00e7\u00f5es &#8211; Teletrabalho &#8211; interposi\u00e7\u00e3o Regime Integral<\/a><\/p>\n\n\n\n<p><a rel=\"noreferrer noopener\" href=\"https:\/\/www.ifbaiano.edu.br\/unidades\/catu\/files\/2022\/06\/Edital-07-2022-Resultado-preliminar-das-inscricoes-Teletrabalho-interposicao-Regime-Parcial.pdf\" target=\"_blank\">Edital 07\/2022 &#8211; Resultado preliminar das inscri\u00e7\u00f5es &#8211; Teletrabalho &#8211; interposi\u00e7\u00e3o Regime Parcial<\/a><\/p>\n\n\n\n<p><a rel=\"noreferrer noopener\" href=\"https:\/\/www.ifbaiano.edu.br\/unidades\/catu\/files\/2022\/06\/Resultado-preliminar-das-inscricoes-Edital-08-Teletrabalho-Regime-Integral.pdf\" target=\"_blank\">Edital 08 &#8211; Teletrabalho Regime Integral &#8211; Resultado preliminar das inscri\u00e7\u00f5es<\/a><\/p>\n\n\n\n<p><a href=\"https:\/\/www.ifbaiano.edu.br\/unidades\/catu\/files\/2022\/06\/Resultado-preliminar-das-inscricoes-Edital-07-Teletrabalho-Regime-Parcial.pdf\" target=\"_blank\" rel=\"noreferrer noopener\">Edital 07 &#8211; Teletrabalho Regime Parcial &#8211; Resultado preliminar das inscri\u00e7\u00f5es<\/a><\/p>\n\n\n\n<p><a rel=\"noreferrer noopener\" href=\"https:\/\/www.ifbaiano.edu.br\/unidades\/catu\/files\/2022\/06\/Sorteio-do-tema-da-prova-didatica-Campus-Catu.pdf\" target=\"_blank\">Edital n\u00ba 99 de 07 de junho de  2022 &#8211; Sorteio do tema da prova did\u00e1tica &#8211; Campus Catu<\/a><\/p>\n\n\n\n<p><a rel=\"noreferrer noopener\" href=\"https:\/\/www.ifbaiano.edu.br\/unidades\/catu\/files\/2022\/06\/Retificacao-de-Edital-08-Teletrabalho-integral.pdf\" target=\"_blank\">Retifica\u00e7\u00e3o de Edital 08 &#8211; Teletrabalho Regime integral<\/a><\/p>\n\n\n\n<p><a rel=\"noreferrer noopener\" href=\"https:\/\/www.ifbaiano.edu.br\/unidades\/catu\/files\/2022\/06\/Retificacao-do-Edital-07-Teletrabalho.pdf\" target=\"_blank\">Retifica\u00e7\u00e3o do Edital 07 &#8211; Teletrabalho Regime Parcia<\/a><a href=\"https:\/\/www.ifbaiano.edu.br\/unidades\/catu\/files\/2022\/06\/Retificacao-do-Edital-07-Teletrabalho.pdf\" target=\"_blank\" rel=\"noreferrer noopener\">l<\/a><\/p>\n\n\n\n<p><a rel=\"noreferrer noopener\" href=\"https:\/\/www.ifbaiano.edu.br\/unidades\/catu\/files\/2022\/06\/EDITAL-No-08-2022-de-10-de-junho-de-2022-Teletrabalho-Regime-Integral.pdf\" target=\"_blank\">EDITAL N\u00ba 08\/2022 de 10 de junho de 2022 &#8211; Teletrabalho Regime Integral<\/a><\/p>\n\n\n\n<p><a rel=\"noreferrer noopener\" href=\"https:\/\/www.ifbaiano.edu.br\/unidades\/catu\/files\/2022\/06\/EDITAL-No-07-2022-de-10-de-junho-de-2022-Teletrabalho-Regime-Parcial.pdf\" target=\"_blank\">EDITAL N\u00ba 07<\/a><a href=\"https:\/\/www.ifbaiano.edu.br\/unidades\/catu\/files\/2022\/06\/EDITAL-No-07-2022-de-10-de-junho-de-2022-Teletrabalho-Regime-Parcial.pdf\" target=\"_blank\" rel=\"noreferrer noopener\">\/<\/a><a rel=\"noreferrer noopener\" href=\"https:\/\/www.ifbaiano.edu.br\/unidades\/catu\/files\/2022\/06\/EDITAL-No-07-2022-de-10-de-junho-de-2022-Teletrabalho-Regime-Parcial.pdf\" target=\"_blank\">2022 de 10 de junho de 2022 &#8211; Teletrabalho Regime Parcial<\/a><\/p>\n\n\n\n<p><a rel=\"noreferrer noopener\" href=\"https:\/\/www.ifbaiano.edu.br\/unidades\/catu\/files\/2022\/05\/Edital-61-2022-Resultado-Final.pdf\" target=\"_blank\">Edital 61\/2022 -Resultado Final &#8211; 27\/05\/2022<\/a><\/p>\n\n\n\n<p><a rel=\"noreferrer noopener\" href=\"https:\/\/www.ifbaiano.edu.br\/unidades\/catu\/files\/2022\/05\/Edital-61-2022-Resultado-dos-Recursos-Sobre-o-Resultado-Preliminar.pdf\" target=\"_blank\">Edital 61\/2022 &#8211; Resultado dos Recursos Sobre o Resultado Preliminar &#8211; 27\/05\/2022<\/a><\/p>\n\n\n\n<p><a rel=\"noreferrer noopener\" href=\"https:\/\/www.ifbaiano.edu.br\/unidades\/catu\/files\/2022\/05\/Edital-612022-Resultado-Preliminar.pdf\" target=\"_blank\">Edital n\u00ba 61\/2022 &#8211; RESULTADO PRELIMINAR<\/a><\/p>\n\n\n\n<p><a rel=\"noreferrer noopener\" href=\"https:\/\/www.ifbaiano.edu.br\/unidades\/catu\/files\/2022\/05\/Edital-n\u00b0-612022-PROVA-DE-DESEMPENHO-DIDATICO-02.pdf\" target=\"_blank\">Edital n\u00b0 61\/2022 &#8211; PROVA DE DESEMPENHO DID\u00c1TICO &#8211; 20\/05\/2022<\/a><\/p>\n\n\n\n<p><a rel=\"noreferrer noopener\" href=\"https:\/\/www.ifbaiano.edu.br\/unidades\/catu\/files\/2022\/05\/Edital-61-PROVA-DE-DESEMPENHO-DIDATICO.pdf\" target=\"_blank\">Edital n\u00ba 61\/2022 &#8211; PROVA DE DESEMPENHO DID\u00c1TICO &#8211; 19\/05\/2022<\/a> <\/p>\n\n\n\n<p><a rel=\"noreferrer noopener\" href=\"https:\/\/www.ifbaiano.edu.br\/unidades\/catu\/files\/2022\/05\/Edital-no-61-de-06-de-maio-de-2022-Resultados-dos-recursos.pdf\" target=\"_blank\">Resultado Edital n\u00ba 61, de 06 de maio de 2022 &#8211; Resultados dos recursos<\/a> <\/p>\n\n\n\n<p><a rel=\"noreferrer noopener\" href=\"https:\/\/www.ifbaiano.edu.br\/unidades\/catu\/files\/2022\/05\/Edital-no-61-de-06-de-maio-de-2022-Homologacao-Final-das-Inscricoes.pdf\" target=\"_blank\">Resultado Edital n\u00ba 61, de 06 de maio de 2022 &#8211; Homologa\u00e7\u00e3o Final das Inscri\u00e7\u00f5es<\/a> <\/p>\n\n\n\n<p><a rel=\"noreferrer noopener\" href=\"https:\/\/www.ifbaiano.edu.br\/unidades\/catu\/files\/2022\/05\/Edital-no-61-de-06-de-maio-de-2022-Sorteio-dos-Temas.pdf\" target=\"_blank\">Resultado Edital n\u00ba 61, de 06 de maio de 2022 &#8211; Sorteio dos Temas<\/a> <\/p>\n\n\n\n<p><a rel=\"noreferrer noopener\" href=\"https:\/\/www.ifbaiano.edu.br\/unidades\/catu\/files\/2022\/05\/Resultado-da-Interposicao-de-Recursos.-PAISE-2021.2.pdf\" target=\"_blank\">Resultado da Interposi\u00e7\u00e3o de Recursos. PAISE 2021.2<\/a><\/p>\n\n\n\n<p><a rel=\"noreferrer noopener\" href=\"https:\/\/www.ifbaiano.edu.br\/unidades\/catu\/files\/2022\/05\/Resultado-Final.-PAISE-2021.2.pdf\" target=\"_blank\">Resultado Final. PAISE 2021.2 <\/a><\/p>\n\n\n\n<p><a rel=\"noreferrer noopener\" href=\"https:\/\/www.ifbaiano.edu.br\/unidades\/catu\/files\/2022\/05\/Edital-61-Homologacao-das-inscricoes-para-professor-substituto-de-gastronomia.pdf\" target=\"_blank\">Edital 61 &#8211; Homologa\u00e7\u00e3o das inscri\u00e7\u00f5es para professor substituto de gastronomia<\/a><\/p>\n\n\n\n<p><a rel=\"noreferrer noopener\" href=\"https:\/\/www.ifbaiano.edu.br\/unidades\/catu\/files\/2022\/05\/Inscricoes-Homologadas.-PAISE-2021.2.pdf\" target=\"_blank\">Inscri\u00e7\u00f5es Homologadas. PAISE 2021.2<\/a><\/p>\n\n\n\n<p><a href=\"https:\/\/www.ifbaiano.edu.br\/unidades\/catu\/files\/2022\/05\/Inscricoes-Nao-Homologadas.-PAISE-2021.2-1.pdf\" target=\"_blank\" rel=\"noreferrer noopener\">Inscri\u00e7\u00f5es N\u00e3o Homologadas. PAISE 2021.2 <\/a><\/p>\n\n\n\n<p><a href=\"https:\/\/www.ifbaiano.edu.br\/unidades\/catu\/files\/2022\/05\/Relacao-dos-Pre-Selecionados.-PAISE-2021.2.pdf\" target=\"_blank\" rel=\"noreferrer noopener\">Rela\u00e7\u00e3o dos Pr\u00e9 Selecionados. PAISE 2021.2 PDF <\/a><\/p>\n\n\n\n<p><a rel=\"noreferrer noopener\" href=\"https:\/\/www.ifbaiano.edu.br\/unidades\/catu\/files\/2022\/05\/Edital-Professor-Substituto-Gastronomia.pdf\" target=\"_blank\">Edital n\u00ba 61, de 06 de maio de 2022 &#8211; Professor Substituto Gastronomia<\/a><\/p>\n\n\n\n<p><a rel=\"noreferrer noopener\" href=\"https:\/\/www.ifbaiano.edu.br\/unidades\/catu\/files\/2022\/05\/Retificacao-n-02-do-Cronograma.-Edital-no-05-de-2022.-PAISE.pdf\" target=\"_blank\">Edital n\u00ba 05 de 2022 PAISE &#8211; Retifica\u00e7\u00e3o n\u00ba 02 do Cronograma.<\/a>  <\/p>\n\n\n\n<p><a rel=\"noreferrer noopener\" href=\"https:\/\/www.ifbaiano.edu.br\/unidades\/catu\/files\/2022\/05\/Resultado-Final.-Auxilios-Eventuais.-Solicitacoes-de-Marco.pdf\" target=\"_blank\">Resultado Final. Aux\u00edlios Eventuais. Solicita\u00e7\u00f5es de Mar\u00e7o<\/a><\/p>\n\n\n\n<p><a href=\"https:\/\/www.ifbaiano.edu.br\/unidades\/catu\/files\/2022\/05\/Resultado-da-Interposicao-de-Recursos.-Auxilios-Eventuais.-Marco.pdf\" target=\"_blank\" rel=\"noreferrer noopener\">Resultado da Interposi\u00e7\u00e3o de Recursos. Aux\u00edlios Eventuais. Mar\u00e7o<\/a><\/p>\n\n\n\n<p><a href=\"https:\/\/www.ifbaiano.edu.br\/unidades\/catu\/files\/2022\/04\/Edital-04-2022-Convocacao-para-entrega-de-documentos-Selecao-de-Estudantes-Bolsistas-de-Iniciacao-Tecnologica.pdf\" target=\"_blank\" rel=\"noreferrer noopener\">Convoca\u00e7\u00e3o para entrega de documentos Edital 04\/2022 &#8211; Sele\u00e7\u00e3o de Estudantes Bolsistas de Inicia\u00e7\u00e3o Tecnol\u00f3gica<\/a><\/p>\n\n\n\n<p><a href=\"https:\/\/www.ifbaiano.edu.br\/unidades\/catu\/files\/2022\/04\/Edital-06-2022-Selecao-Interna-de-Estudantes-de-Nivel-Medio-e-Superior-para-estagio.pdf\" target=\"_blank\" rel=\"noreferrer noopener\">Edital n\u00ba 06\/2022 &#8211; Sele\u00e7\u00e3o Interna de Estudantes de N\u00edvel M\u00e9dio e Superior para Est\u00e1gio<\/a><\/p>\n\n\n\n<p><a rel=\"noreferrer noopener\" href=\"https:\/\/www.ifbaiano.edu.br\/unidades\/catu\/files\/2022\/04\/Edital-04-2022-Resultado-Final-Selecao-de-Estudantes-Bolsistas-de-Iniciacao-Tecnologica.pdf\" target=\"_blank\">Edital n\u00ba 04\/2022 &#8211; Resultado Final &#8211; Sele\u00e7\u00e3o de Estudantes Bolsistas de Inicia\u00e7\u00e3o Tecnol\u00f3gica<\/a><\/p>\n\n\n\n<p><a rel=\"noreferrer noopener\" href=\"https:\/\/www.ifbaiano.edu.br\/unidades\/catu\/files\/2022\/04\/Retificacao-de-Cronograma.-Edital-no-05-de-2022.-PAISE.pdf\" target=\"_blank\">Retifica\u00e7\u00e3o Edital n\u00ba 05\/2022 &#8211; Programa de Assist\u00eancia e Inclus\u00e3o Social do Estudante<strong> &#8211; <\/strong>PAISE<\/a><\/p>\n\n\n\n<p><a rel=\"noreferrer noopener\" href=\"https:\/\/www.ifbaiano.edu.br\/unidades\/catu\/files\/2022\/04\/Edital-04-2022-Resultado-parcial-Selecao-de-Estudantes-Bolsistas-de-Iniciacao-Tecnologica.pdf\" target=\"_blank\">Edital n\u00ba 04\/2022 &#8211; Resultado parcial &#8211; Sele\u00e7\u00e3o de Estudantes Bolsistas de Inicia\u00e7\u00e3o Tecnol\u00f3gica<\/a><\/p>\n\n\n\n<p><a rel=\"noreferrer noopener\" href=\"https:\/\/www.ifbaiano.edu.br\/unidades\/catu\/files\/2022\/04\/Edital-04-2022-RESULTADO-DOS-RECURSOS-APOS-A-HOMOLOGACAO-DAS-INSCRICOES-Selecao-de-Estudantes-Bolsistas-de-Iniciacao-Tecnologica.pdf\" target=\"_blank\">Edital n\u00ba 04\/2022 &#8211; Resultado dos recursos ap\u00f3s a homologa\u00e7\u00e3o das inscri\u00e7\u00f5es <\/a><\/p>\n\n\n\n<p><a rel=\"noreferrer noopener\" href=\"https:\/\/www.ifbaiano.edu.br\/unidades\/catu\/files\/2022\/04\/CIENCIA-ITINERANTE-RESULTADO-FINAL.pdf\" target=\"_blank\">Resultado Final Edital N.\u00ba 003\/2022 &#8211; Programa Ci\u00eancia Itinerante <\/a><\/p>\n\n\n\n<p><a rel=\"noreferrer noopener\" href=\"https:\/\/www.ifbaiano.edu.br\/unidades\/catu\/files\/2022\/04\/Resultado-Preliminar.-Auxilios-Eventuais.-Solicitacoes-de-Marco.pdf\" target=\"_blank\">Resultado Preliminar Programa de Aux\u00edlios Eventuais \u2013 PAE<\/a><\/p>\n\n\n\n<p><strong><a rel=\"noreferrer noopener\" href=\"https:\/\/www.ifbaiano.edu.br\/unidades\/catu\/files\/2022\/03\/Resultado-Preliminar.-Auxilios-Eventuais-Catu.pdf\" target=\"_blank\">Res<\/a><\/strong><a rel=\"noreferrer noopener\" href=\"https:\/\/www.ifbaiano.edu.br\/unidades\/catu\/files\/2022\/03\/Resultado-Preliminar.-Auxilios-Eventuais-Catu.pdf\" target=\"_blank\">ultado Preliminar. Aux\u00edlios Eventuais Catu<\/a><\/p>\n\n\n\n<p><a rel=\"noreferrer noopener\" href=\"https:\/\/www.ifbaiano.edu.br\/unidades\/catu\/files\/2022\/04\/RESULTADO-PRELIMINAR-CIENCIA-ITINERANTE.pdf\" target=\"_blank\">Resultado Preliminar Edital 003\/2022- Sele\u00e7\u00e3o do Programa Ci\u00eancia Itinerante <\/a><\/p>\n\n\n\n<p><a rel=\"noreferrer noopener\" href=\"https:\/\/www.ifbaiano.edu.br\/unidades\/catu\/files\/2022\/04\/Edital-04-2022-Homologacao-das-Inscricoes-Selecao-de-Estudantes-Bolsistas-de-Iniciacao-Tecnologica.pdf\" target=\"_blank\">Edital N\u00ba 04\/2022 &#8211; Homologa\u00e7\u00e3o das Inscri\u00e7\u00f5es &#8211; Sele\u00e7\u00e3o de Estudantes Bolsistas de Inicia\u00e7\u00e3o Tecnol\u00f3gica<\/a><\/p>\n\n\n\n<p><a rel=\"noreferrer noopener\" href=\"https:\/\/www.ifbaiano.edu.br\/unidades\/catu\/files\/2022\/04\/Edital-de-Selecao-de-Estudantes-Bolsistas-de-Iniciacao-Tecnologica.pdf\" target=\"_blank\">Edital N\u00ba 04\/2022 &#8211; Sele\u00e7\u00e3o de Estudantes Bolsistas de Inicia\u00e7\u00e3o Tecnol\u00f3gica<\/a><\/p>\n\n\n\n<p><a rel=\"noreferrer noopener\" href=\"https:\/\/www.ifbaiano.edu.br\/unidades\/catu\/files\/2022\/03\/Edital-003-Selecao-de-Estudantes-Programa-Ciencia-Itinerante.pdf\" target=\"_blank\">Edital N.\u00ba 003\/2022 &#8211; SELE\u00c7\u00c3O DE ESTUDANTES PROGRAMA CI\u00caNCIA ITINERANTE<\/a><\/p>\n\n\n\n<p><a rel=\"noreferrer noopener\" href=\"https:\/\/www.ifbaiano.edu.br\/unidades\/catu\/files\/2021\/11\/Resultado-preliminar-monitoria-2021.pdf\" target=\"_blank\">Resultado Preliminar de Classifica\u00e7\u00e3o &#8211; Edital N\u00ba 19\/2021 &#8211; Monitoria<\/a><\/p>\n\n\n\n<p><a rel=\"noreferrer noopener\" href=\"https:\/\/www.ifbaiano.edu.br\/unidades\/catu\/files\/2021\/11\/PRE-SELECIONADOS.AQUISICAO-E-OU-MANUTENCAO-DE-EQUIPAMENTOS.pdf\" target=\"_blank\">Resultado Edital 18\/2021 &#8211; Rela\u00e7\u00e3o dos Pr\u00e9-Selecionados-Aux\u00edlio Aquisi\u00e7\u00e3o e\/ou Manuten\u00e7\u00e3o de Equipamentos <\/a><\/p>\n\n\n\n<p><a href=\"https:\/\/www.ifbaiano.edu.br\/unidades\/catu\/files\/2021\/11\/PRE-SELECIONADOS.PACOTE-DE-DADOS.BANDA-LARGA.pdf\" target=\"_blank\" rel=\"noreferrer noopener\">Resultado Edital 18\/2021 &#8211; Rela\u00e7\u00e3o dos Pr\u00e9-Selecionados-Aux\u00edlio Pacote de Dados\/Contrata\u00e7\u00e3o de Banda Larga<\/a><\/p>\n\n\n\n<p><a href=\"https:\/\/www.ifbaiano.edu.br\/unidades\/catu\/files\/2021\/11\/Inscricoes-nao-homologadas.AID_.CATU_.pdf\" target=\"_blank\" rel=\"noreferrer noopener\">Resultado Edital 18\/2021 &#8211; Inscri\u00e7\u00f5es n\u00e3o Homologadas <\/a><\/p>\n\n\n\n<p><a rel=\"noreferrer noopener\" href=\"https:\/\/www.ifbaiano.edu.br\/unidades\/catu\/files\/2021\/11\/EDITAL-No-212021-PROGRAMA-DE-ASSISTENCIA-E-INCLUSAO-SOCIAL-DO-ESTUDANTE-PAISE.pdf\" target=\"_blank\">Edital N\u00ba 21\/2021 &#8211; Programa de Assist\u00eancia e Inclus\u00e3o Social Do Estudante &#8211; PAISE<\/a><\/p>\n\n\n\n<p><a rel=\"noreferrer noopener\" href=\"https:\/\/www.ifbaiano.edu.br\/unidades\/catu\/files\/2021\/11\/Resultado-dos-Recursos-InterpostosEdital-192021.pdf\" target=\"_blank\">Resultado dos Recursos Interpostos Edital 19\/2021<\/a><\/p>\n\n\n\n<p><a rel=\"noreferrer noopener\" href=\"https:\/\/www.ifbaiano.edu.br\/unidades\/catu\/files\/2021\/11\/Homologacao-das-inscricoes-da-selecao-de-monitoria.pdf\" target=\"_blank\">Edital 19\/2021 &#8211; Homologa\u00e7\u00e3o das Inscri\u00e7\u00f5es para Bolsas de Monitoria  de Cursos T\u00e9cnico e N\u00edvel M\u00e9dio  <\/a><\/p>\n\n\n\n<p><a rel=\"noreferrer noopener\" href=\"https:\/\/www.ifbaiano.edu.br\/unidades\/catu\/files\/2021\/11\/Edital-Monitoria-Campus-Catu-no-19-2021.pdf\" target=\"_blank\">EDITAL N\u00ba 19\/2021 &#8211; SELE\u00c7\u00c3O DE BOLSISTAS PARA MONITORIAS DE CURSOS T\u00c9CNICOS DE N\u00cdVEL M\u00c9DIO E GRADUA\u00c7\u00c3O<\/a><\/p>\n\n\n\n<p><a rel=\"noreferrer noopener\" href=\"https:\/\/www.ifbaiano.edu.br\/unidades\/catu\/files\/2021\/10\/Lista-Classificados-Edital-144-2021.pdf\" target=\"_blank\">Lista de Classificados Edital 144\/20201<\/a><\/p>\n\n\n\n<p><a rel=\"noreferrer noopener\" href=\"https:\/\/www.ifbaiano.edu.br\/unidades\/catu\/files\/2021\/10\/Matricula-EAD-Vendas.pdf\" target=\"_blank\">Resultado do Edital n\u00ba 17 de 28 de setembro de 2021 Curso Vendas Subsequente em Vendas &#8211; EAD<\/a><\/p>\n\n\n\n<p><a rel=\"noreferrer noopener\" href=\"https:\/\/www.ifbaiano.edu.br\/unidades\/catu\/files\/2021\/10\/Edital-no-144-de-08-de-outubro-de-2021-Qialificacao-Profissional-Formacao-Inicial-e_ou-Continuada-FIC.pdf\" target=\"_blank\">Edital n\u00ba 144 de 08 de outubro de 2021 &#8211; Qualifica\u00e7\u00e3o Profissional \/ Forma\u00e7\u00e3o Inicial e\/ou Continuada &#8211; FIC<\/a><\/p>\n\n\n\n<p><a rel=\"noreferrer noopener\" href=\"https:\/\/www.ifbaiano.edu.br\/unidades\/catu\/files\/2021\/10\/Listas-de-matriculados-nos-cursos-tecnicos-referentes-aos-editais-No-13-de-13-de-setembro-de-2021-e-No-14-de-13-de-setembro-de-2021.pdf\" target=\"_blank\">Listas final editais N\u00ba 13 de 13 de setembro de 2021 e N\u00ba 14 de 13 de setembro de 2021<\/a><\/p>\n\n\n\n<p><a rel=\"noreferrer noopener\" href=\"https:\/\/www.ifbaiano.edu.br\/unidades\/catu\/files\/2021\/10\/Tecnico-em-Cozinha-PROEJA-2021.-LISTA-DE-MATRICULADOS.pdf\" target=\"_blank\">Lista de Matriculados no Processo Seletivo do Edital N\u00ba 117, de&nbsp;25 de AGOSTO&nbsp;de 2021<\/a><\/p>\n\n\n\n<p><a rel=\"noreferrer noopener\" href=\"https:\/\/www.ifbaiano.edu.br\/unidades\/catu\/files\/2021\/10\/RESULTADO-FINAL-VAGAS-REMANESCENTES-EM-CURSO-DE-GRADUACAO-\u2013-CAMPUS-CATU.pdf\" target=\"_blank\">RESULTADO FINAL DO PROCESSO SELETIVO REFERENTE AO EDITAL N\u00ba. 119, DE&nbsp;27 DE AGOSTO DE 2021<\/a><\/p>\n\n\n\n<p><a rel=\"noreferrer noopener\" href=\"https:\/\/www.ifbaiano.edu.br\/unidades\/catu\/files\/2021\/09\/Edital-no-17-Curso-Tecnico-em-Vendas-EAD.pdf\" target=\"_blank\">EDITAL N\u00ba 17 CURSO T\u00c9CNICO EM VENDAS &#8211; EAD<\/a><\/p>\n\n\n\n<p><a href=\"https:\/\/www.ifbaiano.edu.br\/unidades\/catu\/files\/2021\/09\/LISTA-FINAL-DE-INSCRICOES-HOMOLOGADAS-EM-CURSO-DE-GRADUACAO-\u2013-CAMPUS-CATU-EDITAL-119.pdf\" target=\"_blank\" rel=\"noreferrer noopener\">LISTA FINAL DE INSCRI\u00c7\u00d5ES HOMOLOGADAS EM CURSO DE GRADUA\u00c7\u00c3O \u2013 CAMPUS CATU EDITAL 119<\/a><\/p>\n\n\n\n<p><a rel=\"noreferrer noopener\" href=\"https:\/\/www.ifbaiano.edu.br\/unidades\/catu\/files\/2021\/09\/LISTA-PRELIMINAR-EDITAL-119_2021-CAMPUS-CATU.pdf\" target=\"_blank\">LISTA-PRELIMINAR-EDITAL-119_2021-CAMPUS-CATU<\/a><\/p>\n\n\n\n<p><a rel=\"noreferrer noopener\" href=\"https:\/\/www.ifbaiano.edu.br\/unidades\/catu\/files\/2021\/09\/Edital-de-Prorrogacao-no-128-20-09-2021.pdf\" target=\"_blank\">Edital de Prorroga\u00e7\u00e3o n 128. 20 de setembro de 2021 &#8211; Referente edital 117 &#8211; de 25 de agosto de 2021 <\/a> <\/p>\n\n\n\n<p><a href=\"https:\/\/www.ifbaiano.edu.br\/unidades\/catu\/files\/2021\/09\/Edital-no-16-Vagas-Remanescentes-dos-Cursos-Subsequentes-Retificado-edital-no-14-de-13-de-setembro-de-2021.pdf\" target=\"_blank\" rel=\"noreferrer noopener\">EDITAL N\u00ba 16 de 17 de setembro de 2021 &#8211; Edital retificado em seu anexo II<br>PROCESSO SELETIVO DE VAGAS REMANESCENTES PARA INGRESSO DE ESTUDANTES NOS CURSOS DA EDUCA\u00c7\u00c3O PROFISSIONAL T\u00c9CNICA DE N\u00cdVEL M\u00c9DIO, NA FORMA SUBSEQUENTE AO ENSINO M\u00c9DIO &#8211; MODALIDADE PRESENCIAL<\/a><\/p>\n\n\n\n<p><a href=\"https:\/\/www.ifbaiano.edu.br\/unidades\/catu\/files\/2021\/09\/Edital-no-15-Vagas-Remanescentes-dos-Cursos-Medio-Integrado-Retificado-edital-no-13-de-13-de-setembro-de-2021.pdf\" target=\"_blank\" rel=\"noreferrer noopener\">EDITAL N\u00ba 15 de 17 de setembro de 2021 &#8211; Edital retificado em seu anexo II<br>PROCESSO SELETIVO DE VAGAS REMANESCENTES PARA INGRESSO DE ESTUDANTES NOS CURSOS DA EDUCA\u00c7\u00c3O PROFISSIONAL T\u00c9CNICA DE N\u00cdVEL M\u00c9DIO, NA FORMA INTEGRADA AO ENSINO M\u00c9DIO &#8211; MODALIDADE PRESENCIAL<\/a><\/p>\n\n\n\n<p><a href=\"https:\/\/www.ifbaiano.edu.br\/unidades\/catu\/files\/2021\/09\/Edital-no-14-2021-Cursos-Subsequentes-ao-Ensino-Medio.pdf\" target=\"_blank\" rel=\"noreferrer noopener\">EDITAL N\u00ba 14 de 13 de setembro de 2021 &#8211; PROCESSO SELETIVO DE VAGAS REMANESCENTES PARA INGRESSO DE ESTUDANTES NOS CURSOS DA EDUCA\u00c7\u00c3O PROFISSIONAL T\u00c9CNICA DE N\u00cdVEL M\u00c9DIO, NA FORMA SUBSEQUENTE AO ENSINO M\u00c9DIO &#8211; MODALIDADE PRESENCIAL<\/a><\/p>\n\n\n\n<p><a href=\"https:\/\/www.ifbaiano.edu.br\/unidades\/catu\/files\/2021\/09\/Edital-no-13-2021-Cursos-Integrados-ao-Ensino-Medio.pdf\" target=\"_blank\" rel=\"noreferrer noopener\">EDITAL N\u00ba 13 de 13 de setembro de 2021- PROCESSO SELETIVO DE VAGAS REMANESCENTES PARA INGRESSO DE ESTUDANTES NOS CURSOS DA EDUCA\u00c7\u00c3O PROFISSIONAL T\u00c9CNICA DE N\u00cdVEL M\u00c9DIO, NA FORMA INTEGRADA AO ENSINO M\u00c9DIO MODALIDADE PRESENCIAL<\/a><\/p>\n\n\n\n<p><a rel=\"noreferrer noopener\" href=\"https:\/\/www.ifbaiano.edu.br\/unidades\/catu\/files\/2021\/09\/Edital-12-Bolsa-Projeto-IT-RESULTADO-DOS-RECURSOS-APOS-A-HOMOLOGACAO-DAS-INSCRICOES.pdf\" target=\"_blank\">Resultado dos Recursos ap\u00f3s a Homologa\u00e7\u00e3o das Inscri\u00e7\u00f5es &#8211; Edital n\u00ba 12 de 25 de Agosto de 2021 &#8211; Bolsa de Projeto de Inicia\u00e7\u00e3o Tecnol\u00f3gica <\/a><\/p>\n\n\n\n<p><a rel=\"noreferrer noopener\" href=\"https:\/\/www.ifbaiano.edu.br\/unidades\/catu\/files\/2021\/09\/Edital-12-Bolsa-Projeto-IT-Homologacao-Inscricoes.pdf\" target=\"_blank\">Resultado da Homologa\u00e7\u00e3o das Inscri\u00e7\u00f5es &#8211; Edital n\u00ba 12 de 25 de Agosto de 2021 &#8211; Sele\u00e7\u00e3o de Bolsista de N\u00edvel M\u00e9dio e Superior &#8211; Projeto de Inicia\u00e7\u00e3o Tecnol\u00f3gica<\/a><\/p>\n\n\n\n<p><a rel=\"noreferrer noopener\" href=\"https:\/\/www.ifbaiano.edu.br\/unidades\/catu\/files\/2021\/08\/Edital-12-Bolsa-Projeto-IT-Nivel-Medio-e-Superior.pdf\" target=\"_blank\">Edital n\u00ba 12 de 25 de Agosto de 2021 &#8211; Sele\u00e7\u00e3o de Bolsistas de N\u00edvel M\u00e9dio e Superior para atuar no projeto de Inicia\u00e7\u00e3o Tecnol\u00f3gica<\/a><\/p>\n\n\n\n<p><a href=\"https:\/\/www.ifbaiano.edu.br\/unidades\/catu\/files\/2020\/12\/Resultado-Final-Aquisicao-e-Manutencao-de-Equipamentos.pdf\" data-type=\"URL\" data-id=\"https:\/\/www.ifbaiano.edu.br\/unidades\/catu\/files\/2020\/12\/Resultado-Final-Aquisicao-e-Manutencao-de-Equipamentos.pdf\" target=\"_blank\" rel=\"noreferrer noopener\">RESULTADO FINAL, Edital de vagas remanescentes do aux\u00edlio de inclus\u00e3o digital para aquisi\u00e7\u00e3o e manuten\u00e7\u00e3o de equipamentos<\/a><\/p>\n\n\n\n<p><a rel=\"noreferrer noopener\" href=\"https:\/\/www.ifbaiano.edu.br\/unidades\/catu\/files\/2020\/12\/Resultado-Final-Pacote-de-Dados.pdf\" target=\"_blank\" data-type=\"URL\" data-id=\"https:\/\/www.ifbaiano.edu.br\/unidades\/catu\/files\/2020\/12\/Resultado-Final-Pacote-de-Dados.pdf\">RESULTADO FINAL, Edital de vagas remanescentes do aux\u00edlio de inclus\u00e3o digital para pacote de dados e contrata\u00e7\u00e3o de banda larga<\/a><\/p>\n\n\n\n<p><a rel=\"noreferrer noopener\" href=\"https:\/\/www.ifbaiano.edu.br\/unidades\/catu\/files\/2020\/12\/Edital-08-Convocacao-para-Admissao.pdf\" data-type=\"URL\" data-id=\"https:\/\/www.ifbaiano.edu.br\/unidades\/catu\/files\/2020\/12\/Edital-08-Convocacao-para-Admissao.pdf\" target=\"_blank\">CONVOCA\u00c7\u00c3O PARA ADMISS\u00c3O do Edital n\u00ba 08, de 09 de dezembro de 2020 sele\u00e7\u00e3o de bolsistas de n\u00edvel m\u00e9dio e n\u00edvel superior para atuar em projeto de inicia\u00e7\u00e3o tecnol\u00f3gica<\/a><\/p>\n\n\n\n<p><a rel=\"noreferrer noopener\" href=\"https:\/\/www.ifbaiano.edu.br\/unidades\/catu\/files\/2020\/12\/Edtal-08-Resultado-Final-de-Classificacao.pdf\" target=\"_blank\" data-type=\"URL\" data-id=\"https:\/\/www.ifbaiano.edu.br\/unidades\/catu\/files\/2020\/12\/Edtal-08-Resultado-Final-de-Classificacao.pdf\">RESULTADO FINAL DE CLASSIFICA\u00c7\u00c3O do Edital n\u00ba 08, de 09 de dezembro de 2020 sele\u00e7\u00e3o de bolsistas de n\u00edvel m\u00e9dio e n\u00edvel superior para atuar em projeto de inicia\u00e7\u00e3o tecnol\u00f3gica<\/a><\/p>\n\n\n\n<p><a rel=\"noreferrer noopener\" href=\"https:\/\/www.ifbaiano.edu.br\/unidades\/catu\/files\/2020\/12\/Resultado-preliminar-pacote-de-Dados.pdf\" data-type=\"URL\" data-id=\"https:\/\/www.ifbaiano.edu.br\/unidades\/catu\/files\/2020\/12\/Resultado-preliminar-pacote-de-Dados.pdf\" target=\"_blank\">RESULTADO PRELIMINAR, Edital de vagas remanescentes do aux\u00edlio de inclus\u00e3o digital para pacote de dados e contrata\u00e7\u00e3o de banda larga<\/a><\/p>\n\n\n\n<p><a rel=\"noreferrer noopener\" href=\"https:\/\/www.ifbaiano.edu.br\/unidades\/catu\/files\/2020\/12\/Resultado-preliminar-aquisicao-e-manutencao-de-equipamentos.pdf\" data-type=\"URL\" data-id=\"https:\/\/www.ifbaiano.edu.br\/unidades\/catu\/files\/2020\/12\/Resultado-preliminar-aquisicao-e-manutencao-de-equipamentos.pdf\" target=\"_blank\">RESULTADO PRELIMINAR, Edital de vagas remanescentes do aux\u00edlio de inclus\u00e3o digital para aquisi\u00e7\u00e3o e manuten\u00e7\u00e3o de equipamentos<\/a><\/p>\n\n\n\n<p><a rel=\"noreferrer noopener\" href=\"https:\/\/www.ifbaiano.edu.br\/unidades\/catu\/files\/2020\/12\/Edital-08-Bolsa-Projeto-IT-RESULTADO-PARCIAL.pdf\" data-type=\"URL\" data-id=\"https:\/\/www.ifbaiano.edu.br\/unidades\/catu\/files\/2020\/12\/Edital-08-Bolsa-Projeto-IT-RESULTADO-PARCIAL.pdf\" target=\"_blank\">RESULTADO PRELIMINAR DE CLASSIFICA\u00c7\u00c3O do Edital n\u00ba 08, de 09 de dezembro de 2020 sele\u00e7\u00e3o de bolsistas de n\u00edvel m\u00e9dio e n\u00edvel superior para atuar em projeto de inicia\u00e7\u00e3o tecnol\u00f3gica<\/a><\/p>\n\n\n\n<p><a rel=\"noreferrer noopener\" href=\"https:\/\/www.ifbaiano.edu.br\/unidades\/catu\/files\/2020\/12\/Edital-08-Bolsa-Projeto-IT-RESULTADO-DOS-RECURSOS-APOS-A-HOMOLOGACAO-DAS-INSCRICOES-3.pdf\" data-type=\"URL\" data-id=\"https:\/\/www.ifbaiano.edu.br\/unidades\/catu\/files\/2020\/12\/Edital-08-Bolsa-Projeto-IT-RESULTADO-DOS-RECURSOS-APOS-A-HOMOLOGACAO-DAS-INSCRICOES-3.pdf\" target=\"_blank\">RESULTADO DOS RECURSOS AP\u00d3S A HOMOLOGA\u00c7\u00c3O DAS INSCRI\u00c7\u00d5ES do Edital n\u00ba 08, de 09 de dezembro de 2020 sele\u00e7\u00e3o de bolsistas de n\u00edvel m\u00e9dio e n\u00edvel superior para atuar em projeto de inicia\u00e7\u00e3o tecnol\u00f3gica<\/a><\/p>\n\n\n\n<p><a rel=\"noreferrer noopener\" href=\"https:\/\/www.ifbaiano.edu.br\/unidades\/catu\/files\/2020\/12\/Edital-de-Retificacao-11-Selecao-bolsista-monitoria.pdf\" data-type=\"URL\" data-id=\"https:\/\/www.ifbaiano.edu.br\/unidades\/catu\/files\/2020\/12\/Edital-de-Retificacao-11-Selecao-bolsista-monitoria.pdf\" target=\"_blank\">EDITAL DE PRORROGA\u00c7\u00c3O N.\u00ba 11 de 18 de dezembro de 2020 &#8211; sele\u00e7\u00e3o de bolsistas para monitorias de cursos t\u00e9cnicos de n\u00edvel m\u00e9dio e gradua\u00e7\u00e3o<\/a><\/p>\n\n\n\n<p><a rel=\"noreferrer noopener\" href=\"https:\/\/www.ifbaiano.edu.br\/unidades\/catu\/files\/2020\/12\/Classificacao-FINAL-2-fase-Edital-04.2020-Selecao-de-Estagiarios.pdf\" data-type=\"URL\" data-id=\"https:\/\/www.ifbaiano.edu.br\/unidades\/catu\/files\/2020\/12\/Classificacao-FINAL-2-fase-Edital-04.2020-Selecao-de-Estagiarios.pdf\" target=\"_blank\">RESULTADO FINAL (2\u00aa ETAPA) do Edital n.\u00ba 04, de 27 de novembro de 2020 (retificado) sele\u00e7\u00e3o de estagi\u00e1rios<\/a><\/p>\n\n\n\n<p><a rel=\"noreferrer noopener\" href=\"https:\/\/www.ifbaiano.edu.br\/unidades\/catu\/files\/2020\/12\/Edital-08-Bolsa-Projeto-IT-Retificado-em-16-12-2020-2.pdf\" data-type=\"URL\" data-id=\"https:\/\/www.ifbaiano.edu.br\/unidades\/catu\/files\/2020\/12\/Edital-08-Bolsa-Projeto-IT-Retificado-em-16-12-2020-2.pdf\" target=\"_blank\">Edital n\u00ba 08, de 09 de dezembro de 2020 sele\u00e7\u00e3o de bolsistas de n\u00edvel m\u00e9dio e n\u00edvel superior para atuar em projeto de inicia\u00e7\u00e3o tecnol\u00f3gica (RETIFICADO EM 16\/12\/2020)<\/a><\/p>\n\n\n\n<p><a rel=\"noreferrer noopener\" href=\"https:\/\/www.ifbaiano.edu.br\/unidades\/catu\/files\/2020\/12\/Edital-de-Retificacao-10-Bolsa-Projeto-IT_2020-2.pdf\" data-type=\"URL\" data-id=\"https:\/\/www.ifbaiano.edu.br\/unidades\/catu\/files\/2020\/12\/Edital-de-Retificacao-10-Bolsa-Projeto-IT_2020-2.pdf\" target=\"_blank\">EDITAL DE PRORROGA\u00c7\u00c3O E RETIFICA\u00c7\u00c3O n.\u00ba 10 de 16 de dezembro de 2020 sele\u00e7\u00e3o de bolsistas de inicia\u00e7\u00e3o tecnol\u00f3gica n\u00edvel m\u00e9dio e n\u00edvel superior 2020<\/a><\/p>\n\n\n\n<p><a rel=\"noreferrer noopener\" href=\"https:\/\/www.ifbaiano.edu.br\/unidades\/catu\/files\/2020\/12\/Resultado-Final-Selecao-Monitoria.pdf\" data-type=\"URL\" data-id=\"https:\/\/www.ifbaiano.edu.br\/unidades\/catu\/files\/2020\/12\/Resultado-Final-Selecao-Monitoria.pdf\" target=\"_blank\">RESULTADO FINAL E SELE\u00c7\u00c3O DE MONITORES do Edital n\u00ba 02, de 24 de novembro de 2020 (retificado) sele\u00e7\u00e3o de bolsistas para monitorias de cursos t\u00e9cnicos de n\u00edvel m\u00e9dio e gradua\u00e7\u00e3o<\/a><\/p>\n\n\n\n<p><a rel=\"noreferrer noopener\" href=\"https:\/\/www.ifbaiano.edu.br\/unidades\/catu\/files\/2020\/12\/Homologacao-Inscricoes-Bolsistas-Projeto-.pdf\" data-type=\"URL\" data-id=\"https:\/\/www.ifbaiano.edu.br\/unidades\/catu\/files\/2020\/12\/Homologacao-Inscricoes-Bolsistas-Projeto-.pdf\" target=\"_blank\">HOMOLOGA\u00c7\u00c3O DAS INSCRI\u00c7\u00d5ES do Edital n\u00ba 08, de 09 de dezembro de 2020 sele\u00e7\u00e3o de bolsistas de n\u00edvel m\u00e9dio e n\u00edvel superior para atuar em projeto de inicia\u00e7\u00e3o tecnol\u00f3gica<\/a><\/p>\n\n\n\n<p><a rel=\"noreferrer noopener\" href=\"https:\/\/www.ifbaiano.edu.br\/unidades\/catu\/files\/2020\/12\/Classificacao-Preliminar-2-fase-Edital-04.2020-Selecao-de-Estagiarios.pdf\" data-type=\"URL\" data-id=\"https:\/\/www.ifbaiano.edu.br\/unidades\/catu\/files\/2020\/12\/Classificacao-Preliminar-2-fase-Edital-04.2020-Selecao-de-Estagiarios.pdf\" target=\"_blank\">RESULTADO PRELIMINAR 2\u00aa ETAPA, do Edital n.\u00ba 04, de 27 de novembro de 2020 (retificado) sele\u00e7\u00e3o de estagi\u00e1rios<\/a><\/p>\n\n\n\n<p><a rel=\"noreferrer noopener\" href=\"https:\/\/www.ifbaiano.edu.br\/unidades\/catu\/files\/2020\/12\/Resultado-Preliminar-Monitoria-14-12-2020.pdf\" data-type=\"URL\" data-id=\"https:\/\/www.ifbaiano.edu.br\/unidades\/catu\/files\/2020\/12\/Resultado-Preliminar-Monitoria-14-12-2020.pdf\" target=\"_blank\">RESULTADO PRELIMINAR em 14 de dezembro, do Edital n\u00ba 02, de 24 de novembro de 2020 (retificado) da sele\u00e7\u00e3o de bolsistas para monitorias de cursos t\u00e9cnicos de n\u00edvel m\u00e9dio e gradua\u00e7\u00e3o<\/a><\/p>\n\n\n\n<p><a rel=\"noreferrer noopener\" href=\"https:\/\/www.ifbaiano.edu.br\/unidades\/catu\/files\/2020\/12\/Edital-Auxilio-Digital-Vagas-Remanescentes.pdf\" data-type=\"URL\" data-id=\"https:\/\/www.ifbaiano.edu.br\/unidades\/catu\/files\/2020\/12\/Edital-Auxilio-Digital-Vagas-Remanescentes.pdf\" target=\"_blank\">Edital Aux\u00edlio Digital &#8211; Vagas Remanescentes (11.12.2020)<\/a><\/p>\n\n\n\n<p><a rel=\"noreferrer noopener\" href=\"https:\/\/www.ifbaiano.edu.br\/unidades\/catu\/files\/2020\/12\/Homologacao-das-Inscricoes-\u2013-Edital-no-04-\u2013-Selecao-de-Estagiarios-APOS-RECURSOS.pdf\" data-type=\"URL\" data-id=\"https:\/\/www.ifbaiano.edu.br\/unidades\/catu\/files\/2020\/12\/Homologacao-das-Inscricoes-\u2013-Edital-no-04-\u2013-Selecao-de-Estagiarios-APOS-RECURSOS.pdf\" target=\"_blank\">Homologa\u00e7\u00e3o das Inscri\u00e7\u00f5es \u2013 Edital n\u00ba 04 \u2013 Sele\u00e7\u00e3o de Estagi\u00e1rios AP\u00d3S RECURSOS<\/a><\/p>\n\n\n\n<p><a rel=\"noreferrer noopener\" href=\"https:\/\/www.ifbaiano.edu.br\/unidades\/catu\/files\/2020\/12\/Edital-04-original-RETIFICADO.pdf\" data-type=\"URL\" data-id=\"https:\/\/www.ifbaiano.edu.br\/unidades\/catu\/files\/2020\/12\/Edital-04-original-RETIFICADO.pdf\" target=\"_blank\">Edital n.\u00ba 04, de 27 de novembro de 2020 (retificado) sele\u00e7\u00e3o de estagi\u00e1rios &#8211; completo<\/a><\/p>\n\n\n\n<p><a rel=\"noreferrer noopener\" href=\"https:\/\/www.ifbaiano.edu.br\/unidades\/catu\/files\/2020\/12\/OFICIO-CIRCULAR-52020-CAT-CGAECAT-DDECATDGRETIFBAIANO.pdf\" data-type=\"URL\" data-id=\"https:\/\/www.ifbaiano.edu.br\/unidades\/catu\/files\/2020\/12\/OFICIO-CIRCULAR-52020-CAT-CGAECAT-DDECATDGRETIFBAIANO.pdf\" target=\"_blank\">Lista final de benefici\u00e1rios do aux\u00edlio de inclus\u00e3o digital para aquisi\u00e7\u00e3o e manuten\u00e7\u00e3o de equipamentos<\/a><\/p>\n\n\n\n<p><a href=\"https:\/\/www.ifbaiano.edu.br\/unidades\/catu\/files\/2020\/12\/OFICIO-CIRCULAR-62020-CAT-CGAECAT-DDECATDGRETIFBAIANO.pdf\" data-type=\"URL\" data-id=\"https:\/\/www.ifbaiano.edu.br\/unidades\/catu\/files\/2020\/12\/OFICIO-CIRCULAR-62020-CAT-CGAECAT-DDECATDGRETIFBAIANO.pdf\" target=\"_blank\" rel=\"noreferrer noopener\">Lista final de benefici\u00e1rios do aux\u00edlio de inclus\u00e3o digital para pacote de dados e contrata\u00e7\u00e3o de banda larga<\/a><\/p>\n\n\n\n<p><a rel=\"noreferrer noopener\" href=\"https:\/\/www.ifbaiano.edu.br\/unidades\/catu\/files\/2020\/12\/EDITAL-No-08-DE-09-DE-DEZEMBRO-DE-2020-SELECAO-DE-BOLSISTAS-DE-NIVEL-MEDIO-E-NIVEL-SUPERIOR.pdf\" data-type=\"URL\" data-id=\"https:\/\/www.ifbaiano.edu.br\/unidades\/catu\/files\/2020\/12\/EDITAL-No-08-DE-09-DE-DEZEMBRO-DE-2020-SELECAO-DE-BOLSISTAS-DE-NIVEL-MEDIO-E-NIVEL-SUPERIOR.pdf\" target=\"_blank\">Edital n\u00ba 08, de 09 de dezembro de 2020 &#8211; Sele\u00e7\u00e3o de bolsistas de n\u00edvel m\u00e9dio e n\u00edvel superior para atuar em Projeto de Inicia\u00e7\u00e3o Tecnol\u00f3gica<\/a><\/p>\n\n\n\n<p><a rel=\"noreferrer noopener\" href=\"https:\/\/drive.google.com\/file\/d\/11hA0Qwmcn1rjdqffiz4fKFiYytk5R1BU\/view\" data-type=\"URL\" data-id=\"https:\/\/drive.google.com\/file\/d\/11hA0Qwmcn1rjdqffiz4fKFiYytk5R1BU\/view\" target=\"_blank\">Anexos edit\u00e1veis do Edital n\u00ba 08, de 09 de dezembro de 2020<\/a><\/p>\n\n\n\n<p><a rel=\"noreferrer noopener\" href=\"https:\/\/www.ifbaiano.edu.br\/unidades\/catu\/files\/2020\/12\/Resposta-ao-Recurso-Interposto-Edital-no-02-Selecao-de-Bolsistas-para-Monitoria.pdf\" target=\"_blank\">Resposta ao Recurso Interposto &#8211; Edital n\u00ba 02 &#8211; Sele\u00e7\u00e3o de Bolsistas para Monitoria<\/a><\/p>\n\n\n\n<p><a href=\"https:\/\/www.ifbaiano.edu.br\/unidades\/catu\/files\/2020\/12\/Manutencao-e-Aquisicao-de-Equipamentos.pdf\">Manuten\u00e7\u00e3o e Aquisi\u00e7\u00e3o de Equipamentos<\/a><\/p>\n\n\n\n<p><a href=\"https:\/\/www.ifbaiano.edu.br\/unidades\/catu\/files\/2020\/12\/Pacote-de-dados-Lista-Preliminar-de-beneficiarios.pdf\" target=\"_blank\" rel=\"noreferrer noopener\">Pacote de Dados<\/a><\/p>\n\n\n\n<p><a href=\"https:\/\/www.ifbaiano.edu.br\/unidades\/catu\/files\/2020\/12\/Inscricoes-nao-validadas.pdf\">Inscri\u00e7\u00f5es n\u00e3o validadas<\/a><\/p>\n\n\n\n<p><a rel=\"noreferrer noopener\" href=\"https:\/\/www.ifbaiano.edu.br\/unidades\/catu\/files\/2020\/12\/Homologacao-das-Inscricoes-Edital-no-02-\u2013-Selecao-de-Bolsistas-para-Monitoria-1.pdf\" target=\"_blank\">Homologa\u00e7\u00e3o das Inscri\u00e7\u00f5es &#8211; Edital n\u00ba 02 \u2013 Sele\u00e7\u00e3o de Bolsistas para Monitoria<\/a><\/p>\n\n\n\n<p><a href=\"https:\/\/www.ifbaiano.edu.br\/unidades\/catu\/files\/2020\/12\/Retificacao-Homologacao-das-Inscricoes-Edital-02.pdf\" data-type=\"URL\" data-id=\"https:\/\/www.ifbaiano.edu.br\/unidades\/catu\/files\/2020\/12\/Retificacao-Homologacao-das-Inscricoes-Edital-02.pdf\" target=\"_blank\" rel=\"noreferrer noopener\">Retifica\u00e7\u00e3o da homologa\u00e7\u00e3o das inscri\u00e7\u00f5es do Edital n\u00ba 02, de 24 de novembro de 2020 sele\u00e7\u00e3o de bolsistas para monitorias de cursos t\u00e9cnicos de n\u00edvel m\u00e9dio e gradua\u00e7\u00e3o<\/a><\/p>\n\n\n\n<p><a rel=\"noreferrer noopener\" href=\"https:\/\/www.ifbaiano.edu.br\/unidades\/catu\/files\/2020\/12\/Edital-no-02-Selecao-de-Bolsistas-para-Monitoria-retificado-02-12-2020.pdf\" target=\"_blank\">Edital n\u00ba 02 &#8211; Sele\u00e7\u00e3o de Bolsistas para Monitoria (retificado)<\/a><\/p>\n\n\n\n<p><a href=\"https:\/\/www.ifbaiano.edu.br\/unidades\/catu\/files\/2020\/12\/Edital-de-Retificacao-no-05-Selecao-de-Bolsistas-para-Monitoria.pdf\" target=\"_blank\" rel=\"noreferrer noopener\">Edital de Retifica\u00e7\u00e3o n\u00ba 05 &#8211; Sele\u00e7\u00e3o de Bolsistas para Monitoria<\/a><\/p>\n\n\n\n<p><a rel=\"noreferrer noopener\" href=\"https:\/\/www.ifbaiano.edu.br\/unidades\/catu\/files\/2020\/12\/Edital-no-02-Selecao-de-Bolsistas-para-Monitoria-retificado.pdf\" target=\"_blank\">Edital n\u00ba 02 &#8211; Sele\u00e7\u00e3o de Bolsistas para Monitoria (retificado)<\/a><\/p>\n\n\n\n<p><a href=\"https:\/\/www.ifbaiano.edu.br\/unidades\/catu\/files\/2020\/12\/Edital-de-Retificacao-no-04-Selecao-de-Bolsistas-para-Monitoria.pdf\" target=\"_blank\" rel=\"noreferrer noopener\">Edital de Retifica\u00e7\u00e3o n\u00ba 04 &#8211; Sele\u00e7\u00e3o de Bolsistas para Monitoria<\/a><\/p>\n\n\n\n<p><a rel=\"noreferrer noopener\" href=\"https:\/\/www.ifbaiano.edu.br\/unidades\/catu\/files\/2020\/11\/Edital-no-04-Selecao-de-estagiarios.pdf\" target=\"_blank\">Edital n\u00ba 04 &#8211; Sele\u00e7\u00e3o de estagi\u00e1rios<\/a><\/p>\n\n\n\n<p><a href=\"https:\/\/www.ifbaiano.edu.br\/unidades\/catu\/files\/2020\/12\/Edital-de-Retificacao-06-Selecao-de-Estagiarios.pdf\">Edital de Retifica\u00e7\u00e3o n\u00ba 06 &#8211; Sele\u00e7\u00e3o de Estagi\u00e1rios<\/a><\/p>\n\n\n\n<p><a rel=\"noreferrer noopener\" href=\"https:\/\/www.ifbaiano.edu.br\/unidades\/catu\/files\/2020\/12\/Edital-de-Retificacao-no07-Selecao-Estariario.pdf\" target=\"_blank\">Edital de Retifica\u00e7\u00e3o n\u00ba 07 &#8211; Sele\u00e7\u00e3o Estagi\u00e1rio<\/a><\/p>\n\n\n\n<p><a href=\"https:\/\/www.ifbaiano.edu.br\/unidades\/catu\/files\/2020\/12\/Homologacao-das-Inscricoes-\u2013-Edital-n-04-\u2013-Selecao-de-Estagiarios.pdf\" data-type=\"URL\" data-id=\"https:\/\/www.ifbaiano.edu.br\/unidades\/catu\/files\/2020\/12\/Homologacao-das-Inscricoes-\u2013-Edital-n-04-\u2013-Selecao-de-Estagiarios.pdf\" target=\"_blank\" rel=\"noreferrer noopener\">Homologa\u00e7\u00e3o das Inscri\u00e7\u00f5es \u2013 Edital n 04 \u2013 Sele\u00e7\u00e3o de Estagi\u00e1rios<\/a><\/p>\n\n\n\n<p><a rel=\"noreferrer noopener\" href=\"https:\/\/www.ifbaiano.edu.br\/unidades\/catu\/files\/2020\/11\/Edital-no-02-Retificado-Selecao-de-Bolsistas-para-Monitorias-Nivel-Medio-e-Graduacao.pdf\" target=\"_blank\">Edital n\u00ba 02 Retificado &#8211; Sele\u00e7\u00e3o de Bolsistas para Monitorias &#8211; N\u00edvel M\u00e9dio e Gradua\u00e7\u00e3o<\/a><\/p>\n\n\n\n<p><a href=\"https:\/\/www.ifbaiano.edu.br\/unidades\/catu\/files\/2020\/11\/Cronograma-Retificado-Edital-no-01-Auxilios-de-Inclusao-Digital.pdf\" target=\"_blank\" rel=\"noreferrer noopener\">Cronograma Retificado &#8211; Edital n\u00ba 01 &#8211; Aux\u00edlios de Inclus\u00e3o Digital<\/a><\/p>\n\n\n\n<p><a href=\"https:\/\/www.ifbaiano.edu.br\/unidades\/catu\/files\/2020\/11\/Edital-de-Retificacao-no-03-Selecao-de-Bolsistas-para-Monitorias-Nivel-Medio-e-Graduacao.pdf\" target=\"_blank\" rel=\"noreferrer noopener\">Edital de Retifica\u00e7\u00e3o n\u00ba 03 &#8211; Sele\u00e7\u00e3o de Bolsistas para Monitorias &#8211; N\u00edvel M\u00e9dio e Gradua\u00e7\u00e3o<\/a><\/p>\n\n\n\n<p><a rel=\"noreferrer noopener\" href=\"https:\/\/www.ifbaiano.edu.br\/unidades\/catu\/files\/2020\/11\/Edital-no-02-de-2020-Selecao-de-Bolsistas-para-Monitorias-Nivel-Medio-e-Graduacao.pdf\" target=\"_blank\">Edital n\u00ba 02 de 2020 &#8211; Sele\u00e7\u00e3o de Bolsistas para Monitorias &#8211; N\u00edvel M\u00e9dio e Gradua\u00e7\u00e3o<\/a><\/p>\n\n\n\n<p><a rel=\"noreferrer noopener\" href=\"https:\/\/www.ifbaiano.edu.br\/unidades\/catu\/files\/2020\/11\/Cronograma-retificado-Edital-no-01-de-2020-AUXILIOS-DE-INCLUSAO-DIGITAL.pdf\" target=\"_blank\">Cronograma retificado &#8211; Edital n\u00ba 01 de 2020 &#8211; AUX\u00cdLIOS DE INCLUS\u00c3O DIGITAL<\/a><\/p>\n\n\n\n<p><a href=\"https:\/\/www.ifbaiano.edu.br\/unidades\/catu\/files\/2020\/11\/Edital-no-01-de-2020-Retificacao-AUXILIOS-DE-INCLUSAO-DIGITAL.pdf\" target=\"_blank\" rel=\"noreferrer noopener\">Edital n\u00ba 01 de 2020 &#8211; Retifica\u00e7\u00e3o &#8211; AUX\u00cdLIOS DE INCLUS\u00c3O DIGITAL<\/a><\/p>\n\n\n\n<p><a rel=\"noreferrer noopener\" href=\"https:\/\/www.ifbaiano.edu.br\/unidades\/catu\/files\/2020\/11\/Edital-auxilios-digitais-Campus-Catu-versao-final-assinado.pdf\" target=\"_blank\">EDITAL N\u00ba01\/2020 &#8211; AUX\u00cdLIOS DE INCLUS\u00c3O DIGITAL EM ATENDIMENTO \u00c0S APNP\u2019s<\/a><\/p>\n","protected":false},"excerpt":{"rendered":"<p>Retifica\u00e7\u00e3o do Edital 01\/2026 &#8211; De Vagas para Realiza\u00e7\u00e3o de Est\u00e1gio Interno EDITAL N\u00ba 01\/2026 &#8211; EDITAL DE VAGAS PARA REALIZA\u00c7\u00c3O DE EST\u00c1GIO INTERNO Retifica\u00e7\u00e3o do Edital n\u00ba 13\/2023 &#8211; Sele\u00e7\u00e3o de estudantes para a realiza\u00e7\u00e3o de est\u00e1gio interno no Campus Catu Edital n\u00ba 13\/2023 -Sele\u00e7\u00e3o de estudantes do n\u00edvel m\u00e9dio para a realiza\u00e7\u00e3o de [&hellip;]<\/p>\n","protected":false},"author":74,"featured_media":0,"parent":0,"menu_order":0,"comment_status":"closed","ping_status":"closed","template":"","meta":[],"_links":{"self":[{"href":"https:\/\/www.ifbaiano.edu.br\/unidades\/catu\/wp-json\/wp\/v2\/pages\/18073"}],"collection":[{"href":"https:\/\/www.ifbaiano.edu.br\/unidades\/catu\/wp-json\/wp\/v2\/pages"}],"about":[{"href":"https:\/\/www.ifbaiano.edu.br\/unidades\/catu\/wp-json\/wp\/v2\/types\/page"}],"author":[{"embeddable":true,"href":"https:\/\/www.ifbaiano.edu.br\/unidades\/catu\/wp-json\/wp\/v2\/users\/74"}],"replies":[{"embeddable":true,"href":"https:\/\/www.ifbaiano.edu.br\/unidades\/catu\/wp-json\/wp\/v2\/comments?post=18073"}],"version-history":[{"count":143,"href":"https:\/\/www.ifbaiano.edu.br\/unidades\/catu\/wp-json\/wp\/v2\/pages\/18073\/revisions"}],"predecessor-version":[{"id":26763,"href":"https:\/\/www.ifbaiano.edu.br\/unidades\/catu\/wp-json\/wp\/v2\/pages\/18073\/revisions\/26763"}],"wp:attachment":[{"href":"https:\/\/www.ifbaiano.edu.br\/unidades\/catu\/wp-json\/wp\/v2\/media?parent=18073"}],"curies":[{"name":"wp","href":"https:\/\/api.w.org\/{rel}","templated":true}]}}