{"id":18079,"date":"2020-02-18T12:49:49","date_gmt":"2020-02-18T12:49:49","guid":{"rendered":"http:\/\/www.ifbaiano.edu.br\/unidades\/catu\/?page_id=18079"},"modified":"2020-02-18T12:50:01","modified_gmt":"2020-02-18T12:50:01","slug":"plano-anual-de-contratacoes","status":"publish","type":"page","link":"https:\/\/www.ifbaiano.edu.br\/unidades\/catu\/plano-anual-de-contratacoes\/","title":{"rendered":"Plano Anual de Contrata\u00e7\u00f5es"},"content":{"rendered":"\n<p><strong>Divulga\u00e7\u00e3o do Plano Anual de Contrata\u00e7\u00f5es (PAC) \u2013 2020<\/strong><\/p>\n\n\n\n<p>O IF Baiano \u2013 Campus Catu apresenta o Plano Anual de Contrata\u00e7\u00f5es (PAC) correspondente \u00e0s contrata\u00e7\u00f5es que pretende realizar ou renovar durante o exerc\u00edcio 2020. O PAC foi elaborado no decorrer do ano de 2019 em cumprimento \u00e0 Instru\u00e7\u00e3o Normativa n\u00ba 01\/2019 do Minist\u00e9rio da Economia.<\/p>\n\n\n\n<p>O Campus Catu buscou mobilizar todas as Coordena\u00e7\u00f5es Acad\u00eamicas e Unidades Administrativas para a identifica\u00e7\u00e3o de itens de despesas de custeio e capital e, os quais constam em seu PAC.<\/p>\n\n\n\n<p>A rela\u00e7\u00e3o apresentada n\u00e3o gera a obriga\u00e7\u00e3o de contrata\u00e7\u00e3o na sua totalidade, pois est\u00e1 condicionada a disponibiliza\u00e7\u00e3o de recursos or\u00e7ament\u00e1rios. Sendo assim, alguns itens apresentados poder\u00e3o ser contratados em quantidades menores ou at\u00e9 mesmo serem suprimidos.<\/p>\n\n\n\n<p><strong><a href=\"http:\/\/www.ifbaiano.edu.br\/unidades\/catu\/files\/2020\/02\/PAC-2020-Campus-Catu.pdf\">Clique aqui para acessar o PAC 2020 &#8211; Consolidado<\/a><\/strong><\/p>\n\n\n\n<p>A&nbsp;consulta aos itens do PAC tamb\u00e9m poder\u00e1 ser realizada&nbsp;atrav\u00e9s do Painel de Compras, seguindo os seguintes passos:<\/p>\n\n\n\n<p>-Acesse o novo Painel de Compras por meio do endere\u00e7o eletr\u00f4nico:&nbsp;<a target=\"_blank\" href=\"http:\/\/paineldecompras.economia.gov.br\/\" rel=\"noreferrer noopener\">http:\/\/paineldecompras.economia.gov.br\/<\/a>;<br>-Na barra de op\u00e7\u00f5es prim\u00e1ria, clique no bot\u00e3o \u201cPainel de Compras\u201d ou no bot\u00e3o central \u201cAcessar Compras\u201d;<br>-Em seguida, na barra de op\u00e7\u00f5es secund\u00e1ria, clique no bot\u00e3o \u201cPlano Anual de Contrata\u00e7\u00f5es\u201d;<br>-Na coluna esquerda, clique em \u201cOcultar Filtros\u201d, caso os filtros estejam ocultos;<br>-Selecione o filtro \u201cC\u00f3digo\/nome da UASG\u201d (UASG significa \u201cUnidade Administrativa de Servi\u00e7os Gerais\u201d);<br>-No campo de edi\u00e7\u00e3o \u201cPesquisar na caixa de listagem\u201d, informe o c\u00f3digo 158443 (este \u00e9 o c\u00f3digo refere-se ao n\u00famero UASG do C\u00e2mpus Catu);\n\n<\/p>\n","protected":false},"excerpt":{"rendered":"<p>Divulga\u00e7\u00e3o do Plano Anual de Contrata\u00e7\u00f5es (PAC) \u2013 2020 O IF Baiano \u2013 Campus Catu apresenta o Plano Anual de Contrata\u00e7\u00f5es (PAC) correspondente \u00e0s contrata\u00e7\u00f5es que pretende realizar ou renovar durante o exerc\u00edcio 2020. O PAC foi elaborado no decorrer do ano de 2019 em cumprimento \u00e0 Instru\u00e7\u00e3o Normativa n\u00ba 01\/2019 do Minist\u00e9rio da Economia. [&hellip;]<\/p>\n","protected":false},"author":74,"featured_media":0,"parent":0,"menu_order":0,"comment_status":"closed","ping_status":"closed","template":"","meta":[],"_links":{"self":[{"href":"https:\/\/www.ifbaiano.edu.br\/unidades\/catu\/wp-json\/wp\/v2\/pages\/18079"}],"collection":[{"href":"https:\/\/www.ifbaiano.edu.br\/unidades\/catu\/wp-json\/wp\/v2\/pages"}],"about":[{"href":"https:\/\/www.ifbaiano.edu.br\/unidades\/catu\/wp-json\/wp\/v2\/types\/page"}],"author":[{"embeddable":true,"href":"https:\/\/www.ifbaiano.edu.br\/unidades\/catu\/wp-json\/wp\/v2\/users\/74"}],"replies":[{"embeddable":true,"href":"https:\/\/www.ifbaiano.edu.br\/unidades\/catu\/wp-json\/wp\/v2\/comments?post=18079"}],"version-history":[{"count":1,"href":"https:\/\/www.ifbaiano.edu.br\/unidades\/catu\/wp-json\/wp\/v2\/pages\/18079\/revisions"}],"predecessor-version":[{"id":18082,"href":"https:\/\/www.ifbaiano.edu.br\/unidades\/catu\/wp-json\/wp\/v2\/pages\/18079\/revisions\/18082"}],"wp:attachment":[{"href":"https:\/\/www.ifbaiano.edu.br\/unidades\/catu\/wp-json\/wp\/v2\/media?parent=18079"}],"curies":[{"name":"wp","href":"https:\/\/api.w.org\/{rel}","templated":true}]}}