{"id":18129,"date":"2025-05-13T07:35:30","date_gmt":"2025-05-13T10:35:30","guid":{"rendered":"https:\/\/www.ifbaiano.edu.br\/unidades\/catu\/?page_id=18129"},"modified":"2025-05-13T07:38:13","modified_gmt":"2025-05-13T10:38:13","slug":"apresentacao","status":"publish","type":"page","link":"https:\/\/www.ifbaiano.edu.br\/unidades\/catu\/biblioteca-4\/apresentacao\/","title":{"rendered":"Apresenta\u00e7\u00e3o"},"content":{"rendered":"\n<p><strong>BIBLIOTECA<\/strong><br>Aberta ao p\u00fablico para consultas, a Biblioteca permite o empr\u00e9stimo domiciliar aos usu\u00e1rios vinculados ao Instituto Federal Baiano &#8211; alunos, professores, servidores e colaboradores terceirizados, devidamente registrados na Biblioteca de cada Campus.<br><br>Acessando <a rel=\"noreferrer noopener\" aria-label=\"http:\/\/pergamum.ifbaiano.edu.br (abre numa nova aba)\" href=\"http:\/\/pergamum.ifbaiano.edu.br\" target=\"_blank\">pergamum.ifbaiano.edu.br<\/a>, \u00e9 poss\u00edvel renovar empr\u00e9stimos, reservar exemplares e pesquisar todo o acervo.<\/p>\n\n\n\n<p><strong>MISS\u00c3O DA BIBLIOTECA<\/strong><br>Promover o acesso \u00e0 informa\u00e7\u00e3o para toda a comunidade acad\u00eamica, de forma atualizada, oferecendo servi\u00e7os e produtos necess\u00e1rios ao desenvolvimento das atividades de ensino, pesquisa e extens\u00e3o.<\/p>\n\n\n\n<p><strong>HOR\u00c1RIO DE FUNCIONAMENTO<\/strong><br>Segunda a sexta-feira das 08h \u00e0s 21h.<\/p>\n\n\n\n<p>Estamos nas redes sociais, curta nossa p\u00e1gina no <a rel=\"noreferrer noopener\" aria-label=\"Facebook (abre numa nova aba)\" href=\"https:\/\/www.facebook.com\/biblioteca.joseribeirodecarvalho\" target=\"_blank\">Facebook<\/a> e no <a rel=\"noreferrer noopener\" aria-label=\"Instagram (abre numa nova aba)\" href=\"https:\/\/www.instagram.com\/ifcatu.biblioteca\/\" target=\"_blank\">Instagram<\/a>!<\/p>\n\n\n\n<p style=\"font-size:18px\"><strong>D\u00favidas? Encaminhe um e-mail ou entre em contato pelo WhatsApp pelo n\u00famero\u00a071 98275-4503<\/strong><\/p>\n\n\n\n<hr class=\"wp-block-separator has-text-color has-luminous-vivid-orange-color has-css-opacity has-luminous-vivid-orange-background-color has-background aligncenter is-style-wide\" \/>\n\n\n\n<p class=\"has-text-align-center has-vivid-purple-color has-text-color has-medium-font-size\"><strong>HOR\u00c1RIO DE FUNCIONAMENTO DO SETOR E ESCALA NOMINAL<\/strong><\/p>\n\n\n\n<p class=\"has-text-align-center has-vivid-red-color has-text-color\" style=\"font-size:18px\"><em><strong>HOR\u00c1RIO DE FUNCIONAMENTO: 08h \u00e0s 21h (Segunda a Sexta)<\/strong><\/em><\/p>\n\n\n<table style=\"height: 684px\" border=\"0\" width=\"840\" cellspacing=\"0\">\n<colgroup width=\"288\"><\/colgroup>\n<colgroup width=\"293\"><\/colgroup>\n<tbody>\n<tr>\n<td align=\"center\" valign=\"middle\" bgcolor=\"#DDE8CB\" height=\"36\"><span style=\"color: #0000ff\"><b><span style=\"font-family: 'Liberation Serif';font-size: medium\">NOMES DOS SERVIDORES <\/span><\/b><\/span><\/td>\n<td align=\"center\" valign=\"middle\" bgcolor=\"#DDE8CB\"><span style=\"color: #0000ff\"><b><span style=\"font-family: 'Liberation Serif';font-size: medium\">HOR\u00c1RIOS DE TRABALHO <\/span><\/b><\/span><\/td>\n<\/tr>\n<tr>\n<td align=\"center\" valign=\"middle\" height=\"188\"><b><i><span style=\"font-family: Liberation Serif;font-size: medium\">Marcos Paulo Oliveira de Carvalho <\/span><\/i><\/b><\/td>\n<td align=\"center\" valign=\"middle\"><b><i><span style=\"font-family: Liberation Serif;font-size: medium\">Segunda: 15h \u00e0s 21h<p><\/p>\n<p>Ter\u00e7a: 08h \u00e0s 14h<\/p>\n<p>Quarta: 15h \u00e0s 21h<\/p>\n<p>Quinta: 08h \u00e0s 14h<\/p>\n<\/span><\/i><\/b><p><b><i><\/i><\/b><\/p>\n<p><b><i><\/i><\/b><\/p>\n<p><b><i>Sexta: 12h \u00e0s 18h<\/i><\/b><\/p>\n<\/td>\n<\/tr>\n<tr>\n<td align=\"center\" valign=\"middle\" bgcolor=\"#DDE8CB\" height=\"20\"><b><i><span style=\"font-family: Liberation Serif;font-size: medium\">&nbsp;<\/span><\/i><\/b><\/td>\n<td align=\"center\" valign=\"middle\" bgcolor=\"#DDE8CB\"><b><i><span style=\"font-family: Liberation Serif;font-size: medium\">&nbsp;<\/span><\/i><\/b><\/td>\n<\/tr>\n<tr>\n<td align=\"center\" valign=\"middle\" height=\"189\"><b><i><span style=\"font-family: Liberation Serif;font-size: medium\">Sheila Coringa Lemos Garcia<\/span><\/i><\/b><\/td>\n<td align=\"center\" valign=\"middle\"><b><i><span style=\"font-family: Liberation Serif;font-size: medium\">Segunda: 08h \u00e0s 14h<p><\/p>\n<p>Ter\u00e7a: 12h \u00e0s 18h<\/p>\n<p>Quarta: 08h \u00e0s 14h<\/p>\n<p>Quinta: 11h \u00e0s 17h<\/p>\n<\/span><\/i><\/b><p><b><i><\/i><\/b><\/p>\n<p><b><i><\/i><\/b><\/p>\n<p><b><i>Sexta: 08h \u00e0s 14h<\/i><\/b><\/p>\n<\/td>\n<\/tr>\n<tr>\n<td align=\"center\" valign=\"middle\" bgcolor=\"#DDE8CB\" height=\"20\"><b><i><span style=\"font-family: Liberation Serif;font-size: medium\">&nbsp;<\/span><\/i><\/b><\/td>\n<td align=\"center\" valign=\"middle\" bgcolor=\"#DDE8CB\"><b><i><span style=\"font-family: Liberation Serif;font-size: medium\">&nbsp;<\/span><\/i><\/b><\/td>\n<\/tr>\n<tr>\n<td align=\"center\" valign=\"middle\" height=\"179\"><b><i><span style=\"font-family: Liberation Serif;font-size: medium\">Simone Sim\u00f5es da Silva<\/span><\/i><\/b><\/td>\n<td align=\"center\" valign=\"middle\"><b><i><span style=\"font-family: Liberation Serif;font-size: medium\">Segunda: 12h \u00e0s 18h<p><\/p>\n<p>Ter\u00e7a:15h \u00e0s 21h<\/p>\n<p>Quarta: 11h \u00e0s 17h<\/p>\n<p>Quinta:15h \u00e0s 21h<\/p>\n<\/span><\/i><\/b><p><b><i><\/i><\/b><\/p>\n<p><b><i><\/i><\/b><\/p>\n<p><b><i>Sexta 15h \u00e0s 21h<\/i><\/b><\/p>\n<\/td>\n<\/tr>\n<tr>\n<td align=\"center\" valign=\"middle\" bgcolor=\"#DDE8CB\" height=\"20\"><span style=\"font-family: Liberation Serif;font-size: medium\">&nbsp;<\/span><\/td>\n<td align=\"center\" valign=\"middle\" bgcolor=\"#DDE8CB\">&nbsp;<\/td>\n<\/tr>\n<\/tbody>\n<\/table>\n\n\n<p><strong>Contatos da Ouvidoria do IF Baiano:<\/strong> <\/p>\n\n\n\n<p><em>ouvidoria@ifbaiano.edu.br\/<\/em><\/p>\n\n\n\n<p><strong>Telefone:<\/strong><em>(71)3186-0049<\/em><\/p>\n\n\n\n<p><em>http:\/\/ifbaiano.edu.br\/portal\/ouvidoria\/<\/em><\/p>\n\n\n\n<p><strong>Contato CPCA:<\/strong> cpca@ifbaiano.edu.br<\/p>\n","protected":false},"excerpt":{"rendered":"<p>BIBLIOTECAAberta ao p\u00fablico para consultas, a Biblioteca permite o empr\u00e9stimo domiciliar aos usu\u00e1rios vinculados ao Instituto Federal Baiano &#8211; alunos, professores, servidores e colaboradores terceirizados, devidamente registrados na Biblioteca de cada Campus. Acessando pergamum.ifbaiano.edu.br, \u00e9 poss\u00edvel renovar empr\u00e9stimos, reservar exemplares e pesquisar todo o acervo. MISS\u00c3O DA BIBLIOTECAPromover o acesso \u00e0 informa\u00e7\u00e3o para toda a [&hellip;]<\/p>\n","protected":false},"author":74,"featured_media":0,"parent":3079,"menu_order":0,"comment_status":"closed","ping_status":"closed","template":"","meta":[],"_links":{"self":[{"href":"https:\/\/www.ifbaiano.edu.br\/unidades\/catu\/wp-json\/wp\/v2\/pages\/18129"}],"collection":[{"href":"https:\/\/www.ifbaiano.edu.br\/unidades\/catu\/wp-json\/wp\/v2\/pages"}],"about":[{"href":"https:\/\/www.ifbaiano.edu.br\/unidades\/catu\/wp-json\/wp\/v2\/types\/page"}],"author":[{"embeddable":true,"href":"https:\/\/www.ifbaiano.edu.br\/unidades\/catu\/wp-json\/wp\/v2\/users\/74"}],"replies":[{"embeddable":true,"href":"https:\/\/www.ifbaiano.edu.br\/unidades\/catu\/wp-json\/wp\/v2\/comments?post=18129"}],"version-history":[{"count":19,"href":"https:\/\/www.ifbaiano.edu.br\/unidades\/catu\/wp-json\/wp\/v2\/pages\/18129\/revisions"}],"predecessor-version":[{"id":25952,"href":"https:\/\/www.ifbaiano.edu.br\/unidades\/catu\/wp-json\/wp\/v2\/pages\/18129\/revisions\/25952"}],"up":[{"embeddable":true,"href":"https:\/\/www.ifbaiano.edu.br\/unidades\/catu\/wp-json\/wp\/v2\/pages\/3079"}],"wp:attachment":[{"href":"https:\/\/www.ifbaiano.edu.br\/unidades\/catu\/wp-json\/wp\/v2\/media?parent=18129"}],"curies":[{"name":"wp","href":"https:\/\/api.w.org\/{rel}","templated":true}]}}