{"id":18140,"date":"2022-06-03T09:53:02","date_gmt":"2022-06-03T12:53:02","guid":{"rendered":"https:\/\/www.ifbaiano.edu.br\/unidades\/catu\/?page_id=18140"},"modified":"2022-06-03T09:53:02","modified_gmt":"2022-06-03T12:53:02","slug":"contato","status":"publish","type":"page","link":"https:\/\/www.ifbaiano.edu.br\/unidades\/catu\/biblioteca-4\/contato\/","title":{"rendered":"Contato"},"content":{"rendered":"<table border=\"0\" cellspacing=\"0\"><colgroup width=\"205\"><\/colgroup> <colgroup width=\"202\"><\/colgroup> <colgroup width=\"336\"><\/colgroup> <colgroup width=\"111\"><\/colgroup>\n<tbody>\n<tr>\n<td align=\"center\" valign=\"middle\" bgcolor=\"#EEEEEE\" height=\"59\"><b><span style=\"color: #00a933;font-family: Liberation Serif;font-size: medium\">Setor<br \/>Coordena\u00e7\u00e3o<\/span><\/b><\/td>\n<td align=\"center\" valign=\"middle\" bgcolor=\"#EEEEEE\"><b><span style=\"color: #00a933;font-family: Liberation Serif;font-size: medium\">Chefe de Setor<br \/>Coordenador<br \/>Vice coordenador<\/span><\/b><\/td>\n<td align=\"center\" valign=\"middle\" bgcolor=\"#EEEEEE\"><b><span style=\"color: #00a933;font-family: Liberation Serif;font-size: medium\">E-mail <\/span><\/b><\/td>\n<td align=\"center\" valign=\"middle\" bgcolor=\"#EEEEEE\"><b><span style=\"color: #00a933;font-family: Liberation Serif;font-size: medium\">Contato<\/span><\/b><\/td>\n<\/tr>\n<tr>\n<td align=\"center\" valign=\"middle\" bgcolor=\"#DDE8CB\" height=\"34\"><span style=\"font-family: Liberation Serif\">BIBLIOTECA<\/span><\/td>\n<td align=\"center\" valign=\"middle\" bgcolor=\"#DDE8CB\"><span style=\"font-family: Liberation Serif\">BIBLIOTEC\u00c1RIA<\/span><\/td>\n<td align=\"center\" valign=\"middle\" bgcolor=\"#DDE8CB\"><span style=\"font-family: Liberation Serif\">biblioteca@catu.ifbaiano.edu.br<\/span><\/td>\n<td align=\"center\" valign=\"middle\" bgcolor=\"#DDE8CB\"><span style=\"font-family: Liberation Serif\">(71) 3641-7999 (71) 3641-7926<\/span><\/td>\n<\/tr>\n<tr>\n<td align=\"center\" valign=\"middle\" height=\"50\"><span style=\"font-family: Liberation Serif\">BIBLIOTECA<\/span><\/td>\n<td align=\"center\" valign=\"middle\"><span style=\"font-family: Liberation Serif\">Ana Paula Santos Ribeiro (Bibliotec\u00e1ria)<br \/><\/span><\/td>\n<td align=\"center\" valign=\"middle\"><span style=\"font-family: Liberation Serif\">anapaula.ribeiro@ifbaiano.edu.br<\/span><\/td>\n<td align=\"center\" valign=\"middle\"><span style=\"font-family: Liberation Serif\">XXXXXXXX<\/span><\/td>\n<\/tr>\n<tr>\n<td align=\"center\" valign=\"middle\" bgcolor=\"#DDE8CB\" height=\"34\"><span style=\"font-family: Liberation Serif\">BIBLIOTECA<\/span><\/td>\n<td align=\"center\" valign=\"middle\" bgcolor=\"#DDE8CB\"><span style=\"font-family: Liberation Serif\">Sheila Garcia (Auxiliar de Biblioteca)<\/span><\/td>\n<td align=\"center\" valign=\"middle\" bgcolor=\"#DDE8CB\"><span style=\"font-family: Liberation Serif\">sheila.garcia@ifbaiano.edu.br<\/span><\/td>\n<td align=\"center\" valign=\"middle\" bgcolor=\"#DDE8CB\"><span style=\"font-family: Liberation Serif\">XXXXXXXX<\/span><\/td>\n<\/tr>\n<tr>\n<td align=\"center\" valign=\"middle\" height=\"34\"><span style=\"font-family: Liberation Serif\">BIBLIOTECA<\/span><\/td>\n<td align=\"center\" valign=\"middle\"><span style=\"font-family: Liberation Serif\">Marcos Paulo Carvalho (Auxiliar de Biblioteca)<\/span><\/td>\n<td align=\"center\" valign=\"middle\"><span style=\"font-family: Liberation Serif\">marcos.carvalho@ifbaiano.edu.br<\/span><\/td>\n<td align=\"center\" valign=\"middle\"><span style=\"font-family: Liberation Serif\">XXXXXXXX<\/span><\/td>\n<\/tr>\n<tr>\n<td align=\"center\" valign=\"middle\" bgcolor=\"#DDE8CB\" height=\"34\"><span style=\"font-family: Liberation Serif\">BIBLIOTECA<\/span><\/td>\n<td align=\"center\" valign=\"middle\" bgcolor=\"#DDE8CB\"><span style=\"font-family: Liberation Serif\">Simone Sim\u00f5es (Auxiliar de biblioteca)<\/span><\/td>\n<td align=\"center\" valign=\"middle\" bgcolor=\"#DDE8CB\"><span style=\"font-family: Liberation Serif\">simone.simoes@ifbaiano.edu.br<\/span><\/td>\n<td align=\"center\" valign=\"middle\" bgcolor=\"#DDE8CB\"><span style=\"font-family: Liberation Serif\">XXXXXXXX<\/span><\/td>\n<\/tr>\n<\/tbody>\n<\/table>\n\n\n<p><\/p>\n","protected":false},"excerpt":{"rendered":"<p>SetorCoordena\u00e7\u00e3o Chefe de SetorCoordenadorVice coordenador E-mail Contato BIBLIOTECA BIBLIOTEC\u00c1RIA biblioteca@catu.ifbaiano.edu.br (71) 3641-7999 (71) 3641-7926 BIBLIOTECA Ana Paula Santos Ribeiro (Bibliotec\u00e1ria) anapaula.ribeiro@ifbaiano.edu.br XXXXXXXX BIBLIOTECA Sheila Garcia (Auxiliar de Biblioteca) sheila.garcia@ifbaiano.edu.br XXXXXXXX BIBLIOTECA Marcos Paulo Carvalho (Auxiliar de Biblioteca) marcos.carvalho@ifbaiano.edu.br XXXXXXXX BIBLIOTECA Simone Sim\u00f5es (Auxiliar de biblioteca) simone.simoes@ifbaiano.edu.br XXXXXXXX<\/p>\n","protected":false},"author":74,"featured_media":0,"parent":3079,"menu_order":0,"comment_status":"closed","ping_status":"closed","template":"","meta":[],"_links":{"self":[{"href":"https:\/\/www.ifbaiano.edu.br\/unidades\/catu\/wp-json\/wp\/v2\/pages\/18140"}],"collection":[{"href":"https:\/\/www.ifbaiano.edu.br\/unidades\/catu\/wp-json\/wp\/v2\/pages"}],"about":[{"href":"https:\/\/www.ifbaiano.edu.br\/unidades\/catu\/wp-json\/wp\/v2\/types\/page"}],"author":[{"embeddable":true,"href":"https:\/\/www.ifbaiano.edu.br\/unidades\/catu\/wp-json\/wp\/v2\/users\/74"}],"replies":[{"embeddable":true,"href":"https:\/\/www.ifbaiano.edu.br\/unidades\/catu\/wp-json\/wp\/v2\/comments?post=18140"}],"version-history":[{"count":6,"href":"https:\/\/www.ifbaiano.edu.br\/unidades\/catu\/wp-json\/wp\/v2\/pages\/18140\/revisions"}],"predecessor-version":[{"id":20978,"href":"https:\/\/www.ifbaiano.edu.br\/unidades\/catu\/wp-json\/wp\/v2\/pages\/18140\/revisions\/20978"}],"up":[{"embeddable":true,"href":"https:\/\/www.ifbaiano.edu.br\/unidades\/catu\/wp-json\/wp\/v2\/pages\/3079"}],"wp:attachment":[{"href":"https:\/\/www.ifbaiano.edu.br\/unidades\/catu\/wp-json\/wp\/v2\/media?parent=18140"}],"curies":[{"name":"wp","href":"https:\/\/api.w.org\/{rel}","templated":true}]}}