{"id":21993,"date":"2023-04-10T11:02:27","date_gmt":"2023-04-10T14:02:27","guid":{"rendered":"https:\/\/www.ifbaiano.edu.br\/unidades\/catu\/?page_id=21993"},"modified":"2023-04-10T11:02:51","modified_gmt":"2023-04-10T14:02:51","slug":"auxilios","status":"publish","type":"page","link":"https:\/\/www.ifbaiano.edu.br\/unidades\/catu\/auxilios\/","title":{"rendered":"Aux\u00edlios"},"content":{"rendered":"\n<p style=\"font-size:25px\"><strong><a href=\"https:\/\/www.ifbaiano.edu.br\/unidades\/catu\/files\/2023\/04\/Apresentacao-Auxilios.pdf\" target=\"_blank\" rel=\"noreferrer noopener\">Apresenta\u00e7\u00e3o Aux\u00edlios<\/a><\/strong><\/p>\n\n\n\n<p>HOJE VAMOS FALAR DOS AUX\u00cdLIOS DESTINADOS AOS ESTUDANTES<\/p>\n\n\n\n<p><em>PROGRAMA DE INCENTIVO \u00c0 PARTICIPA\u00c7\u00c3O POL\u00cdTICO ACAD\u00caMICA \u2013 PROPAC<\/em><\/p>\n\n\n\n<p><em>PROGRAMA DE INCENTIVO \u00c0 CULTURA, ESPORTE E LAZER \u2013 PINCEL<\/em><\/p>\n\n\n\n<p><em>PROGRAMA DE AUX\u00cdLIOS EVENTUAIS \u2013 PAE<\/em><\/p>\n\n\n\n<p><em><strong>PROGRAMA DE ASSIST\u00caNCIA E INCLUS\u00c3O SOCIAL DO ESTUDANTE \u2013 PAISE<\/strong><\/em><\/p>\n\n\n\n<p>\u2022 AUX\u00cdLIO MORADIA<br>\u2022 AUX\u00cdLIO PERMAN\u00caNCIA<br>\u2022 AUX\u00cdLIO PROEJA<br>\u2022 AUX\u00cdLIO CRECHE<br>\u2022 AUX\u00cdLIO CRECHE \/ EAD<br>\u2022 AUX\u00cdLIO TRANSPORTE \/ EAD<br>\u2022 AUX\u00cdLIO TRANSPORTE M\u00cdNIMO<br>\u2022 AUX\u00cdLIO TRANSPORTE M\u00c1XIMO<\/p>\n\n\n\n<hr class=\"wp-block-separator has-text-color has-background has-vivid-purple-background-color has-vivid-purple-color is-style-wide\" \/>\n\n\n\n<p><strong><a href=\"https:\/\/www.ifbaiano.edu.br\/unidades\/catu\/files\/2023\/03\/Politica-de-Assistencia-Estudantil-29-01-2019.pdf\" target=\"_blank\" rel=\"noreferrer noopener\">Pol\u00edtica de Assist\u00eancia Estudantil.<\/a><\/strong><\/p>\n\n\n\n<p>OS PROGRAMAS E SEUS DETALHAMENTOS<\/p>\n\n\n\n<p>S\u00e3o Programas institu\u00eddos pela Pol\u00edtica de Assist\u00eancia Estudantil do IF Baiano:<\/p>\n\n\n\n<p>I &#8211; Programa de Assist\u00eancia e Inclus\u00e3o Social do Estudante \u2013 PAISE; <\/p>\n\n\n\n<p>II &#8211; Programa de Aux\u00edlios Eventuais \u2013 PAE; <\/p>\n\n\n\n<p>III &#8211; Programa de Resid\u00eancia Estudantil;<\/p>\n\n\n\n<p>IV &#8211; Programa de Alimenta\u00e7\u00e3o Estudantil;<\/p>\n\n\n\n<p>V &#8211; Programa de Incentivo \u00e0 Participa\u00e7\u00e3o Pol\u00edtico Acad\u00eamica \u2013 PROPAC; <\/p>\n\n\n\n<p>VI &#8211; Programa de Incentivo \u00e0 Cultura, Esporte e Lazer \u2013 PINCEL;<\/p>\n\n\n\n<p>VII &#8211; Programa de Preven\u00e7\u00e3o e Assist\u00eancia \u00e0 Sa\u00fade \u2013 PRO-SA\u00daDE;<\/p>\n\n\n\n<p>VIII &#8211; Programa de Acompanhamento Psicossocial e Pedag\u00f3gico \u2013 PROAP.<\/p>\n","protected":false},"excerpt":{"rendered":"<p>Apresenta\u00e7\u00e3o Aux\u00edlios HOJE VAMOS FALAR DOS AUX\u00cdLIOS DESTINADOS AOS ESTUDANTES PROGRAMA DE INCENTIVO \u00c0 PARTICIPA\u00c7\u00c3O POL\u00cdTICO ACAD\u00caMICA \u2013 PROPAC PROGRAMA DE INCENTIVO \u00c0 CULTURA, ESPORTE E LAZER \u2013 PINCEL PROGRAMA DE AUX\u00cdLIOS EVENTUAIS \u2013 PAE PROGRAMA DE ASSIST\u00caNCIA E INCLUS\u00c3O SOCIAL DO ESTUDANTE \u2013 PAISE \u2022 AUX\u00cdLIO MORADIA\u2022 AUX\u00cdLIO PERMAN\u00caNCIA\u2022 AUX\u00cdLIO PROEJA\u2022 AUX\u00cdLIO CRECHE\u2022 AUX\u00cdLIO [&hellip;]<\/p>\n","protected":false},"author":141,"featured_media":0,"parent":0,"menu_order":0,"comment_status":"closed","ping_status":"closed","template":"","meta":[],"_links":{"self":[{"href":"https:\/\/www.ifbaiano.edu.br\/unidades\/catu\/wp-json\/wp\/v2\/pages\/21993"}],"collection":[{"href":"https:\/\/www.ifbaiano.edu.br\/unidades\/catu\/wp-json\/wp\/v2\/pages"}],"about":[{"href":"https:\/\/www.ifbaiano.edu.br\/unidades\/catu\/wp-json\/wp\/v2\/types\/page"}],"author":[{"embeddable":true,"href":"https:\/\/www.ifbaiano.edu.br\/unidades\/catu\/wp-json\/wp\/v2\/users\/141"}],"replies":[{"embeddable":true,"href":"https:\/\/www.ifbaiano.edu.br\/unidades\/catu\/wp-json\/wp\/v2\/comments?post=21993"}],"version-history":[{"count":5,"href":"https:\/\/www.ifbaiano.edu.br\/unidades\/catu\/wp-json\/wp\/v2\/pages\/21993\/revisions"}],"predecessor-version":[{"id":22348,"href":"https:\/\/www.ifbaiano.edu.br\/unidades\/catu\/wp-json\/wp\/v2\/pages\/21993\/revisions\/22348"}],"wp:attachment":[{"href":"https:\/\/www.ifbaiano.edu.br\/unidades\/catu\/wp-json\/wp\/v2\/media?parent=21993"}],"curies":[{"name":"wp","href":"https:\/\/api.w.org\/{rel}","templated":true}]}}