{"id":23728,"date":"2025-01-22T11:03:35","date_gmt":"2025-01-22T14:03:35","guid":{"rendered":"https:\/\/www.ifbaiano.edu.br\/unidades\/catu\/?page_id=23728"},"modified":"2025-01-22T11:04:15","modified_gmt":"2025-01-22T14:04:15","slug":"coordenacao-do-curso-integrado-tecnico-em-gastronomia-eja","status":"publish","type":"page","link":"https:\/\/www.ifbaiano.edu.br\/unidades\/catu\/coordenacao-do-curso-integrado-tecnico-em-gastronomia-eja\/","title":{"rendered":"Coordena\u00e7\u00e3o do Curso Integrado T\u00e9cnico em Gastronomia EJA"},"content":{"rendered":"<table style=\"height: 143px\" border=\"0\" width=\"840\" cellspacing=\"0\"><colgroup width=\"216\"><\/colgroup> <colgroup width=\"268\"><\/colgroup> <colgroup width=\"107\"><\/colgroup>\n<tbody>\n<tr>\n<td align=\"center\" valign=\"middle\" bgcolor=\"#EEEEEE\" height=\"40\" data-sheets-value=\"{ &quot;1&quot;: 2, &quot;2&quot;: &quot;Coordenador\\u000aVice coordenador&quot;}\"><b><span style=\"color: #158466;font-family: Liberation Serif;font-size: medium\">Coordenador<br \/>Vice coordenador<\/span><\/b><\/td>\n<td align=\"center\" valign=\"middle\" bgcolor=\"#EEEEEE\" data-sheets-value=\"{ &quot;1&quot;: 2, &quot;2&quot;: &quot;E-mail &quot;}\"><b><span style=\"color: #158466;font-family: Liberation Serif;font-size: medium\">E-mail <\/span><\/b><\/td>\n<td align=\"center\" valign=\"middle\" bgcolor=\"#EEEEEE\" data-sheets-value=\"{ &quot;1&quot;: 2, &quot;2&quot;: &quot;Contato&quot;}\"><b><span style=\"color: #158466;font-family: Liberation Serif;font-size: medium\">Contato<\/span><\/b><\/td>\n<\/tr>\n<tr>\n<td align=\"center\" valign=\"middle\" bgcolor=\"#DDE8CB\" height=\"63\" data-sheets-value=\"{ &quot;1&quot;: 2, &quot;2&quot;: &quot;Evanildes Costa Santos (Coord.)\\u000aLais Moreira Cavalcanti (substituta)\\u000a&quot;}\"><span style=\"font-family: Liberation Serif\">Evanildes Costa Santos (Coord.)<br \/>Lais Moreira Cavalcanti (substituta)<br \/><\/span><\/td>\n<td align=\"center\" valign=\"middle\" bgcolor=\"#DDE8CB\" data-sheets-value=\"{ &quot;1&quot;: 2, &quot;2&quot;: &quot;colegiado_eja_gastronomia@catu.ifbaiano.edu.br &quot;}\"><span style=\"font-family: Liberation Serif\">colegiado_eja_gastronomia@catu.ifbaiano.edu.br <\/span><\/td>\n<td align=\"center\" valign=\"middle\" bgcolor=\"#DDE8CB\" data-sheets-value=\"{ &quot;1&quot;: 2, &quot;2&quot;: &quot;-&quot;}\"><span style=\"font-family: Liberation Serif\">&#8211;<\/span><\/td>\n<\/tr>\n<\/tbody>\n<\/table>\n<table style=\"height: 58px\" border=\"0\" width=\"841\" cellspacing=\"0\"><colgroup width=\"205\"><\/colgroup> <colgroup width=\"354\"><\/colgroup> <colgroup width=\"341\"><\/colgroup>\n<tbody>\n<tr>\n<td colspan=\"3\" align=\"center\" valign=\"middle\" bgcolor=\"#EEEEEE\" height=\"22\" data-sheets-value=\"{ &quot;1&quot;: 2, &quot;2&quot;: &quot;P\u00e1gina&quot;}\"><b><span style=\"color: #00a933;font-family: Liberation Serif;font-size: medium\">P\u00e1gina<\/span><\/b><\/td>\n<\/tr>\n<tr>\n<td colspan=\"3\" align=\"center\" valign=\"middle\" bgcolor=\"#DDE8CB\" height=\"17\" data-sheets-value=\"{ &quot;1&quot;: 2, &quot;2&quot;: &quot;https:\\\/\\\/www.ifbaiano.edu.br\\\/unidades\\\/catu\\\/gastronomia\\\/  &quot;}\"><span style=\"font-family: Liberation Serif\"><a href=\"https:\/\/www.ifbaiano.edu.br\/unidades\/catu\/gastronomia\/\" target=\"_blank\" rel=\"noopener\">https:\/\/www.ifbaiano.edu.br\/unidades\/catu\/gastronomia\/<\/a> <\/span><\/td>\n<\/tr>\n<\/tbody>\n<\/table>\n\n\n<p><\/p>\n","protected":false},"excerpt":{"rendered":"<p>CoordenadorVice coordenador E-mail Contato Evanildes Costa Santos (Coord.)Lais Moreira Cavalcanti (substituta) colegiado_eja_gastronomia@catu.ifbaiano.edu.br &#8211; P\u00e1gina https:\/\/www.ifbaiano.edu.br\/unidades\/catu\/gastronomia\/<\/p>\n","protected":false},"author":141,"featured_media":0,"parent":0,"menu_order":0,"comment_status":"closed","ping_status":"closed","template":"","meta":[],"_links":{"self":[{"href":"https:\/\/www.ifbaiano.edu.br\/unidades\/catu\/wp-json\/wp\/v2\/pages\/23728"}],"collection":[{"href":"https:\/\/www.ifbaiano.edu.br\/unidades\/catu\/wp-json\/wp\/v2\/pages"}],"about":[{"href":"https:\/\/www.ifbaiano.edu.br\/unidades\/catu\/wp-json\/wp\/v2\/types\/page"}],"author":[{"embeddable":true,"href":"https:\/\/www.ifbaiano.edu.br\/unidades\/catu\/wp-json\/wp\/v2\/users\/141"}],"replies":[{"embeddable":true,"href":"https:\/\/www.ifbaiano.edu.br\/unidades\/catu\/wp-json\/wp\/v2\/comments?post=23728"}],"version-history":[{"count":5,"href":"https:\/\/www.ifbaiano.edu.br\/unidades\/catu\/wp-json\/wp\/v2\/pages\/23728\/revisions"}],"predecessor-version":[{"id":25311,"href":"https:\/\/www.ifbaiano.edu.br\/unidades\/catu\/wp-json\/wp\/v2\/pages\/23728\/revisions\/25311"}],"wp:attachment":[{"href":"https:\/\/www.ifbaiano.edu.br\/unidades\/catu\/wp-json\/wp\/v2\/media?parent=23728"}],"curies":[{"name":"wp","href":"https:\/\/api.w.org\/{rel}","templated":true}]}}