{"id":23731,"date":"2025-01-22T14:06:51","date_gmt":"2025-01-22T17:06:51","guid":{"rendered":"https:\/\/www.ifbaiano.edu.br\/unidades\/catu\/?page_id=23731"},"modified":"2025-01-22T14:10:20","modified_gmt":"2025-01-22T17:10:20","slug":"coordenacao-do-curso-subsequente-tecnico-em-petroleo-e-gas","status":"publish","type":"page","link":"https:\/\/www.ifbaiano.edu.br\/unidades\/catu\/coordenacao-do-curso-subsequente-tecnico-em-petroleo-e-gas\/","title":{"rendered":"Coordena\u00e7\u00e3o do Curso Subsequente T\u00e9cnico em Petr\u00f3leo e G\u00e1s"},"content":{"rendered":"<table style=\"height: 149px\" border=\"0\" width=\"837\" cellspacing=\"0\"><colgroup width=\"216\"><\/colgroup> <colgroup width=\"268\"><\/colgroup> <colgroup width=\"107\"><\/colgroup>\n<tbody>\n<tr>\n<td align=\"center\" valign=\"middle\" bgcolor=\"#EEEEEE\" height=\"40\" data-sheets-value=\"{ &quot;1&quot;: 2, &quot;2&quot;: &quot;Coordenador\\u000aVice coordenador&quot;}\"><b><span style=\"color: #158466;font-family: Liberation Serif;font-size: medium\">Coordenador<br \/>Vice coordenador<\/span><\/b><\/td>\n<td align=\"center\" valign=\"middle\" bgcolor=\"#EEEEEE\" data-sheets-value=\"{ &quot;1&quot;: 2, &quot;2&quot;: &quot;E-mail &quot;}\"><b><span style=\"color: #158466;font-family: Liberation Serif;font-size: medium\">E-mail <\/span><\/b><\/td>\n<td align=\"center\" valign=\"middle\" bgcolor=\"#EEEEEE\" data-sheets-value=\"{ &quot;1&quot;: 2, &quot;2&quot;: &quot;Contato&quot;}\"><b><span style=\"color: #158466;font-family: Liberation Serif;font-size: medium\">Contato<\/span><\/b><\/td>\n<\/tr>\n<tr>\n<td align=\"center\" valign=\"middle\" bgcolor=\"#DDE8CB\" height=\"63\" data-sheets-value=\"{ &quot;1&quot;: 2, &quot;2&quot;: &quot;Pedro Menezes Franca (Coord.)\\u000aCamila Pontes Pena (substituto &quot;}\"><span style=\"font-family: Liberation Serif\">Pedro Menezes Franca (Coord.)<br \/>Camila Pontes Pena (substituto)<\/span><\/td>\n<td align=\"center\" valign=\"middle\" bgcolor=\"#DDE8CB\" data-sheets-value=\"{ &quot;1&quot;: 2, &quot;2&quot;: &quot;subsequente.agropecuaria@catu.ifbaiano.edu.br &quot;}\"><span style=\"font-weight: 400\"><span style=\"font-family: Liberation Serif\">subsequente.petroleo@catu.ifbaiano.edu.br<\/span><\/span><\/td>\n<td align=\"center\" valign=\"middle\" bgcolor=\"#DDE8CB\" data-sheets-value=\"{ &quot;1&quot;: 2, &quot;2&quot;: &quot;-&quot;}\"><span style=\"font-family: Liberation Serif\">&#8211;<\/span><\/td>\n<\/tr>\n<\/tbody>\n<\/table>\n<table style=\"height: 83px\" border=\"0\" width=\"837\" cellspacing=\"0\"><colgroup width=\"205\"><\/colgroup> <colgroup width=\"354\"><\/colgroup> <colgroup width=\"341\"><\/colgroup>\n<tbody>\n<tr>\n<td colspan=\"3\" align=\"center\" valign=\"middle\" bgcolor=\"#EEEEEE\" height=\"22\" data-sheets-value=\"{ &quot;1&quot;: 2, &quot;2&quot;: &quot;P\u00e1gina&quot;}\"><b><span style=\"color: #00a933;font-family: Liberation Serif;font-size: medium\">P\u00e1gina<\/span><\/b><\/td>\n<\/tr>\n<tr>\n<td colspan=\"3\" align=\"center\" valign=\"middle\" bgcolor=\"#DDE8CB\" height=\"17\" data-sheets-value=\"{ &quot;1&quot;: 2, &quot;2&quot;: &quot;https:\\\/\\\/www.ifbaiano.edu.br\\\/unidades\\\/catu\\\/petroleo-e-gas-2\\\/ &quot;}\"><span style=\"font-family: Liberation Serif\"><a href=\"https:\/\/www.ifbaiano.edu.br\/unidades\/catu\/petroleo-e-gas-2\/\" target=\"_blank\" rel=\"noopener\">https:\/\/www.ifbaiano.edu.br\/unidades\/catu\/petroleo-e-gas-2\/<\/a> <\/span><\/td>\n<\/tr>\n<\/tbody>\n<\/table>\n\n\n<p><\/p>\n","protected":false},"excerpt":{"rendered":"<p>CoordenadorVice coordenador E-mail Contato Pedro Menezes Franca (Coord.)Camila Pontes Pena (substituto) subsequente.petroleo@catu.ifbaiano.edu.br &#8211; P\u00e1gina https:\/\/www.ifbaiano.edu.br\/unidades\/catu\/petroleo-e-gas-2\/<\/p>\n","protected":false},"author":141,"featured_media":0,"parent":0,"menu_order":0,"comment_status":"closed","ping_status":"closed","template":"","meta":[],"_links":{"self":[{"href":"https:\/\/www.ifbaiano.edu.br\/unidades\/catu\/wp-json\/wp\/v2\/pages\/23731"}],"collection":[{"href":"https:\/\/www.ifbaiano.edu.br\/unidades\/catu\/wp-json\/wp\/v2\/pages"}],"about":[{"href":"https:\/\/www.ifbaiano.edu.br\/unidades\/catu\/wp-json\/wp\/v2\/types\/page"}],"author":[{"embeddable":true,"href":"https:\/\/www.ifbaiano.edu.br\/unidades\/catu\/wp-json\/wp\/v2\/users\/141"}],"replies":[{"embeddable":true,"href":"https:\/\/www.ifbaiano.edu.br\/unidades\/catu\/wp-json\/wp\/v2\/comments?post=23731"}],"version-history":[{"count":16,"href":"https:\/\/www.ifbaiano.edu.br\/unidades\/catu\/wp-json\/wp\/v2\/pages\/23731\/revisions"}],"predecessor-version":[{"id":25335,"href":"https:\/\/www.ifbaiano.edu.br\/unidades\/catu\/wp-json\/wp\/v2\/pages\/23731\/revisions\/25335"}],"wp:attachment":[{"href":"https:\/\/www.ifbaiano.edu.br\/unidades\/catu\/wp-json\/wp\/v2\/media?parent=23731"}],"curies":[{"name":"wp","href":"https:\/\/api.w.org\/{rel}","templated":true}]}}