{"id":23734,"date":"2025-01-22T14:30:59","date_gmt":"2025-01-22T17:30:59","guid":{"rendered":"https:\/\/www.ifbaiano.edu.br\/unidades\/catu\/?page_id=23734"},"modified":"2025-01-22T14:56:34","modified_gmt":"2025-01-22T17:56:34","slug":"coordenacao-do-curso-subsequente-tecnico-em-multimeios-didaticos-ead","status":"publish","type":"page","link":"https:\/\/www.ifbaiano.edu.br\/unidades\/catu\/coordenacao-do-curso-subsequente-tecnico-em-multimeios-didaticos-ead\/","title":{"rendered":"Coordena\u00e7\u00e3o do Curso Subsequente T\u00e9cnico em Multimeios Did\u00e1ticos EaD"},"content":{"rendered":"<table style=\"height: 97px\" border=\"0\" width=\"838\" cellspacing=\"0\">\n<colgroup width=\"216\"><\/colgroup>\n<colgroup width=\"268\"><\/colgroup>\n<colgroup width=\"107\"><\/colgroup>\n<tbody>\n<tr>\n<td align=\"center\" valign=\"middle\" bgcolor=\"#EEEEEE\" height=\"40\" data-sheets-value=\"{ &quot;1&quot;: 2, &quot;2&quot;: &quot;Coordenador\\u000aVice coordenador&quot;}\"><b><span style=\"color: #158466;font-family: Liberation Serif;font-size: medium\">Coordenador<br>Vice coordenador<\/span><\/b><\/td>\n<td align=\"center\" valign=\"middle\" bgcolor=\"#EEEEEE\" data-sheets-value=\"{ &quot;1&quot;: 2, &quot;2&quot;: &quot;E-mail &quot;}\"><b><span style=\"color: #158466;font-family: Liberation Serif;font-size: medium\">E-mail <\/span><\/b><\/td>\n<td align=\"center\" valign=\"middle\" bgcolor=\"#EEEEEE\" data-sheets-value=\"{ &quot;1&quot;: 2, &quot;2&quot;: &quot;Contato&quot;}\"><b><span style=\"color: #158466;font-family: Liberation Serif;font-size: medium\">Contato<\/span><\/b><\/td>\n<\/tr>\n<tr>\n<td align=\"center\" valign=\"middle\" bgcolor=\"#DDE8CB\" height=\"63\" data-sheets-value=\"{ &quot;1&quot;: 2, &quot;2&quot;: &quot;Vaniele Souza Ribeiro (coord.) &quot;}\"><span style=\"font-family: Liberation Serif\">Vaniele Souza Ribeiro (coord.) <\/span><\/td>\n<td align=\"center\" valign=\"middle\" bgcolor=\"#DDE8CB\" data-sheets-value=\"{ &quot;1&quot;: 2, &quot;2&quot;: &quot;curso.multimeios.cat@ead.ifbaiano.edu.br &quot;}\"><span style=\"font-family: Liberation Serif\">curso.multimeios.cat@ead.ifbaiano.edu.br <\/span><\/td>\n<td align=\"center\" valign=\"middle\" bgcolor=\"#DDE8CB\" data-sheets-value=\"{ &quot;1&quot;: 2, &quot;2&quot;: &quot;-&quot;}\"><span style=\"font-family: Liberation Serif\">&#8211;<\/span><\/td>\n<\/tr>\n<\/tbody>\n<\/table>\n<table style=\"height: 59px\" border=\"0\" width=\"838\" cellspacing=\"0\">\n<colgroup width=\"205\"><\/colgroup>\n<colgroup width=\"354\"><\/colgroup>\n<colgroup width=\"341\"><\/colgroup>\n<tbody>\n<tr>\n<td colspan=\"3\" align=\"center\" valign=\"middle\" bgcolor=\"#EEEEEE\" height=\"22\" data-sheets-value=\"{ &quot;1&quot;: 2, &quot;2&quot;: &quot;P\u00e1gina&quot;}\"><b><span style=\"color: #00a933;font-family: Liberation Serif;font-size: medium\">P\u00e1gina<\/span><\/b><\/td>\n<\/tr>\n<tr>\n<td colspan=\"3\" align=\"center\" valign=\"middle\" bgcolor=\"#DDE8CB\" height=\"17\" data-sheets-value=\"{ &quot;1&quot;: 2, &quot;2&quot;: &quot;https:\\\/\\\/www.ifbaiano.edu.br\\\/unidades\\\/catu\\\/multimeios-didaticos\\\/ &quot;}\"><span style=\"font-family: Liberation Serif\"><a href=\"https:\/\/www.ifbaiano.edu.br\/unidades\/catu\/multimeios-didaticos\/\" target=\"_blank\" rel=\"noopener\">https:\/\/www.ifbaiano.edu.br\/unidades\/catu\/multimeios-didaticos\/<\/a> <\/span><\/td>\n<\/tr>\n<\/tbody>\n<\/table>\n\n\n<p><\/p>\n","protected":false},"excerpt":{"rendered":"<p>CoordenadorVice coordenador E-mail Contato Vaniele Souza Ribeiro (coord.) curso.multimeios.cat@ead.ifbaiano.edu.br &#8211; P\u00e1gina https:\/\/www.ifbaiano.edu.br\/unidades\/catu\/multimeios-didaticos\/<\/p>\n","protected":false},"author":141,"featured_media":0,"parent":0,"menu_order":0,"comment_status":"closed","ping_status":"closed","template":"","meta":[],"_links":{"self":[{"href":"https:\/\/www.ifbaiano.edu.br\/unidades\/catu\/wp-json\/wp\/v2\/pages\/23734"}],"collection":[{"href":"https:\/\/www.ifbaiano.edu.br\/unidades\/catu\/wp-json\/wp\/v2\/pages"}],"about":[{"href":"https:\/\/www.ifbaiano.edu.br\/unidades\/catu\/wp-json\/wp\/v2\/types\/page"}],"author":[{"embeddable":true,"href":"https:\/\/www.ifbaiano.edu.br\/unidades\/catu\/wp-json\/wp\/v2\/users\/141"}],"replies":[{"embeddable":true,"href":"https:\/\/www.ifbaiano.edu.br\/unidades\/catu\/wp-json\/wp\/v2\/comments?post=23734"}],"version-history":[{"count":6,"href":"https:\/\/www.ifbaiano.edu.br\/unidades\/catu\/wp-json\/wp\/v2\/pages\/23734\/revisions"}],"predecessor-version":[{"id":25354,"href":"https:\/\/www.ifbaiano.edu.br\/unidades\/catu\/wp-json\/wp\/v2\/pages\/23734\/revisions\/25354"}],"wp:attachment":[{"href":"https:\/\/www.ifbaiano.edu.br\/unidades\/catu\/wp-json\/wp\/v2\/media?parent=23734"}],"curies":[{"name":"wp","href":"https:\/\/api.w.org\/{rel}","templated":true}]}}