{"id":23737,"date":"2025-01-22T15:45:13","date_gmt":"2025-01-22T18:45:13","guid":{"rendered":"https:\/\/www.ifbaiano.edu.br\/unidades\/catu\/?page_id=23737"},"modified":"2025-01-22T15:46:12","modified_gmt":"2025-01-22T18:46:12","slug":"coordenacao-do-curso-superior-em-analise-e-desenvolvimento-de-sistemas","status":"publish","type":"page","link":"https:\/\/www.ifbaiano.edu.br\/unidades\/catu\/coordenacao-do-curso-superior-em-analise-e-desenvolvimento-de-sistemas\/","title":{"rendered":"Coordena\u00e7\u00e3o do Curso Superior em An\u00e1lise e Desenvolvimento de Sistemas"},"content":{"rendered":"<table style=\"height: 152px\" border=\"0\" width=\"838\" cellspacing=\"0\"><colgroup width=\"216\"><\/colgroup> <colgroup width=\"268\"><\/colgroup> <colgroup width=\"107\"><\/colgroup>\n<tbody>\n<tr>\n<td align=\"center\" valign=\"middle\" bgcolor=\"#EEEEEE\" height=\"40\" data-sheets-value=\"{ &quot;1&quot;: 2, &quot;2&quot;: &quot;Coordenador\\u000aVice coordenador&quot;}\"><b><span style=\"color: #158466;font-family: Liberation Serif;font-size: medium\">Coordenador<br \/>Vice coordenador<\/span><\/b><\/td>\n<td align=\"center\" valign=\"middle\" bgcolor=\"#EEEEEE\" data-sheets-value=\"{ &quot;1&quot;: 2, &quot;2&quot;: &quot;E-mail &quot;}\"><b><span style=\"color: #158466;font-family: Liberation Serif;font-size: medium\">E-mail <\/span><\/b><\/td>\n<td align=\"center\" valign=\"middle\" bgcolor=\"#EEEEEE\" data-sheets-value=\"{ &quot;1&quot;: 2, &quot;2&quot;: &quot;Contato&quot;}\"><b><span style=\"color: #158466;font-family: Liberation Serif;font-size: medium\">Contato<\/span><\/b><\/td>\n<\/tr>\n<tr>\n<td align=\"center\" valign=\"middle\" bgcolor=\"#DDE8CB\" height=\"63\" data-sheets-value=\"{ &quot;1&quot;: 2, &quot;2&quot;: &quot;Romero Mendes Freire de Moura J\u00fanior (Coord.)\\u000aEneida Alves Rios (substituta)\\u000a&quot;}\"><span style=\"font-family: Liberation Serif\">Romero Mendes Freire de Moura J\u00fanior (Coord.)<br \/>Eneida Alves Rios (substituta)<br \/><\/span><\/td>\n<td align=\"center\" valign=\"middle\" bgcolor=\"#DDE8CB\" data-sheets-value=\"{ &quot;1&quot;: 2, &quot;2&quot;: &quot;ads@catu.ifbaiano.edu.br  &quot;}\"><span style=\"font-family: Liberation Serif\">ads@catu.ifbaiano.edu.br <\/span><\/td>\n<td align=\"center\" valign=\"middle\" bgcolor=\"#DDE8CB\" data-sheets-value=\"{ &quot;1&quot;: 2, &quot;2&quot;: &quot;-&quot;}\"><span style=\"font-family: Liberation Serif\">&#8211;<\/span><\/td>\n<\/tr>\n<\/tbody>\n<\/table>\n<table style=\"height: 59px\" border=\"0\" width=\"838\" cellspacing=\"0\"><colgroup width=\"205\"><\/colgroup> <colgroup width=\"354\"><\/colgroup> <colgroup width=\"341\"><\/colgroup>\n<tbody>\n<tr>\n<td colspan=\"3\" align=\"center\" valign=\"middle\" bgcolor=\"#EEEEEE\" height=\"22\" data-sheets-value=\"{ &quot;1&quot;: 2, &quot;2&quot;: &quot;P\u00e1gina&quot;}\"><b><span style=\"color: #00a933;font-family: Liberation Serif;font-size: medium\">P\u00e1gina<\/span><\/b><\/td>\n<\/tr>\n<tr>\n<td colspan=\"3\" align=\"center\" valign=\"middle\" bgcolor=\"#DDE8CB\" height=\"17\" data-sheets-value=\"{ &quot;1&quot;: 2, &quot;2&quot;: &quot;https:\\\/\\\/ifbaiano.edu.br\\\/portal\\\/ads-catu\\\/ &quot;}\"><span style=\"font-family: Liberation Serif\"><a href=\"https:\/\/ifbaiano.edu.br\/portal\/ads-catu\/\" target=\"_blank\" rel=\"noopener\">https:\/\/ifbaiano.edu.br\/portal\/ads-catu\/<\/a> <\/span><\/td>\n<\/tr>\n<\/tbody>\n<\/table>\n\n\n<p><\/p>\n","protected":false},"excerpt":{"rendered":"<p>CoordenadorVice coordenador E-mail Contato Romero Mendes Freire de Moura J\u00fanior (Coord.)Eneida Alves Rios (substituta) ads@catu.ifbaiano.edu.br &#8211; P\u00e1gina https:\/\/ifbaiano.edu.br\/portal\/ads-catu\/<\/p>\n","protected":false},"author":141,"featured_media":0,"parent":0,"menu_order":0,"comment_status":"closed","ping_status":"closed","template":"","meta":[],"_links":{"self":[{"href":"https:\/\/www.ifbaiano.edu.br\/unidades\/catu\/wp-json\/wp\/v2\/pages\/23737"}],"collection":[{"href":"https:\/\/www.ifbaiano.edu.br\/unidades\/catu\/wp-json\/wp\/v2\/pages"}],"about":[{"href":"https:\/\/www.ifbaiano.edu.br\/unidades\/catu\/wp-json\/wp\/v2\/types\/page"}],"author":[{"embeddable":true,"href":"https:\/\/www.ifbaiano.edu.br\/unidades\/catu\/wp-json\/wp\/v2\/users\/141"}],"replies":[{"embeddable":true,"href":"https:\/\/www.ifbaiano.edu.br\/unidades\/catu\/wp-json\/wp\/v2\/comments?post=23737"}],"version-history":[{"count":6,"href":"https:\/\/www.ifbaiano.edu.br\/unidades\/catu\/wp-json\/wp\/v2\/pages\/23737\/revisions"}],"predecessor-version":[{"id":25367,"href":"https:\/\/www.ifbaiano.edu.br\/unidades\/catu\/wp-json\/wp\/v2\/pages\/23737\/revisions\/25367"}],"wp:attachment":[{"href":"https:\/\/www.ifbaiano.edu.br\/unidades\/catu\/wp-json\/wp\/v2\/media?parent=23737"}],"curies":[{"name":"wp","href":"https:\/\/api.w.org\/{rel}","templated":true}]}}