{"id":23823,"date":"2024-12-03T10:11:41","date_gmt":"2024-12-03T13:11:41","guid":{"rendered":"https:\/\/www.ifbaiano.edu.br\/unidades\/catu\/?page_id=23823"},"modified":"2024-12-03T10:22:25","modified_gmt":"2024-12-03T13:22:25","slug":"a-cuec","status":"publish","type":"page","link":"https:\/\/www.ifbaiano.edu.br\/unidades\/catu\/a-cuec\/","title":{"rendered":"A CUEC"},"content":{"rendered":"\n<p>A Coordena\u00e7\u00e3o das Unidades Educativas de Campo (CUEC) \u00e9 composta por setores de produ\u00e7\u00e3o agr\u00edcola (horticultura, fruticultura, culturas anuais), animal (minhocultura, apicultura, suinocultura, avicultura de corte e de postura, bovinocultura de leite, pastagens e f\u00e1brica de ra\u00e7\u00e3o), e \u00e1reas de expans\u00e3o e\/ou de preserva\u00e7\u00e3o e conserva\u00e7\u00e3o. O objetivo da CUEC \u00e9 apoiar o desenvolvimento de atividades pr\u00e1ticas de cunho did\u00e1tico-pedag\u00f3gica de disciplinas tecnol\u00f3gicas espec\u00edficas dos cursos do Campus Catu.<\/p>\n\n\n<table border=\"0\" cellspacing=\"0\"><colgroup width=\"471\"><\/colgroup> <colgroup width=\"186\"><\/colgroup> <colgroup width=\"163\"><\/colgroup>\n<tbody>\n<tr>\n<td align=\"center\" valign=\"middle\" bgcolor=\"#EEEEEE\" height=\"72\" data-sheets-value=\"{ &quot;1&quot;: 2, &quot;2&quot;: &quot;Coordenador\\u000aVice coordenador e servidores da CUEC&quot;}\"><b><span style=\"color: #158466;font-family: Liberation Serif;font-size: medium\">Coordenador<br \/>Vice coordenador e servidores da CUEC<\/span><\/b><\/td>\n<td align=\"center\" valign=\"middle\" bgcolor=\"#EEEEEE\" data-sheets-value=\"{ &quot;1&quot;: 2, &quot;2&quot;: &quot;E-mail &quot;}\"><b><span style=\"color: #158466;font-family: Liberation Serif;font-size: medium\">E-mail <\/span><\/b><\/td>\n<td align=\"center\" valign=\"middle\" bgcolor=\"#EEEEEE\" data-sheets-value=\"{ &quot;1&quot;: 2, &quot;2&quot;: &quot;Contato&quot;}\"><b><span style=\"color: #158466;font-family: Liberation Serif;font-size: medium\">Contato<\/span><\/b><\/td>\n<\/tr>\n<tr>\n<td align=\"center\" valign=\"middle\" bgcolor=\"#DDE8CB\" height=\"34\" data-sheets-value=\"{ &quot;1&quot;: 2, &quot;2&quot;: &quot;Alexandra souza de Carvalho - Coordenadora anterior &quot;}\"><span style=\"font-family: Liberation Serif\">Alexandra souza de Carvalho &#8211; Coordenadora anterior <\/span><\/td>\n<td rowspan=\"8\" align=\"center\" valign=\"middle\" bgcolor=\"#DDE8CB\" data-sheets-value=\"{ &quot;1&quot;: 2, &quot;2&quot;: &quot;cuec@catu.ifbaiano.edu.br&quot;}\"><span style=\"font-family: Liberation Serif\"><a href=\"mailto:cuec@catu.ifbaiano.edu.br\">cuec@catu.ifbaiano.edu.br<\/a><\/span><\/td>\n<td rowspan=\"8\" align=\"center\" valign=\"middle\" bgcolor=\"#DDE8CB\" data-sheets-value=\"{ &quot;1&quot;: 2, &quot;2&quot;: &quot;  whatsapp institucional da CUEC:\u00a0(71) 98266-3675&quot;}\"><span style=\"font-family: Liberation Serif\"> whatsapp institucional da CUEC:\u00a0<a href=\"(71)%2098266-3675\">(71) 98266-3675<\/a><\/span><\/td>\n<\/tr>\n<tr>\n<td align=\"center\" valign=\"middle\" height=\"26\" data-sheets-value=\"{ &quot;1&quot;: 2, &quot;2&quot;: &quot;Davi Silva da Costa - Coordenador atual\u00a0\u00a0Portaria n\u00ba 516 de\u00a005 de julho\u00a0de 2024 &quot;}\"><span style=\"font-family: Liberation Serif\">Davi Silva da Costa &#8211; Coordenador atual\u00a0\u00a0Portaria n\u00ba 516 de\u00a005 de julho\u00a0de 2024 <\/span><\/td>\n<\/tr>\n<tr>\n<td align=\"center\" valign=\"middle\" bgcolor=\"#DDE8CB\" height=\"26\" data-sheets-value=\"{ &quot;1&quot;: 2, &quot;2&quot;: &quot;Edinei de Jesus Borges - Assistente Administrativo &quot;}\"><span style=\"font-family: Liberation Serif\">Edinei de Jesus Borges &#8211; Assistente Administrativo <\/span><\/td>\n<\/tr>\n<tr>\n<td align=\"center\" valign=\"middle\" height=\"26\" data-sheets-value=\"{ &quot;1&quot;: 2, &quot;2&quot;: &quot;Fabricio da Gama Santana - T\u00e9cnico em agropecu\u00e1ria &quot;}\"><span style=\"font-family: Liberation Serif\">Fabricio da Gama Santana &#8211; T\u00e9cnico em agropecu\u00e1ria <\/span><\/td>\n<\/tr>\n<tr>\n<td align=\"center\" valign=\"middle\" bgcolor=\"#DDE8CB\" height=\"26\" data-sheets-value=\"{ &quot;1&quot;: 2, &quot;2&quot;: &quot;Deisiane Moreira Nunes - M\u00e9dica veterin\u00e1ria &quot;}\"><span style=\"font-family: Liberation Serif\">Deisiane Moreira Nunes &#8211; M\u00e9dica veterin\u00e1ria <\/span><\/td>\n<\/tr>\n<tr>\n<td align=\"center\" valign=\"middle\" height=\"26\" data-sheets-value=\"{ &quot;1&quot;: 2, &quot;2&quot;: &quot;Leurismar Marques Ferreira-\u00a0 Operador de M\u00e1quinas Agr\u00edcolas &quot;}\"><span style=\"font-family: Liberation Serif\">Leurismar Marques Ferreira-\u00a0 Operador de M\u00e1quinas Agr\u00edcolas <\/span><\/td>\n<\/tr>\n<tr>\n<td align=\"center\" valign=\"middle\" bgcolor=\"#DDE8CB\" height=\"26\" data-sheets-value=\"{ &quot;1&quot;: 2, &quot;2&quot;: &quot;Weliton Cley Bispo do Ros\u00e1rio -\u00a0 Auxiliar em Agropecu\u00e1ria &quot;}\"><span style=\"font-family: Liberation Serif\">Weliton Cley Bispo do Ros\u00e1rio &#8211;\u00a0 Auxiliar em Agropecu\u00e1ria <\/span><\/td>\n<\/tr>\n<tr>\n<td align=\"center\" valign=\"middle\" height=\"26\" data-sheets-value=\"{ &quot;1&quot;: 2, &quot;2&quot;: &quot;Luiz Cl\u00e1udio Souza -\u00a0 Auxiliar Rural &quot;}\"><span style=\"font-family: Liberation Serif\">Luiz Cl\u00e1udio Souza &#8211;\u00a0 Auxiliar Rural <\/span><\/td>\n<\/tr>\n<\/tbody>\n<\/table>","protected":false},"excerpt":{"rendered":"<p>A Coordena\u00e7\u00e3o das Unidades Educativas de Campo (CUEC) \u00e9 composta por setores de produ\u00e7\u00e3o agr\u00edcola (horticultura, fruticultura, culturas anuais), animal (minhocultura, apicultura, suinocultura, avicultura de corte e de postura, bovinocultura de leite, pastagens e f\u00e1brica de ra\u00e7\u00e3o), e \u00e1reas de expans\u00e3o e\/ou de preserva\u00e7\u00e3o e conserva\u00e7\u00e3o. O objetivo da CUEC \u00e9 apoiar o desenvolvimento de [&hellip;]<\/p>\n","protected":false},"author":141,"featured_media":0,"parent":0,"menu_order":0,"comment_status":"closed","ping_status":"closed","template":"","meta":[],"_links":{"self":[{"href":"https:\/\/www.ifbaiano.edu.br\/unidades\/catu\/wp-json\/wp\/v2\/pages\/23823"}],"collection":[{"href":"https:\/\/www.ifbaiano.edu.br\/unidades\/catu\/wp-json\/wp\/v2\/pages"}],"about":[{"href":"https:\/\/www.ifbaiano.edu.br\/unidades\/catu\/wp-json\/wp\/v2\/types\/page"}],"author":[{"embeddable":true,"href":"https:\/\/www.ifbaiano.edu.br\/unidades\/catu\/wp-json\/wp\/v2\/users\/141"}],"replies":[{"embeddable":true,"href":"https:\/\/www.ifbaiano.edu.br\/unidades\/catu\/wp-json\/wp\/v2\/comments?post=23823"}],"version-history":[{"count":10,"href":"https:\/\/www.ifbaiano.edu.br\/unidades\/catu\/wp-json\/wp\/v2\/pages\/23823\/revisions"}],"predecessor-version":[{"id":24933,"href":"https:\/\/www.ifbaiano.edu.br\/unidades\/catu\/wp-json\/wp\/v2\/pages\/23823\/revisions\/24933"}],"wp:attachment":[{"href":"https:\/\/www.ifbaiano.edu.br\/unidades\/catu\/wp-json\/wp\/v2\/media?parent=23823"}],"curies":[{"name":"wp","href":"https:\/\/api.w.org\/{rel}","templated":true}]}}