{"id":23984,"date":"2025-09-08T15:57:53","date_gmt":"2025-09-08T18:57:53","guid":{"rendered":"https:\/\/www.ifbaiano.edu.br\/unidades\/catu\/?page_id=23984"},"modified":"2025-09-09T21:23:47","modified_gmt":"2025-09-10T00:23:47","slug":"agropecuaria-2","status":"publish","type":"page","link":"https:\/\/www.ifbaiano.edu.br\/unidades\/catu\/agropecuaria-2\/","title":{"rendered":"Agropecu\u00e1ria"},"content":{"rendered":"\n<p><strong>Informa\u00e7\u00e3o do curso<\/strong><\/p>\n\n\n\n<hr class=\"wp-block-separator has-text-color has-vivid-red-color has-alpha-channel-opacity has-vivid-red-background-color has-background\" \/>\n\n\n\n<p>O curso T\u00e9cnico em Agropecu\u00e1ria Integrado ao Ensino M\u00e9dio compreende uma carga hor\u00e1ria de&nbsp;4.600 horas, acrescida de 240 horas de est\u00e1gio. O curso \u00e9 constitu\u00eddo de regime seriado, com matr\u00edcula \u00fanica para o Ensino M\u00e9dio e a Educa\u00e7\u00e3o Profissional.<\/p>\n\n\n\n<p><strong>Objetivo<\/strong>:<\/p>\n\n\n\n<p>Em conson\u00e2ncia com a Lei de Diretrizes e Bases (LDB) da Educa\u00e7\u00e3o, e com&nbsp;os Par\u00e2metros Curriculares Nacionais, o Instituto Federal de Educa\u00e7\u00e3o, Ci\u00eancia e Tecnologia Baiano \u2013&nbsp;<em>Campus<\/em>&nbsp;Catu, promove o ensino Integrado ao Ensino M\u00e9dio&nbsp;no Curso T\u00e9cnico em Agropecu\u00e1ria, com os seguintes objetivos:<\/p>\n\n\n\n<ol>\n<li>Proporcionar \u00e0 clientela o acesso \u00e0s tecnologias modernas, no \u00e2mbito da agropecu\u00e1ria, articuladas aos princ\u00edpios cient\u00edficos, oferecendo-lhe&nbsp; condi\u00e7\u00f5es de tornar-se agente transformador dos meios de produ\u00e7\u00e3o agropecu\u00e1ria, atrav\u00e9s de um desenvolvimento sustent\u00e1vel;<\/li>\n\n\n\n<li>Desenvolver no educando o dom\u00ednio das linguagens e c\u00f3digos para utiliz\u00e1-lo como instrumento de comunica\u00e7\u00e3o e de acesso \u00e0s novas informa\u00e7\u00f5es que possibilitem uma vis\u00e3o aut\u00f4noma e cr\u00edtica da sociedade;<\/li>\n\n\n\n<li>&nbsp;Estabelecer uma articula\u00e7\u00e3o entre os conte\u00fados do Ensino M\u00e9dio e T\u00e9cnico, atrav\u00e9s da interdisciplinaridade e da contextualiza\u00e7\u00e3o;<\/li>\n\n\n\n<li>&nbsp;Destacar as caracter\u00edsticas mais amplas da agropecu\u00e1ria brasileira, favorecendo ao aluno uma vis\u00e3o ampla da realidade, permitindo assim, uma atitude criativa diante das incessantes transforma\u00e7\u00f5es das modernas t\u00e9cnicas de produ\u00e7\u00e3o, gest\u00e3o e planejamento.<\/li>\n<\/ol>\n\n\n\n<p>Perfil de Egresso(a)<\/p>\n\n\n\n<p><a href=\"https:\/\/www.ifbaiano.edu.br\/unidades\/catu\/files\/2024\/12\/REFORMULACAO-PPC-AGOPECUARIA-INTEGRADO.pdf\" target=\"_blank\" rel=\"noreferrer noopener\">PPC &#8211; Reformula\u00e7\u00e3o PPC de Agropecu\u00e1ria<\/a> (link)<\/p>\n\n\n\n<p>Coordena\u00e7\u00e3o de Curso<\/p>\n\n\n\n<p>Coordenador.: <em>Andr\u00e9 Marc\u00edlio <\/em><br>E-mail da coordena\u00e7\u00e3o do curso.: <em>agropecuaria.integrado@catu.ifbaiano.edu.br<\/em><\/p>\n\n\n\n<p>Conselho de Curso<\/p>\n\n\n\n<p><a href=\"https:\/\/www.ifbaiano.edu.br\/unidades\/catu\/files\/2025\/09\/Conselho-de-Curso-Agropecuaria-23.07.24-23.07.26.pdf\" target=\"_blank\" rel=\"noreferrer noopener\">Conselho de Curso Agropecu\u00e1ria &#8211; 23.07.24-23.07.26<\/a><\/p>\n\n\n\n<p>N\u00facleo de Assessoramento Pedag\u00f3gico (NAP)<\/p>\n\n\n\n<p><a rel=\"noreferrer noopener\" href=\"https:\/\/www.ifbaiano.edu.br\/unidades\/catu\/files\/2025\/09\/NAP-Agropecuaria-23.07.24-23.07.26.pdf\" target=\"_blank\">NAP Agropecu\u00e1ria 23.07.24-23.07.26<\/a><\/p>\n\n\n\n<p>Corpo Docentes<\/p>\n\n\n\n<p>Componentes Curriculares<\/p>\n","protected":false},"excerpt":{"rendered":"<p>Informa\u00e7\u00e3o do curso O curso T\u00e9cnico em Agropecu\u00e1ria Integrado ao Ensino M\u00e9dio compreende uma carga hor\u00e1ria de&nbsp;4.600 horas, acrescida de 240 horas de est\u00e1gio. O curso \u00e9 constitu\u00eddo de regime seriado, com matr\u00edcula \u00fanica para o Ensino M\u00e9dio e a Educa\u00e7\u00e3o Profissional. Objetivo: Em conson\u00e2ncia com a Lei de Diretrizes e Bases (LDB) da Educa\u00e7\u00e3o, [&hellip;]<\/p>\n","protected":false},"author":141,"featured_media":0,"parent":0,"menu_order":0,"comment_status":"closed","ping_status":"closed","template":"","meta":[],"_links":{"self":[{"href":"https:\/\/www.ifbaiano.edu.br\/unidades\/catu\/wp-json\/wp\/v2\/pages\/23984"}],"collection":[{"href":"https:\/\/www.ifbaiano.edu.br\/unidades\/catu\/wp-json\/wp\/v2\/pages"}],"about":[{"href":"https:\/\/www.ifbaiano.edu.br\/unidades\/catu\/wp-json\/wp\/v2\/types\/page"}],"author":[{"embeddable":true,"href":"https:\/\/www.ifbaiano.edu.br\/unidades\/catu\/wp-json\/wp\/v2\/users\/141"}],"replies":[{"embeddable":true,"href":"https:\/\/www.ifbaiano.edu.br\/unidades\/catu\/wp-json\/wp\/v2\/comments?post=23984"}],"version-history":[{"count":8,"href":"https:\/\/www.ifbaiano.edu.br\/unidades\/catu\/wp-json\/wp\/v2\/pages\/23984\/revisions"}],"predecessor-version":[{"id":26414,"href":"https:\/\/www.ifbaiano.edu.br\/unidades\/catu\/wp-json\/wp\/v2\/pages\/23984\/revisions\/26414"}],"wp:attachment":[{"href":"https:\/\/www.ifbaiano.edu.br\/unidades\/catu\/wp-json\/wp\/v2\/media?parent=23984"}],"curies":[{"name":"wp","href":"https:\/\/api.w.org\/{rel}","templated":true}]}}