{"id":23986,"date":"2025-09-09T21:42:52","date_gmt":"2025-09-10T00:42:52","guid":{"rendered":"https:\/\/www.ifbaiano.edu.br\/unidades\/catu\/?page_id=23986"},"modified":"2025-09-09T21:45:36","modified_gmt":"2025-09-10T00:45:36","slug":"quimica","status":"publish","type":"page","link":"https:\/\/www.ifbaiano.edu.br\/unidades\/catu\/quimica\/","title":{"rendered":"Qu\u00edmica"},"content":{"rendered":"\n<p><strong>Informa\u00e7\u00e3o do curso<\/strong><br><\/p>\n\n\n\n<p>O Curso T\u00e9cnico em Qu\u00edmica Integrado ao Ensino M\u00e9dio, no Instituto Federal de Educa\u00e7\u00e3o, Ci\u00eancia e Tecnologia Baiano \u2013 Campus Catu compreende uma carga hor\u00e1ria de 3.430 horas no total.<br>O curso \u00e9 constitu\u00eddo de regime seriado, com matr\u00edcula \u00fanica para o Ensino M\u00e9dio e a Educa\u00e7\u00e3o<br>Profissional.<br>A partir da conclus\u00e3o do curso a habilita\u00e7\u00e3o do profissional perfaz em T\u00e9cnico em Qu\u00edmica. O funcionamento do curso \u00e9 diurno, sendo ofertado 75 vagas anuais. A dura\u00e7\u00e3o m\u00ednima do curso \u00e9 de<br>3 anos.<\/p>\n\n\n\n<hr class=\"wp-block-separator has-alpha-channel-opacity\" \/>\n\n\n\n<p><strong>Objetivo<\/strong>:<br><strong><em>Geral:<\/em><\/strong><\/p>\n\n\n\n<p>Formar profissionais T\u00e9cnicos em Qu\u00edmica de N\u00edvel M\u00e9dio, oferecendo conhecimentos<br>socioambientais, human\u00edsticos, instrumentais, cient\u00edficos e tecnol\u00f3gicos, a fim de que possam atuar<br>e intervir na vida pol\u00edtica, social e na cadeia dos processos socioprodutivos locais, regionais e<br>nacionais, com vis\u00e3o global e sist\u00eamica dos aspectos gerenciais, tecnol\u00f3gicos, ambientais e<br>socioecon\u00f4micos das atividades na \u00e1rea de Qu\u00edmica.<br><br><strong><em>Espec\u00edficos:<\/em><\/strong><\/p>\n\n\n\n<ul>\n<li>Desenvolver conhecimentos em qu\u00edmica pautados em princ\u00edpios \u00e9ticos;<\/li>\n\n\n\n<li>Reconhecer, respeitar e valorizar a diferen\u00e7a, as identidades, a pluralidade de ideias, bem como os<br>princ\u00edpios b\u00e1sicos de igualdade, solidariedade e sustentabilidade;<\/li>\n\n\n\n<li>Desenvolver consci\u00eancia \u00e9tica e pol\u00edtica, com vis\u00e3o cr\u00edtica e global da conjuntura econ\u00f4mica,<br>social, pol\u00edtica e cultural da regi\u00e3o onde atua, do Brasil e do mundo;<\/li>\n\n\n\n<li>Promover o desenvolvimento de habilidades que proporcionem ao sujeito uma atua\u00e7\u00e3o nos mais<br>diferentes e complexos campos de trabalho, que envolvam conhecimentos em laborat\u00f3rios qu\u00edmicos<br>e de atividades afins com senso cr\u00edtico, investigativo e prevencionista;<\/li>\n\n\n\n<li>Desenvolver capacidade de gerenciar recursos de produ\u00e7\u00e3o e uso de recursos naturais e<br>responsabilidade ambiental;<\/li>\n\n\n\n<li>Desenvolver as compet\u00eancias profissionais do t\u00e9cnico, por meio da a\u00e7\u00e3o multidisciplinar com<br>profissionais da \u00e1rea de Qu\u00edmica, Educa\u00e7\u00e3o e demais \u00e1reas incorporadas ao projeto do curso,<br>observando-se as necessidades apresentadas pelo processo de ensino e de aprendizagem;<\/li>\n\n\n\n<li>Desenvolver a capacidade de trabalhar em equipe de forma respeitosa e solid\u00e1ria;<\/li>\n\n\n\n<li>Formar profissionais para atua\u00e7\u00e3o em diferentes condi\u00e7\u00f5es de trabalho, tomando decis\u00f5es de<br>forma respons\u00e1vel, para contornar os problemas e enfrentar situa\u00e7\u00f5es imprevistas;<\/li>\n\n\n\n<li>Oportunizar o desenvolvimento de atividades de pesquisa, extens\u00e3o e inova\u00e7\u00e3o.<\/li>\n<\/ul>\n\n\n\n<p><\/p>\n\n\n\n<p><strong>Perfil de Egresso(a)<\/strong><br><em>T\u00e9cnico em Qu\u00edmica ser\u00e1 habilitado para:<\/em><br>\uf0b7 Operar, controlar e monitorar processos industriais e laboratoriais.<br>\uf0b7 Controlar a qualidade de mat\u00e9rias-primas, insumos e produtos.<br>\uf0b7 Realizar amostragens, an\u00e1lises qu\u00edmicas, f\u00edsico-qu\u00edmicas e microbiol\u00f3gicas.<br>\uf0b7 Desenvolver produtos e processos.<br>\uf0b7 Comprar e estocar mat\u00e9rias-primas, insumos e produtos.<br>\uf0b7 Controlar estoques de produtos acabados.<br>\uf0b7 Realizar a especifica\u00e7\u00e3o de produtos e processos e a sele\u00e7\u00e3o de fornecedores de produtos qu\u00edmicos.<\/p>\n\n\n\n<p><em><strong>Campo de atua\u00e7\u00e3o:<\/strong><\/em><br>\uf0b7 Ind\u00fastrias Qu\u00edmicas<br>\uf0b7 Laborat\u00f3rios de Controle de Qualidade, de Certifica\u00e7\u00e3o de Produtos Qu\u00edmicos, Aliment\u00edcios e Afins<br>\uf0b7 Laborat\u00f3rios de Ensino, de Pesquisa e de Desenvolvimento em Ind\u00fastrias ou Empresas Qu\u00edmicas<br>\uf0b7 Empresas de Consultoria, Assist\u00eancia T\u00e9cnica, de Comercializa\u00e7\u00e3o de Produtos Qu\u00edmicos, Farmoqu\u00edmicos e Farmac\u00eauticos<br>\uf0b7 Esta\u00e7\u00f5es de Tratamento de \u00c1guas e Efluentes<\/p>\n\n\n\n<figure class=\"wp-block-image size-full\"><img decoding=\"async\" loading=\"lazy\" width=\"663\" height=\"249\" src=\"https:\/\/www.ifbaiano.edu.br\/unidades\/catu\/files\/2025\/09\/4561-image.webp\" alt=\"\" class=\"wp-image-26417\" srcset=\"https:\/\/www.ifbaiano.edu.br\/unidades\/catu\/files\/2025\/09\/4561-image.webp 663w, https:\/\/www.ifbaiano.edu.br\/unidades\/catu\/files\/2025\/09\/4561-image-300x113.webp 300w, https:\/\/www.ifbaiano.edu.br\/unidades\/catu\/files\/2025\/09\/4561-image-100x38.webp 100w\" sizes=\"(max-width: 663px) 100vw, 663px\" \/><\/figure>\n\n\n\n<p><em><strong>As disciplinas do Eixo Comum:<\/strong><\/em><br>Arte, biologia, educa\u00e7\u00e3o f\u00edsica, f\u00edsica, geografia, hist\u00f3ria, l\u00edngua estrangeira, l\u00edngua portuguesa,<br>matem\u00e1tica, qu\u00edmica, sociologia e filosofia.<br><em><strong>As disciplinas do eixo diversificado:<\/strong><\/em><br>M\u00fasica, Inform\u00e1tica aplicada e, Leitura e Produ\u00e7\u00e3o de Texto.<br><strong><em>As disciplinas do Eixo Tecnol\u00f3gico:<\/em><\/strong><br>Qu\u00edmica Experimental, Seguran\u00e7a, Meio Ambiente e Sa\u00fade, qu\u00edmica, qu\u00edmica anal\u00edtica, An\u00e1lise<br>Bioqu\u00edmica e Microbiol\u00f3gica, Equipamentos Industriais, Tratamento de Efluentes e Res\u00edduos,<br>Qu\u00edmica Org\u00e2nica, Qu\u00edmica Anal\u00edtica Experimental, An\u00e1lise Instrumental, Opera\u00e7\u00f5es e Processos<br>Industriais e Gest\u00e3o Organizacional e empreendedorismo.<\/p>\n\n\n\n<p><a rel=\"noreferrer noopener\" href=\"https:\/\/www.ifbaiano.edu.br\/unidades\/catu\/files\/2024\/12\/PPC-Tecnico-em-Quimica-Duracao-Curso-3-anos.pdf\" target=\"_blank\">PPC \u2013 Curso T\u00e9cnico em Qu\u00edmica &#8211; Dura\u00e7\u00e3o 3 ano<\/a> (link)<\/p>\n\n\n\n<p><strong>Coordena\u00e7\u00e3o de Curso<\/strong><br><em>Eduardo Batista Guimar\u00e3es Nunes dos Santos<\/em> \u2013 Coordenador<br>E-mail: <em>quimica.integrado@catu.ifbaiano.edu.br<\/em><br><em>Gracy Karla da Rocha Cortes Souza<\/em> \u2013 Coordenador Adjunto<\/p>\n\n\n\n<p><strong>Conselho de Curso<\/strong><\/p>\n\n\n\n<ol>\n<li>Eduardo Batista Guimar\u00e3es Nunes dos Santos;<\/li>\n\n\n\n<li>Mariana Muniz Sampaio; ]<\/li>\n\n\n\n<li>Francisco Augusto da Silva Neto;<\/li>\n\n\n\n<li>M\u00e1rcio Bonfim;<\/li>\n\n\n\n<li>Camila Pontes Pena;<\/li>\n\n\n\n<li>Denilson Santana Sodr\u00e9 dos Santos<\/li>\n<\/ol>\n\n\n\n<p><strong>N\u00facleo de Assessoramento Pedag\u00f3gico (NAP<\/strong>)<\/p>\n\n\n\n<ol>\n<li>Eduardo Batista Guimar\u00e3es Nunes dos Santos;<\/li>\n\n\n\n<li>Rafael Rosa da Rocha;<\/li>\n\n\n\n<li>Marcos Caja\u00edba Mendon\u00e7a;<\/li>\n\n\n\n<li>Ubiraneila Capinan Barbosa;<\/li>\n\n\n\n<li>Carlos Ailton da Concei\u00e7\u00e3o Silva;<\/li>\n\n\n\n<li>Vaniele Souza Ribeiro<\/li>\n<\/ol>\n\n\n\n<p><strong>Corpo Docentes<\/strong><br>Andr\u00e9 Marc\u00edlio<br>Bruno Guilhen<br>Camila Pena<br>Carlos Ailton<br>Carolina Ribeiro Silva<br>C\u00e9lio Santos<br>Dalila Monteiro<br>Davi Costa<br>Denilson Sodr\u00e9<br>Eduardo Batista<br>Fabr\u00edcio Brand\u00e3o<br>Fernanda Palmeira<br>Fernando Martins<br>Francisco Silva<br>Gracy Souza<br>Hilma Santos<br>Jacson Santos<br>Joana Paix\u00e3o<br>Jos\u00e9 Tiago Barbosa<br>Jussimara Sim\u00f5es<br>Lil\u00edan Feio<br>Lorena Nascimento<br>M\u00e1rcio Bomfim<br>Marcos Caja\u00edba<br>Maur\u00edcio Pereira<br>Mois\u00e9s Cruz<br>Petry Lordelo<br>Saulo Capim<br>Shirlei Lima<br>Ubiraneila Capinan<br>Vaniele Ribeiro<\/p>\n\n\n\n<p><\/p>\n","protected":false},"excerpt":{"rendered":"<p>Informa\u00e7\u00e3o do curso O Curso T\u00e9cnico em Qu\u00edmica Integrado ao Ensino M\u00e9dio, no Instituto Federal de Educa\u00e7\u00e3o, Ci\u00eancia e Tecnologia Baiano \u2013 Campus Catu compreende uma carga hor\u00e1ria de 3.430 horas no total.O curso \u00e9 constitu\u00eddo de regime seriado, com matr\u00edcula \u00fanica para o Ensino M\u00e9dio e a Educa\u00e7\u00e3oProfissional.A partir da conclus\u00e3o do curso a [&hellip;]<\/p>\n","protected":false},"author":141,"featured_media":0,"parent":0,"menu_order":0,"comment_status":"closed","ping_status":"closed","template":"","meta":[],"_links":{"self":[{"href":"https:\/\/www.ifbaiano.edu.br\/unidades\/catu\/wp-json\/wp\/v2\/pages\/23986"}],"collection":[{"href":"https:\/\/www.ifbaiano.edu.br\/unidades\/catu\/wp-json\/wp\/v2\/pages"}],"about":[{"href":"https:\/\/www.ifbaiano.edu.br\/unidades\/catu\/wp-json\/wp\/v2\/types\/page"}],"author":[{"embeddable":true,"href":"https:\/\/www.ifbaiano.edu.br\/unidades\/catu\/wp-json\/wp\/v2\/users\/141"}],"replies":[{"embeddable":true,"href":"https:\/\/www.ifbaiano.edu.br\/unidades\/catu\/wp-json\/wp\/v2\/comments?post=23986"}],"version-history":[{"count":6,"href":"https:\/\/www.ifbaiano.edu.br\/unidades\/catu\/wp-json\/wp\/v2\/pages\/23986\/revisions"}],"predecessor-version":[{"id":26422,"href":"https:\/\/www.ifbaiano.edu.br\/unidades\/catu\/wp-json\/wp\/v2\/pages\/23986\/revisions\/26422"}],"wp:attachment":[{"href":"https:\/\/www.ifbaiano.edu.br\/unidades\/catu\/wp-json\/wp\/v2\/media?parent=23986"}],"curies":[{"name":"wp","href":"https:\/\/api.w.org\/{rel}","templated":true}]}}