{"id":26001,"date":"2025-05-21T10:52:45","date_gmt":"2025-05-21T13:52:45","guid":{"rendered":"https:\/\/www.ifbaiano.edu.br\/unidades\/catu\/?page_id=26001"},"modified":"2025-05-21T11:24:27","modified_gmt":"2025-05-21T14:24:27","slug":"coordenacao-da-especializacao-em-praticas-educativas-para-aprendizagem-colaborativa-cepeac","status":"publish","type":"page","link":"https:\/\/www.ifbaiano.edu.br\/unidades\/catu\/coordenacao-da-especializacao-em-praticas-educativas-para-aprendizagem-colaborativa-cepeac\/","title":{"rendered":"Coordena\u00e7\u00e3o da Especializa\u00e7\u00e3o em Pr\u00e1ticas Educativas para Aprendizagem Colaborativa (CEPEAC)"},"content":{"rendered":"<table style=\"height: 98px\" border=\"0\" width=\"837\" cellspacing=\"0\">\n<tbody>\n<tr>\n<td align=\"center\" valign=\"middle\" bgcolor=\"#EEEEEE\" height=\"40\" data-sheets-value=\"{ &quot;1&quot;: 2, &quot;2&quot;: &quot;Coordenador\\u000aVice coordenador&quot;}\"><b><span style=\"color: #158466;font-family: Liberation Serif;font-size: medium\">Coordenador<br \/>\nVice coordenador<\/span><\/b><\/td>\n<td align=\"center\" valign=\"middle\" bgcolor=\"#EEEEEE\" data-sheets-value=\"{ &quot;1&quot;: 2, &quot;2&quot;: &quot;E-mail &quot;}\"><b><span style=\"color: #158466;font-family: Liberation Serif;font-size: medium\">E-mail <\/span><\/b><\/td>\n<td align=\"center\" valign=\"middle\" bgcolor=\"#EEEEEE\" data-sheets-value=\"{ &quot;1&quot;: 2, &quot;2&quot;: &quot;Contato&quot;}\"><b><span style=\"color: #158466;font-family: Liberation Serif;font-size: medium\">Contato<\/span><\/b><\/td>\n<\/tr>\n<tr>\n<td align=\"center\" valign=\"middle\" bgcolor=\"#DDE8CB\" height=\"63\" data-sheets-value=\"{ &quot;1&quot;: 2, &quot;2&quot;: &quot;F\u00e1bio Carvalho Nunes (Coord.) Marcelo Souza Oliveira (substituto) \\u000a&quot;}\"><span style=\"font-family: Liberation Serif\">Yone Carneiro de Santana Gon\u00e7alves (Coordenadora)<br \/>\nMirna Ribeiro da Silva (vice coordenadora)<\/span><\/td>\n<td align=\"center\" valign=\"middle\" bgcolor=\"#DDE8CB\" data-sheets-value=\"{ &quot;1&quot;: 2, &quot;2&quot;: &quot;profept@catu.ifbaiano.edu.br\\u000aSuporte.profept@catu.ifbaiano.edu.br &quot;}\">cepeac@catu.ifbaiano.edu.br<\/td>\n<td align=\"center\" valign=\"middle\" bgcolor=\"#DDE8CB\" data-sheets-value=\"{ &quot;1&quot;: 2, &quot;2&quot;: &quot;-&quot;}\"><span style=\"font-family: Liberation Serif\">&#8211;<\/span><\/td>\n<\/tr>\n<\/tbody>\n<\/table>\n<table style=\"height: 57px\" border=\"0\" width=\"838\" cellspacing=\"0\">\n<colgroup width=\"205\"><\/colgroup>\n<colgroup width=\"354\"><\/colgroup>\n<colgroup width=\"341\"><\/colgroup>\n<tbody>\n<tr>\n<td colspan=\"3\" align=\"center\" valign=\"middle\" bgcolor=\"#EEEEEE\" height=\"22\" data-sheets-value=\"{ &quot;1&quot;: 2, &quot;2&quot;: &quot;P\u00e1gina&quot;}\"><b><span style=\"color: #00a933;font-family: Liberation Serif;font-size: medium\">P\u00e1gina<\/span><\/b><\/td>\n<\/tr>\n<tr>\n<td colspan=\"3\" align=\"center\" valign=\"middle\" bgcolor=\"#DDE8CB\" height=\"17\" data-sheets-value=\"{ &quot;1&quot;: 2, &quot;2&quot;: &quot;https:\\\/\\\/www.ifbaiano.edu.br\\\/unidades\\\/catu\\\/profept\\\/ &quot;}\"><span style=\"font-family: Liberation Serif\"><a href=\"https:\/\/ifbaiano.edu.br\/portal\/pos-praticas-educativas-cepeac-catu\/\" target=\"_blank\" rel=\"noopener\">https:\/\/ifbaiano.edu.br\/portal\/pos-praticas-educativas-cepeac-catu\/<\/a><\/span><\/td>\n<\/tr>\n<\/tbody>\n<\/table>\n","protected":false},"excerpt":{"rendered":"<p>Coordenador Vice coordenador E-mail Contato Yone Carneiro de Santana Gon\u00e7alves (Coordenadora) Mirna Ribeiro da Silva (vice coordenadora) cepeac@catu.ifbaiano.edu.br &#8211; P\u00e1gina https:\/\/ifbaiano.edu.br\/portal\/pos-praticas-educativas-cepeac-catu\/<\/p>\n","protected":false},"author":141,"featured_media":0,"parent":0,"menu_order":0,"comment_status":"closed","ping_status":"closed","template":"","meta":[],"_links":{"self":[{"href":"https:\/\/www.ifbaiano.edu.br\/unidades\/catu\/wp-json\/wp\/v2\/pages\/26001"}],"collection":[{"href":"https:\/\/www.ifbaiano.edu.br\/unidades\/catu\/wp-json\/wp\/v2\/pages"}],"about":[{"href":"https:\/\/www.ifbaiano.edu.br\/unidades\/catu\/wp-json\/wp\/v2\/types\/page"}],"author":[{"embeddable":true,"href":"https:\/\/www.ifbaiano.edu.br\/unidades\/catu\/wp-json\/wp\/v2\/users\/141"}],"replies":[{"embeddable":true,"href":"https:\/\/www.ifbaiano.edu.br\/unidades\/catu\/wp-json\/wp\/v2\/comments?post=26001"}],"version-history":[{"count":2,"href":"https:\/\/www.ifbaiano.edu.br\/unidades\/catu\/wp-json\/wp\/v2\/pages\/26001\/revisions"}],"predecessor-version":[{"id":26007,"href":"https:\/\/www.ifbaiano.edu.br\/unidades\/catu\/wp-json\/wp\/v2\/pages\/26001\/revisions\/26007"}],"wp:attachment":[{"href":"https:\/\/www.ifbaiano.edu.br\/unidades\/catu\/wp-json\/wp\/v2\/media?parent=26001"}],"curies":[{"name":"wp","href":"https:\/\/api.w.org\/{rel}","templated":true}]}}