{"id":38,"date":"2011-05-18T18:50:36","date_gmt":"2011-05-18T18:50:36","guid":{"rendered":"http:\/\/localhost\/unidades\/bonfim\/?page_id=38"},"modified":"2016-08-18T18:19:58","modified_gmt":"2016-08-18T18:19:58","slug":"tecnico-administrativos","status":"publish","type":"page","link":"https:\/\/www.ifbaiano.edu.br\/unidades\/catu\/tecnico-administrativos\/","title":{"rendered":"Miss\u00e3o"},"content":{"rendered":"<p style=\"text-align: justify\">O Instituto Federal de Educa\u00e7\u00e3o, Ci\u00eancia e Tecnologia Baiano tem como miss\u00e3o: oferecer educa\u00e7\u00e3o profissional e tecnol\u00f3gica de qualidade, p\u00fablica e gratuita, nas diferentes modalidades, preparando pessoas para o pleno exerc\u00edcio da cidadania e contribuindo para o desenvolvimento social e econ\u00f4mico do pa\u00eds, atrav\u00e9s de a\u00e7\u00f5es de ensino, pesquisa e extens\u00e3o (PDI 2015 &#8211; 2019).<\/p>\n<p style=\"text-align: justify\">(<a href=\"http:\/\/www.ifbaiano.edu.br\/unidades\/catu\/files\/2011\/05\/PDI-2015_2019.pdf\">PDI 2015_2019<\/a>)<\/p>\n<p style=\"text-align: justify\"><a href=\"http:\/\/www.ifbaiano.edu.br\/unidades\/catu\/files\/2011\/05\/Regimento-Geral.pdf\">Regimento Geral<\/a><\/p>\n<p style=\"text-align: justify\"><a href=\"http:\/\/www.ifbaiano.edu.br\/unidades\/catu\/files\/2011\/05\/Estatuto-do-IF-Baiano_2014.pdf\">Estatuto do IF Baiano_2014<\/a><\/p>\n<p>\u00a0<a href=\"http:\/\/www.planalto.gov.br\/ccivil_03\/_ato2007-2010\/2008\/lei\/l11892.htm\">Lei 11.892\/2008 (Cria\u00e7\u00e3o dos Institutos Federais)<\/a><\/p>\n<p>&nbsp;<\/p>\n<p>&nbsp;<\/p>\n","protected":false},"excerpt":{"rendered":"<p>O Instituto Federal de Educa\u00e7\u00e3o, Ci\u00eancia e Tecnologia Baiano tem como miss\u00e3o: oferecer educa\u00e7\u00e3o profissional e tecnol\u00f3gica de qualidade, p\u00fablica e gratuita, nas diferentes modalidades, preparando pessoas para o pleno exerc\u00edcio da cidadania e contribuindo para o desenvolvimento social e econ\u00f4mico do pa\u00eds, atrav\u00e9s de a\u00e7\u00f5es de ensino, pesquisa e extens\u00e3o (PDI 2015 &#8211; 2019). [&hellip;]<\/p>\n","protected":false},"author":1,"featured_media":0,"parent":0,"menu_order":0,"comment_status":"closed","ping_status":"closed","template":"","meta":[],"_links":{"self":[{"href":"https:\/\/www.ifbaiano.edu.br\/unidades\/catu\/wp-json\/wp\/v2\/pages\/38"}],"collection":[{"href":"https:\/\/www.ifbaiano.edu.br\/unidades\/catu\/wp-json\/wp\/v2\/pages"}],"about":[{"href":"https:\/\/www.ifbaiano.edu.br\/unidades\/catu\/wp-json\/wp\/v2\/types\/page"}],"author":[{"embeddable":true,"href":"https:\/\/www.ifbaiano.edu.br\/unidades\/catu\/wp-json\/wp\/v2\/users\/1"}],"replies":[{"embeddable":true,"href":"https:\/\/www.ifbaiano.edu.br\/unidades\/catu\/wp-json\/wp\/v2\/comments?post=38"}],"version-history":[{"count":5,"href":"https:\/\/www.ifbaiano.edu.br\/unidades\/catu\/wp-json\/wp\/v2\/pages\/38\/revisions"}],"predecessor-version":[{"id":14174,"href":"https:\/\/www.ifbaiano.edu.br\/unidades\/catu\/wp-json\/wp\/v2\/pages\/38\/revisions\/14174"}],"wp:attachment":[{"href":"https:\/\/www.ifbaiano.edu.br\/unidades\/catu\/wp-json\/wp\/v2\/media?parent=38"}],"curies":[{"name":"wp","href":"https:\/\/api.w.org\/{rel}","templated":true}]}}