{"id":123,"date":"2011-05-19T16:44:12","date_gmt":"2011-05-19T19:44:12","guid":{"rendered":"http:\/\/localhost\/unidades\/bonfim\/?page_id=123"},"modified":"2026-02-26T15:16:45","modified_gmt":"2026-02-26T18:16:45","slug":"alunos-estagio","status":"publish","type":"page","link":"https:\/\/www.ifbaiano.edu.br\/unidades\/itapetinga\/alunos-estagio\/","title":{"rendered":"Est\u00e1gios"},"content":{"rendered":"\n<p><strong>Sobre<\/strong><\/p>\n\n\n\n<hr class=\"wp-block-separator has-alpha-channel-opacity\" \/>\n\n\n\n<p>\u201cO est\u00e1gio curricular supervisionado caracteriza-se por ser ato educativo escolar, que possui acompanhamento efetivo de professor(a) orientador(a) do IF Baiano e de supervisor(a) da unidade concedente, desenvolvido no ambiente de trabalho e visando \u00e0 forma\u00e7\u00e3o \u00e9tica e cidad\u00e3 dos(as) estagi\u00e1rios(as) para o trabalho\u201d.<br><strong>Est\u00e1gio curricular obrigat\u00f3rio:<\/strong><br>\u201cO est\u00e1gio obrigat\u00f3rio ser\u00e1 aquele definido como tal no PPC, sendo requisito para a conclus\u00e3o dos cursos, no \u00e2mbito do IF Baiano.\u201d<br><strong>Est\u00e1gio n\u00e3o obrigat\u00f3rio:<\/strong><br>\u201cO est\u00e1gio n\u00e3o obrigat\u00f3rio ser\u00e1 aquele desenvolvido como atividade opcional, acrescida \u00e0 carga hor\u00e1ria regular e obrigat\u00f3ria do curso.\u201d<\/p>\n\n\n\n<hr class=\"wp-block-separator has-alpha-channel-opacity\" \/>\n\n\n\n<p><strong>Fluxo para iniciar o est\u00e1gio no IF Baiano<\/strong><\/p>\n\n\n\n<figure class=\"wp-block-image size-full\"><a href=\"https:\/\/www.ifbaiano.edu.br\/unidades\/itapetinga\/files\/2024\/04\/image-2.png\"><img decoding=\"async\" loading=\"lazy\" width=\"988\" height=\"460\" src=\"https:\/\/www.ifbaiano.edu.br\/unidades\/itapetinga\/files\/2024\/04\/image-2.png\" alt=\"\" class=\"wp-image-42132\" \/><\/a><\/figure>\n\n\n\n<h2 class=\"wp-block-heading\">Manuais de Est\u00e1gio<\/h2>\n\n\n\n<div class=\"wp-block-file\"><a id=\"wp-block-file--media-f26d01e6-37b6-4879-b726-42c1a2d2a135\" href=\"https:\/\/www.ifbaiano.edu.br\/unidades\/itapetinga\/files\/2026\/02\/Manual-de-estagio-para-ESTUDANTES.pdf\">Manual-de-estagio-para-ESTUDANTES<\/a><a href=\"https:\/\/www.ifbaiano.edu.br\/unidades\/itapetinga\/files\/2026\/02\/Manual-de-estagio-para-ESTUDANTES.pdf\" class=\"wp-block-file__button wp-element-button\" download aria-describedby=\"wp-block-file--media-f26d01e6-37b6-4879-b726-42c1a2d2a135\">Baixar<\/a><\/div>\n\n\n\n<div class=\"wp-block-file\"><a id=\"wp-block-file--media-dfef0b0c-b201-4687-9d24-282b39baeb4e\" href=\"https:\/\/www.ifbaiano.edu.br\/unidades\/itapetinga\/files\/2026\/02\/Manual-de-estagio-para-DOCENTES.pdf\">Manual-de-estagio-para-DOCENTES<\/a><a href=\"https:\/\/www.ifbaiano.edu.br\/unidades\/itapetinga\/files\/2026\/02\/Manual-de-estagio-para-DOCENTES.pdf\" class=\"wp-block-file__button wp-element-button\" download aria-describedby=\"wp-block-file--media-dfef0b0c-b201-4687-9d24-282b39baeb4e\">Baixar<\/a><\/div>\n\n\n\n<div class=\"wp-block-file\"><a id=\"wp-block-file--media-4a1bd1bd-b2ef-4c88-9eee-90877a2005ea\" href=\"https:\/\/www.ifbaiano.edu.br\/unidades\/itapetinga\/files\/2026\/02\/Manual-de-estagio-para-SUPERVISORES.pdf\">Manual-de-estagio-para-SUPERVISORES<\/a><a href=\"https:\/\/www.ifbaiano.edu.br\/unidades\/itapetinga\/files\/2026\/02\/Manual-de-estagio-para-SUPERVISORES.pdf\" class=\"wp-block-file__button wp-element-button\" download aria-describedby=\"wp-block-file--media-4a1bd1bd-b2ef-4c88-9eee-90877a2005ea\">Baixar<\/a><\/div>\n\n\n\n<p><strong>Legisla\u00e7\u00f5es e Normas do IF Baiano<\/strong><\/p>\n\n\n\n<p><a rel=\"noreferrer noopener\" href=\"https:\/\/ifbaiano.edu.br\/portal\/ensino\/wp-content\/uploads\/sites\/2\/2024\/04\/lei11788_25_09_08.pdf\" target=\"_blank\">Lei n\u00ba 11.788 de 25 de setembro de 2008<\/a><br><a rel=\"noreferrer noopener\" href=\"https:\/\/ifbaiano.edu.br\/portal\/ensino\/wp-content\/uploads\/sites\/2\/2024\/04\/Resolucao-84.2020-OS-CONSUP.IFBAIANO-DE-22-DE-SETEMBRO-DE-2020.pdf\" target=\"_blank\">Resolu\u00e7\u00e3o 84\/2020 \u2013 OS-CONSUP\/IFBAIANO, DE 22 DE SETEMBRO DE 2020<\/a><br><a rel=\"noreferrer noopener\" href=\"https:\/\/ifbaiano.edu.br\/portal\/ensino\/wp-content\/uploads\/sites\/2\/2024\/04\/Resolucao-136.2021-OS-CONSUP.IFBAIANO-DE-11-DE-JUNHO-DE-2021.pdf\" target=\"_blank\">Resolu\u00e7\u00e3o 136\/2021 \u2013 OS-CONSUP\/IFBAIANO, DE 11 DE JUNHO DE 2021<\/a><\/p>\n\n\n\n<hr class=\"wp-block-separator has-alpha-channel-opacity\" \/>\n\n\n\n<p><strong>Formul\u00e1rios para est\u00e1gios<\/strong><\/p>\n\n\n\n<p><a rel=\"noreferrer noopener\" href=\"https:\/\/ifbaiano.edu.br\/portal\/ensino\/wp-content\/uploads\/sites\/2\/2024\/04\/AVALIACAO-DE-APRESENTACAO-ORAL-DE-ESTAGIO.pdf\" target=\"_blank\">Avalia\u00e7\u00e3o de apresenta\u00e7\u00e3o oral de est\u00e1gio;<\/a><\/p>\n\n\n\n<p><a href=\"https:\/\/ifbaiano.edu.br\/portal\/ensino\/wp-content\/uploads\/sites\/2\/2024\/04\/AVALIACAO-DE-RELATORIO-DE-ESTAGIO.pdf\" target=\"_blank\" rel=\"noreferrer noopener\">Avalia\u00e7\u00e3o de relat\u00f3rio de est\u00e1gio;<\/a><\/p>\n\n\n\n<p><a href=\"https:\/\/ifbaiano.edu.br\/portal\/ensino\/wp-content\/uploads\/sites\/2\/2024\/04\/CONTROLE-DE-FREQUENCIA-EM-ESTAGIO-CURRICULAR-OBRIGATORIO.pdf\" target=\"_blank\" rel=\"noreferrer noopener\">Controle de frequ\u00eancia em est\u00e1gio curricular obrigat\u00f3rio;<\/a><\/p>\n\n\n\n<p><a href=\"https:\/\/ifbaiano.edu.br\/portal\/ensino\/wp-content\/uploads\/sites\/2\/2024\/04\/DECLARACAO-DE-CONCLUSAO-DE-ESTAGIO.pdf\" target=\"_blank\" rel=\"noreferrer noopener\">Declara\u00e7\u00e3o de conclus\u00e3o de est\u00e1gio;<\/a><\/p>\n\n\n\n<p><a href=\"https:\/\/ifbaiano.edu.br\/portal\/ensino\/wp-content\/uploads\/sites\/2\/2024\/04\/DECLARACAO-PARA-ESTAGIO-DO-COORDENADOR-DO-CURSO.pdf\" target=\"_blank\" rel=\"noreferrer noopener\">Declara\u00e7\u00e3o para est\u00e1gio do coordenador do curso;<\/a><\/p>\n\n\n\n<p><a rel=\"noreferrer noopener\" href=\"https:\/\/ifbaiano.edu.br\/portal\/ensino\/wp-content\/uploads\/sites\/2\/2024\/04\/DECLARACAO-PARA-ESTAGIOS-DA-SRA.pdf\" target=\"_blank\">Declara\u00e7\u00e3o para est\u00e1gio da SRA;<\/a><\/p>\n\n\n\n<p><a href=\"https:\/\/ifbaiano.edu.br\/portal\/ensino\/wp-content\/uploads\/sites\/2\/2024\/04\/DECLARACAO-DE-EXPERIENCIA-PROFISSIONAL.pdf\" target=\"_blank\" rel=\"noreferrer noopener\">Declara\u00e7\u00e3o de experi\u00eancia profissional;<\/a><\/p>\n\n\n\n<p><a rel=\"noreferrer noopener\" href=\"https:\/\/ifbaiano.edu.br\/portal\/ensino\/wp-content\/uploads\/sites\/2\/2024\/04\/FICHA-DE-AVALIACAO-DO-SUPERVISOR.pdf\" target=\"_blank\">Ficha de avalia\u00e7\u00e3o do supervisor;<\/a><\/p>\n\n\n\n<p><a href=\"https:\/\/www.ifbaiano.edu.br\/unidades\/itapetinga\/files\/2024\/09\/Modelo-de-relatorio-de-estagio-2024.pdf\">Modelo de relat\u00f3rio de est\u00e1gio<\/a>;<\/p>\n\n\n\n<p><a href=\"https:\/\/ifbaiano.edu.br\/portal\/ensino\/wp-content\/uploads\/sites\/2\/2024\/04\/PLANO-DE-ATIVIDADES-DE-ESTAGIO-CURRICULAR.pdf\" target=\"_blank\" rel=\"noreferrer noopener\">Plano de atividades de est\u00e1gio curricular;<\/a><\/p>\n\n\n\n<p><a href=\"https:\/\/ifbaiano.edu.br\/portal\/ensino\/wp-content\/uploads\/sites\/2\/2024\/04\/REQUERIMENTO-DE-ESTAGIO.pdf\" target=\"_blank\" rel=\"noreferrer noopener\">Requerimento de Est\u00e1gio;<\/a><\/p>\n\n\n\n<p><a href=\"https:\/\/ifbaiano.edu.br\/portal\/ensino\/wp-content\/uploads\/sites\/2\/2024\/04\/RELATORIO-DE-ATIVIDADES-DE-ESTAGIO.pdf\" target=\"_blank\" rel=\"noreferrer noopener\">Relat\u00f3rio de atividades de est\u00e1gio;<\/a><\/p>\n\n\n\n<p><a href=\"https:\/\/ifbaiano.edu.br\/portal\/ensino\/wp-content\/uploads\/sites\/2\/2024\/04\/REQUERIMENTO-PARA-APROVEITAMENTO-DE-CARGA-HORARIA-COMO-ESTAGIO-CURRICULAR-OBRIGATORIO.pdf\" target=\"_blank\" rel=\"noreferrer noopener\">Requerimento para aproveitamento de carga hor\u00e1ria como est\u00e1gio curricular obrigat\u00f3rio;<\/a><\/p>\n\n\n\n<p><a href=\"https:\/\/ifbaiano.edu.br\/portal\/ensino\/wp-content\/uploads\/sites\/2\/2024\/04\/REQUERIMENTO-PARA-PRORROGACAO-DO-PRAZO-DE-ENTREGA-DO-RELATORIO-FINAL-DE-ESTAGIO-CURRICULAR-OBRIGATORIO.pdf\" target=\"_blank\" rel=\"noreferrer noopener\">Requerimento para prorroga\u00e7\u00e3o do prazo de entrega do relat\u00f3rio final de est\u00e1gio curricular obrigat\u00f3rio;<\/a><\/p>\n\n\n\n<p><a href=\"https:\/\/ifbaiano.edu.br\/portal\/ensino\/wp-content\/uploads\/sites\/2\/2024\/04\/REQUERIMENTO-PARA-SUBSTITUICAO-DE-DOCENTE-ORIENTADORA-DE-ESTAGIO.pdf\" target=\"_blank\" rel=\"noreferrer noopener\">Requerimento para substitui\u00e7\u00e3o de docente orientador(a) de est\u00e1gio;<\/a><\/p>\n\n\n\n<p><a href=\"https:\/\/ifbaiano.edu.br\/portal\/ensino\/wp-content\/uploads\/sites\/2\/2024\/04\/RESCISAO-DO-TERMO-DE-COMPROMISSO-DE-ESTAGIO.pdf\" target=\"_blank\" rel=\"noreferrer noopener\">Rescis\u00e3o do termo de compromisso de est\u00e1gio;<\/a><\/p>\n\n\n\n<p><a href=\"https:\/\/ifbaiano.edu.br\/portal\/ensino\/wp-content\/uploads\/sites\/2\/2024\/04\/TERMO-ADITIVO-DE-ESTAGIO.pdf\" target=\"_blank\" rel=\"noreferrer noopener\">Termo aditivo de est\u00e1gio;<\/a><\/p>\n\n\n\n<p><a href=\"https:\/\/ifbaiano.edu.br\/portal\/ensino\/wp-content\/uploads\/sites\/2\/2024\/04\/TERMO-DE-REALIZACAO-DE-ESTAGIO-dos-cursos-EPTNM.pdf\" target=\"_blank\" rel=\"noreferrer noopener\">Termo de realiza\u00e7\u00e3o de est\u00e1gio dos cursos EPTNM;<\/a><\/p>\n\n\n\n<p><a rel=\"noreferrer noopener\" href=\"https:\/\/ifbaiano.edu.br\/portal\/ensino\/wp-content\/uploads\/sites\/2\/2024\/04\/TERMO-DE-REALIZACAO-DO-ESTAGIO-CURSOS-DE-GRADUACAO.pdf\" target=\"_blank\">Termo de realiza\u00e7\u00e3o do est\u00e1gio cursos de gradua\u00e7\u00e3o;<\/a><\/p>\n\n\n\n<hr class=\"wp-block-separator has-alpha-channel-opacity\" \/>\n\n\n\n<p><strong>Coordenadora: Rita de Cassia Lima Silva<\/strong><\/p>\n\n\n\n<div class=\"wp-block-group is-layout-flow\"><div class=\"wp-block-group__inner-container\">\n<div class=\"wp-block-group is-layout-flow\"><div class=\"wp-block-group__inner-container\">\n<p class=\"has-text-align-left\"><strong>Contato para o discente: <a href=\"mailto:estagio@itapetinga.ifbaiano.edu.br\">estagio@itapetinga.ifbaiano.edu.br<\/a><\/strong><\/p>\n<\/div><\/div>\n<\/div><\/div>\n","protected":false},"excerpt":{"rendered":"<p>Sobre \u201cO est\u00e1gio curricular supervisionado caracteriza-se por ser ato educativo escolar, que possui acompanhamento efetivo de professor(a) orientador(a) do IF Baiano e de supervisor(a) da unidade concedente, desenvolvido no ambiente de trabalho e visando \u00e0 forma\u00e7\u00e3o \u00e9tica e cidad\u00e3 dos(as) estagi\u00e1rios(as) para o trabalho\u201d.Est\u00e1gio curricular obrigat\u00f3rio:\u201cO est\u00e1gio obrigat\u00f3rio ser\u00e1 aquele definido como tal no PPC, [&hellip;]<\/p>\n","protected":false},"author":1,"featured_media":0,"parent":0,"menu_order":0,"comment_status":"closed","ping_status":"closed","template":"","meta":[],"_links":{"self":[{"href":"https:\/\/www.ifbaiano.edu.br\/unidades\/itapetinga\/wp-json\/wp\/v2\/pages\/123"}],"collection":[{"href":"https:\/\/www.ifbaiano.edu.br\/unidades\/itapetinga\/wp-json\/wp\/v2\/pages"}],"about":[{"href":"https:\/\/www.ifbaiano.edu.br\/unidades\/itapetinga\/wp-json\/wp\/v2\/types\/page"}],"author":[{"embeddable":true,"href":"https:\/\/www.ifbaiano.edu.br\/unidades\/itapetinga\/wp-json\/wp\/v2\/users\/1"}],"replies":[{"embeddable":true,"href":"https:\/\/www.ifbaiano.edu.br\/unidades\/itapetinga\/wp-json\/wp\/v2\/comments?post=123"}],"version-history":[{"count":46,"href":"https:\/\/www.ifbaiano.edu.br\/unidades\/itapetinga\/wp-json\/wp\/v2\/pages\/123\/revisions"}],"predecessor-version":[{"id":44880,"href":"https:\/\/www.ifbaiano.edu.br\/unidades\/itapetinga\/wp-json\/wp\/v2\/pages\/123\/revisions\/44880"}],"wp:attachment":[{"href":"https:\/\/www.ifbaiano.edu.br\/unidades\/itapetinga\/wp-json\/wp\/v2\/media?parent=123"}],"curies":[{"name":"wp","href":"https:\/\/api.w.org\/{rel}","templated":true}]}}