{"id":10250,"date":"2018-03-27T08:31:25","date_gmt":"2018-03-27T11:31:25","guid":{"rendered":"http:\/\/www.ifbaiano.edu.br\/unidades\/lapa\/?page_id=10250"},"modified":"2023-06-02T15:42:05","modified_gmt":"2023-06-02T18:42:05","slug":"napne","status":"publish","type":"page","link":"https:\/\/www.ifbaiano.edu.br\/unidades\/lapa\/napne\/","title":{"rendered":"N\u00facleo de Atendimento \u00e0s Pessoas com Necessidades Espec\u00edficas &#8211; NAPNE"},"content":{"rendered":"\n<h2 style=\"text-transform: uppercase\">\n    Apresenta\u00e7\u00e3o:\n<\/h2>\n\n<p>\n        O Napne \u00e9 o setor respons\u00e1vel por tratar de quest\u00f5es relativas \u00e0 inclus\u00e3o, promover a\u00e7\u00f5es que possibilitem o acesso, a perman\u00eancia e a conclus\u00e3o com \u00eaxito de pessoas com necessidades espec\u00edficas (PNE), propor\/realizar atividades e eventos que promovam a recep\u00e7\u00e3o dos(as) educandos(as) de maneira acolhedora e adequada, contribuindo com a valoriza\u00e7\u00e3o do respeito \u00e0 diversidade humana e fomentar a sustentabilidade do processo inclusivo mediante aprendizagem cooperativa em sala de aula e a constitui\u00e7\u00e3o de redes de apoio.\n<\/p>\n\n\n\n<h2 style=\"text-transform: uppercase\">\n    P\u00fablico Atendido:\n<\/h2>\n\n<p> Pessoas cujas necessidades espec\u00edficas se originem em fun\u00e7\u00e3o de uma Defici\u00eancia, de Transtornos Globais do Desenvolvimento \u2013 TGD, atualmente denominado Transtorno do Espectro Autista-TEA, das Altas Habilidades\/Superdota\u00e7\u00e3o, ou ainda de Transtornos funcionais espec\u00edficos (Dislexia, Disortografia, Disgrafia, Discalculia, Transtorno de D\u00e9ficit de Aten\u00e7\u00e3o e Hiperatividade -TDAH, dentre outros) e as pessoas com mobilidade reduzida, conforme legisla\u00e7\u00e3o vigente, em especial a Resolu\u00e7\u00e3o n\u00ba 04\/2009, as Notas T\u00e9cnicas n\u00ba 11\/2010 e 04\/2014, o Decreto n\u00b0 7.611\/2011 assim como os Marcos Normativos Lei n\u00ba 12.764\/2012, Lei 12.796\/2013 e Lei 13.146\/2015.\n<\/p>\n\n\n\n<h2 style=\"text-transform: uppercase\">\n    Equipe:\n<\/h2>\n\n<p>\n    <strong>Coordenador:<\/strong><br>\n    Wilson Avelino Rog\u00e9rio Neto &#8211; Revisor de Texto Braille\n<\/p>\n\n<p>\n    <strong>Coordenadora Substituta:<\/strong><br>\n    Luciana Pereira Cardial Teixeira &#8211; Tradutora Int\u00e9rprete de Libras &#8211; Portugu\u00eas\n<\/p>\n\n<p>\n    <strong>Membros T\u00e9cnicos:<\/strong><br>\n        Aline Soares de Lima \u2013 Psic\u00f3loga<br>\n        Cyntia Layane Gusm\u00e3o Souza Sampaio &#8211; Assistente Social<br>\n        Jorge Abdon Miranda de Souza Junior &#8211; Auxiliar Administrativo<br>\n        Luciana Silva Amorim &#8211; Pedagoga<br>\n        Rodrigo Vasconcelos Stolze da Conceic\u00e3o &#8211; Enfermeiro<br>\n        Ta\u00eddio Pereira de Oliveira &#8211; T\u00e9cnico em Assuntos Educacionais\n<\/p>\n\n<p>\n    <strong>Membros Docentes:<\/strong><br>\n        Adevanucia Neres Santos &#8211; Professora do Ensino B\u00e1sico, T\u00e9cnico e Tecnol\u00f3gico<br>\n        Fabiana Santos da Silva  &#8211; Professora do Ensino B\u00e1sico, T\u00e9cnico e Tecnol\u00f3gico<br>\n        Jos\u00e9 Eduardo Santos Barboza da Silva &#8211; Professor do Ensino B\u00e1sico, T\u00e9cnico e Tecnol\u00f3gico<br>\n        Marcelo Leite Pereira &#8211; Professor do Ensino B\u00e1sico, T\u00e9cnico e Tecnol\u00f3gico<br>\n<\/p>\n\n<p>\n  <strong> Membros Discentes:<\/strong><br>\n        Celiane Dias &#8211; Discente do Curso Bacharelado em Engenharia Agron\u00f4mica\n<\/p>\n\n\n\n<h2 style=\"text-transform: uppercase\">\n    Contato:\n<\/h2>\n\n<p>\n        napne@lapa.ifbaiano.edu.br\n        <br>\n        telefone:  (77) 3481-2521 \/ (77) 3481-4513 Ramal 240\n<\/p>\n\n\n\n<h2 style=\"text-transform: uppercase\">\n    Projetos Napne:\n<\/h2>\n\n<p>\n    <a href=\"https:\/\/www.ifbaiano.edu.br\/unidades\/lapa\/acoes-internas-e-externas-do-napne\/\" target=\"_blank\" rel=\"noopener\">Eventos<\/a>\n\n<\/p>\n\n\n\n<h2 style=\"text-transform: uppercase\">\n    Documentos IF Baiano\/NAPNE:\n<\/h2>\n\n<hr>\n\n<table style=\"width: 100%\" border=\"0\" bgcolor=\"#EEEEEE\">\n    <tbody>\n        <tr>\n            <td width=\"5%\"><a href=\"http:\/\/www.ifbaiano.edu.br\/unidades\/lapa\/files\/2017\/12\/Edital-10-2017-de-Matr\u00edcula-cursos-interados-2018.pdf\"><img decoding=\"async\" title=\"Clique aqui para acessar o documento\" src=\"http:\/\/www.ifbaiano.edu.br\/unidades\/lapa\/files\/2018\/03\/pdf.png\" width=\"30\"><\/a><\/td>\n            <td width=\"75%\"><strong><a href=\"http:\/\/www.ifbaiano.edu.br\/unidades\/lapa\/files\/2017\/12\/Edital-10-2017-de-Matr\u00edcula-cursos-interados-2018.pdf\" target=\"_blank\" rel=\"noopener\">Constitui\u00e7\u00e3o da Rep\u00fablica Federativa do Brasil de 1988<\/a><\/strong><\/td>\n        <\/tr>\n        <tr>\n            <td width=\"5%\"><a href=\"\/\/portal.mec.gov.br\/seesp\/arquivos\/pdf\/salamanca.pdf\"><img decoding=\"async\" title=\"Clique aqui para acessar o documento\" src=\"http:\/\/www.ifbaiano.edu.br\/unidades\/lapa\/files\/2016\/07\/icone1.png\" width=\"30\"><\/a><\/td>\n            <td width=\"75%\"><strong><a href=\"\/\/portal.mec.gov.br\/seesp\/arquivos\/pdf\/salamanca.pdf\" target=\"_blank\" rel=\"noopener\">Declara\u00e7\u00e3o de Salamanca<\/a><\/strong><\/td>\n        <\/tr>\n        <tr>\n            <td width=\"5%\"><a href=\"http:\/\/www.planalto.gov.br\/ccivil_03\/_ato2015-2018\/2015\/lei\/l13146.htm\"><img decoding=\"async\" title=\"Clique aqui para acessar o documento\" src=\"http:\/\/www.ifbaiano.edu.br\/unidades\/lapa\/files\/2016\/07\/icone1.png\" width=\"30\"><\/a><\/td>\n            <td width=\"75%\"><strong><a href=\"http:\/\/www.planalto.gov.br\/ccivil_03\/_ato2015-2018\/2015\/lei\/l13146.htm\" target=\"_blank\" rel=\"noopener\">Lei Brasileira de Inclus\u00e3o da Pessoa com Defici\u00eancia (Estatuto da Pessoa com Defici\u00eancia)<\/a><\/strong><\/td>\n        <\/tr>\n        <tr>\n            <td width=\"5%\"><a href=\"http:\/\/www.planalto.gov.br\/ccivil_03\/leis\/2002\/l10436.htm\"><img decoding=\"async\" title=\"Clique aqui para acessar o documento\" src=\"http:\/\/www.ifbaiano.edu.br\/unidades\/lapa\/files\/2016\/07\/icone1.png\" width=\"30\"><\/a><\/td>\n            <td width=\"75%\"><strong><a href=\"http:\/\/www.planalto.gov.br\/ccivil_03\/leis\/2002\/l10436.htm\" target=\"_blank\" rel=\"noopener\">Lei 10.436\/2002 disp\u00f5e sobre a L\u00edngua Brasileira de Sinais<\/a><\/strong><\/td>\n        <\/tr>\n        <tr>\n            <td width=\"5%\"><a href=\"http:\/\/www.planalto.gov.br\/ccivil_03\/_ato2004-2006\/2005\/decreto\/d5626.htm\"><img decoding=\"async\" title=\"Clique aqui para acessar o documento\" src=\"http:\/\/www.ifbaiano.edu.br\/unidades\/lapa\/files\/2016\/07\/icone1.png\" width=\"30\"><\/a><\/td>\n            <td width=\"75%\"><strong><a href=\"http:\/\/www.planalto.gov.br\/ccivil_03\/_ato2004-2006\/2005\/decreto\/d5626.htm\" target=\"_blank\" rel=\"noopener\">Decreto 5.626\/2005 regulamenta a Lei n\u00ba 10.436, de 24 de abril de 2002, que disp\u00f5e sobre a L\u00edngua Brasileira de Sinais&nbsp;&#8211; Libras, e o art. 18 da Lei n\u00ba 10.098, de 19 de dezembro de 2000<\/a><\/strong><\/td>\n        <\/tr>\n        <tr>\n            <td width=\"5%\"><a href=\"http:\/\/www.faders.rs.gov.br\/legislacao\/6\/2\"><img decoding=\"async\" title=\"Clique aqui para acessar o documento\" src=\"http:\/\/www.ifbaiano.edu.br\/unidades\/lapa\/files\/2016\/07\/icone1.png\" width=\"30\"><\/a><\/td>\n            <td width=\"75%\"><strong><a href=\"http:\/\/www.faders.rs.gov.br\/legislacao\/6\/2\" target=\"_blank\" rel=\"noopener\">Conven\u00e7\u00e3o da Guatemala (1999), promulgada no Brasil pelo Decreto n\u00ba 3.956\/2001<\/a><\/strong><\/td>\n        <\/tr>\n        <tr>\n            <td width=\"5%\"><a href=\"http:\/\/www.ifbaiano.edu.br\/unidades\/santaines\/files\/2017\/07\/8.-Pol%C3%ADtica-da-Diversidade-e-Inclus%C3%A3o.pdf\"><img decoding=\"async\" title=\"Clique aqui para acessar o documento\" src=\"http:\/\/www.ifbaiano.edu.br\/unidades\/lapa\/files\/2018\/03\/pdf.png\" width=\"30\"><\/a><\/td>\n            <td width=\"75%\"><strong><a href=\"http:\/\/www.ifbaiano.edu.br\/unidades\/santaines\/files\/2017\/07\/8.-Pol%C3%ADtica-da-Diversidade-e-Inclus%C3%A3o.pdf\" target=\"_blank\" rel=\"noopener\">Pol\u00edtica de Diversidade e Inclus\u00e3o do IF Baiano<\/a><\/strong><\/td>\n        <\/tr>\n\n        <tr>\n            <td width=\"5%\"><a href=\"https:\/\/www.ifbaiano.edu.br\/unidades\/lapa\/files\/2022\/06\/REGIMENTO-DO-NAPNE-2018.pdf\"><img decoding=\"async\" title=\"Clique aqui para acessar o documento\" src=\"http:\/\/www.ifbaiano.edu.br\/unidades\/lapa\/files\/2018\/03\/pdf.png\" width=\"30\"><\/a><\/td>\n            <td width=\"75%\"><strong><a href=\"https:\/\/www.ifbaiano.edu.br\/unidades\/lapa\/files\/2022\/06\/REGIMENTO-DO-NAPNE-2018.pdf\" target=\"_blank\" rel=\"noopener\">Regimento do N\u00facleo de Atendimento \u00e0s Pessoas com Necessidades Espec\u00edficas Do IF Baiano<\/a><\/strong><\/td>\n        <\/tr>\n\n    <\/tbody>\n<\/table>\n\n<hr>\n","protected":false},"excerpt":{"rendered":"<p>Apresenta\u00e7\u00e3o: O Napne \u00e9 o setor respons\u00e1vel por tratar de quest\u00f5es relativas \u00e0 inclus\u00e3o, promover a\u00e7\u00f5es que possibilitem o acesso, a perman\u00eancia e a conclus\u00e3o com \u00eaxito de pessoas com necessidades espec\u00edficas (PNE), propor\/realizar atividades e eventos que promovam a recep\u00e7\u00e3o dos(as) educandos(as) de maneira acolhedora e adequada, contribuindo com a valoriza\u00e7\u00e3o do respeito \u00e0 [&hellip;]<\/p>\n","protected":false},"author":84,"featured_media":0,"parent":0,"menu_order":0,"comment_status":"closed","ping_status":"closed","template":"","meta":[],"_links":{"self":[{"href":"https:\/\/www.ifbaiano.edu.br\/unidades\/lapa\/wp-json\/wp\/v2\/pages\/10250"}],"collection":[{"href":"https:\/\/www.ifbaiano.edu.br\/unidades\/lapa\/wp-json\/wp\/v2\/pages"}],"about":[{"href":"https:\/\/www.ifbaiano.edu.br\/unidades\/lapa\/wp-json\/wp\/v2\/types\/page"}],"author":[{"embeddable":true,"href":"https:\/\/www.ifbaiano.edu.br\/unidades\/lapa\/wp-json\/wp\/v2\/users\/84"}],"replies":[{"embeddable":true,"href":"https:\/\/www.ifbaiano.edu.br\/unidades\/lapa\/wp-json\/wp\/v2\/comments?post=10250"}],"version-history":[{"count":84,"href":"https:\/\/www.ifbaiano.edu.br\/unidades\/lapa\/wp-json\/wp\/v2\/pages\/10250\/revisions"}],"predecessor-version":[{"id":25638,"href":"https:\/\/www.ifbaiano.edu.br\/unidades\/lapa\/wp-json\/wp\/v2\/pages\/10250\/revisions\/25638"}],"wp:attachment":[{"href":"https:\/\/www.ifbaiano.edu.br\/unidades\/lapa\/wp-json\/wp\/v2\/media?parent=10250"}],"curies":[{"name":"wp","href":"https:\/\/api.w.org\/{rel}","templated":true}]}}