{"id":12184,"date":"2019-03-21T17:06:17","date_gmt":"2019-03-21T20:06:17","guid":{"rendered":"http:\/\/www.ifbaiano.edu.br\/unidades\/lapa\/?page_id=12184"},"modified":"2024-04-23T17:37:48","modified_gmt":"2024-04-23T20:37:48","slug":"projetos-de-extensao-em-desenvolvimento","status":"publish","type":"page","link":"https:\/\/www.ifbaiano.edu.br\/unidades\/lapa\/projetos-de-extensao-em-desenvolvimento\/","title":{"rendered":"Atividades de Extens\u00e3o Desenvolvidas"},"content":{"rendered":"\n<p><\/p>\n\n\n\n<div id=\"TituloMenu\" align=\"center\" style=\"font-size:14px\">\n    <strong>A\u00e7\u00f5es de Extens\u00e3o Desenvolvidas em 2018<\/strong>\n<\/div>\n\n<hr>\n\n<table style=\"width: 100%;border-color: white\" border=\"0\" rules=\"rows\" bgcolor=\"#EEEEEE\">\n    <thead>\n        <tr bgcolor=\"#D0FFD0\" style=\"text-align: center;height: 30px\">\n            <th>Tipo da Atividade<\/th>\n            <th width=\"50%\">Nome<\/th>\n            <th>Coordenador<\/th>\n            <th>Folder<\/th>\n        <\/tr>\n    <\/thead>\n    <tbody>\n        <tr align=\"center\">\n            <td>Projeto<\/td><td align=\"justify\">O conhecimento jur\u00eddico b\u00e1sico como instrumento do exerc\u00edcio da cidadania: uma proposta de forma\u00e7\u00e3o para estudantes do Ensino M\u00e9dio no munic\u00edpio de Bom Jesus da Lapa<\/td><td>Ariele Chagas Oliveira<\/td><td><\/td>\n        <\/tr>\n        <tr align=\"center\">\n            <td>Projeto<\/td><td align=\"justify\">Identifica\u00e7\u00e3o e incentivo ao consumo de Plantas Aliment\u00edcias N\u00e3o Convencionais \u2013 PANC\u2019s em Comunidades Rurais de Bom Jesus da Lapa<\/td><td>Danuza Ara\u00fajo de Souza<\/td><td><a href=\"http:\/\/www.ifbaiano.edu.br\/unidades\/lapa\/files\/2019\/05\/Informativo_PANCS.pdf\" target=\"_blank\" rel=\"noopener noreferrer\"><img decoding=\"async\" class=\"align-center aligncenter\" title=\"Clique aqui para acessar o documento\" src=\"http:\/\/www.ifbaiano.edu.br\/unidades\/lapa\/files\/2016\/07\/icone1.png\" width=\"20\"><\/a><\/td>\n        <\/tr>\n        <tr align=\"center\">\n            <td>Projeto<\/td><td align=\"justify\">Constru\u00e7\u00e3o participativas de indicadores de qualidade do solo para agroecossistemas familiares em transi\u00e7\u00e3o agroecol\u00f3gica situados nos munic\u00edpios de Serra do Ramalho e Bom Jesus da Lapa<\/td><td>Emerson Alves dos Santos<\/td><td><a href=\"http:\/\/www.ifbaiano.edu.br\/unidades\/lapa\/files\/2019\/05\/Informativo-Solos-1.pdf\" target=\"_blank\" rel=\"noopener noreferrer\"><img decoding=\"async\" class=\"aligncenter\" title=\"Clique aqui para acessar o documento\" src=\"http:\/\/www.ifbaiano.edu.br\/unidades\/lapa\/files\/2016\/07\/icone1.png\" width=\"20\"><\/a><\/td>\n        <\/tr>\n        <tr align=\"center\">\n            <td>Projeto<\/td><td align=\"justify\">Aporte t\u00e9cnico ao programa Novo Mais Educa\u00e7\u00e3o, tendo em vista a melhoria da seguran\u00e7a alimentar e nutricional das escolas municipais de Bom Jesus da Lapa-BA<\/td><td>Grace Itana Cruz de Oliveira<\/td><td><a href=\"http:\/\/www.ifbaiano.edu.br\/unidades\/lapa\/files\/2019\/03\/INFORMATIVO_PROJETO_APORTE_TECNICO.pdf\" target=\"_blank\" rel=\"noopener noreferrer\"><img decoding=\"async\" class=\"aligncenter\" title=\"Clique aqui para acessar o documento\" src=\"http:\/\/www.ifbaiano.edu.br\/unidades\/lapa\/files\/2016\/07\/icone1.png\" width=\"20\"><\/a><\/td>\n        <\/tr>\n        <tr align=\"center\">\n            <td>Projeto<\/td><td align=\"justify\">Taekwon<\/td><td>Heverton Santos Queiroz<\/td><td><a href=\"http:\/\/www.ifbaiano.edu.br\/unidades\/lapa\/files\/2019\/08\/divulgacao_site_ifbaiano_TAEKWON1.pdf\" target=\"_blank\" rel=\"noopener noreferrer\"><img decoding=\"async\" class=\"aligncenter\" title=\"Clique aqui para acessar o documento\" src=\"http:\/\/www.ifbaiano.edu.br\/unidades\/lapa\/files\/2016\/07\/icone1.png\" width=\"20\"><\/a><\/td>\n        <\/tr>\n        <tr align=\"center\">\n            <td>Projeto<\/td><td align=\"justify\">X GADGET \u2013 Grupo Acad\u00eamico de Desenvolvimento de Jogos Eletr\u00f4nicos Extensivo<\/td><td>Heverton Santos Queiroz<\/td><td><\/td>\n        <\/tr>\n        <tr align=\"center\">\n            <td>Projeto<\/td><td align=\"justify\">Ciclo de Visita\u00e7\u00e3o de Escolas P\u00fablicas<\/td><td>Junio Batista Custodio<\/td><td><\/td>\n        <\/tr>\n        <tr align=\"center\">\n            <td>Projeto<\/td><td align=\"justify\">A horta comunit\u00e1ria como espa\u00e7o de forma\u00e7\u00e3o agroecol\u00f3gica: constru\u00e7\u00e3o e implementa\u00e7\u00e3o de um modelo sustent\u00e1vel de produ\u00e7\u00e3o na comunidade rural de Barra de Ipuera no Munic\u00edpio de\n            Serra do Ramalho-BA<\/td><td>Junio Batista Custodio<\/td><td><a href=\"http:\/\/www.ifbaiano.edu.br\/unidades\/lapa\/files\/2019\/03\/INFORMATIVO_HORTA_COMUNITARIA.pdf\" target=\"_blank\" rel=\"noopener noreferrer\"><img decoding=\"async\" class=\"aligncenter\" title=\"Clique aqui para acessar o documento\" src=\"http:\/\/www.ifbaiano.edu.br\/unidades\/lapa\/files\/2016\/07\/icone1.png\" width=\"20\"><\/a><\/td>\n        <\/tr>\n        <tr align=\"center\">\n            <td>Projeto<\/td><td align=\"justify\">Dance IF \u2013 Expressando Arte e Movimento<\/td><td>Marcelo Moreira West<\/td><td><a href=\"http:\/\/www.ifbaiano.edu.br\/unidades\/lapa\/files\/2019\/08\/INFORMATIVO-DANCE_IF.pdf\" target=\"_blank\" rel=\"noopener noreferrer\"><img decoding=\"async\" class=\"aligncenter\" title=\"Clique aqui para acessar o documento\" src=\"http:\/\/www.ifbaiano.edu.br\/unidades\/lapa\/files\/2016\/07\/icone1.png\" width=\"20\"><\/a><\/td>\n        <\/tr>\n        <tr align=\"center\">\n            <td>Curso de Forma\u00e7\u00e3o Continuada<\/td><td align=\"justify\">Flauta Doce <\/td><td>Mois\u00e9s da Silva Mendes<\/td><td><\/td>\n        <\/tr>\n        <tr align=\"center\">\n            <td>Curso de Forma\u00e7\u00e3o Continuada<\/td><td align=\"justify\">Canto Coral (Turma 1)<\/td><td>Mois\u00e9s da Silva Mendes<\/td><td><\/td>\n        <\/tr>\n        <tr align=\"center\">\n            <td>Curso de Forma\u00e7\u00e3o Continuada<\/td><td align=\"justify\">Pr\u00e1tica de Conjunto Instrumental (Turma 1)<\/td><td>Mois\u00e9s da Silva Mendes<\/td><td><\/td>\n        <\/tr>\n        <tr align=\"center\">\n            <td>Curso de Forma\u00e7\u00e3o Inicial<\/td><td align=\"justify\">Operador de Computador<\/td><td>Ricardo Melo<\/td><td><\/td>\n        <\/tr>\n        <tr align=\"center\">\n            <td>Curso Livre<\/td><td align=\"justify\">Preparat\u00f3rio OBMEP<\/td><td>Daniel Pinto<\/td><td><\/td>\n        <\/tr>\n        <tr align=\"center\">\n            <td>Curso Livre<\/td><td align=\"justify\">Curso B\u00e1sico de L\u00edngua Brasileira de Sinais &#8211; Libras<\/td><td>Luciana Teixeira Cardial<\/td><td><\/td>\n        <\/tr>\n        <tr align=\"center\">\n            <td>Curso Livre<\/td><td align=\"justify\">Libras B\u00e1sico: Fortalecendo v\u00ednculos entre surdos e ouvintes<\/td><td>Luciana Teixeira Cardial<\/td><td><\/td>\n        <\/tr>\n    <\/tbody>\n<\/table>\n\n<hr>\n\n<div id=\"TituloMenu\" align=\"center\" style=\"font-size:14px\">\n    <strong>A\u00e7\u00f5es de Extens\u00e3o Desenvolvidas em 2019<\/strong>\n<\/div>\n\n<hr>\n\n<table style=\"width: 100%;border-color: white\" border=\"0\" rules=\"rows\" bgcolor=\"#EEEEEE\">\n    <thead>\n        <tr bgcolor=\"#D0FFD0\" style=\"text-align: center;height: 30px\">\n            <th>Tipo da Atividade<\/th><th width=\"50%\">Nome<\/th><th>Coordenador<\/th><th>Folder<\/th>\n        <\/tr>\n    <\/thead>\n    <tbody>\n        <tr align=\"center\">\n            <td>Projeto<\/td><td align=\"justify\">Ci\u00eancia Itinerante: uma experi\u00eancia de forma\u00e7\u00e3o continuada de professores das ci\u00eancias da natureza no munic\u00edpio de Serra do Ramalho-BA<\/td><td>Juliana Carvalhais Brito<\/td><td><\/td>\n        <\/tr>\n        <tr align=\"center\">\n            <td>Projeto<\/td><td align=\"justify\">A Horta Escolar como espa\u00e7o de forma\u00e7\u00e3o para transi\u00e7\u00e3o agroecol\u00f3gica: implanta\u00e7\u00e3o de um modelo sustent\u00e1vel na escola Maria Josina da Concei\u00e7\u00e3o, no Quilombo Lagoa das Piranhas, Munic\u00edpio de Bom Jesus da Lapa-BA<\/td><td>Jefferson Oliveira de S\u00e1<\/td><td><a href=\"http:\/\/www.ifbaiano.edu.br\/unidades\/lapa\/files\/2019\/09\/Folder_Projeto_Horta-Agroecologica_na_Escola_27_08.pdf\" target=\"_blank\" rel=\"noopener noreferrer\"><img decoding=\"async\" class=\"aligncenter\" title=\"Clique aqui para acessar o documento\" src=\"http:\/\/www.ifbaiano.edu.br\/unidades\/lapa\/files\/2016\/07\/icone1.png\" width=\"20\"><\/a><\/td>\n        <\/tr>\n        <tr align=\"center\">\n            <td>Projeto<\/td><td align=\"justify\">Manejo nutricional da bovinocultura de leite no Munic\u00edpio de Serra do Ramalho (BA): Diagn\u00f3stico e a\u00e7\u00f5es corretivas<\/td><td>Kleverton Ribeiro da Silva<\/td><td><a href=\"http:\/\/www.ifbaiano.edu.br\/unidades\/lapa\/files\/2019\/08\/Folder_Final-KLEVERTON.pdf\" target=\"_blank\" rel=\"noopener noreferrer\"><img decoding=\"async\" class=\"aligncenter\" title=\"Clique aqui para acessar o documento (formato pdf, tamanho 268 KB)\" src=\"http:\/\/www.ifbaiano.edu.br\/unidades\/lapa\/files\/2016\/07\/icone1.png\" width=\"20\"><\/a><\/td>\n        <\/tr>\n        <tr align=\"center\">\n            <td>Projeto<\/td><td align=\"justify\">O uso de defensivos naturais no controle de pragas em oler\u00edcolas na comunidade de Santana em Racho Santana-BA<\/td><td>Grace Itana Cruz de Oliveira<\/td><td><\/td>\n        <\/tr>\n        <tr align=\"center\">\n            <td>Projeto<\/td><td align=\"justify\">Implanta\u00e7\u00e3o de um Sistema Agroflorestal na Comunidade de Barra do Ipueira: Assentamento Agroextrativista S\u00e3o Francisco, munic\u00edpio de Serra do Ramalho \u2013 BA<\/td><td>Sandra Maria de Brito Pereira<\/td><td><a href=\"http:\/\/www.ifbaiano.edu.br\/unidades\/lapa\/files\/2019\/10\/Informativo-SAF2.pdf\" target=\"_blank\" rel=\"noopener\"><img decoding=\"async\" class=\"aligncenter\" title=\"Clique aqui para acessar o documento\" src=\"http:\/\/www.ifbaiano.edu.br\/unidades\/lapa\/files\/2016\/07\/icone1.png\" width=\"20\"><\/a><\/td>\n        <\/tr>\n        <tr align=\"center\">\n            <td>Projeto<\/td><td align=\"justify\">Implanta\u00e7\u00e3o de miniesta\u00e7\u00f5es alternativas de tratamento de \u00e1gua de barreiros em unidades de produ\u00e7\u00e3o familiar situadas no Territ\u00f3rio Identidade Velho Chico.<\/td><td>Marcos Aur\u00e9lio da Silva<\/td><td><a href=\"http:\/\/www.ifbaiano.edu.br\/unidades\/lapa\/files\/2019\/10\/Folder_Final-MINIESTACOES.pdf\" target=\"_blank\" rel=\"noopener noreferrer\"><img decoding=\"async\" class=\"aligncenter\" title=\"Clique aqui para acessar o documento\" src=\"http:\/\/www.ifbaiano.edu.br\/unidades\/lapa\/files\/2016\/07\/icone1.png\" width=\"20\"><\/a><\/td>\n        <\/tr>\n        <tr align=\"center\">\n            <td>Projeto<\/td><td align=\"justify\">BasketIF: Um instrumento para inclus\u00e3o social no Territ\u00f3rio Velho Chico<\/td><td>Rodrigo Vasconcelos Stolze da Concei\u00e7\u00e3o<\/td><td><a href=\"http:\/\/www.ifbaiano.edu.br\/unidades\/lapa\/files\/2019\/08\/Informativo_BasketIF.pdf\" target=\"_blank\" rel=\"noopener noreferrer\"><img decoding=\"async\" class=\"aligncenter\" title=\"Clique aqui para acessar o documento\" src=\"http:\/\/www.ifbaiano.edu.br\/unidades\/lapa\/files\/2016\/07\/icone1.png\" width=\"20\"><\/a><\/td>\n        <\/tr>\n        <tr align=\"center\">\n            <td>Projeto<\/td><td align=\"justify\">Poesia sem Fronteiras: Uma experi\u00eancia liter\u00e1ria conectando o IF Baiano \u00e0 comunidade<\/td><td>Samir Brune Ferraz de Morais<\/td><td><a href=\"http:\/\/www.ifbaiano.edu.br\/unidades\/lapa\/files\/2019\/09\/Folder_Final_Poesia.pdf\" target=\"_blank\" rel=\"noopener noreferrer\"><img decoding=\"async\" class=\"aligncenter\" title=\"Clique aqui para acessar o documento\" src=\"http:\/\/www.ifbaiano.edu.br\/unidades\/lapa\/files\/2016\/07\/icone1.png\" alt=\"Folder do projeto de extens\u00e3o Poesia Sem Fronteiras (formato pdf, tamanho 131 KB)\" width=\"20\"><\/a><\/td>\n        <\/tr>\n        <tr align=\"center\">\n            <td>Projeto<\/td><td align=\"justify\">O viveiro de mudas como espa\u00e7o de integra\u00e7\u00e3o escola-comunidade: proposta 2019<\/td><td>Junio Batista Cust\u00f3dio<\/td><td><\/td>\n        <\/tr>\n        <tr align=\"center\">\n            <td>Projeto<\/td><td>Grupo Teatral do IF Baiano \u2013 Campus Bom Jesus da Lapa: proposta 2019<\/td><td>Junio Batista Cust\u00f3dio<\/td><td><\/td>\n        <\/tr>\n        <tr align=\"center\">\n            <td>Projeto<\/td><td align=\"justify\">O uso da Tecnologia da Informa\u00e7\u00e3o e Comunica\u00e7\u00e3o como instrumento de integra\u00e7\u00e3o e inclus\u00e3o social: uma experi\u00eancia no IF Baiano \u2013 Campus Bom Jesus da Lapa<\/td><td>Marcelo Moreira West<\/td><td><\/td>\n        <\/tr>\n        <tr align=\"center\">\n            <td>projeto<\/td><td align=\"justify\"><span style=\"text-transform:uppercase\">Prof\u00edsica<\/span>: n\u00e3o \u00e9 dif\u00edcil, a gente que complica \u2013 uma proposta para aproximar o if baiano de escolas municipais de bom jesus da lapa<\/td><td>Janine Couto Cruz Mac\u00eado<\/td><td><a href=\"https:\/\/www.ifbaiano.edu.br\/unidades\/lapa\/files\/2020\/12\/Folder-Final-pro-fisica.pdf\" target=\"_blank\" rel=\"noopener noreferrer\"><img decoding=\"async\" class=\"aligncenter\" title=\"Clique aqui para acessar o documento\" src=\"http:\/\/www.ifbaiano.edu.br\/unidades\/lapa\/files\/2016\/07\/icone1.png\" width=\"20\"><\/a><\/td>\n        <\/tr>\n        <tr align=\"center\">\n            <td>Curso de Forma\u00e7\u00e3o Continuada<\/td><td align=\"justify\">Canto Coral (Turma 2)<\/td><td>Mois\u00e9s da Silva Mendes<\/td><td><\/td>\n        <\/tr>\n        <tr align=\"center\">\n            <td>Curso de Forma\u00e7\u00e3o Continuada<\/td><td align=\"justify\">Pr\u00e1tica de Conjunto Instrumental (Turma 2)<\/td><td>Mois\u00e9s da Silva Mendes<\/td><td><\/td>\n        <\/tr>\n        <tr align=\"center\">\n            <td>Forma\u00e7\u00e3o Continuada<\/td><td align=\"justify\">Projeto de Redes de Computadores Residenciais<\/td><td>Marcelo Moreira West<\/td><td><\/td>\n        <\/tr>\n        <tr align=\"center\">\n            <td>Forma\u00e7\u00e3o Continuada<\/td><td align=\"justify\">Curso Te\u00f3rico-Pr\u00e1tico de Licita\u00e7\u00f5es<\/td><td>Thyala do Nascimento Pinheiro<\/td><td><\/td>\n        <\/tr>\n        <tr align=\"center\">\n            <td>Curso Livre<\/td><td align=\"justify\">Juntas somos mais fortes: empreendedorismo e associativismo<\/td><td>Haudrey Germinani Calvelli<\/td><td><\/td>\n        <\/tr>\n        <tr align=\"center\">\n            <td>Curso Livre<\/td><td align=\"justify\">Libras B\u00e1sico<\/td><td>Luciana Pereira Cardial Teixeira<\/td><td><\/td>\n        <\/tr>\n        <tr align=\"center\">\n            <td>Curso de Forma\u00e7\u00e3o Inicial<\/td><td align=\"justify\">Horticultor Org\u00e2nico<\/td><td>Emerson Alves dos Santos<\/td><td><\/td>\n        <\/tr>\n        <tr align=\"center\">\n            <td>Curso Livre<\/td><td align=\"justify\">Mulheres Conectadas<\/td><td>Junio Batista Custodio<\/td><td><\/td>\n        <\/tr>\n        <tr align=\"center\">\n            <td>Curso Livre<\/td><td align=\"justify\">Conversa\u00e7\u00e3o B\u00e1sica em L\u00edngua Inglesa<\/td><td>Ketchen P\u00e2mela dos Santos Gouveia<\/td><td><\/td>\n        <\/tr>\n        <tr align=\"center\">\n            <td>Curso Livre<\/td><td align=\"justify\">Defici\u00eancia Visual e Inclus\u00e3o: aproximando o IF Baiano da comunidade<\/td><td>Wilson Avelino Rog\u00e9rio Neto<\/td><td><\/td>\n        <\/tr>\n        <tr align=\"center\">\n            <td>Curso Livre<\/td><td align=\"justify\">Curso B\u00e1sico de Libras para surdos<\/td><td>Luciana Teixeira Cardial<\/td><td><\/td>\n        <\/tr>\n    <\/tbody>\n<\/table>\n\n<hr>\n\n<div id=\"TituloMenu\" align=\"center\" style=\"font-size:14px\">\n    <strong>A\u00e7\u00f5es de Extens\u00e3o Desenvolvidas em 2020<\/strong>\n<\/div>\n\n<hr>\n\n<table style=\"width: 100%;border-color: white\" border=\"0\" rules=\"rows\" bgcolor=\"#EEEEEE\">\n    <thead>\n        <tr bgcolor=\"#D0FFD0\" style=\"text-align: center;height: 30px\">\n            <th>Tipo da Atividade<\/th><th width=\"50%\">Nome<\/th><th>Coordenador<\/th><th>Folder<\/th>\n        <\/tr>\n    <\/thead>\n    <tbody>\n        <tr align=\"center\">\n            <td>Projeto<\/td><td align=\"justify\">Uma Proposta de Qualifica\u00e7\u00e3o Profissional e de Assist\u00eancia T\u00e9cnica \u00e0 Apicultura nas Comunidades de Barra da Ipueira (Serra do Ramalho) e Gameleira da Lapa (S\u00edtio do Mato)<\/td><td>Ant\u00f4nio H\u00e9lder Rodrigues Sampaio<\/td><td><a href=\"https:\/\/www.ifbaiano.edu.br\/unidades\/lapa\/files\/2021\/03\/Folder-apicultura.pdf\" target=\"_blank\" rel=\"noreferrer noopener\"><img decoding=\"async\" title=\"Clique aqui para acessar o documento\" width=\"20\" class=\"aligncenter\" src=\"http:\/\/www.ifbaiano.edu.br\/unidades\/lapa\/files\/2016\/07\/icone1.png\"><\/a><\/td>\n        <\/tr>\n        <tr align=\"center\">\n            <td>Projeto<\/td><td align=\"justify\">Uso de metodologias participativas para obten\u00e7\u00e3o de bioindicadores de qualidade do solo em agroecossistemas familiares em transi\u00e7\u00e3o agroecol\u00f3gica no munic\u00edpio de Paratinga-BA<\/td><td>Emerson Alves dos Santos<\/td><td><a href=\"https:\/\/www.ifbaiano.edu.br\/unidades\/lapa\/files\/2021\/01\/FOLDER-Uso-Metodologias-Participativas.pdf\" target=\"_blank\" rel=\"noreferrer noopener\"><img decoding=\"async\" title=\"Clique aqui para acessar o documento\" width=\"20\" class=\"aligncenter\" src=\"http:\/\/www.ifbaiano.edu.br\/unidades\/lapa\/files\/2016\/07\/icone1.png\"><\/a><\/td>\n        <\/tr>\n        <tr align=\"center\">\n            <td>Projeto<\/td><td align=\"justify\">Assist\u00eancia T\u00e9cnica Rural aos horticultares em transi\u00e7\u00e3o agroecol\u00f3gica de comunidades pertencentes ao Territ\u00f3rio Velho Chico<\/td><td>Jefferson Oliveira de S\u00e1<\/td><td><a href=\"https:\/\/www.ifbaiano.edu.br\/unidades\/lapa\/files\/2021\/12\/projeto-assistencia-tecnica.pdf\" target=\"_blank\" rel=\"noreferrer noopener\"><img decoding=\"async\" title=\"Clique aqui para acessar o documento\" width=\"20\" class=\"aligncenter\" src=\"http:\/\/www.ifbaiano.edu.br\/unidades\/lapa\/files\/2016\/07\/icone1.png\"><\/a><\/td>\n        <\/tr>\n        <tr align=\"center\">\n            <td>Projeto<\/td><td align=\"justify\">Caracteriza\u00e7\u00e3o da ovinocaprinocultura da regi\u00e3o do Territ\u00f3rio Velho Chico e implementa\u00e7\u00e3o de medidas intervencionistas<\/td><td>Kleverton Ribeiro da Silva<\/td><td><a href=\"https:\/\/www.ifbaiano.edu.br\/unidades\/lapa\/files\/2021\/01\/Folder_Final_Ovinocaprinocultura.pdf\" target=\"_blank\" rel=\"noreferrer noopener\"><img decoding=\"async\" title=\"Clique aqui para acessar o documento\" width=\"20\" class=\"aligncenter\" src=\"http:\/\/www.ifbaiano.edu.br\/unidades\/lapa\/files\/2016\/07\/icone1.png\"><\/a><\/td>\n        <\/tr>\n        <tr align=\"center\">\n            <td>Projeto<\/td><td align=\"justify\">Sangue Novo na Colmeia: Produ\u00e7\u00e3o de Abelhas Rainhas e Manejo da Alta Produtividade Ap\u00edcola no Munic\u00edpio de Serra do Ramalho<\/td><td>Fabiana Santos da Silva<\/td><td><a href=\"https:\/\/www.ifbaiano.edu.br\/unidades\/lapa\/files\/2021\/01\/FOLDER-SANGUE-NOVO-COLMEIA.pdf\" target=\"_blank\" rel=\"noopener noreferrer\"><img decoding=\"async\" class=\"aligncenter\" title=\"Clique aqui para acessar o documento\" src=\"http:\/\/www.ifbaiano.edu.br\/unidades\/lapa\/files\/2016\/07\/icone1.png\" width=\"20\"><\/a><\/td>\n        <\/tr>\n        <tr align=\"center\">\n            <td>Projeto<\/td><td align=\"justify\">O local reflete no global: Instituto Federal como vetor de a\u00e7\u00e3o e responsabilidade social contra a crise de sa\u00fade p\u00fablica da covid19<\/td><td>Eurilene Lucas de Almeida<\/td><td><a href=\"https:\/\/www.ifbaiano.edu.br\/unidades\/lapa\/files\/2021\/12\/folder-o-local-reflete-no-global.pdf\" target=\"_blank\" rel=\"noopener noreferrer\"><img decoding=\"async\" class=\"aligncenter\" title=\"Clique aqui para acessar o documento\" src=\"http:\/\/www.ifbaiano.edu.br\/unidades\/lapa\/files\/2016\/07\/icone1.png\" width=\"20\"><\/a><\/td>\n        <\/tr>\n        <tr align=\"center\">\n            <td>Projeto<\/td><td align=\"justify\">Semear agroecol\u00f3gico: um estratagema de reinser\u00e7\u00e3o social na Comunidade Terap\u00eautica Vida Nova (CTVN), Bom Jesus da Lapa (BA)<\/td><td>\u00c9rico da Silva Fran\u00e7a<\/td><td><a href=\"https:\/\/www.ifbaiano.edu.br\/unidades\/lapa\/files\/2021\/02\/semear-agroecologico.pdf\" target=\"_blank\" rel=\"noreferrer noopener\"><img decoding=\"async\" title=\"Clique aqui para acessar o documento\" width=\"20\" class=\"aligncenter\" src=\"http:\/\/www.ifbaiano.edu.br\/unidades\/lapa\/files\/2016\/07\/icone1.png\"><\/a><\/td>\n        <\/tr>\n        <tr align=\"center\">\n            <td>Projeto<\/td><td align=\"justify\">IF Dance: Corpo e Mente em ritmo<\/td><td>Hania Gracielle Brito Soares<\/td><td><a href=\"https:\/\/www.ifbaiano.edu.br\/unidades\/lapa\/files\/2021\/12\/projeto-if-dance-2020.pdf\" data-type=\"URL\" target=\"_blank\" rel=\"noreferrer noopener\"><img decoding=\"async\" title=\"Clique aqui para acessar o documento\" width=\"20\" class=\"aligncenter\" src=\"http:\/\/www.ifbaiano.edu.br\/unidades\/lapa\/files\/2016\/07\/icone1.png\"><\/a><\/td>\n        <\/tr>\n        <tr align=\"center\">\n            <td>Curso<\/td><td align=\"justify\">Curso Preparat\u00f3rio para Olimp\u00edadas de Matem\u00e1tica<\/td><td>Arionaldo Peixoto da Silva Hora<\/td><td><\/td>\n        <\/tr>\n        <tr align=\"center\">\n            <td>Evento<\/td><td align=\"justify\">II Simp\u00f3sio Sobre Educa\u00e7\u00e3o Inclusiva do Territ\u00f3rio Velho Chico: Aprimorando Saberes Sobre a Inclus\u00e3o<\/td><td>Luciana Pereira Cardial Teixeira<\/td><td><\/td>\n        <\/tr>\n        <tr align=\"center\">\n            <td>Projeto<\/td><td align=\"justify\">Agro Online: ciclo de di\u00e1logos em Agricultura<\/td><td>Elisa Eni Freitag<\/td><td><\/td>\n        <\/tr>\n        <tr align=\"center\">\n            <td>Curso<\/td><td align=\"justify\">Administra\u00e7\u00e3o B\u00e1sica<\/td><td>Ariele Chagas Cruz<\/td><td><\/td>\n        <\/tr>\n        <tr align=\"center\">\n            <td>Projeto<\/td><td align=\"justify\">Jornada Astron\u00f4mica<\/td><td>Samir Brune Ferraz de Morais<\/td><td><\/td>\n        <\/tr>\n        <tr align=\"center\">\n            <td>Evento<\/td><td align=\"justify\">Ensaio Virtual de Arte e M\u00fasica 2020<\/td><td>Junio Batista Custodio<\/td><td><a href=\"https:\/\/www.ifbaiano.edu.br\/unidades\/lapa\/files\/2021\/12\/Folder-festival-de-Arte-e-Musica-2020.pdf\" target=\"_blank\" rel=\"noopener noreferrer\"><img decoding=\"async\" class=\"aligncenter\" title=\"Clique aqui para acessar o documento\" src=\"http:\/\/www.ifbaiano.edu.br\/unidades\/lapa\/files\/2016\/07\/icone1.png\" width=\"20\"><\/a><\/td>\n        <\/tr>\n        <tr align=\"center\">\n            <td>Projeto<\/td><td align=\"justify\">Tert\u00falia Liter\u00e1ria Dial\u00f3gica (TLD)<\/td><td>Valdineia Antunes Alves Ramos<\/td><td><\/td>\n        <\/tr>\n        <tr align=\"center\">\n            <td>Projeto<\/td><td align=\"justify\">PodCast Dedin de Prosa<\/td><td>Luciana de Souza Viana<\/td><td><\/td>\n        <\/tr>\n        <tr align=\"center\">\n            <td>Evento<\/td><td align=\"justify\">Simp\u00f3sio de Ensino, Pesquisa e Extens\u00e3o 2020<\/td><td>Eurileny Lucas de Almeida<\/td><td><a href=\"https:\/\/www.ifbaiano.edu.br\/unidades\/lapa\/files\/2021\/12\/Folder-SIEPEX-2020.pdf\" target=\"_blank\" rel=\"noopener noreferrer\"><img decoding=\"async\" class=\"aligncenter\" title=\"Clique aqui para acessar o documento\" src=\"http:\/\/www.ifbaiano.edu.br\/unidades\/lapa\/files\/2016\/07\/icone1.png\" width=\"20\"><\/a><\/td>\n        <\/tr>\n    <\/tbody>\n<\/table>\n\n<hr>\n\n<div id=\"TituloMenu\" align=\"center\" style=\"font-size:14px\">\n    <strong>A\u00e7\u00f5es de Extens\u00e3o Desenvolvidas em 2021<\/strong>\n<\/div>\n\n<hr>\n\n<table style=\"width: 100%;border-color: white\" border=\"0\" rules=\"rows\" bgcolor=\"#EEEEEE\">\n    <thead>\n        <tr bgcolor=\"#D0FFD0\" style=\"text-align: center;height: 30px\">\n            <th>Tipo da Atividade<\/th>\n            <th width=\"50%\">Nome<\/th>\n            <th>Coordenador<\/th>\n            <th>Folder<\/th>\n        <\/tr>\n    <\/thead>\n    <tbody>\n        <tr align=\"center\">\n            <td>E-book<\/td><td align=\"justify\">A Extens\u00e3o no IF Baiano Campus Bom Jesus da Lapa: caminhos trilhados<\/td><td>Junio Batista Custodio<\/td><td><\/td>\n        <\/tr>\n        <tr align=\"center\">\n            <td>Projeto<\/td><td align=\"justify\">Cerrado produtivo: escola, ci\u00eancia, tecnologia e produ\u00e7\u00e3o de alimentos agroecol\u00f3gicos no munic\u00edpio de Jaborandi-BA<\/td><td>Junio Batista Custodio<\/td><td><a href=\"https:\/\/www.ifbaiano.edu.br\/unidades\/lapa\/files\/2022\/02\/folder-cerrado-produtivo.pdf\" target=\"_blank\" rel=\"noopener\"><img decoding=\"async\" class=\"aligncenter\" title=\"Clique aqui para acessar o documento\" src=\"http:\/\/www.ifbaiano.edu.br\/unidades\/lapa\/files\/2016\/07\/icone1.png\" width=\"20\"><\/a><\/td>\n        <\/tr>\n        <tr align=\"center\">\n            <td>Projeto<\/td>\n            <td align=\"justify\">Mem\u00f3ria, Patrim\u00f4nio Hist\u00f3rico de Bom Jesus da Lapa e Implica\u00e7\u00f5es na constru\u00e7\u00e3o da identidade local: Di\u00e1logos com estudantes do Ensino M\u00e9dio<\/td>\n            <td>Geangelo de Matos Rosa<\/td>\n            <td>\n                <a href=\"https:\/\/www.ifbaiano.edu.br\/unidades\/lapa\/files\/2022\/04\/Folder-do-projeto-de-extensao-Memoria-Patrimonio-Historico-de-Bom-Jesus-da-Lapa-e-Implicacoes-na-construcao-da-identidade-local.pdf\" target=\"_blank\" rel=\"noopener\">\n                    <img decoding=\"async\" class=\"aligncenter\" title=\"Clique aqui para acessar o documento\" src=\"http:\/\/www.ifbaiano.edu.br\/unidades\/lapa\/files\/2016\/07\/icone1.png\" width=\"20\">\n                <\/a>\n            <\/td>\n        <\/tr>\n        <tr align=\"center\">\n            <td>Projeto<\/td>\n            <td align=\"justify\">Extens\u00e3o Sementeira: Troca de Saberes sobre Utiliza\u00e7\u00e3o e Armazenamento de Sementes pela Agricultura Familiar do Territ\u00f3rio do Velho Chico.<\/td>\n            <td>Alex Leal de Oliveira<\/td>\n            <td>\n                <a href=\"https:\/\/www.ifbaiano.edu.br\/unidades\/lapa\/files\/2021\/12\/Folder-Extensao-Sementeira.pdf\" target=\"_blank\" rel=\"noopener\">\n                    <img decoding=\"async\" class=\"aligncenter\" title=\"Clique aqui para acessar o documento\" src=\"http:\/\/www.ifbaiano.edu.br\/unidades\/lapa\/files\/2016\/07\/icone1.png\" width=\"20\">\n                <\/a>\n            <\/td>\n        <\/tr>\n        <tr align=\"center\">\n            <td>Projeto<\/td>\n            <td align=\"justify\">Perfil da Bovinocultura Leiteira no Munic\u00edpio de Serra do Ramalho (BA): Subs\u00eddio para o Diagn\u00f3stico e Defini\u00e7\u00e3o de Estrat\u00e9gias Formativas e Informativas Visando o Desenvolvimento da Cadeia Produtiva do Leite.<\/td>\n            <td>Kleverton Ribeiro da Silva<\/td>\n            <td>\n                <a href=\"https:\/\/www.ifbaiano.edu.br\/unidades\/lapa\/files\/2022\/04\/Folder-projeto-Bovinocultura-de-leite.pdf\" target=\"_blank\" rel=\"noopener\">\n                    <img decoding=\"async\" class=\"aligncenter\" title=\"Clique aqui para acessar o documento\" src=\"http:\/\/www.ifbaiano.edu.br\/unidades\/lapa\/files\/2016\/07\/icone1.png\" width=\"20\">\n                <\/a>\n            <\/td>\n        <\/tr>\n        <tr align=\"center\">\n            <td>Projeto<\/td><td align=\"justify\">Inclus\u00e3o Digital no Territ\u00f3rio Velho Chico: Inform\u00e1tica B\u00e1sica e L\u00f3gica de Programa\u00e7\u00e3o nos anos finais do ensino fundamental<\/td><td>Valdineia Antunes Alves Ramos<\/td><td><a href=\"https:\/\/www.ifbaiano.edu.br\/unidades\/lapa\/files\/2022\/02\/folder-inclusao-digital-no-territorio-velho-chico.pdf\" target=\"_blank\" rel=\"noopener\"><img decoding=\"async\" class=\"aligncenter\" title=\"Clique aqui para acessar o documento\" src=\"http:\/\/www.ifbaiano.edu.br\/unidades\/lapa\/files\/2016\/07\/icone1.png\" width=\"20\"><\/a><\/td>\n        <\/tr>\n        <tr align=\"center\">\n            <td>Projeto<\/td><td align=\"justify\">Tecnologias aplicadas em sementes de esp\u00e9cies florestais nativas<\/td><td>Ivanildo Claudino da Silva<\/td><td><\/td>\n        <\/tr>\n        <tr align=\"center\">\n            <td>Projeto<\/td><td align=\"justify\">Estudos e Pr\u00e1ticas Extensionistas com Trabalhadores Rurais para o Controle da Cochonilha do Carmim (Diatylopius opuntiae) Na Regi\u00e3o de Tanque Novo \u2013 BA<\/td><td>Patricia Leite Cruz<\/td><td><a href=\"https:\/\/www.ifbaiano.edu.br\/unidades\/lapa\/files\/2021\/12\/Folder-Estudos-e-praticas-extensionistas.pdf\" target=\"_blank\" rel=\"noopener noreferrer\"><img decoding=\"async\" class=\"align-center aligncenter\" title=\"Clique aqui para acessar o documento\" src=\"http:\/\/www.ifbaiano.edu.br\/unidades\/lapa\/files\/2016\/07\/icone1.png\" width=\"20\"><\/a><\/td>\n        <\/tr>\n        <tr align=\"center\">\n            <td>Projeto<\/td><td align=\"justify\">Educa\u00e7\u00e3o Financeira em Foco: uma experi\u00eancia com alunos do Ensino M\u00e9dio da rede federal e estadual de Bom Jesus da Lapa, Bahia<\/td><td>Suede Santos Barbosa<\/td><td><a href=\"https:\/\/www.ifbaiano.edu.br\/unidades\/lapa\/files\/2021\/12\/Folder-Educacao-Financeira-em-foco.pdf\" target=\"_blank\" rel=\"noopener noreferrer\"><img decoding=\"async\" class=\"align-center aligncenter\" title=\"Clique aqui para acessar o documento\" src=\"http:\/\/www.ifbaiano.edu.br\/unidades\/lapa\/files\/2016\/07\/icone1.png\" width=\"20\"><\/a><\/td>\n        <\/tr>\n        <tr align=\"center\">\n            <td>Projeto<\/td><td align=\"justify\">IF Dance, alma e corpo em sintonia.<\/td><td>Hania Gracielle Brito Soares<\/td><td><\/td>\n        <\/tr>\n        <tr align=\"center\">\n            <td>Projeto<\/td><td align=\"justify\">Sais da Terra: orienta\u00e7\u00f5es sobre manejo da salinidade em \u00e1reas irrigadas de Riacho de Santana &#8211; BA<\/td><td>Jose Eduardo Santos Barboza da Silva<\/td><td><a href=\"https:\/\/www.ifbaiano.edu.br\/unidades\/lapa\/files\/2021\/12\/Folder-Sais-da-Terra.pdf\" target=\"_blank\" rel=\"noopener\"><img decoding=\"async\" class=\"aligncenter\" title=\"Clique aqui para acessar o documento\" src=\"http:\/\/www.ifbaiano.edu.br\/unidades\/lapa\/files\/2016\/07\/icone1.png\" width=\"20\"><\/a><\/td>\n        <\/tr>\n        <tr align=\"center\">\n            <td>Evento<\/td><td align=\"justify\">II Simp\u00f3sio de Ensino, Pesquisa e Extens\u00e3o do Campus Bom Jesus da Lapa<\/td><td>Emerson Alves dos Santos \/ Junio Batista Custodio \/ Eurileny Lucas de Almeida<\/td><td><a href=\"https:\/\/www.ifbaiano.edu.br\/unidades\/lapa\/files\/2021\/12\/folder-siepex-2021.pdf\" target=\"_blank\" rel=\"noopener\"><img decoding=\"async\" class=\"aligncenter\" title=\"Clique aqui para acessar o documento\" src=\"http:\/\/www.ifbaiano.edu.br\/unidades\/lapa\/files\/2016\/07\/icone1.png\" width=\"20\"><\/a><\/td>\n        <\/tr>\n        <tr align=\"center\">\n            <td>Evento<\/td>\n            <td align=\"justify\">Simp\u00f3sio Interdisciplinar de Meio Ambiente do Territ\u00f3rio Velho Chico<\/td>\n            <td>Junio Batista Custodio<\/td>\n            <td>\n                <a href=\"https:\/\/www.ifbaiano.edu.br\/unidades\/lapa\/files\/2022\/04\/Folder-Simposio-Interdisciplinar-de-Meio-Ambiente-do-Territorio-Velho-Chico.pdf\" target=\"_blank\" rel=\"noopener\">\n                    <img decoding=\"async\" class=\"aligncenter\" title=\"Clique aqui para acessar o documento\" src=\"http:\/\/www.ifbaiano.edu.br\/unidades\/lapa\/files\/2016\/07\/icone1.png\" width=\"20\">\n                <\/a>\n            <\/td>\n        <\/tr>\n        <tr align=\"center\">\n            <td>Projeto<\/td><td align=\"justify\">Jornada Astron\u00f4mica 2<\/td><td>Samir Brune Ferraz de Morais<\/td><td><\/td>\n        <\/tr>\n        <tr align=\"center\">\n            <td>Curso<\/td><td align=\"justify\">Oficina de Produ\u00e7\u00e3o de aulas em Ambiente OBS Studio<\/td><td>Junio Batista Custodio<\/td><td><\/td>\n        <\/tr>\n        <tr align=\"center\">\n            <td>Curso<\/td><td align=\"justify\">Improviso e Performance Teatral<\/td><td>Junio Batista Custodio<\/td><td><\/td>\n        <\/tr>\n        <tr align=\"center\">\n            <td>Projeto<\/td><td align=\"justify\">Seguran\u00e7a do Trabalho Rural explicada em cordel<\/td><td>Alex Leal de Oliveira<\/td><td><a href=\"https:\/\/www.ifbaiano.edu.br\/unidades\/lapa\/files\/2021\/12\/folder-projeto-seguranca-trabalho-rural-explicada-cordel.pdf\" target=\"_blank\" rel=\"noopener\"><img decoding=\"async\" class=\"aligncenter\" title=\"Clique aqui para acessar o documento\" src=\"http:\/\/www.ifbaiano.edu.br\/unidades\/lapa\/files\/2016\/07\/icone1.png\" width=\"20\"><\/a><\/td>\n        <\/tr>\n        <tr align=\"center\">\n            <td>Evento<\/td><td align=\"justify\">III Simp\u00f3sio Sobre Educa\u00e7\u00e3o Inclusiva no Territ\u00f3rio Velho Chico:  O protagonismo das pessoas com defici\u00eancia.<\/td><td>Wilson Avelino Rogerio Neto<\/td><td><\/td>\n        <\/tr>\n        <tr align=\"center\">\n            <td>Curso de Forma\u00e7\u00e3o Continuada<\/td><td align=\"justify\">T\u00f3picos Avan\u00e7ados em Metodologia Cient\u00edfica<\/td><td>Junio Batista Custodio<\/td><td><\/td>\n        <\/tr>\n        <tr align=\"center\">\n            <td>Curso de Forma\u00e7\u00e3o Continuada<\/td><td align=\"justify\">Princ\u00edpios de Redes de Computadores<\/td><td>Samuel de Souza Mendes<\/td><td><\/td>\n        <\/tr>\n        <tr align=\"center\">\n            <td>Curso de Forma\u00e7\u00e3o Continuada<\/td><td align=\"justify\">Grafia Braille para a L\u00edngua Portuguesa<\/td><td>Wilson Avelino Neto<\/td><td><\/td>\n        <\/tr>\n        <tr align=\"center\">\n            <td>Curso de Forma\u00e7\u00e3o Continuada<\/td><td align=\"justify\">Auxiliar de Biblioteca Escolar: Dinamiza\u00e7\u00e3o de Espa\u00e7os<\/td><td>Simone Velame Rios<\/td><td><\/td>\n        <\/tr>\n        <tr align=\"center\">\n            <td>Curso de Forma\u00e7\u00e3o Continuada<\/td><td align=\"justify\">Forma\u00e7\u00e3o de profissionais da educa\u00e7\u00e3o para inclus\u00e3o escolar: as bases para constru\u00e7\u00e3o de uma escola inclusiva<\/td><td>Adevanucia Nere Santos<\/td><td><\/td>\n        <\/tr>\n    <\/tbody>\n<\/table>\n\n<hr>\n\n\n\n<div id=\"TituloMenu\" align=\"center\" style=\"font-size:14px\">\n    <strong>A\u00e7\u00f5es de Extens\u00e3o Desenvolvidas em 2022<\/strong>\n<\/div>\n\n<hr>\n\n<table style=\"width: 100%;border-color: white\" border=\"0\" rules=\"rows\" bgcolor=\"#EEEEEE\">\n    <thead>\n        <tr bgcolor=\"#D0FFD0\" style=\"text-align: center;height: 30px\">\n            <th>Tipo da Atividade<\/th>\n            <th width=\"50%\">Nome<\/th>\n            <th>Coordenador<\/th>\n            <th>Folder<\/th>\n        <\/tr>\n    <\/thead>\n\n \n\n <\/tr>\n    <\/tbody>\n<\/table>\n\n<hr>\n\n\n\n<div id=\"TituloMenu\" align=\"center\" style=\"font-size:14px\">\n    <strong>A\u00e7\u00f5es de Extens\u00e3o Desenvolvidas em 2023<\/strong>\n<\/div>\n\n<hr>\n\n<table style=\"width: 100%;border-color: white\" border=\"0\" rules=\"rows\" bgcolor=\"#EEEEEE\">\n    <thead>\n        <tr bgcolor=\"#D0FFD0\" style=\"text-align: center;height: 30px\">\n            <th>Tipo da Atividade<\/th>\n            <th width=\"50%\">Nome<\/th>\n            <th>Coordenador<\/th>\n            <th>Folder<\/th>\n        <\/tr>\n    <\/thead>\n     <tbody>\n       \n\n  <\/tr>\n        <tr align=\"center\">\n            <td>Projeto<\/td><td align=\"justify\">\u00c8\u0323k\u00f3\u0323 \u00c8d\u00e8 Yor\u00f9b\u00e1: curso de l\u00edngua iorub\u00e1.\n<\/td><td>Antonio Carlos da Silva Costa de Souza\n<\/td><td><a href=\"https:\/\/www.ifbaiano.edu.br\/unidades\/lapa\/files\/2023\/08\/E\u0300KO\u0301-EDE-YORUBA.pdf\" target=\"_blank\" rel=\"noopener\"><img decoding=\"async\" class=\"aligncenter\" title=\"Clique aqui para acessar o documento\" src=\"http:\/\/www.ifbaiano.edu.br\/unidades\/lapa\/files\/2016\/07\/icone1.png\" width=\"20\"><\/a><\/td>\n\n<\/tr>\n        <tr align=\"center\">\n            <td>Projeto<\/td><td align=\"justify\">ECOA &#8211; Incubadora de Organiza\u00e7\u00f5es Associativas Rurais.\n<\/td><td>Ivna Herbenia da Silva Souza<\/td><td><a href=\"https:\/\/www.ifbaiano.edu.br\/unidades\/lapa\/files\/2023\/08\/ECOA-1.pdf\" target=\"_blank\" rel=\"noopener\"><img decoding=\"async\" class=\"aligncenter\" title=\"Clique aqui para acessar o documento\" src=\"http:\/\/www.ifbaiano.edu.br\/unidades\/lapa\/files\/2016\/07\/icone1.png\" width=\"20\"><\/a><\/td>\n         \n<\/tr>\n        <tr align=\"center\">\n            <td>Projeto<\/td><td align=\"justify\">Difus\u00e3o do uso do drone como ferramenta de aux\u00edlio na gest\u00e3o rural no Projeto Formoso, Bom Jesus da Lapa \u2013 BA.\n<\/td><td>Iug Lopes<\/td><td><a href=\"https:\/\/www.ifbaiano.edu.br\/unidades\/lapa\/files\/2023\/08\/DRONE.pdf\" target=\"_blank\" rel=\"noopener\"><img decoding=\"async\" class=\"aligncenter\" title=\"Clique aqui para acessar o documento\" src=\"http:\/\/www.ifbaiano.edu.br\/unidades\/lapa\/files\/2016\/07\/icone1.png\" width=\"20\"><\/a><\/td>\n\n<\/tr>\n        <tr align=\"center\">\n            <td>Projeto<\/td><td align=\"justify\">O IFBaiano Pintando e Bordando com a comunidade Lapense.\n<\/td><td>Luciana Souza Viana<\/td><td><a href=\"https:\/\/www.ifbaiano.edu.br\/unidades\/lapa\/files\/2023\/08\/PINTANDO-E-BORDANDO.pdf\" target=\"_blank\" rel=\"noopener\"><img decoding=\"async\" class=\"aligncenter\" title=\"Clique aqui para acessar o documento\" src=\"http:\/\/www.ifbaiano.edu.br\/unidades\/lapa\/files\/2016\/07\/icone1.png\" width=\"20\"><\/a><\/td>\n\n<\/tr>\n        <tr align=\"center\">\n            <td>Projeto<\/td><td align=\"justify\">Laborat\u00f3rio de Estudos Afro-brasileiros e Ind\u00edgenas: ciclos formativos e pr\u00e1ticas interdisciplinares com Comunidades Tradicionais do munic\u00edpio de Serra do Ramalho\/BA.\n<\/td><td>Raphael Rodrigues<\/td><td><a href=\"https:\/\/www.ifbaiano.edu.br\/unidades\/lapa\/files\/2023\/08\/FOLDER-LABORATORIO-DE-ESTUDOS-AFRO-BRASILEIROS-E-INDIGENAS.pdf\" target=\"_blank\" rel=\"noopener\"><img decoding=\"async\" class=\"aligncenter\" title=\"Clique aqui para acessar o documento\" src=\"http:\/\/www.ifbaiano.edu.br\/unidades\/lapa\/files\/2016\/07\/icone1.png\" width=\"20\"><\/a><\/td>\n\n<\/tr>\n        <tr align=\"center\">\n            <td>Projeto<\/td><td align=\"justify\">Jiu-Jitsu como meio de interven\u00e7\u00e3o da sa\u00fade f\u00edsica e mental &#8211; VALHALLA JIU-JITSU.<\/td><td>Taize Santos da Silva<\/td><td><a href=\"https:\/\/www.ifbaiano.edu.br\/unidades\/lapa\/files\/2023\/08\/JIU-JITSU.pdf\" target=\"_blank\" rel=\"noopener\"><img decoding=\"async\" class=\"aligncenter\" title=\"Clique aqui para acessar o documento\" src=\"http:\/\/www.ifbaiano.edu.br\/unidades\/lapa\/files\/2016\/07\/icone1.png\" width=\"20\"><\/a><\/td>\n\n<\/tr>\n        <tr align=\"center\">\n            <td>Projeto<\/td><td align=\"justify\">Levantamento etnobot\u00e2nico e troca de saberes tradicionais sobre plantas medicinais e PANCs na regi\u00e3o do Territ\u00f3rio Velho Chico.<\/td><td>Heliselle Cristine Ramires da Rocha<\/td><td><a href=\"https:\/\/www.ifbaiano.edu.br\/unidades\/lapa\/files\/2023\/08\/LEVANTAMENTO-ETNOBOTANICO.pdf\" target=\"_blank\" rel=\"noopener\"><img decoding=\"async\" class=\"aligncenter\" title=\"Clique aqui para acessar o documento\" src=\"http:\/\/www.ifbaiano.edu.br\/unidades\/lapa\/files\/2016\/07\/icone1.png\" width=\"20\"><\/a><\/td>\n\n<\/tr>\n        <tr align=\"center\">\n            <td>Projeto<\/td><td align=\"justify\">Se usar, devolva! &#8211; Boas pr\u00e1ticas para conserva\u00e7\u00e3o do ambiente agr\u00edcola, uso respons\u00e1vel de agrot\u00f3xicos e devolu\u00e7\u00e3o de embalagens vazias.<\/td><td>Alex Leal de Oliveira<\/td><td><a href=\"https:\/\/www.ifbaiano.edu.br\/unidades\/lapa\/files\/2023\/08\/Projeto-de-Extensao-Se-usar-devolva-Boas-praticas-para-conservacao-do-ambiente-agricola-uso-responsavel-de-agrotoxicos-e-devolucao-de-embalagens-vazias.-v3.pdf\" target=\"_blank\" rel=\"noopener\"><img decoding=\"async\" class=\"aligncenter\" title=\"Clique aqui para acessar o documento\" src=\"http:\/\/www.ifbaiano.edu.br\/unidades\/lapa\/files\/2016\/07\/icone1.png\" width=\"20\"><\/a><\/td>\n\n<tr align=\"center\">\n            <td>Projeto<\/td><td align=\"justify\">Educa\u00e7\u00e3o, Esporte e Cidadania: as contribui\u00e7\u00f5es dos princ\u00edpios do Taekwondo na forma\u00e7\u00e3o humana.\n<\/td><td>Jorge Abdon Miranda de Souza Junior<\/td><td><\/td>\n        <\/tr>\n\n<tr align=\"center\">\n            <td>Evento<\/td><td align=\"justify\">4\u00ba FESTIVAL DE ARTE E M\u00daSICA DO IF BAIANO- ETAPA LOCAL NO CAMPUS BOM JESUS DA LAPA*.\n<\/td><td>Junio Batista Custodio<\/td><td><\/td>\n        <\/tr>    \n\n<tr align=\"center\">\n            <td>Projeto<\/td><td align=\"justify\">Pintando Bordando e Expondo atrav\u00e9s do Marketing Digital.\n<\/td><td>Thyala do Nascimento Pinheiro<\/td><td><\/td>\n        <\/tr>    \n\n<tr align=\"center\">\n            <td>Projeto<\/td><td align=\"justify\">Povos ind\u00edgenas no Oeste Baiano: Territ\u00f3rios livres, S\u00e3o Francisco sem fome.\n<\/td><td>Raphael Rodrigues<\/td><td><\/td>\n        <\/tr> \n\n<tr align=\"center\">\n            <td>Projeto<\/td><td align=\"justify\">Abril, o m\u00eas da leitura.\n<\/td><td>Catarina de Freitas Barbosa Assis<\/td><td><\/td>\n        <\/tr>       \n\n<tr align=\"center\">\n            <td>Projeto<\/td><td align=\"justify\">Abril Verde: Comunica\u00e7\u00e3o voltada a preven\u00e7\u00e3o de acidentes no meio rural e nas atividades agroindustriais.\n<\/td><td>Alex Leal de Oliveira<\/td><td><\/td>\n        <\/tr>      \n\n<tr align=\"center\">\n            <td>Projeto<\/td><td align=\"justify\">O Carnaval como fonte de inspira\u00e7\u00e3o.\n<\/td><td>Catarina de Freitas Barbosa Assis<\/td><td><\/td>\n        <\/tr>     \n\n<tr align=\"center\">\n            <td>Projeto<\/td><td align=\"justify\">Desenvolvendo aplica\u00e7\u00f5es para automa\u00e7\u00e3o, no contexto da Internet das Coisas (IoT).\n<\/td><td>Lourivaldo Barreto Pereira<\/td><td><\/td>\n        <\/tr>      \n\n<tr align=\"center\">\n            <td>Projeto<\/td><td align=\"justify\">Levante Mental: O Fortalecimento do Voleibol no IF Baiano &#8211; Campus Bom Jesus da Lapa.\n<\/td><td>Paulo dos Santos Correia<\/td><td><\/td>\n        <\/tr>      \n\n<tr align=\"center\">\n            <td>Projeto<\/td><td align=\"justify\">Oficina e Exposi\u00e7\u00e3o a beleza de ser mulher.\n<\/td><td>Catarina de Freitas Barbosa Assis<\/td><td><\/td>\n        <\/tr>      \n\n<tr align=\"center\">\n            <td>Projeto<\/td><td align=\"justify\">Proagri: Proposta para Fortalecimento de Grupos Produtivos da Agricultura Familiar no munic\u00edpio de Bom Jesus da Lapa-BA.\n<\/td><td>Junio Batista Custodio<\/td><td><\/td>\n        <\/tr>      \n\n<tr align=\"center\">\n            <td>Projeto<\/td><td align=\"justify\">Empreendedorismo Solid\u00e1rio e Difus\u00e3o do Conhecimento: intersec\u00e7\u00f5es com os arranjos produtivos locais no Territ\u00f3rio Velho Chico.\n<\/td><td>Ivna Herbenia da Silva Souza<\/td><td><\/td>\n        <\/tr>      \n\n<tr align=\"center\">\n            <td>Evento<\/td><td align=\"justify\">V Simp\u00f3sio Sobre Educa\u00e7\u00e3o Inclusiva no Territ\u00f3rio Velho Chico*.\n<\/td><td>Wilson Avelino Rogerio Neto<\/td><td><\/td>\n           \n <\/tr>\n    <\/tbody>\n<\/table>\n\n<hr>\n\n\n\n<div id=\"TituloMenu\" align=\"center\" style=\"font-size:14px\">\n    <strong>A\u00e7\u00f5es de Extens\u00e3o Desenvolvidas em 2024<\/strong>\n<\/div>\n\n<hr>\n\n<table style=\"width: 100%;border-color: white\" border=\"0\" rules=\"rows\" bgcolor=\"#EEEEEE\">\n    <thead>\n        <tr bgcolor=\"#D0FFD0\" style=\"text-align: center;height: 30px\">\n            <th>Tipo da Atividade<\/th>\n            <th width=\"50%\">Nome<\/th>\n            <th>Coordenador<\/th>\n            <th>Folder<\/th>\n        <\/tr>\n    <\/thead>\n <tbody>\n       \n \n\n <\/tr>\n        <tr align=\"center\">\n            <td>Projeto<\/td><td align=\"justify\"> Produ\u00e7\u00e3o e Difus\u00e3o do Conhecimento em Comunidades Rurais no munic\u00edpio de Riacho de Santana \/ BA.\n<\/td><td>Ivna Herb\u00eania da Silva Souza\n<\/td><td><a href=\"https:\/\/www.ifbaiano.edu.br\/unidades\/lapa\/files\/2024\/04\/Folder-eduardo.pdf\" target=\"_blank\" rel=\"noopener\"><img decoding=\"async\" class=\"aligncenter\" title=\"Clique aqui para acessar o documento\" src=\"http:\/\/www.ifbaiano.edu.br\/unidades\/lapa\/files\/2016\/07\/icone1.png\" width=\"20\"><\/a><\/td>\n       <\/tr>\n        \n      \n        <tr align=\"center\">\n            <td>Projeto<\/td><td align=\"justify\"> Laborat\u00f3rio de tecnologia agr\u00edcola &#8211; Desenvolvimento tecnol\u00f3gico para o Projeto Irrigado do Formoso .\n<\/td><td>Iug Lopes<\/td><td><\/td>\n        <\/tr>\n\n\n       <tr align=\"center\">\n            <td>Projeto<\/td><td align=\"justify\">Caf\u00e9 com Est\u00e1gio: Intersec\u00e7\u00f5es entre o IF Baiano e os Arranjos Socioprofissionais Regionais.\n<\/td><td>Ludgero Rego Barros Neto<\/td><td><\/td>\n        <\/tr>\n \n\n <\/tr>\n    <\/tbody>\n<\/table>\n\n<hr>\n","protected":false},"excerpt":{"rendered":"<p>A\u00e7\u00f5es de Extens\u00e3o Desenvolvidas em 2018 Tipo da Atividade Nome Coordenador Folder Projeto O conhecimento jur\u00eddico b\u00e1sico como instrumento do exerc\u00edcio da cidadania: uma proposta de forma\u00e7\u00e3o para estudantes do Ensino M\u00e9dio no munic\u00edpio de Bom Jesus da Lapa Ariele Chagas Oliveira Projeto Identifica\u00e7\u00e3o e incentivo ao consumo de Plantas Aliment\u00edcias N\u00e3o Convencionais \u2013 PANC\u2019s [&hellip;]<\/p>\n","protected":false},"author":100,"featured_media":0,"parent":0,"menu_order":0,"comment_status":"closed","ping_status":"closed","template":"","meta":[],"_links":{"self":[{"href":"https:\/\/www.ifbaiano.edu.br\/unidades\/lapa\/wp-json\/wp\/v2\/pages\/12184"}],"collection":[{"href":"https:\/\/www.ifbaiano.edu.br\/unidades\/lapa\/wp-json\/wp\/v2\/pages"}],"about":[{"href":"https:\/\/www.ifbaiano.edu.br\/unidades\/lapa\/wp-json\/wp\/v2\/types\/page"}],"author":[{"embeddable":true,"href":"https:\/\/www.ifbaiano.edu.br\/unidades\/lapa\/wp-json\/wp\/v2\/users\/100"}],"replies":[{"embeddable":true,"href":"https:\/\/www.ifbaiano.edu.br\/unidades\/lapa\/wp-json\/wp\/v2\/comments?post=12184"}],"version-history":[{"count":203,"href":"https:\/\/www.ifbaiano.edu.br\/unidades\/lapa\/wp-json\/wp\/v2\/pages\/12184\/revisions"}],"predecessor-version":[{"id":27980,"href":"https:\/\/www.ifbaiano.edu.br\/unidades\/lapa\/wp-json\/wp\/v2\/pages\/12184\/revisions\/27980"}],"wp:attachment":[{"href":"https:\/\/www.ifbaiano.edu.br\/unidades\/lapa\/wp-json\/wp\/v2\/media?parent=12184"}],"curies":[{"name":"wp","href":"https:\/\/api.w.org\/{rel}","templated":true}]}}